{"id":642,"date":"2019-09-12T15:16:08","date_gmt":"2019-09-12T13:16:08","guid":{"rendered":"https:\/\/www.griffbereit-rucksack.de\/?page_id=642"},"modified":"2021-07-08T12:50:24","modified_gmt":"2021-07-08T10:50:24","slug":"umsetzung-rucksack-kita","status":"publish","type":"page","link":"https:\/\/www.griffbereit-rucksack.de\/tr\/rucksack-kita\/umsetzung-rucksack-kita\/","title":{"rendered":"D\u00f6n\u00fc\u015f\u00fcm Rucksack KiTa"},"content":{"rendered":"<h2>\n\t\tD\u00f6n\u00fc\u015f\u00fcm Rucksack KiTa\n\t<\/h2>\n\t\n\t<p>Uygulanmas\u0131 <em>Rucksack KiTa<\/em> NRW'de 2013 y\u0131l\u0131ndan bu yana Eyalet \u00c7ap\u0131nda Koordinasyon Ofisi (LaKo) taraf\u0131ndan y\u00f6netilmekte ve desteklenmektedir.<\/p>\n<p>2017 y\u0131l\u0131ndan bu yana <em>LaKo<\/em> Ayr\u0131ca Auridis Vakf\u0131 taraf\u0131ndan desteklenen \u00fclke \u00e7ap\u0131nda transfer. Bu arada, halihaz\u0131rda daha fazla <strong>750 <em>Rucksack KiTa<\/em>-Gruplar<\/strong>. Program di\u011fer Avrupa \u00fclkelerinde de ba\u015far\u0131yla uygulanmaktad\u0131r.<\/p>\n<strong>\u00c7er\u00e7eve ko\u015fullar\u0131<br>\n<\/strong>Eyalette hen\u00fcz bir Eyalet koordinasyon ofisi veya yerel bir koordinasyon ofisi yoksa, ilgili sa\u011flay\u0131c\u0131lar (program sa\u011flay\u0131c\u0131lar) a\u015fa\u011f\u0131daki kurumlarla bir i\u015fbirli\u011fi anla\u015fmas\u0131 imzalar<em> LaKo<\/em> NRW. Daha sonra da <em>Rucksack KiTa<\/em>-Materyal paketi PDF dosyas\u0131 olarak \u00fccretsiz.\n\t\t\t<a href=\"https:\/\/www.griffbereit-rucksack.de\/tr\/rucksack-kita-material\/\" target=\"_self\" role=\"button\" rel=\"noopener\">\n\t\t\t\t\t\t\tGenel Bak\u0131\u015f S\u0131rt \u00c7antas\u0131 Anaokulu Malzemesi\n\t\t\t<\/a>\n\t<p>Anla\u015fma ile t\u00fcm program sa\u011flay\u0131c\u0131lar program\u0131n kalite standartlar\u0131na uymay\u0131 ve bunlar\u0131 her d\u00fczeyde sa\u011flamay\u0131 taahh\u00fct eder. Yerel sa\u011flay\u0131c\u0131, program\u0131n uygulanmas\u0131n\u0131n yan\u0131 s\u0131ra ebeveyn rehberlerinin e\u011fitimini, \u00fccretlerini ve rehberli\u011fini finanse eder.<\/p>\n<p>ZfTI'de bulunan federal transfer ekibi, di\u011fer ofisler ve ajanslarla da i\u015fbirli\u011fi i\u00e7inde program\u0131 \u00fclke \u00e7ap\u0131nda koordine eder ve\/veya e\u015flik eder ve bilgilendirme etkinlikleri ve e\u011fitimler sunar. Federal transfer ekibi ayn\u0131 zamanda s\u00fcrekli profesyonel destekten de sorumludur. Ama\u00e7, program\u0131n uyguland\u0131\u011f\u0131 her eyalette eyalet koordinasyon ofisleri kurarak sahadaki \u00e7al\u0131\u015fmalara hedefe y\u00f6nelik destek sa\u011flamakt\u0131r.<\/p>\n\t\t\t<a href=\"https:\/\/www.griffbereit-rucksack.de\/tr\/organisatorisches-rucksack-kita\/\" target=\"_self\" role=\"button\" rel=\"noopener\">\n\t\t\t\t\t\t\tGenel bak\u0131\u015f Organizasyonel konular\n\t\t\t<\/a>","protected":false},"excerpt":{"rendered":"<div class=\"entry-summary\">\n<div class=\"entry-summary\">\nRucksack KiTa'yi uygulamak i\u00e7in, ilgili sa\u011flay\u0131c\u0131lar, federal eyalette hen\u00fcz bir eyalet koordinasyon ofisi yoksa, NRW Eyalet Koordinasyon Ofisi (LaKo) ile bir i\u015fbirli\u011fi anla\u015fmas\u0131 imzalamal\u0131d\u0131r.\n<\/div>\n<div class=\"link-more\"><a href=\"https:\/\/www.griffbereit-rucksack.de\/tr\/rucksack-kita\/umsetzung-rucksack-kita\/\" class=\"more-link\">Okumaya devam edin<span class=\"screen-reader-text\"> \"Ger\u00e7ekle\u015ftirme Rucksack KiTa\"<\/span>...<\/a><\/div>\n<\/div>\n<div class=\"link-more\"><a href=\"https:\/\/www.griffbereit-rucksack.de\/tr\/rucksack-kita\/umsetzung-rucksack-kita\/\" class=\"more-link\">Okumaya devam edin<span class=\"screen-reader-text\"> \"Ger\u00e7ekle\u015ftirme Rucksack KiTa\"<\/span>...<\/a><\/div>","protected":false},"author":1,"featured_media":0,"parent":623,"menu_order":0,"comment_status":"closed","ping_status":"closed","template":"","meta":{"_acf_changed":false,"footnotes":""},"class_list":["post-642","page","type-page","status-publish","hentry","entry"],"acf":[],"_links":{"self":[{"href":"https:\/\/www.griffbereit-rucksack.de\/tr\/wp-json\/wp\/v2\/pages\/642","targetHints":{"allow":["GET"]}}],"collection":[{"href":"https:\/\/www.griffbereit-rucksack.de\/tr\/wp-json\/wp\/v2\/pages"}],"about":[{"href":"https:\/\/www.griffbereit-rucksack.de\/tr\/wp-json\/wp\/v2\/types\/page"}],"author":[{"embeddable":true,"href":"https:\/\/www.griffbereit-rucksack.de\/tr\/wp-json\/wp\/v2\/users\/1"}],"replies":[{"embeddable":true,"href":"https:\/\/www.griffbereit-rucksack.de\/tr\/wp-json\/wp\/v2\/comments?post=642"}],"version-history":[{"count":0,"href":"https:\/\/www.griffbereit-rucksack.de\/tr\/wp-json\/wp\/v2\/pages\/642\/revisions"}],"up":[{"embeddable":true,"href":"https:\/\/www.griffbereit-rucksack.de\/tr\/wp-json\/wp\/v2\/pages\/623"}],"wp:attachment":[{"href":"https:\/\/www.griffbereit-rucksack.de\/tr\/wp-json\/wp\/v2\/media?parent=642"}],"curies":[{"name":"wp","href":"https:\/\/api.w.org\/{rel}","templated":true}]}}