{"id":3,"date":"2019-09-04T14:37:04","date_gmt":"2019-09-04T12:37:04","guid":{"rendered":"http:\/\/griffbereit-rucksack.de\/?page_id=3"},"modified":"2021-12-18T14:05:35","modified_gmt":"2021-12-18T13:05:35","slug":"datenschutzerklaerung","status":"publish","type":"page","link":"https:\/\/www.griffbereit-rucksack.de\/tr\/datenschutzerklaerung\/","title":{"rendered":"Gizlilik Politikas\u0131"},"content":{"rendered":"<p><strong>Gizlilik Politikas\u0131<br \/>\n<\/strong><\/p>\n<p><strong>Genel bildirim ve zorunlu bilgiler<\/strong><\/p>\n<p>&nbsp;<\/p>\n<p><strong>Sorumlu kurumun belirlenmesi<\/strong><\/p>\n<p>Bu web sitesindeki veri i\u015flemeden sorumlu kurulu\u015f:<\/p>\n<p>&nbsp;<\/p>\n<p>T\u00fcrkiye \u00c7al\u0131\u015fmalar\u0131 ve Entegrasyon Ara\u015ft\u0131rmalar\u0131 Vakf\u0131 Merkezi (ZfTI)<\/p>\n<p>Altendorfer Str. 3, 45127 Essen, Almanya<\/p>\n<p>Telefon: 0201 - 3198-0<\/p>\n<p>E-posta: <a href=\"mailto:zfti@zfti.de\">zfti@zfti.de<\/a><\/p>\n<p>&nbsp;<\/p>\n<p>Veri kontrol\u00f6r\u00fcn\u00fcn veri koruma g\u00f6revlisi:<\/p>\n<p>Dr Martina Sauer<\/p>\n<p>T\u00fcrkiye \u00c7al\u0131\u015fmalar\u0131 ve Entegrasyon Ara\u015ft\u0131rmalar\u0131 Vakf\u0131 Merkezi<\/p>\n<p>Altendorfer Sokak 3<\/p>\n<p>45127 Essen<\/p>\n<p>Almanya<\/p>\n<p>Tel: 0201-3198-103<\/p>\n<p>E-posta: <a href=\"mailto:datenschutz@zfti.de\">datenschutz@zfti.de<\/a><\/p>\n<p>Web sitesi: www.zfti.de<\/p>\n<p>&nbsp;<\/p>\n<p>Kontrol\u00f6r, ki\u015fisel verilerin (\u00f6rne\u011fin isimler, ileti\u015fim bilgileri veya benzerleri) i\u015flenme ama\u00e7lar\u0131na ve ara\u00e7lar\u0131na tek ba\u015f\u0131na veya ba\u015fkalar\u0131yla birlikte karar verir.<\/p>\n<hr \/>\n<p><strong>Veri i\u015fleme izninizin iptali<\/strong><\/p>\n<p>Baz\u0131 veri i\u015fleme i\u015flemleri yaln\u0131zca sizin a\u00e7\u0131k r\u0131zan\u0131zla m\u00fcmk\u00fcnd\u00fcr. Onay\u0131n\u0131z\u0131 istedi\u011finiz zaman iptal edebilirsiniz. \u0130ptal i\u00e7in e-posta yoluyla gayri resmi bir ileti\u015fim yeterlidir. \u0130ptal edilene kadar ger\u00e7ekle\u015ftirilen veri i\u015flemenin yasall\u0131\u011f\u0131 iptalden etkilenmez.<\/p>\n<p><strong>Yetkili denetim makam\u0131na \u015fikayette bulunma hakk\u0131<\/strong><\/p>\n<p>Veri sahibi olarak, veri koruma yasas\u0131n\u0131n ihlali durumunda yetkili denetim makam\u0131na \u015fikayette bulunma hakk\u0131na sahipsiniz. Veri koruma konular\u0131nda yetkili denetim makam\u0131, \u015firketimizin kay\u0131tl\u0131 ofisinin bulundu\u011fu federal eyaletin eyalet veri koruma komiseridir. A\u015fa\u011f\u0131daki ba\u011flant\u0131da veri koruma g\u00f6revlilerinin bir listesi ve ileti\u015fim bilgileri yer almaktad\u0131r: <a href=\"https:\/\/www.bfdi.bund.de\/DE\/Infothek\/Anschriften_Links\/anschriften_links-node.html\">https:\/\/www.bfdi.bund.de\/DE\/Infothek\/Anschriften_Links\/anschriften_links-node.html<\/a>.<\/p>\n<p><strong>Veri ta\u015f\u0131nabilirli\u011fi hakk\u0131<\/strong><\/p>\n<p>Onay\u0131n\u0131za dayanarak veya bir s\u00f6zle\u015fmenin yerine getirilmesi i\u00e7in otomatik olarak i\u015fledi\u011fimiz verilerin size veya \u00fc\u00e7\u00fcnc\u00fc taraflara verilmesini sa\u011flama hakk\u0131na sahipsiniz. Veriler makine taraf\u0131ndan okunabilir bir formatta sa\u011flanacakt\u0131r. Verilerin do\u011frudan sorumlu ba\u015fka bir ki\u015fiye aktar\u0131lmas\u0131n\u0131 talep ederseniz, bu yaln\u0131zca teknik olarak m\u00fcmk\u00fcn oldu\u011fu \u00f6l\u00e7\u00fcde yap\u0131lacakt\u0131r.<\/p>\n<p><strong>Bilgi edinme, d\u00fczeltme, engelleme, silme hakk\u0131<\/strong><\/p>\n<p>Y\u00fcr\u00fcrl\u00fckteki yasal h\u00fck\u00fcmler \u00e7er\u00e7evesinde, saklanan ki\u015fisel verileriniz, verilerin kayna\u011f\u0131, al\u0131c\u0131lar\u0131 ve veri i\u015flemenin amac\u0131 hakk\u0131nda istedi\u011finiz zaman \u00fccretsiz bilgi alma ve varsa bu verileri d\u00fczeltme, engelleme veya silme hakk\u0131na sahipsiniz. Bu ba\u011flamda ve ayr\u0131ca ki\u015fisel veriler konusundaki di\u011fer sorular\u0131n\u0131z i\u00e7in, k\u00fcnyede listelenen ileti\u015fim se\u00e7enekleri arac\u0131l\u0131\u011f\u0131yla istedi\u011finiz zaman bizimle ileti\u015fime ge\u00e7ebilirsiniz.<\/p>\n<p><strong>SSL veya TLS \u015fifreleme<\/strong><\/p>\n<p>G\u00fcvenlik nedenleriyle ve site operat\u00f6r\u00fc olarak bize g\u00f6nderdi\u011finiz gizli i\u00e7eri\u011fin iletimini korumak i\u00e7in web sitemiz SSL veya TLS \u015fifreleme kullan\u0131r. Bu, bu web sitesi arac\u0131l\u0131\u011f\u0131yla iletti\u011finiz verilerin \u00fc\u00e7\u00fcnc\u00fc \u015fah\u0131slar taraf\u0131ndan okunamayaca\u011f\u0131 anlam\u0131na gelir. \u015eifrelenmi\u015f bir ba\u011flant\u0131y\u0131 taray\u0131c\u0131n\u0131z\u0131n \"https:\/\/\" adres sat\u0131r\u0131ndan ve taray\u0131c\u0131 sat\u0131r\u0131ndaki kilit sembol\u00fcnden tan\u0131yabilirsiniz.<\/p>\n<p><strong>Sunucu g\u00fcnl\u00fck dosyalar\u0131<\/strong><\/p>\n<p>Sunucu g\u00fcnl\u00fck dosyalar\u0131nda, web sitesinin sa\u011flay\u0131c\u0131s\u0131, taray\u0131c\u0131n\u0131z\u0131n otomatik olarak bize iletti\u011fi bilgileri otomatik olarak toplar ve saklar. Bunlar \u015funlard\u0131r<\/p>\n<ul>\n<li>Alan\u0131m\u0131zda ziyaret edilen sayfa<\/li>\n<li>Sunucu iste\u011finin tarihi ve saati<\/li>\n<li>Taray\u0131c\u0131 t\u00fcr\u00fc ve s\u00fcr\u00fcm\u00fc<\/li>\n<li>Kullan\u0131lan i\u015fletim sistemi<\/li>\n<li>Y\u00f6nlendiren URL<\/li>\n<li>Eri\u015fen bilgisayar\u0131n ana bilgisayar ad\u0131<\/li>\n<li>IP adresi<\/li>\n<\/ul>\n<p>Bu veriler di\u011fer veri kaynaklar\u0131yla birle\u015ftirilmez. Veri i\u015fleme, bir s\u00f6zle\u015fmenin veya s\u00f6zle\u015fme \u00f6ncesi \u00f6nlemlerin yerine getirilmesi i\u00e7in verilerin i\u015flenmesine izin veren DSGVO Madde 6 paragraf 1 lit. b'ye dayanmaktad\u0131r.<\/p>\n<p><strong>Bu web sitesine kay\u0131t<\/strong><\/p>\n<p>Belirli i\u015flevleri kullanmak i\u00e7in web sitemize kay\u0131t olabilirsiniz. Aktar\u0131lan veriler yaln\u0131zca ilgili teklif veya hizmetin kullan\u0131lmas\u0131 amac\u0131yla kullan\u0131l\u0131r. Kay\u0131t s\u0131ras\u0131nda istenen zorunlu bilgiler eksiksiz olarak sa\u011flanmal\u0131d\u0131r. Aksi takdirde, kayd\u0131 reddedece\u011fiz.<\/p>\n<p>\u00d6nemli de\u011fi\u015fiklikler olmas\u0131 durumunda, \u00f6rne\u011fin teknik nedenlerden dolay\u0131, sizi e-posta ile bilgilendirece\u011fiz. E-posta, kay\u0131t s\u0131ras\u0131nda verilen adrese g\u00f6nderilecektir.<\/p>\n<p>Kay\u0131t s\u0131ras\u0131nda girilen verilerin i\u015flenmesi sizin r\u0131zan\u0131za dayanmaktad\u0131r (DSGVO Madde 6 Paragraf 1 Bent a). Onay\u0131n\u0131z\u0131 istedi\u011finiz zaman iptal edebilirsiniz. \u0130ptal i\u00e7in e-posta yoluyla gayri resmi bir ileti\u015fim yeterlidir. Halihaz\u0131rda ger\u00e7ekle\u015ftirilen veri i\u015flemenin yasall\u0131\u011f\u0131, iptalden etkilenmez.<\/p>\n<p>Kay\u0131t s\u0131ras\u0131nda toplanan verileri web sitemizde kay\u0131tl\u0131 oldu\u011funuz s\u00fcre boyunca saklar\u0131z. Kayd\u0131n\u0131z\u0131 iptal ederseniz verileriniz silinecektir. Yasal saklama s\u00fcreleri bundan etkilenmez.<\/p>\n<p><strong>Etkinliklerde kay\u0131t<\/strong><\/p>\n<p>Sundu\u011fumuz etkinliklere web sitemiz \u00fczerinden kay\u0131t yapt\u0131rmak m\u00fcmk\u00fcnd\u00fcr. Sa\u011flanan veriler yaln\u0131zca etkinliklerin daha iyi planlanmas\u0131 amac\u0131yla kullan\u0131l\u0131r. Kay\u0131t s\u0131ras\u0131nda talep edilen zorunlu bilgiler eksiksiz olarak sa\u011flanmal\u0131d\u0131r. Aksi takdirde kay\u0131t reddedilecektir.<\/p>\n<p>\u00d6nemli de\u011fi\u015fiklikler olmas\u0131 durumunda, \u00f6rne\u011fin teknik nedenlerden dolay\u0131, sizi e-posta ile bilgilendirece\u011fiz. E-posta, kay\u0131t s\u0131ras\u0131nda verilen adrese g\u00f6nderilecektir.<\/p>\n<p>Kay\u0131t s\u0131ras\u0131nda girilen verilerin i\u015flenmesi sizin r\u0131zan\u0131za dayanmaktad\u0131r (DSGVO Madde 6 Paragraf 1 Bent a). Onay\u0131n\u0131z\u0131 istedi\u011finiz zaman iptal edebilirsiniz. \u0130ptal i\u00e7in e-posta yoluyla gayri resmi bir ileti\u015fim yeterlidir. Halihaz\u0131rda ger\u00e7ekle\u015ftirilen veri i\u015flemenin yasall\u0131\u011f\u0131, iptalden etkilenmez.<\/p>\n<p>Bir etkinli\u011fe kay\u0131t yapt\u0131rarak, etkinlik s\u0131ras\u0131nda \u00e7ekilen ve web sitemizde yay\u0131nlanan foto\u011fraflarda g\u00f6r\u00fcnebilece\u011finizi de kabul etmi\u015f olursunuz.<\/p>\n<p><strong>Katk\u0131 ve yorumlar\u0131n saklama s\u00fcresi<\/strong><\/p>\n<p>G\u00f6nderiler ve yorumlar\u0131n yan\u0131 s\u0131ra IP adresleri gibi ilgili veriler de saklan\u0131r. \u0130\u00e7erik, tamamen silinene veya yasal nedenlerle silinmesi gerekene kadar web sitemizde kal\u0131r.<\/p>\n<p>G\u00f6nderilerin ve yorumlar\u0131n saklanmas\u0131 sizin izninize dayanmaktad\u0131r (DSGVO Madde 6 paragraf 1 litre a). Onay\u0131n\u0131z\u0131 istedi\u011finiz zaman iptal edebilirsiniz. \u0130ptal i\u00e7in e-posta yoluyla gayri resmi bir ileti\u015fim yeterlidir. Halihaz\u0131rda ger\u00e7ekle\u015fmi\u015f olan veri i\u015fleme operasyonlar\u0131n\u0131n yasall\u0131\u011f\u0131, iptalden etkilenmez.<\/p>\n<p><strong>\u00c7erezler<\/strong><\/p>\n<p>Web sitemizde \u00e7erezler kullan\u0131lmaktad\u0131r. Bunlar, web taray\u0131c\u0131n\u0131z\u0131n terminal cihaz\u0131n\u0131zda depolad\u0131\u011f\u0131 k\u00fc\u00e7\u00fck metin dosyalar\u0131d\u0131r. \u00c7erezler, web sitemizi daha kullan\u0131c\u0131 dostu, etkili ve g\u00fcvenli hale getirmemize yard\u0131mc\u0131 olur.<\/p>\n<p>Baz\u0131 \u00e7erezler \"oturum \u00e7erezleridir\". Bu t\u00fcr \u00e7erezler taray\u0131c\u0131 oturumunuzun sonunda otomatik olarak silinir. \u00d6te yandan, di\u011fer \u00e7erezler siz silene kadar terminal cihaz\u0131n\u0131zda kal\u0131r. Bu t\u00fcr \u00e7erezler, web sitemize geri d\u00f6nd\u00fc\u011f\u00fcn\u00fczde sizi tan\u0131mam\u0131za yard\u0131mc\u0131 olur.<\/p>\n<p>Modern bir web taray\u0131c\u0131s\u0131 ile \u00e7erezlerin ayarlanmas\u0131n\u0131 izleyebilir, k\u0131s\u0131tlayabilir veya \u00f6nleyebilirsiniz. Bir\u00e7ok web taray\u0131c\u0131s\u0131, program kapat\u0131ld\u0131\u011f\u0131nda \u00e7erezler otomatik olarak silinecek \u015fekilde yap\u0131land\u0131r\u0131labilir. \u00c7erezlerin devre d\u0131\u015f\u0131 b\u0131rak\u0131lmas\u0131, web sitemizin s\u0131n\u0131rl\u0131 i\u015flevselli\u011fine neden olabilir.<\/p>\n<p>Elektronik ileti\u015fim s\u00fcre\u00e7lerinin uygulanmas\u0131 veya sizin taraf\u0131n\u0131zdan istenen belirli i\u015flevlerin (\u00f6rne\u011fin al\u0131\u015fveri\u015f sepeti) sa\u011flanmas\u0131 i\u00e7in gerekli olan \u00e7erezlerin ayarlanmas\u0131, DSGVO Madde 6 paragraf 1 lit. f'ye dayanmaktad\u0131r. Bu web sitesinin operat\u00f6r\u00fc olarak, hizmetlerimizin teknik olarak hatas\u0131z ve sorunsuz bir \u015fekilde sunulmas\u0131 i\u00e7in \u00e7erezleri saklamakta me\u015fru bir menfaatimiz vard\u0131r. Ba\u015fka \u00e7erezler ayarlan\u0131rsa (\u00f6rne\u011fin analiz i\u015flevleri i\u00e7in), bunlar bu veri koruma beyan\u0131nda ayr\u0131 olarak ele al\u0131n\u0131r.<\/p>\n<p><strong>Di\u011fer web sitelerinden g\u00f6m\u00fcl\u00fc i\u00e7erik<\/strong><\/p>\n<p>Bu web sitesindeki yay\u0131nlar g\u00f6m\u00fcl\u00fc i\u00e7erik (\u00f6r. videolar, resimler, makaleler, vb.) i\u00e7erebilir. Di\u011fer web sitelerinden gelen g\u00f6m\u00fcl\u00fc i\u00e7erik, ziyaret\u00e7i di\u011fer web sitesini ziyaret etmi\u015f gibi davran\u0131r.<\/p>\n<p>Bu web siteleri hakk\u0131n\u0131zda veri toplayabilir, \u00e7erez kullanabilir, ek \u00fc\u00e7\u00fcnc\u00fc taraf izleme hizmetleri yerle\u015ftirebilir ve ilgili web sitesinde oturum a\u00e7m\u0131\u015f bir hesab\u0131n\u0131z varsa yerle\u015ftirilmi\u015f i\u00e7erikle etkile\u015fiminiz de dahil olmak \u00fczere bu yerle\u015ftirilmi\u015f i\u00e7erikle etkile\u015fiminizi kaydedebilir. \u0130lgili web sitesinden \u00f6nceden \u00e7\u0131k\u0131\u015f yaparak bunu \u00f6nleme se\u00e7ene\u011finiz vard\u0131r.  Daha fazla ayr\u0131nt\u0131 i\u00e7in l\u00fctfen Vimeo, YouTube ve Google ile ilgili b\u00f6l\u00fcmleri okuyun.<\/p>\n<p><strong>Vimeo<\/strong><\/p>\n<p>Web sitemiz, video i\u00e7eri\u011finin entegrasyonu ve g\u00f6r\u00fcnt\u00fclenmesi i\u00e7in Vimeo'nun eklentilerini kullanmaktad\u0131r. Video portal\u0131n\u0131n sa\u011flay\u0131c\u0131s\u0131 Vimeo Inc., 555 West 18th Street, New York, New York 10011, ABD'dir.<\/p>\n<p>Entegre bir Vimeo eklentisine sahip bir sayfa \u00e7a\u011fr\u0131ld\u0131\u011f\u0131nda, Vimeo sunucular\u0131na bir ba\u011flant\u0131 kurulur. Bu, Vimeo'ya hangi sayfalar\u0131m\u0131za eri\u015fti\u011finizi s\u00f6yler. Vimeo, video portal\u0131nda oturum a\u00e7mam\u0131\u015f olsan\u0131z veya orada bir hesab\u0131n\u0131z olmasa bile IP adresinizi \u00f6\u011frenir. Vimeo taraf\u0131ndan toplanan bilgiler video portal\u0131n\u0131n ABD'deki sunucular\u0131na iletilir.<\/p>\n<p>Vimeo, gezinme davran\u0131\u015f\u0131n\u0131z\u0131 do\u011frudan ki\u015fisel profilinize atayabilir. \u00d6nceden \u00e7\u0131k\u0131\u015f yaparak bunu \u00f6nleme se\u00e7ene\u011finiz vard\u0131r.<\/p>\n<p>Kullan\u0131c\u0131 verilerinin i\u015flenmesiyle ilgili ayr\u0131nt\u0131lar i\u00e7in l\u00fctfen Vimeo'nun \u015fu adresteki gizlilik politikas\u0131na bak\u0131n: <a href=\"https:\/\/vimeo.com\/privacy\">https:\/\/vimeo.com\/privacy<\/a>.<\/p>\n<p><strong>YouTube<\/strong><\/p>\n<p>Video i\u00e7eri\u011finin entegrasyonu ve g\u00f6r\u00fcnt\u00fclenmesi i\u00e7in web sitemiz YouTube eklentilerini kullanmaktad\u0131r. Video portal\u0131n\u0131n sa\u011flay\u0131c\u0131s\u0131 YouTube, LLC, 901 Cherry Ave, San Bruno, CA 94066, ABD'dir.<\/p>\n<p>Entegre bir YouTube eklentisine sahip bir sayfa \u00e7a\u011fr\u0131ld\u0131\u011f\u0131nda, YouTube sunucular\u0131na bir ba\u011flant\u0131 kurulur. Bu, YouTube'a hangi sayfalar\u0131m\u0131za eri\u015fti\u011finizi bildirir.<\/p>\n<p>YouTube, YouTube hesab\u0131n\u0131zda oturum a\u00e7t\u0131ysan\u0131z gezinme davran\u0131\u015f\u0131n\u0131z\u0131 do\u011frudan ki\u015fisel profilinize atayabilir. \u00d6nce oturumu kapatarak bunu \u00f6nleme se\u00e7ene\u011finiz vard\u0131r.<\/p>\n<p>YouTube, \u00e7evrimi\u00e7i tekliflerimizin \u00e7ekici bir \u015fekilde sunulmas\u0131 amac\u0131yla kullan\u0131lmaktad\u0131r. Bu, DSGVO Madde 6 paragraf 1 f bendi anlam\u0131nda me\u015fru bir menfaati temsil eder.<\/p>\n<p>Kullan\u0131c\u0131 verilerinin i\u015flenmesine ili\u015fkin ayr\u0131nt\u0131lar YouTube'un gizlilik politikas\u0131nda bulunabilir: https:\/\/www.google.de\/intl\/de\/policies\/privacy.<\/p>\n<p><strong>Google Haritalar<\/strong><\/p>\n<p>Bu web sitesi, etkile\u015fimli haritalar g\u00f6r\u00fcnt\u00fclemek ve muhtemelen yol tarifleri olu\u015fturmak i\u00e7in Google Haritalar'\u0131 kullan\u0131r. Google Haritalar, Google Inc, 1600 Amphitheatre Parkway, Mountain View, California 94043, ABD taraf\u0131ndan sa\u011flanan bir harita hizmetidir. Google Haritalar'\u0131 kullanarak, IP adresiniz ve rota planlay\u0131c\u0131 i\u015flevinin bir par\u00e7as\u0131 olarak girilen (ba\u015flang\u0131\u00e7) adresi dahil olmak \u00fczere bu web sitesinin kullan\u0131m\u0131yla ilgili bilgiler ABD'deki Google'a iletilebilir. Web sitemizde Google Haritalar i\u00e7eren bir web sayfas\u0131n\u0131 \u00e7a\u011f\u0131rd\u0131\u011f\u0131n\u0131zda, taray\u0131c\u0131n\u0131z Google'\u0131n sunucular\u0131yla do\u011frudan bir ba\u011flant\u0131 kurar. Harita i\u00e7eri\u011fi Google taraf\u0131ndan do\u011frudan taray\u0131c\u0131n\u0131za iletilir ve daha sonra web sitesine entegre edilir. Bu nedenle Google taraf\u0131ndan bu \u015fekilde toplanan verilerin kapsam\u0131 \u00fczerinde hi\u00e7bir etkimiz yoktur.<\/p>\n<p><strong>Google Analytics<\/strong><\/p>\n<p>Web sitemiz, web analiz hizmeti Google Analytics'in i\u015flevlerini kullanmaktad\u0131r. Web analiz hizmetinin sa\u011flay\u0131c\u0131s\u0131 Google Inc, 1600 Amphitheatre Parkway, Mountain View, CA 94043, ABD'dir.<\/p>\n<p>Google Analytics \"\u00e7erezler\" kullan\u0131r. Bunlar, web taray\u0131c\u0131n\u0131z\u0131n son cihaz\u0131n\u0131zda depolad\u0131\u011f\u0131 ve web sitesi kullan\u0131m\u0131n\u0131n analiz edilmesini sa\u011flayan k\u00fc\u00e7\u00fck metin dosyalar\u0131d\u0131r. Web sitemizi kullan\u0131m\u0131n\u0131z hakk\u0131nda \u00e7erezler taraf\u0131ndan olu\u015fturulan bilgiler bir Google sunucusuna iletilir ve orada saklan\u0131r. Sunucu genellikle ABD'de bulunur.<\/p>\n<p>Google Analytics \u00e7erezlerinin ayarlanmas\u0131, DSGVO Madde 6 paragraf 1 lit. f'ye dayanmaktad\u0131r. Bu web sitesinin operat\u00f6r\u00fc olarak, web sitemizi ve gerekirse reklamlar\u0131m\u0131z\u0131 optimize etmek i\u00e7in kullan\u0131c\u0131 davran\u0131\u015f\u0131n\u0131 analiz etme konusunda me\u015fru bir menfaatimiz vard\u0131r.<\/p>\n<p><strong>IP anonimle\u015ftirme<\/strong><\/p>\n<p>Google Analytics'i IP anonimle\u015ftirme i\u015flevi ile birlikte kullan\u0131yoruz. Bu, Google'\u0131n IP adresinizi ABD'ye iletmeden \u00f6nce Avrupa Birli\u011fi \u00fcye \u00fclkelerinde veya Avrupa Ekonomik Alan\u0131 Anla\u015fmas\u0131'na taraf olan di\u011fer \u00fclkelerde kesmesini sa\u011flar. Google'\u0131n IP adresinin tamam\u0131n\u0131 ABD'deki bir sunucuya aktard\u0131\u011f\u0131 ve orada k\u0131saltt\u0131\u011f\u0131 istisnai durumlar olabilir. Google bu bilgileri bizim ad\u0131m\u0131za web sitesini kullan\u0131m\u0131n\u0131z\u0131 de\u011ferlendirmek, web sitesi etkinli\u011fi hakk\u0131nda raporlar derlemek ve bize web sitesi etkinli\u011fi ve internet kullan\u0131m\u0131 ile ilgili di\u011fer hizmetleri sa\u011flamak amac\u0131yla kullanacakt\u0131r. Google Analytics taraf\u0131ndan iletilen IP adresi di\u011fer Google verileriyle birle\u015ftirilmez.<\/p>\n<p><strong>Taray\u0131c\u0131 eklentisi<\/strong><\/p>\n<p>Web taray\u0131c\u0131n\u0131z taraf\u0131ndan \u00e7erezlerin ayarlanmas\u0131 engellenebilir. Ancak bunun sonucunda web sitemizin baz\u0131 i\u015flevleri k\u0131s\u0131tlanabilir. IP adresiniz de dahil olmak \u00fczere web sitesi kullan\u0131m\u0131n\u0131zla ilgili verilerin toplanmas\u0131n\u0131 ve daha sonra Google taraf\u0131ndan i\u015flenmesini de \u00f6nleyebilirsiniz. Bu, a\u015fa\u011f\u0131daki ba\u011flant\u0131dan eri\u015filebilen taray\u0131c\u0131 eklentisini indirip y\u00fckleyerek m\u00fcmk\u00fcnd\u00fcr: https:\/\/tools.google.com\/dlpage\/gaoptout?hl=de.<\/p>\n<p><strong>Veri toplanmas\u0131na itiraz<\/strong><\/p>\n<p>A\u015fa\u011f\u0131daki ba\u011flant\u0131ya t\u0131klayarak verilerinizin Google Analytics taraf\u0131ndan toplanmas\u0131n\u0131 engelleyebilirsiniz.<\/p>\n<p><a href=\"https:\/\/tools.google.com\/dlpage\/gaoptout?hl=de\">https:\/\/tools.google.com\/dlpage\/gaoptout?hl=de<\/a><\/p>\n<p>Google Analytics'in kullan\u0131c\u0131 verilerini nas\u0131l i\u015fledi\u011fine ili\u015fkin ayr\u0131nt\u0131lar Google'\u0131n gizlilik politikas\u0131nda bulunabilir: https:\/\/support.google.com\/analytics\/answer\/6004245?hl=de.<\/p>\n<p><strong>Google Analytics'te demografik \u00f6zellikler<\/strong><\/p>\n<p>Web sitemiz Google Analytics'in \"demografik \u00f6zellikler\" i\u015flevini kullanmaktad\u0131r. Site ziyaret\u00e7ilerinin ya\u015f\u0131, cinsiyeti ve ilgi alanlar\u0131 hakk\u0131nda ifadeler i\u00e7eren raporlar olu\u015fturmak i\u00e7in kullan\u0131labilir. Bu veriler, Google'\u0131n ilgi alan\u0131na dayal\u0131 reklamlar\u0131n\u0131n yan\u0131 s\u0131ra \u00fc\u00e7\u00fcnc\u00fc taraf sa\u011flay\u0131c\u0131lardan gelen ziyaret\u00e7i verilerinden gelir. Verileri belirli bir ki\u015fiye atamak m\u00fcmk\u00fcn de\u011fildir. Bu i\u015flevi istedi\u011finiz zaman devre d\u0131\u015f\u0131 b\u0131rakabilirsiniz. Bu, Google hesab\u0131n\u0131zdaki reklam ayarlar\u0131 arac\u0131l\u0131\u011f\u0131yla veya \"Veri toplamaya itiraz\" maddesinde a\u00e7\u0131kland\u0131\u011f\u0131 gibi verilerinizin Google Analytics taraf\u0131ndan toplanmas\u0131n\u0131 genel olarak yasaklayarak m\u00fcmk\u00fcnd\u00fcr.<\/p>\n<p><strong>Google Web Yaz\u0131 Tipleri<\/strong><\/p>\n<p>Web sitemizde Google'\u0131n web yaz\u0131 tipleri kullan\u0131lmaktad\u0131r. Sa\u011flay\u0131c\u0131 Google Inc., 1600 Amphitheatre Parkway, Mountain View, CA 94043, ABD'dir.<\/p>\n<p>Bu web yaz\u0131 tiplerinin kullan\u0131m\u0131, yerel olarak hangi yaz\u0131 tiplerinin mevcut oldu\u011fundan ba\u011f\u0131ms\u0131z olarak, web sitemizin arzu etti\u011fimiz sunumunu size sunmam\u0131z\u0131 m\u00fcmk\u00fcn k\u0131lar. Bu, Google web yaz\u0131 tiplerinin ABD'deki bir Google sunucusundan al\u0131nmas\u0131 ve ilgili verilerinizin Google'a aktar\u0131lmas\u0131yla yap\u0131l\u0131r. Bu, IP adresiniz ve hangi sayfalar\u0131m\u0131z\u0131 ziyaret etti\u011finizdir. Google Web Fonts kullan\u0131m\u0131 DSGVO Madde 6 paragraf 1 f bendine dayanmaktad\u0131r. Bu web sitesinin i\u015fletmecisi olarak, web sitemizin en iyi \u015fekilde sunulmas\u0131 ve iletilmesi konusunda me\u015fru bir menfaatimiz vard\u0131r.<\/p>\n<p>Google, ABD-Avrupa veri koruma anla\u015fmas\u0131 \"Privacy Shield\" sertifikas\u0131na sahiptir. Bu veri koruma anla\u015fmas\u0131, AB'de ge\u00e7erli olan veri koruma d\u00fczeyine uyumu sa\u011flamay\u0131 ama\u00e7lamaktad\u0131r.<\/p>\n<p>Google Web Fonts ile ilgili ayr\u0131nt\u0131lar \u015fu adreste bulunabilir: https:\/\/www.google.com\/fonts#AboutPlace:about ve daha fazla bilgi Google'\u0131n gizlilik politikas\u0131nda bulunabilir: https:\/\/policies.google.com\/privacy\/partners?hl=de<\/p>","protected":false},"excerpt":{"rendered":"<div class=\"entry-summary\">\n<div class=\"entry-summary\">\nGizlilik politikas\u0131 Genel bildirim ve zorunlu bilgiler Denetleyicinin belirlenmesi Bu web sitesindeki veri i\u015flemeden sorumlu denetleyici...\n<\/div>\n<div class=\"link-more\"><a href=\"https:\/\/www.griffbereit-rucksack.de\/tr\/datenschutzerklaerung\/\" class=\"more-link\">Okumaya devam edin<span class=\"screen-reader-text\"> \"Gizlilik Politikas\u0131\"<\/span>...<\/a><\/div>\n<\/div>\n<div class=\"link-more\"><a href=\"https:\/\/www.griffbereit-rucksack.de\/tr\/datenschutzerklaerung\/\" class=\"more-link\">Okumaya devam edin<span class=\"screen-reader-text\"> \"Gizlilik Politikas\u0131\"<\/span>...<\/a><\/div>","protected":false},"author":1,"featured_media":0,"parent":0,"menu_order":0,"comment_status":"closed","ping_status":"open","template":"","meta":{"_acf_changed":false,"footnotes":""},"class_list":["post-3","page","type-page","status-publish","hentry","entry"],"acf":[],"_links":{"self":[{"href":"https:\/\/www.griffbereit-rucksack.de\/tr\/wp-json\/wp\/v2\/pages\/3","targetHints":{"allow":["GET"]}}],"collection":[{"href":"https:\/\/www.griffbereit-rucksack.de\/tr\/wp-json\/wp\/v2\/pages"}],"about":[{"href":"https:\/\/www.griffbereit-rucksack.de\/tr\/wp-json\/wp\/v2\/types\/page"}],"author":[{"embeddable":true,"href":"https:\/\/www.griffbereit-rucksack.de\/tr\/wp-json\/wp\/v2\/users\/1"}],"replies":[{"embeddable":true,"href":"https:\/\/www.griffbereit-rucksack.de\/tr\/wp-json\/wp\/v2\/comments?post=3"}],"version-history":[{"count":0,"href":"https:\/\/www.griffbereit-rucksack.de\/tr\/wp-json\/wp\/v2\/pages\/3\/revisions"}],"wp:attachment":[{"href":"https:\/\/www.griffbereit-rucksack.de\/tr\/wp-json\/wp\/v2\/media?parent=3"}],"curies":[{"name":"wp","href":"https:\/\/api.w.org\/{rel}","templated":true}]}}