{"id":2783,"date":"2020-08-17T17:16:58","date_gmt":"2020-08-17T15:16:58","guid":{"rendered":"https:\/\/www.griffbereit-rucksack.de\/?page_id=2783"},"modified":"2020-08-17T17:25:52","modified_gmt":"2020-08-17T15:25:52","slug":"organisatorisches-rucksack-kita","status":"publish","type":"page","link":"https:\/\/www.griffbereit-rucksack.de\/tr\/organisatorisches-rucksack-kita\/","title":{"rendered":"Organizasyonel Rucksack KiTa"},"content":{"rendered":"<h2>\n\t\tOrganizasyonel ve zamansal \u00e7er\u00e7eve ko\u015fullar\u0131\n\t<\/h2>\n\t<strong>Durum E\u011fitim yeri:<br \/>\n<\/strong>Rucksack KiTa'nin amac\u0131, aileleri e\u011fitim sistemiyle m\u00fcmk\u00fcn oldu\u011funca erken tan\u0131\u015ft\u0131rmak ve e\u011fitim kurumunu yerinde deneyimleyerek \u015fekillenmesine yard\u0131mc\u0131 olmakt\u0131r. Bu nedenle program \u015fu \u015fekilde ger\u00e7ekle\u015fmektedir <strong>istisnas\u0131z <\/strong>i\u00e7inde<strong> KiTa<\/strong> tutuldu.<br \/>\n<strong><br \/>\nE\u011fitim mekan\u0131n\u0131n rol\u00fc:<\/strong><br \/>\nRucksack KiTa ile kre\u015f, \u00e7ok dillili\u011fi g\u00f6z \u00f6n\u00fcnde bulundurarak Almanca dilinin paralel te\u015fvikine sorumlu bir \u015fekilde kat\u0131lmaktad\u0131r. \u00d6\u011fretmenlerin dil e\u011fitimi \u00e7al\u0131\u015fmalar\u0131 her zaman ebeveynlerle yap\u0131lan \u00e7al\u0131\u015fmalarla koordine edilir - ve bunun tersi de ge\u00e7erlidir. Bu \u015fekilde, tesislerin \u00e7e\u015fitlilik odakl\u0131 ve g\u00f6\u00e7e duyarl\u0131 a\u00e7\u0131l\u0131\u015f\u0131n\u0131 da destekleyen bir e\u011fitim ortakl\u0131\u011f\u0131 kurulmaktad\u0131r. Bu nedenlerden dolay\u0131, bir \u00e7ocuk bak\u0131m merkezi veya aile merkezi ile ba\u011flant\u0131, program\u0131n uygulanmas\u0131 i\u00e7in temel bir ko\u015fuldur.\n<p><strong>Ba\u011flay\u0131c\u0131 ilkeler: 1. Kat\u0131l\u0131m, 2. E\u011fitim\/e\u011fitim ortakl\u0131\u011f\u0131:<\/strong><\/p>\n<p><u>Aileler i\u00e7in bu \u015fu anlama geliyor:<\/u><\/p>\n<ul>\n<li>a <em>Rucksack KiTa<\/em>-Ebeveyn kolayla\u015ft\u0131r\u0131c\u0131s\u0131n\u0131n rehberli\u011finde ebeveyn grubu<\/li>\n<li>Evde ebeveyn-\u00e7ocuk ortak etkinlikleri, ayr\u0131ca t\u00fcm aile ile birlikte<\/li>\n<li>koordineli <em>Rucksack KiTa<\/em>-KiTa'da \u00e7ocuklar ve aileler i\u00e7in faaliyetler<\/li>\n<li>Uluslararas\u0131 aile ge\u00e7mi\u015fine sahip ebeveynleri\/aileleri gruba liderlik etmek \u00fczere nitelendirme imkan\u0131 (ebeveyn refakati)<\/li>\n<\/ul>\n<p><u>KiTa \u015funlardan sorumludur:<\/u><\/p>\n<ul>\n<li>E\u015fg\u00fcd\u00fcml\u00fc bir konsept i\u00e7inde g\u00fcnl\u00fck ya\u015fama entegre edilmi\u015f \u00e7ok dilli dil e\u011fitimi<\/li>\n<li>ailelerle e\u011fitim ortakl\u0131klar\u0131n\u0131n hedefe y\u00f6nelik olarak ba\u015flat\u0131lmas\u0131 ve desteklenmesi<\/li>\n<li>kurumun \u00e7e\u015fitlilik odakl\u0131 ve g\u00f6\u00e7e duyarl\u0131 a\u00e7\u0131l\u0131m\u0131 ve buna uygun bir e\u011fitim konsepti<\/li>\n<\/ul>\n<p>\u00c7ocu\u011fun farkl\u0131 ya\u015fam d\u00fcnyalar\u0131 (aile ve g\u00fcnd\u00fcz bak\u0131m evi) bilin\u00e7li bir \u015fekilde \u00e7al\u0131\u015fmaya dahil edilir.<\/p>\n\t<strong>Olas\u0131 i\u015fbirli\u011fi ortaklar\u0131:<br \/>\n<\/strong>Program\u0131n genel uygulamas\u0131ndaki i\u015fbirli\u011fi ortaklar\u0131 - \u00f6rne\u011fin yeterlilik, belirli projeler\/tedbirler\/faaliyetler vb. - dernekler, sosyal yard\u0131m kurulu\u015flar\u0131, \u00e7ocuk ve gen\u00e7lik refah kurulu\u015flar\u0131, aile e\u011fitim merkezleri ve ayr\u0131ca g\u00f6\u00e7men kendi kendine yard\u0131m kurulu\u015flar\u0131 (MSO) olabilir.<em>.<\/em>\n<strong>Program y\u00fcr\u00fctme ajans\u0131n\u0131n yeterlilik ve de\u011fi\u015fim ile ilgili g\u00f6revleri:<\/strong><br \/>\nRucksack KiTa program sa\u011flay\u0131c\u0131s\u0131, pedagojik personelin \u00e7ok dillilik, s\u00fcrekli dil e\u011fitimi, ebeveynlerle\/ailelerle e\u011fitim ortakl\u0131\u011f\u0131 vb. konulardaki yetkinliklerini art\u0131rmak ve kurumda \u00f6nyarg\u0131lara kar\u015f\u0131 bilin\u00e7li bir konseptin olu\u015fturulmas\u0131n\u0131 sa\u011flamak i\u00e7in ihtiya\u00e7 temelli e\u011fitimlere kat\u0131lmalar\u0131n\u0131 sa\u011flar. Yeterlili\u011fin baz\u0131 mod\u00fcllerinin veli deste\u011fi ve pedagojik personel ile birlikte y\u00fcr\u00fct\u00fclmesi tavsiye edilir.\n<p>Buna ek olarak, ebeveyn rehberlerine s\u00fcrekli olarak daha fazla e\u011fitim sunulmaktad\u0131r. Ayr\u0131ca d\u00fczenli olarak \u00fclke \u00e7ap\u0131nda konferanslar ve \u00e7al\u0131\u015fma gruplar\u0131 d\u00fczenlenmektedir.<\/p>\n\t\t\t<a href=\"https:\/\/www.griffbereit-rucksack.de\/tr\/qualifizierung-zur-elternbegleiterin-fuer-rucksack-kita\/\" target=\"_self\" role=\"button\" rel=\"noopener noreferrer\">\n\t\t\t\t\t\t\tEbeveyn refakat\u00e7isi olarak yeterlilik\n\t\t\t<\/a>","protected":false},"excerpt":{"rendered":"<div class=\"entry-summary\">\n<div class=\"entry-summary\">\n\u00d6rg\u00fctsel ve zamansal \u00e7er\u00e7eve ko\u015fullar\u0131 E\u011fitim yeri: Rucksack KiTa'nin amac\u0131 aileleri e\u011fitim sistemine m\u00fcmk\u00fcn oldu\u011funca erken ba\u011flamakt\u0131r....\n<\/div>\n<div class=\"link-more\"><a href=\"https:\/\/www.griffbereit-rucksack.de\/tr\/organisatorisches-rucksack-kita\/\" class=\"more-link\">Okumaya devam edin<span class=\"screen-reader-text\"> \"Organizasyonel Rucksack KiTa\"<\/span>...<\/a><\/div>\n<\/div>\n<div class=\"link-more\"><a href=\"https:\/\/www.griffbereit-rucksack.de\/tr\/organisatorisches-rucksack-kita\/\" class=\"more-link\">Okumaya devam edin<span class=\"screen-reader-text\"> \"Organizasyonel Rucksack KiTa\"<\/span>...<\/a><\/div>","protected":false},"author":1,"featured_media":0,"parent":0,"menu_order":0,"comment_status":"closed","ping_status":"closed","template":"","meta":{"_acf_changed":false,"footnotes":""},"class_list":["post-2783","page","type-page","status-publish","hentry","entry"],"acf":[],"_links":{"self":[{"href":"https:\/\/www.griffbereit-rucksack.de\/tr\/wp-json\/wp\/v2\/pages\/2783","targetHints":{"allow":["GET"]}}],"collection":[{"href":"https:\/\/www.griffbereit-rucksack.de\/tr\/wp-json\/wp\/v2\/pages"}],"about":[{"href":"https:\/\/www.griffbereit-rucksack.de\/tr\/wp-json\/wp\/v2\/types\/page"}],"author":[{"embeddable":true,"href":"https:\/\/www.griffbereit-rucksack.de\/tr\/wp-json\/wp\/v2\/users\/1"}],"replies":[{"embeddable":true,"href":"https:\/\/www.griffbereit-rucksack.de\/tr\/wp-json\/wp\/v2\/comments?post=2783"}],"version-history":[{"count":0,"href":"https:\/\/www.griffbereit-rucksack.de\/tr\/wp-json\/wp\/v2\/pages\/2783\/revisions"}],"wp:attachment":[{"href":"https:\/\/www.griffbereit-rucksack.de\/tr\/wp-json\/wp\/v2\/media?parent=2783"}],"curies":[{"name":"wp","href":"https:\/\/api.w.org\/{rel}","templated":true}]}}