{"id":2103,"date":"2020-01-03T12:12:06","date_gmt":"2020-01-03T11:12:06","guid":{"rendered":"https:\/\/www.griffbereit-rucksack.de\/?page_id=2103"},"modified":"2023-12-01T12:59:20","modified_gmt":"2023-12-01T11:59:20","slug":"faq-rucksack-kita","status":"publish","type":"page","link":"https:\/\/www.griffbereit-rucksack.de\/tr\/rucksack-kita\/faq-rucksack-kita\/","title":{"rendered":"SSS Rucksack KiTa"},"content":{"rendered":"<h2>SSS Rucksack KiTa<\/h2>\n<p>\u0130ster ilgili bir aile olarak, ister pedagoji uzman\u0131, ebeveyn refakat\u00e7isi veya program koordinat\u00f6r\u00fc olarak: <strong>Burada en s\u0131k sorulan sorular\u0131n yan\u0131tlar\u0131n\u0131 bulacaks\u0131n\u0131z.<\/strong><\/p>\n<div class=\"wm-accordion clearfix filterable-simple\" data-active=\"0\" data-mode=\"accordion\"><div class=\"wm-filter\"><ul><li class=\"wm-filter-items-all active\"><a href=\"#\" data-filter=\"*\">T\u00fcm\u00fc<\/a><\/li><li class=\"wm-filter-items-tag-ElternFamilien\"><a href=\"#\" data-filter=\".tag-ElternFamilien\">Ebeveynler\/Aileler<\/a><\/li><li class=\"wm-filter-items-tag-Elternbegleiterinnen\"><a href=\"#\" data-filter=\".tag-Elternbegleiterinnen\">Ebeveyn k\u0131lavuzlar\u0131<\/a><\/li><li class=\"wm-filter-items-tag-Koordinatorinnen\"><a href=\"#\" data-filter=\".tag-Koordinatorinnen\">Koordinat\u00f6rler<\/a><\/li><li class=\"wm-filter-items-tag-PdagogischeFachkrfte\"><a href=\"#\" data-filter=\".tag-PdagogischeFachkrfte\">Pedagojik personel<\/a><\/li><\/ul><\/div><div class=\"wm-filter-this-simple\">\r\n<div class=\"wm-item wm-item-wrap tag-ElternFamilien\"><h3 class=\"wm-item-title tag-ElternFamilien\" data-tags=\"tag-ElternFamilien\" data-tag-names=\"Eltern\/Familien\">Rucksack KiTa ne istiyor?<\/h3><div class=\"wm-item-content clearfix WasmchteRucksackKiTa\"><p>Odak noktas\u0131, ebeveynler\/aileler ve KiTa taraf\u0131ndan ortakla\u015fa desteklenen, g\u00fcnl\u00fck ya\u015fama entegre edilmi\u015f genel ve \u00e7ok dilli dil ve aile e\u011fitimidir.<\/p>\n<\/div><\/div>\r\n\r\n<div class=\"wm-item wm-item-wrap tag-ElternFamilien\"><h3 class=\"wm-item-title tag-ElternFamilien\" data-tags=\"tag-ElternFamilien\" data-tag-names=\"Eltern\/Familien\">Rucksack KiTa'ye kimler kat\u0131labilir?<\/h3><div class=\"wm-item-content clearfix WerkannanRucksackKiTateilnehmen\"><ul>\n<li>\u00c7ok dilli olarak b\u00fcy\u00fcyen d\u00f6rt ila alt\u0131 ya\u015f aras\u0131ndaki \u00e7ocuklar ve \u00e7ocuklar\u0131n\u0131n ya\u015famlar\u0131n\u0131n ilk y\u0131llar\u0131nda \u00e7ok dillilik potansiyelini \u00f6\u011frenmek ve kullanmak isteyen ebeveynler\/aileler ve \u00e7ocu\u011fun devam etti\u011fi kre\u015f.<\/li>\n<li>Durum: KiTa programa ba\u011fl\u0131<\/li>\n<li>\u00c7e\u015fitlilik odakl\u0131 (diversity-oriented) \u00e7e\u015fitlili\u011fe a\u00e7\u0131lmak isteyen e\u011fitim kurumlar\u0131<\/li>\n<\/ul>\n<\/div><\/div>\r\n\r\n<div class=\"wm-item wm-item-wrap tag-ElternFamilien\"><h3 class=\"wm-item-title tag-ElternFamilien\" data-tags=\"tag-ElternFamilien\" data-tag-names=\"Eltern\/Familien\">Rucksack KiTa grubu nerede ger\u00e7ekle\u015fir?<\/h3><div class=\"wm-item-content clearfix WofindeteineRucksackKiTa-Gruppestatt\"><p>Bu<em> Rucksack KiTa<\/em>-Grup, kat\u0131l\u0131mc\u0131 KiTa'da yerinde sunulmaktad\u0131r.<\/p>\n<\/div><\/div>\r\n\r\n<div class=\"wm-item wm-item-wrap tag-ElternFamilien\"><h3 class=\"wm-item-title tag-ElternFamilien\" data-tags=\"tag-ElternFamilien\" data-tag-names=\"Eltern\/Familien\">\u00c7ocu\u011fum Rucksack KiTa'ye ne zaman ba\u015flayabilir?<\/h3><div class=\"wm-item-content clearfix WannkannmeinKindmitRucksackKiTastarten\"><p>Anaokulu y\u0131l\u0131n\u0131n ba\u015f\u0131nda ve al\u0131\u015fma d\u00f6neminden sonra ba\u015flanmas\u0131 tavsiye edilir.<\/p>\n<\/div><\/div>\r\n\r\n<div class=\"wm-item wm-item-wrap tag-ElternFamilien\"><h3 class=\"wm-item-title tag-ElternFamilien\" data-tags=\"tag-ElternFamilien\" data-tag-names=\"Eltern\/Familien\">Rucksack KiTa grubu ne zaman ger\u00e7ekle\u015fir?<\/h3><div class=\"wm-item-content clearfix WannfindeteineRucksackKiTa-Gruppestatt\"><p>Bu<em> Rucksack KiTa<\/em>-Grup genellikle anaokulu y\u0131l\u0131 boyunca ger\u00e7ekle\u015fir: yakla\u015f\u0131k 9 ay boyunca haftada 1 kez.<\/p>\n<\/div><\/div>\r\n\r\n<div class=\"wm-item wm-item-wrap tag-ElternFamilien\"><h3 class=\"wm-item-title tag-ElternFamilien\" data-tags=\"tag-ElternFamilien\" data-tag-names=\"Eltern\/Familien\">Programdan kim sorumludur?<\/h3><div class=\"wm-item-content clearfix WeristfrdasProgrammverantwortlich\"><p><em>Rucksack KiTa<\/em> eyalet \u00e7ap\u0131ndaki koordinasyon merkezleri (LaKo'ler) taraf\u0131ndan profesyonel olarak desteklenmektedir. LaKo'ler ayn\u0131 zamanda NRW'de ve \u00fclke \u00e7ap\u0131nda genel koordinasyondan da sorumludur. <a href=\"https:\/\/www.griffbereit-rucksack.de\/tr\/ueber-uns\/\"><strong>Burada<\/strong><\/a><\/p>\n<\/div><\/div>\r\n\r\n<div class=\"wm-item wm-item-wrap tag-ElternFamilien\"><h3 class=\"wm-item-title tag-ElternFamilien\" data-tags=\"tag-ElternFamilien\" data-tag-names=\"Eltern\/Familien\">Rucksack KiTa'yi sunan KiTa'n\u0131n g\u00f6revleri nelerdir?<\/h3><div class=\"wm-item-content clearfix WelcheAufgabenhatdieKiTadieRucksackKiTaanbietet\"><ul>\n<li>Program <em>Rucksack KiTa<\/em> kavram\u0131n\u0131n bir par\u00e7as\u0131d\u0131r<\/li>\n<li>KiTa veya KiTa'n\u0131n sa\u011flay\u0131c\u0131s\u0131, \u00fclke \u00e7ap\u0131ndaki program\u0131n i\u015fbirli\u011fi ortaklar\u0131d\u0131r. <em>Rucksack KiTa<\/em><\/li>\n<li>KiTa veya KiTa'n\u0131n sorumlu organ\u0131, a\u015fa\u011f\u0131daki faaliyetler i\u00e7in tesisler sa\u011flar <em>Rucksack KiTa<\/em>-Grup haz\u0131r<\/li>\n<\/ul>\n<\/div><\/div>\r\n\r\n<div class=\"wm-item wm-item-wrap tag-ElternFamilien\"><h3 class=\"wm-item-title tag-ElternFamilien\" data-tags=\"tag-ElternFamilien\" data-tag-names=\"Eltern\/Familien\">Rucksack KiTa ekibinin g\u00f6revleri nelerdir?<\/h3><div class=\"wm-item-content clearfix WelcheAufgabenhatdasRucksackKiTa-Team\"><ul>\n<li>G\u00fcnl\u00fck ya\u015fama entegre edilmi\u015f Almanca dil e\u011fitimi<\/li>\n<li>\u00c7ocuklar\u0131n \u00e7ok dillili\u011fine e\u015flik etmek ve desteklemek<\/li>\n<li>Ebeveynler\/aileler ile kat\u0131l\u0131mc\u0131 yeti\u015ftirme ve e\u011fitim ortakl\u0131klar\u0131<\/li>\n<\/ul>\n<\/div><\/div>\r\n\r\n<div class=\"wm-item wm-item-wrap tag-ElternFamilien\"><h3 class=\"wm-item-title tag-ElternFamilien\" data-tags=\"tag-ElternFamilien\" data-tag-names=\"Eltern\/Familien\">Rucksack KiTa ebeveyn grubu s\u0131ras\u0131nda karde\u015fler i\u00e7in \u00e7ocuk bak\u0131m\u0131 sa\u011flan\u0131yor mu?<\/h3><div class=\"wm-item-content clearfix IstwhrendderRucksackKiTa-ElterngruppeeineKinderbetreuungfrGeschwisterkindergewhrleistet\"><p>Evet, program hedef grubunun ya\u015f\u0131n\u0131n alt\u0131nda veya \u00fcst\u00fcnde \u00e7ocuklar\u0131 olan ebeveynler\/aileler kat\u0131l\u0131rsa, KiTa'da \u00e7ocuk bak\u0131m\u0131 sa\u011flanabilir.<\/p>\n<\/div><\/div>\r\n\r\n<div class=\"wm-item wm-item-wrap tag-PdagogischeFachkrfte tag-Elternbegleiterinnen tag-Koordinatorinnen\"><h3 class=\"wm-item-title tag-PdagogischeFachkrfte tag-Elternbegleiterinnen tag-Koordinatorinnen\" data-tags=\"tag-PdagogischeFachkrfte tag-Elternbegleiterinnen tag-Koordinatorinnen\" data-tag-names=\"P\u00e4dagogische Fachkr\u00e4fte|Elternbegleiter*innen|Koordinator*innen\">Rucksack KiTa program\u0131ndan kim sorumludur?<\/h3><div class=\"wm-item-content clearfix WeristfrdasProgrammRucksackKiTaverantwortlich\"><p><em>Rucksack KiTa<\/em> eyalet \u00e7ap\u0131ndaki koordinasyon merkezleri (LaKo) taraf\u0131ndan profesyonel olarak desteklenmektedir. LaKo ayn\u0131 zamanda NRW'de ve \u00fclke \u00e7ap\u0131nda genel koordinasyondan da sorumludur. <a href=\"https:\/\/www.griffbereit-rucksack.de\/tr\/ueber-uns\/\"><strong>Burada<\/strong><\/a>Uygulama, yerel Belediye Entegrasyon Merkezleri (KI) ve \u00fclke \u00e7ap\u0131ndaki i\u015fbirli\u011fi ortaklar\u0131 (Arazi koordinasyon ofisleri, yerel ve\/veya b\u00f6lgesel program koordinasyon ofisleri) ile i\u015fbirli\u011fi i\u00e7inde zorunludur.<\/p>\n<\/div><\/div>\r\n\r\n<div class=\"wm-item wm-item-wrap tag-PdagogischeFachkrfte tag-Elternbegleiterinnen\"><h3 class=\"wm-item-title tag-PdagogischeFachkrfte tag-Elternbegleiterinnen\" data-tags=\"tag-PdagogischeFachkrfte tag-Elternbegleiterinnen\" data-tag-names=\"P\u00e4dagogische Fachkr\u00e4fte|Elternbegleiter*innen\">Program\u0131n uygulanmas\u0131na kim \u00f6nc\u00fcl\u00fck edecek?<\/h3><div class=\"wm-item-content clearfix WerbernimmtdieFederfhrungzurDurchfhrungdesProgramms\"><p>Belediye entegrasyon merkezleri veya \u00fclke \u00e7ap\u0131ndaki i\u015fbirli\u011fi ortaklar\u0131, gerekti\u011finde di\u011fer ofisler\/kurulu\u015flarla da i\u015fbirli\u011fi yaparak program\u0131 koordine eder veya e\u015flik eder ve bilgilendirme etkinlikleri ve e\u011fitimler sunar.<\/p>\n<\/div><\/div>\r\n\r\n<div class=\"wm-item wm-item-wrap tag-PdagogischeFachkrfte tag-Elternbegleiterinnen tag-Koordinatorinnen\"><h3 class=\"wm-item-title tag-PdagogischeFachkrfte tag-Elternbegleiterinnen tag-Koordinatorinnen\" data-tags=\"tag-PdagogischeFachkrfte tag-Elternbegleiterinnen tag-Koordinatorinnen\" data-tag-names=\"P\u00e4dagogische Fachkr\u00e4fte|Elternbegleiter*innen|Koordinator*innen\">Program ne zaman ba\u015flayabilir?<\/h3><div class=\"wm-item-content clearfix WannkanndasProgrammstarten\"><p>Anaokulu y\u0131l\u0131n\u0131n ba\u015f\u0131nda ve al\u0131\u015fma d\u00f6neminden sonra ba\u015flanmas\u0131 tavsiye edilir.<\/p>\n<\/div><\/div>\r\n\r\n<div class=\"wm-item wm-item-wrap tag-PdagogischeFachkrfte tag-Koordinatorinnen\"><h3 class=\"wm-item-title tag-PdagogischeFachkrfte tag-Koordinatorinnen\" data-tags=\"tag-PdagogischeFachkrfte tag-Koordinatorinnen\" data-tag-names=\"P\u00e4dagogische Fachkr\u00e4fte|Koordinator*innen\">Hangi konular \u00f6zellikle \u00f6nc\u00fc, giri\u015f veya deneme kurslar\u0131 i\u00e7in uygundur?<\/h3><div class=\"wm-item-content clearfix WelcheThemeneignensichbesondersfrVorlufer-Einstiegs-oderSchnupperkurse\"><p>Aile veya KiTa giri\u015fi, medya, hareket<\/p>\n<\/div><\/div>\r\n\r\n<div class=\"wm-item wm-item-wrap tag-PdagogischeFachkrfte\"><h3 class=\"wm-item-title tag-PdagogischeFachkrfte\" data-tags=\"tag-PdagogischeFachkrfte\" data-tag-names=\"P\u00e4dagogische Fachkr\u00e4fte\">Hangi KiTas ve aile merkezleri uygundur?<\/h3><div class=\"wm-item-content clearfix WelcheKiTasundFamilienzentrensindgeeignet\"><p>KiTas ve aile merkezleri<\/p>\n<ul>\n<li>ilgilerini KI'ya veya \u00fclke \u00e7ap\u0131ndaki i\u015fbirli\u011fi orta\u011f\u0131na veya federal transfer ekibine kaydettirmeleri<\/li>\n<li>yeterli odaya sahip olmak<\/li>\n<li>aile gruplar\u0131n\u0131n olu\u015fturulmas\u0131 i\u00e7in yeterli grup b\u00fcy\u00fckl\u00fc\u011f\u00fcn\u00fc g\u00f6stermek (en az 6 ilgili aile).<\/li>\n<\/ul>\n<\/div><\/div>\r\n\r\n<div class=\"wm-item wm-item-wrap tag-PdagogischeFachkrfte\"><h3 class=\"wm-item-title tag-PdagogischeFachkrfte\" data-tags=\"tag-PdagogischeFachkrfte\" data-tag-names=\"P\u00e4dagogische Fachkr\u00e4fte\">Hangi kurumlar programlamaya en ba\u015f\u0131ndan itibaren dahil olmal\u0131d\u0131r?<\/h3><div class=\"wm-item-content clearfix WelcheStellensolltenvonAnfanganbeiderProgrammplanungeingebundenwerden\"><p>Tavsiye edilir: Gen\u00e7lik dairesi\/uzman tavsiyesi ve olas\u0131 sponsorlar ve ba\u011f\u0131\u015f\u00e7\u0131lar<\/p>\n<\/div><\/div>\r\n\r\n<div class=\"wm-item wm-item-wrap tag-PdagogischeFachkrfte\"><h3 class=\"wm-item-title tag-PdagogischeFachkrfte\" data-tags=\"tag-PdagogischeFachkrfte\" data-tag-names=\"P\u00e4dagogische Fachkr\u00e4fte\">Program\u0131n ba\u015far\u0131s\u0131 i\u00e7in kimler birbirleriyle a\u011f kurmal\u0131d\u0131r?<\/h3><div class=\"wm-item-content clearfix WersollteimHinblickaufdasGelingendesProgrammsmiteinandervernetztsein\"><ul>\n<li>Belediye Entegrasyon Merkezi\/Federal \u0130\u015fbirli\u011fi Orta\u011f\u0131<\/li>\n<li>Gen\u00e7lik Sosyal Yard\u0131m Ofisi<\/li>\n<li>\u00c7ocuk bak\u0131m merkezi sa\u011flay\u0131c\u0131s\u0131\/uzman dan\u0131\u015fmanl\u0131k hizmetleri<\/li>\n<li>Kre\u015f y\u00f6netimi ve ekibi<\/li>\n<li>Ebeveyn refakat\u00e7isi<\/li>\n<li>Di\u011fer a\u011f ortaklar\u0131, \u00f6rne\u011fin k\u00fct\u00fcphaneler, vb.<\/li>\n<\/ul>\n<\/div><\/div>\r\n\r\n<div class=\"wm-item wm-item-wrap tag-PdagogischeFachkrfte tag-Koordinatorinnen\"><h3 class=\"wm-item-title tag-PdagogischeFachkrfte tag-Koordinatorinnen\" data-tags=\"tag-PdagogischeFachkrfte tag-Koordinatorinnen\" data-tag-names=\"P\u00e4dagogische Fachkr\u00e4fte|Koordinator*innen\">KiTa'da program\u0131 uygulamadan \u00f6nce hangi ad\u0131mlar\u0131n at\u0131lmas\u0131 gerekiyor?<\/h3><div class=\"wm-item-content clearfix WelcheSchrittesindvorderImplementierungdesProgrammsinderKiTazubeachten\"><ul>\n<li>Program y\u00fcr\u00fctme ajans\u0131n\u0131n g\u00f6revlerinin netle\u015ftirilmesi<\/li>\n<li>Finansman\u0131n netle\u015ftirilmesi<\/li>\n<li>Sa\u011flay\u0131c\u0131\/g\u00fcnd\u00fcz bak\u0131m merkezi ile KI\/federal i\u015fbirli\u011fi orta\u011f\u0131 aras\u0131nda i\u015fbirli\u011fi anla\u015fmas\u0131<\/li>\n<li>Program sunumu, ilgi beyan\u0131 ve sat\u0131n alma<\/li>\n<li>Yeterlilik<\/li>\n<\/ul>\n<\/div><\/div>\r\n\r\n<div class=\"wm-item wm-item-wrap tag-PdagogischeFachkrfte tag-Koordinatorinnen\"><h3 class=\"wm-item-title tag-PdagogischeFachkrfte tag-Koordinatorinnen\" data-tags=\"tag-PdagogischeFachkrfte tag-Koordinatorinnen\" data-tag-names=\"P\u00e4dagogische Fachkr\u00e4fte|Koordinator*innen\">E\u011fitim kurumunun g\u00f6revleri nelerdir?<\/h3><div class=\"wm-item-content clearfix WelcheAufgabenhatdieBildungsinstitution\"><ul>\n<li>program <em>Rucksack KiTa<\/em> e\u011fitim kurumunun bir kavram\u0131 olarak i\u015flev g\u00f6r\u00fcr (b\u00fct\u00fcnle\u015ftirici teklif)<\/li>\n<li>CI\/federal i\u015fbirli\u011fi orta\u011f\u0131 ile \u00e7ocuk bak\u0131m merkezi\/\u00e7ocuk bak\u0131m merkezinin ta\u015f\u0131y\u0131c\u0131s\u0131 aras\u0131ndaki i\u015fbirli\u011fi anla\u015fmas\u0131 (i\u015fbirli\u011finin hedeflerinin belirlenmesi, ortaklar\u0131n i\u015fbirli\u011fi katk\u0131lar\u0131, finansman)<\/li>\n<li>Ebeveyn\/aile grubu (ve olas\u0131 \u00e7ocuk bak\u0131m\u0131) i\u00e7in olanaklar sa\u011flay\u0131n.<\/li>\n<li>Y\u0131ll\u0131k de\u011ferlendirmeye kat\u0131l\u0131m<\/li>\n<li>Yeterlilik tekliflerine kat\u0131l\u0131m<\/li>\n<li>Varsa: Griffbereit \u00e7al\u0131\u015fma grubuna kat\u0131l\u0131m ve sahada s\u0131rt \u00e7antas\u0131<\/li>\n<\/ul>\n<\/div><\/div>\r\n\r\n<div class=\"wm-item wm-item-wrap tag-PdagogischeFachkrfte tag-Koordinatorinnen\"><h3 class=\"wm-item-title tag-PdagogischeFachkrfte tag-Koordinatorinnen\" data-tags=\"tag-PdagogischeFachkrfte tag-Koordinatorinnen\" data-tag-names=\"P\u00e4dagogische Fachkr\u00e4fte|Koordinator*innen\">Rucksack KiTa ekibinin g\u00f6revleri nelerdir?<\/h3><div class=\"wm-item-content clearfix WelcheAufgabenhatdasRucksackKiTa-Team\"><ul>\n<li>Ebeveyn\/aile grubuyla koordineli olarak Almanca'da paralelle\u015ftirilmi\u015f g\u00fcnl\u00fck entegre dil e\u011fitiminin koordinasyonu ve uygulanmas\u0131<\/li>\n<li>\u00c7ocuklar\u0131n \u00e7ok dillili\u011fine e\u015flik etmek ve desteklemek<\/li>\n<li>Ebeveynler\/aileler ile kat\u0131l\u0131mc\u0131 yeti\u015ftirme ve e\u011fitim ortakl\u0131klar\u0131<\/li>\n<li>Ebeveyn rehberleri ile koordineli olarak e\u011fitimcilerin, ebeveyn rehberlerinin, (varsa KI) planlama toplant\u0131lar\u0131n\u0131n ve anla\u015fmalar\u0131n\u0131n koordinasyonu ve uygulanmas\u0131 \/ ebeveynlerden \/ ailelerden gelen taleplerin tart\u0131\u015f\u0131lmas\u0131<\/li>\n<li>Sahada de\u011fi\u015fim ve yans\u0131tma toplant\u0131lar\u0131na kat\u0131l\u0131m<\/li>\n<li>Y\u0131ll\u0131k de\u011ferlendirmeye kat\u0131l\u0131m<\/li>\n<li>Yeterlilik tekliflerine kat\u0131l\u0131m<\/li>\n<\/ul>\n<\/div><\/div>\r\n\r\n<div class=\"wm-item wm-item-wrap tag-PdagogischeFachkrfte tag-Koordinatorinnen\"><h3 class=\"wm-item-title tag-PdagogischeFachkrfte tag-Koordinatorinnen\" data-tags=\"tag-PdagogischeFachkrfte tag-Koordinatorinnen\" data-tag-names=\"P\u00e4dagogische Fachkr\u00e4fte|Koordinator*innen\">KI\/federal i\u015fbirli\u011fi orta\u011f\u0131n\u0131n g\u00f6revleri nelerdir?<\/h3><div class=\"wm-item-content clearfix WelcheAufgabenhabendasKIderbundesweiteKooperationspartner\"><ul>\n<li>Program\u0131n ilgili sa\u011flay\u0131c\u0131lara, KiTa ekibine vb. sunulmas\u0131.<\/li>\n<li>Program\u0131n koordinasyonu\/izlenmesi<\/li>\n<li>Malzemelerin sa\u011flanmas\u0131<\/li>\n<li>Program i\u00e7in tan\u0131t\u0131m<\/li>\n<li>Y\u0131ll\u0131k de\u011ferlendirmeye kat\u0131l\u0131m ve de\u011ferlendirme<\/li>\n<li>Ebeveyn rehberleri ve e\u011fitimcilerin temel nitelikleri<\/li>\n<li>Ebeveyn rehberleri ve e\u011fitimciler i\u00e7in daha fazla e\u011fitim<\/li>\n<\/ul>\n<\/div><\/div>\r\n\r\n<div class=\"wm-item wm-item-wrap tag-PdagogischeFachkrfte\"><h3 class=\"wm-item-title tag-PdagogischeFachkrfte\" data-tags=\"tag-PdagogischeFachkrfte\" data-tag-names=\"P\u00e4dagogische Fachkr\u00e4fte\">Kat\u0131l\u0131mc\u0131lar\u0131n programa dahil edilmesinden kim sorumludur ve ailelerin programa dahil edilmesinde hangi y\u00f6ntemlerin ba\u015far\u0131l\u0131 oldu\u011fu kan\u0131tlanm\u0131\u015ft\u0131r?<\/h3><div class=\"wm-item-content clearfix WeristfrdieWerbungderTeilnehmerinnendesProgrammsverantwortlichbzwwelcheMethodenderFamilienanwerbunghabensichbewhrt\"><ul>\n<li>e\u011fitim kurumu kay\u0131t g\u00f6r\u00fc\u015fmeleri s\u0131ras\u0131nda programa zaten at\u0131fta bulunur<\/li>\n<li>Muhtemelen g\u00f6\u00e7men topluluklar\u0131 ve MSO'lar arac\u0131l\u0131\u011f\u0131yla ve gerekirse Entegrasyon Konseyi ile isti\u015fare halinde reklam.<\/li>\n<\/ul>\n<\/div><\/div>\r\n\r\n<div class=\"wm-item wm-item-wrap tag-PdagogischeFachkrfte tag-Elternbegleiterinnen\"><h3 class=\"wm-item-title tag-PdagogischeFachkrfte tag-Elternbegleiterinnen\" data-tags=\"tag-PdagogischeFachkrfte tag-Elternbegleiterinnen\" data-tag-names=\"P\u00e4dagogische Fachkr\u00e4fte|Elternbegleiter*innen\">Ebeveyn rehberleri hangi gerekliliklere sahip olmal\u0131d\u0131r?<\/h3><div class=\"wm-item-content clearfix WelcheVoraussetzungensolltenElternbegleiterinnenmitbringen\"><ul>\n<li>kendi \u00e7ok dillili\u011fi<\/li>\n<li>zaman ve mekan a\u00e7\u0131s\u0131ndan esnek<\/li>\n<\/ul>\n<\/div><\/div>\r\n\r\n<div class=\"wm-item wm-item-wrap tag-PdagogischeFachkrfte tag-Elternbegleiterinnen tag-Koordinatorinnen\"><h3 class=\"wm-item-title tag-PdagogischeFachkrfte tag-Elternbegleiterinnen tag-Koordinatorinnen\" data-tags=\"tag-PdagogischeFachkrfte tag-Elternbegleiterinnen tag-Koordinatorinnen\" data-tag-names=\"P\u00e4dagogische Fachkr\u00e4fte|Elternbegleiter*innen|Koordinator*innen\">Ana refakat\u00e7i ile s\u00f6zle\u015fmeyi kim yapar?<\/h3><div class=\"wm-item-content clearfix WerschlietdenVertragmitdemrElternbegleiterin\"><ul>\n<li>Rucksack KiTa grubunun ta\u015f\u0131y\u0131c\u0131s\u0131<\/li>\n<li>G\u00fcnd\u00fcz bak\u0131m merkezinin sponsoru<\/li>\n<\/ul>\n<\/div><\/div>\r\n\r\n<div class=\"wm-item wm-item-wrap tag-PdagogischeFachkrfte\"><h3 class=\"wm-item-title tag-PdagogischeFachkrfte\" data-tags=\"tag-PdagogischeFachkrfte\" data-tag-names=\"P\u00e4dagogische Fachkr\u00e4fte\">Ebeveyn rehberlerini kim e\u011fitiyor?<\/h3><div class=\"wm-item-content clearfix WerschultdieElternbegleiterinnen\"><p>Yerel YZ\/federal i\u015fbirli\u011fi orta\u011f\u0131<\/p>\n<\/div><\/div>\r\n\r\n<div class=\"wm-item wm-item-wrap tag-PdagogischeFachkrfte tag-Koordinatorinnen\"><h3 class=\"wm-item-title tag-PdagogischeFachkrfte tag-Koordinatorinnen\" data-tags=\"tag-PdagogischeFachkrfte tag-Koordinatorinnen\" data-tag-names=\"P\u00e4dagogische Fachkr\u00e4fte|Koordinator*innen\">Rucksack KiTa grubu s\u0131ras\u0131nda \u00e7ocuk bak\u0131m\u0131 gerekli mi?<\/h3><div class=\"wm-item-content clearfix IstwhrendderRucksackKiTa-GruppeeineKinderbetreuungnotwendig\"><p>Evet, program hedef grubunun ya\u015f\u0131n\u0131n alt\u0131nda veya \u00fcst\u00fcnde \u00e7ocuklar\u0131 olan ebeveynler\/aileler kat\u0131l\u0131rsa<\/p>\n<\/div><\/div>\r\n\r\n<div class=\"wm-item wm-item-wrap tag-PdagogischeFachkrfte tag-Koordinatorinnen\"><h3 class=\"wm-item-title tag-PdagogischeFachkrfte tag-Koordinatorinnen\" data-tags=\"tag-PdagogischeFachkrfte tag-Koordinatorinnen\" data-tag-names=\"P\u00e4dagogische Fachkr\u00e4fte|Koordinator*innen\">\u00c7ocuk bak\u0131m\u0131 s\u00f6zle\u015fmesini kim yapar?<\/h3><div class=\"wm-item-content clearfix WerschlietdenVertragmitderKinderbetreuung\"><p>\u015eu noktaya bak\u0131n\u0131z: Ana refakat\u00e7i ile s\u00f6zle\u015fmeyi kim yapar?<\/p>\n<\/div><\/div>\r\n\r\n<div class=\"wm-item wm-item-wrap tag-Koordinatorinnen\"><h3 class=\"wm-item-title tag-Koordinatorinnen\" data-tags=\"tag-Koordinatorinnen\" data-tag-names=\"Koordinator*innen\">Rucksack KiTa program\u0131n\u0131n uygulanmas\u0131na kim \u00f6nc\u00fcl\u00fck edecek?<\/h3><div class=\"wm-item-content clearfix WerbernimmtdieFederfhrungzurImplementierungdesRucksackKiTa-Programms\"><p>Belediye entegrasyon merkezleri veya \u00fclke \u00e7ap\u0131ndaki i\u015fbirli\u011fi ortaklar\u0131, gerekti\u011finde di\u011fer ofisler\/kurulu\u015flarla da i\u015fbirli\u011fi yaparak program\u0131 koordine eder veya e\u015flik eder ve bilgilendirme etkinlikleri ve e\u011fitimler sunar.<\/p>\n<\/div><\/div>\r\n\r\n<div class=\"wm-item wm-item-wrap tag-Koordinatorinnen\"><h3 class=\"wm-item-title tag-Koordinatorinnen\" data-tags=\"tag-Koordinatorinnen\" data-tag-names=\"Koordinator*innen\">Hangi e\u011fitim kurumlar\u0131 uygundur?<\/h3><div class=\"wm-item-content clearfix WelcheBildungsinstitutionensindgeeignet\"><p>E\u011fitim kurumlar\u0131<\/p>\n<ul>\n<li>ilgilerini KI'ya veya \u00fclke \u00e7ap\u0131ndaki i\u015fbirli\u011fi orta\u011f\u0131na veya federal transfer ekibine kaydettirmeleri<\/li>\n<li>yeterli odaya sahip olmak<\/li>\n<li>olu\u015fumu i\u00e7in yeterli grup b\u00fcy\u00fckl\u00fc\u011f\u00fcne sahip olan <em>Rucksack KiTa<\/em>-Gruplar\u0131 tan\u0131mlay\u0131n (en az 6 aile)<\/li>\n<\/ul>\n<\/div><\/div>\r\n\r\n<div class=\"wm-item wm-item-wrap tag-Koordinatorinnen\"><h3 class=\"wm-item-title tag-Koordinatorinnen\" data-tags=\"tag-Koordinatorinnen\" data-tag-names=\"Koordinator*innen\">Program\u0131n ba\u015far\u0131s\u0131 i\u00e7in kimler birbirleriyle a\u011f kurmal\u0131d\u0131r?<\/h3><div class=\"wm-item-content clearfix WersollteimHinblickaufdasGelingendesProgrammsmiteinandervernetztsein\"><ul>\n<li>Belediye Entegrasyon Merkezi\/Federal \u0130\u015fbirli\u011fi Orta\u011f\u0131<\/li>\n<li>Gen\u00e7lik Sosyal Yard\u0131m Ofisi<\/li>\n<li>\u00c7ocuk bak\u0131m merkezi sa\u011flay\u0131c\u0131s\u0131\/uzman dan\u0131\u015fmanl\u0131k hizmetleri<\/li>\n<li>Kre\u015f y\u00f6netimi ve ekibi<\/li>\n<li>Ebeveyn refakat\u00e7isi<\/li>\n<li>Di\u011fer a\u011f ortaklar\u0131, \u00f6rne\u011fin k\u00fct\u00fcphaneler, vb.<\/li>\n<\/ul>\n<\/div><\/div>\r\n\r\n<div class=\"wm-item wm-item-wrap tag-Koordinatorinnen\"><h3 class=\"wm-item-title tag-Koordinatorinnen\" data-tags=\"tag-Koordinatorinnen\" data-tag-names=\"Koordinator*innen\">Hizmet sa\u011flay\u0131c\u0131\/g\u00fcnd\u00fcz bak\u0131m merkezi ve di\u011fer ortaklarla i\u015fbirli\u011fi anla\u015fmas\u0131n\u0131 kim yapar?<\/h3><div class=\"wm-item-content clearfix WerschlietdieKooperationsvereinbarungmitdemTrgerderKiTaundweiterenPartnernab\"><p>Yerel KI veya \u00fclke \u00e7ap\u0131ndaki i\u015fbirli\u011fi orta\u011f\u0131, sa\u011flay\u0131c\u0131\/g\u00fcnd\u00fcz bak\u0131m merkezi ve - planlanm\u0131\u015fsa- di\u011fer ortaklarla i\u015fbirli\u011fi anla\u015fmas\u0131n\u0131 imzalar.<\/p>\n<\/div><\/div>\r\n\r\n<div class=\"wm-item wm-item-wrap tag-Koordinatorinnen\"><h3 class=\"wm-item-title tag-Koordinatorinnen\" data-tags=\"tag-Koordinatorinnen\" data-tag-names=\"Koordinator*innen\">KiTa ile KI\/federal i\u015fbirli\u011fi orta\u011f\u0131 aras\u0131ndaki i\u015fbirli\u011fi anla\u015fmas\u0131nda neler var?<\/h3><div class=\"wm-item-content clearfix WasstehtinderKooperationsvereinbarungzwischenKiTaundKIbundesweitemKooperationspartner\"><p>\u0130\u015fbirli\u011fi anla\u015fmas\u0131, ilgili sorumluluklar\u0131 ve kullan\u0131m kan\u0131t\u0131 i\u00e7in son tarihleri belirtir.<em><br \/><\/em><\/p>\n<\/div><\/div>\r\n\r\n<div class=\"wm-item wm-item-wrap tag-Koordinatorinnen\"><h3 class=\"wm-item-title tag-Koordinatorinnen\" data-tags=\"tag-Koordinatorinnen\" data-tag-names=\"Koordinator*innen\">LaKI ve KI\/federal i\u015fbirli\u011fi orta\u011f\u0131 veya KI\/federal i\u015fbirli\u011fi orta\u011f\u0131 ve sa\u011flay\u0131c\u0131 KiTa aras\u0131ndaki i\u015fbirli\u011fi anla\u015fmalar\u0131 ne olacak?<\/h3><div class=\"wm-item-content clearfix WiesiehtesmitKooperationsvereinbarungenzwischenLaKIundKIbundesweitemKooperationspartnerbzwKIbundesweitemKooperationspartnerundTrgerKiTaaus\"><p>Uygulama, i\u015fbirli\u011fi anla\u015fmalar\u0131na ba\u011fl\u0131d\u0131r.<em>Yerel sa\u011flay\u0131c\u0131lar veya KiTas ile i\u015fbirli\u011fi anla\u015fmalar\u0131 b\u00f6lgesel olarak yap\u0131lacakt\u0131r. \u00a0<br \/><\/em><\/p>\n<\/div><\/div>\r\n\r\n<div class=\"wm-item wm-item-wrap tag-Koordinatorinnen\"><h3 class=\"wm-item-title tag-Koordinatorinnen\" data-tags=\"tag-Koordinatorinnen\" data-tag-names=\"Koordinator*innen\">Kat\u0131l\u0131mc\u0131lar\u0131n programa dahil edilmesinden kim sorumludur veya hangi ebeveyn\/aile i\u015fe al\u0131m y\u00f6ntemlerinin ba\u015far\u0131l\u0131 oldu\u011fu kan\u0131tlanm\u0131\u015ft\u0131r?<\/h3><div class=\"wm-item-content clearfix WeristfrdieWerbungderTeilnehmerinnendesProgrammsverantwortlichbzwwelcheMethodenderEltern-Familienanwerbunghabensichalserfolgreichherausgestellt\"><ul>\n<li>e\u011fitim kurumu, kay\u0131t g\u00f6r\u00fc\u015fmeleri s\u0131ras\u0131nda ilgili program\u0131 zaten belirtmektedir<\/li>\n<li>Muhtemelen g\u00f6\u00e7men topluluklar\u0131 ve MSO'lar arac\u0131l\u0131\u011f\u0131yla ve gerekirse Entegrasyon Konseyi ile isti\u015fare halinde reklam.<\/li>\n<\/ul>\n<\/div><\/div>\r\n\r\n<div class=\"wm-item wm-item-wrap tag-Koordinatorinnen\"><h3 class=\"wm-item-title tag-Koordinatorinnen\" data-tags=\"tag-Koordinatorinnen\" data-tag-names=\"Koordinator*innen\">Ebeveyn rehberlerinin aranmas\u0131 i\u00e7in gerekenler nelerdir?<\/h3><div class=\"wm-item-content clearfix WelcheVoraussetzungensindbeiderSuchederElternbegleiterinnenzubeachten\"><ul>\n<li>\u00c7ok dilli ebeveyn arkada\u015f\u0131<\/li>\n<li>zaman ve mekan a\u00e7\u0131s\u0131ndan esnek<\/li>\n<\/ul>\n<\/div><\/div>\r\n\r\n<div class=\"wm-item wm-item-wrap tag-Koordinatorinnen\"><h3 class=\"wm-item-title tag-Koordinatorinnen\" data-tags=\"tag-Koordinatorinnen\" data-tag-names=\"Koordinator*innen\">Ebeveyn rehberlerinin aranmas\u0131 i\u00e7in gerekenler nelerdir?<\/h3><div class=\"wm-item-content clearfix WelcheVoraussetzungensindbeiderSuchederElternbegleiterinnenzubeachten\"><ul>\n<li>\u00c7ok dilli ebeveyn arkada\u015f\u0131<\/li>\n<li>zaman ve mekan a\u00e7\u0131s\u0131ndan esnek<\/li>\n<\/ul>\n<\/div><\/div>\r\n\r\n<div class=\"wm-item wm-item-wrap tag-Koordinatorinnen\"><h3 class=\"wm-item-title tag-Koordinatorinnen\" data-tags=\"tag-Koordinatorinnen\" data-tag-names=\"Koordinator*innen\">Ana k\u0131lavuzlar i\u00e7in saat say\u0131s\u0131n\u0131 se\u00e7mek ve ayarlamak i\u00e7in hangi kriterler kullan\u0131l\u0131r?<\/h3><div class=\"wm-item-content clearfix NachwelchenKriterienwirdderStundenumfangderElternbegleiterinnenausgewhltundfestgesetzt\"><p>Tavsiye edilir:<\/p>\n<ul>\n<li>Haftada 3-4 saat: 2 saat ebeveyn grubunda ve 1-2 saat haz\u0131rl\u0131k ve takip i\u00e7in<\/li>\n<li>Ayr\u0131ca de\u011fi\u015fim\/d\u00fc\u015f\u00fcnme g\u00f6r\u00fc\u015fmeleri i\u00e7in zaman<\/li>\n<li>Art\u0131 ileri e\u011fitim ve \u00f6\u011fretim i\u00e7in zaman<\/li>\n<\/ul>\n<\/div><\/div>\r\n\r\n<div class=\"wm-item wm-item-wrap tag-Koordinatorinnen\"><h3 class=\"wm-item-title tag-Koordinatorinnen\" data-tags=\"tag-Koordinatorinnen\" data-tag-names=\"Koordinator*innen\">Ana k\u0131lavuzlar i\u00e7in saat say\u0131s\u0131n\u0131 se\u00e7mek ve ayarlamak i\u00e7in hangi kriterler kullan\u0131l\u0131r?<\/h3><div class=\"wm-item-content clearfix NachwelchenKriterienwirdderStundenumfangderElternbegleiterinnenausgewhltundfestgesetzt\"><p>Tavsiye edilir:<\/p>\n<ul>\n<li>Haftada 3-4 saat: 2 saat ebeveyn grubunda ve 1-2 saat haz\u0131rl\u0131k ve takip i\u00e7in<\/li>\n<li>Ayr\u0131ca de\u011fi\u015fim\/d\u00fc\u015f\u00fcnme g\u00f6r\u00fc\u015fmeleri i\u00e7in zaman<\/li>\n<li>Art\u0131 ileri e\u011fitim ve \u00f6\u011fretim i\u00e7in zaman<\/li>\n<\/ul>\n<\/div><\/div>\r\n\r\n<div class=\"wm-item wm-item-wrap tag-Elternbegleiterinnen tag-Koordinatorinnen\"><h3 class=\"wm-item-title tag-Elternbegleiterinnen tag-Koordinatorinnen\" data-tags=\"tag-Elternbegleiterinnen tag-Koordinatorinnen\" data-tag-names=\"Elternbegleiter*innen|Koordinator*innen\">Ana rehberlerin \u00fccretleri nedir ve hangi son tarihler dikkate al\u0131nmal\u0131d\u0131r?<\/h3><div class=\"wm-item-content clearfix WiesiehtdieHonorierungderElternbegleiterinnenausundwelcheTerminesinddabeizubercksichtigen\"><p>Kural olarak, ebeveyn refakat\u00e7isi olarak \u00e7al\u0131\u015fma \u00fccretlendirilir. LaKI ortalama de\u011ferleri toplar ve aile e\u011fitimi\/VHS oranlar\u0131na g\u00f6re tavsiyelerde bulunur. Bununla birlikte, \u00fccretlendirme egzersiz liderleri i\u00e7in sabit \u00fccrete dayal\u0131 veya mini i\u015f \u015feklinde de olabilir. Ayr\u0131ca, do\u011frudan \u00fccretlendirmenin yerini alan daimi personelin serbest b\u0131rak\u0131lmas\u0131 durumu da vard\u0131r.<\/p>\n<ul>\n<li>Grup derslerinin uygulanmas\u0131<\/li>\n<li>E\u011fitim, ileri e\u011fitim<\/li>\n<li>D\u00fc\u015f\u00fcnme ve planlama toplant\u0131lar\u0131<\/li>\n<li>Tekliflerin haz\u0131rlanmas\u0131 ve takibi<\/li>\n<li>Varsa: B\u00f6lgesel \u00e7al\u0131\u015fma grubu Griffbereit ve S\u0131rt \u00c7antas\u0131 tarihleri<\/li>\n<\/ul>\n<\/div><\/div>\r\n\r\n<div class=\"wm-item wm-item-wrap tag-Elternbegleiterinnen tag-Koordinatorinnen\"><h3 class=\"wm-item-title tag-Elternbegleiterinnen tag-Koordinatorinnen\" data-tags=\"tag-Elternbegleiterinnen tag-Koordinatorinnen\" data-tag-names=\"Elternbegleiter*innen|Koordinator*innen\">Ebeveyn rehberlerini kim e\u011fitiyor?<\/h3><div class=\"wm-item-content clearfix WerschultdieElternbegleiterinnen\"><p>\u00d6nerilen: Daha sonra e\u011fitimden sorumlu olacak olan yerel AI\/federal i\u015fbirli\u011fi orta\u011f\u0131nda e\u011fitimi y\u00f6netin. <em>Rucksack KiTa<\/em>-Program, yerel KI\/ulusal i\u015fbirli\u011fi orta\u011f\u0131ndan bilgi sa\u011flar. Program hakk\u0131nda bilgi yerel K\u0130\/ulusal i\u015fbirli\u011fi orta\u011f\u0131ndan al\u0131nabilir ve gerekirse medya e\u011fitimi, okuryazarl\u0131k vb. gibi belirli konular i\u00e7in konu\u015fmac\u0131lar atanabilir.<\/p>\n<\/div><\/div>\r\n\r\n<div class=\"wm-item wm-item-wrap tag-Koordinatorinnen\"><h3 class=\"wm-item-title tag-Koordinatorinnen\" data-tags=\"tag-Koordinatorinnen\" data-tag-names=\"Koordinator*innen\">E\u011fitimin odak noktas\u0131 ne olmal\u0131d\u0131r?<\/h3><div class=\"wm-item-content clearfix WelcheSchwerpunktesolltenbeidenSchulungenbeachtetwerden\"><p>Ayr\u0131ca bak\u0131n\u0131z: \u00dclke \u00e7ap\u0131nda m\u00fcfredat (korumal\u0131 indirme alan\u0131nda kay\u0131tl\u0131 program koordinat\u00f6rleri i\u00e7in mevcuttur).<\/p>\n<\/div><\/div>\r\n\r\n<div class=\"wm-item wm-item-wrap tag-Koordinatorinnen\"><h3 class=\"wm-item-title tag-Koordinatorinnen\" data-tags=\"tag-Koordinatorinnen\" data-tag-names=\"Koordinator*innen\">Ebeveyn rehberlerine hangi sertifikalar verilecektir?<\/h3><div class=\"wm-item-content clearfix WelcheBescheinigungensinddenElternbegleiterinnenauszuhndigen\"><ul>\n<li>Onay Temel Yeterlilik EB<\/li>\n<li>Daha fazla yeterlili\u011fin onaylanmas\u0131 EB<\/li>\n<li>\u00dccret faaliyeti s\u00fcresinin teyidi EB<\/li>\n<\/ul>\n<\/div><\/div>\r\n\r\n<div class=\"wm-item wm-item-wrap tag-Koordinatorinnen\"><h3 class=\"wm-item-title tag-Koordinatorinnen\" data-tags=\"tag-Koordinatorinnen\" data-tag-names=\"Koordinator*innen\">Farkl\u0131 Rucksack KiTa gruplar\u0131 aras\u0131nda bir de\u011fi\u015fim\/yans\u0131tma toplant\u0131s\u0131 nas\u0131l organize edilebilir?<\/h3><div class=\"wm-item-content clearfix WielsstsicheinAustausch-ReflexionstreffenzwischenverschiedenenRucksackKiTa-Gruppengestalten\"><ul>\n<li>(B\u00f6lgesel) bir \u00e7al\u0131\u015fma grubu \u00e7er\u00e7evesinde Griffbereit ve S\u0131rt \u00c7antas\u0131 sahada<\/li>\n<li>Uygulamal\u0131 at\u00f6lye \u00e7al\u0131\u015fmalar\u0131\/yeterlilikler \u00e7er\u00e7evesinde<\/li>\n<\/ul>\n<\/div><\/div>\r\n\r\n<div class=\"wm-item wm-item-wrap tag-Koordinatorinnen\"><h3 class=\"wm-item-title tag-Koordinatorinnen\" data-tags=\"tag-Koordinatorinnen\" data-tag-names=\"Koordinator*innen\">Hangi grup b\u00fcy\u00fckl\u00fc\u011f\u00fcnde program\u0131 finanse etmek mant\u0131kl\u0131d\u0131r?<\/h3><div class=\"wm-item-content clearfix BeiwelcherGruppenstrkeistdieFinanzierungdesProgrammssinnvoll\"><p>Tutarl\u0131 bir grup b\u00fcy\u00fckl\u00fc\u011f\u00fcn\u00fcn 6 (minimum) ile 18 ki\u015fi aras\u0131nda olmas\u0131 tavsiye edilir.<\/p>\n<\/div><\/div>\r\n\r\n<div class=\"wm-item wm-item-wrap tag-Koordinatorinnen\"><h3 class=\"wm-item-title tag-Koordinatorinnen\" data-tags=\"tag-Koordinatorinnen\" data-tag-names=\"Koordinator*innen\">Uzun vadeli finansman neye benziyor?<\/h3><div class=\"wm-item-content clearfix WiesiehteinelangfristigeFinanzierungaus\"><p>Olas\u0131l\u0131klar:<\/p>\n<ul>\n<li>Eyalet\/\u015fehir\/il\u00e7enin entegrasyon ve e\u011fitim konferanslar\u0131 \u00e7er\u00e7evesinde, \u00f6zellikle dil te\u015fviki, aile e\u011fitimi\/yeti\u015fkin e\u011fitimi ve eyalet ve federal programlar (IfKuF, Sprach-Kitas, vb.) arac\u0131l\u0131\u011f\u0131yla sinerji etkileri i\u00e7in entegrasyon hedeflerinin tan\u0131mlanmas\u0131.<\/li>\n<li>Yerel anla\u015fmalar, b\u00fct\u00e7e <em>Rucksack KiTa<\/em> \u0130lgili gen\u00e7lik dairesinin b\u00fct\u00e7esine \/ aile merkezlerinin finansman\u0131na kesin olarak dahil edilmelidir<\/li>\n<li>Bir \u015firket \/ futbol kul\u00fcb\u00fc vb. taraf\u0131ndan yap\u0131lan c\u00f6mert ba\u011f\u0131\u015f.<\/li>\n<\/ul>\n<\/div><\/div>\r\n\r\n<div class=\"wm-item wm-item-wrap tag-Elternbegleiterinnen\"><h3 class=\"wm-item-title tag-Elternbegleiterinnen\" data-tags=\"tag-Elternbegleiterinnen\" data-tag-names=\"Elternbegleiter*innen\">Ebeveyn rehberleri \u00e7al\u0131\u015fmalar\u0131 i\u00e7in ka\u00e7 saat harc\u0131yor?<\/h3><div class=\"wm-item-content clearfix WiehochistderStundenumfangdenElternbegleiterinnenfrihreTtigkeitaufbringen\"><p>Kural olarak:<\/p>\n<ul>\n<li>Haftada 3-4 saat: 2 saat ebeveyn grubunda ve 1-2 saat haz\u0131rl\u0131k ve takip i\u00e7in<\/li>\n<li>Ayr\u0131ca de\u011fi\u015fim\/d\u00fc\u015f\u00fcnme g\u00f6r\u00fc\u015fmeleri i\u00e7in zaman<\/li>\n<li>Art\u0131 ileri e\u011fitim ve \u00f6\u011fretim i\u00e7in zaman<\/li>\n<\/ul>\n<\/div><\/div>\r\n\r\n<div class=\"wm-item wm-item-wrap tag-Elternbegleiterinnen\"><h3 class=\"wm-item-title tag-Elternbegleiterinnen\" data-tags=\"tag-Elternbegleiterinnen\" data-tag-names=\"Elternbegleiter*innen\">E\u011fitimin odak noktas\u0131 nedir?<\/h3><div class=\"wm-item-content clearfix WelcheSchwerpunktewerdenbeiderSchulunggesetzt\"><p>Ayr\u0131ca bak\u0131n\u0131z: Ebeveyn refakat\u00e7isi olarak yeterlilik.<\/p>\n<\/div><\/div>\r\n\r\n<div class=\"wm-item wm-item-wrap tag-Elternbegleiterinnen\"><h3 class=\"wm-item-title tag-Elternbegleiterinnen\" data-tags=\"tag-Elternbegleiterinnen\" data-tag-names=\"Elternbegleiter*innen\">Ebeveyn rehberleri hangi sertifikalar\u0131 al\u0131r?<\/h3><div class=\"wm-item-content clearfix WelcheBescheinigungenerhaltenElternbegleiterinnen\"><ul>\n<li>Onay Temel Yeterlilik EB<\/li>\n<li>Daha fazla yeterlili\u011fin onaylanmas\u0131 EB<\/li>\n<li>\u00dccret faaliyeti s\u00fcresinin teyidi EB<\/li>\n<\/ul>\n<\/div><\/div>\r\n<\/div><\/div>","protected":false},"excerpt":{"rendered":"<div class=\"entry-summary\">\n<div class=\"entry-summary\">\nRucksack KiTa hakk\u0131nda daha fazla bilgi i\u00e7in buraya t\u0131klay\u0131n.\n<\/div>\n<div class=\"link-more\"><a href=\"https:\/\/www.griffbereit-rucksack.de\/tr\/rucksack-kita\/faq-rucksack-kita\/\" class=\"more-link\">Okumaya devam edin<span class=\"screen-reader-text\"> \"SSS Rucksack KiTa\"<\/span>...<\/a><\/div>\n<\/div>\n<div class=\"link-more\"><a href=\"https:\/\/www.griffbereit-rucksack.de\/tr\/rucksack-kita\/faq-rucksack-kita\/\" class=\"more-link\">Okumaya devam edin<span class=\"screen-reader-text\"> \"SSS Rucksack KiTa\"<\/span>...<\/a><\/div>","protected":false},"author":1,"featured_media":0,"parent":623,"menu_order":26,"comment_status":"closed","ping_status":"closed","template":"templates\/with-sidebar.php","meta":{"_acf_changed":false,"footnotes":""},"class_list":["post-2103","page","type-page","status-publish","hentry","entry"],"acf":[],"_links":{"self":[{"href":"https:\/\/www.griffbereit-rucksack.de\/tr\/wp-json\/wp\/v2\/pages\/2103","targetHints":{"allow":["GET"]}}],"collection":[{"href":"https:\/\/www.griffbereit-rucksack.de\/tr\/wp-json\/wp\/v2\/pages"}],"about":[{"href":"https:\/\/www.griffbereit-rucksack.de\/tr\/wp-json\/wp\/v2\/types\/page"}],"author":[{"embeddable":true,"href":"https:\/\/www.griffbereit-rucksack.de\/tr\/wp-json\/wp\/v2\/users\/1"}],"replies":[{"embeddable":true,"href":"https:\/\/www.griffbereit-rucksack.de\/tr\/wp-json\/wp\/v2\/comments?post=2103"}],"version-history":[{"count":0,"href":"https:\/\/www.griffbereit-rucksack.de\/tr\/wp-json\/wp\/v2\/pages\/2103\/revisions"}],"up":[{"embeddable":true,"href":"https:\/\/www.griffbereit-rucksack.de\/tr\/wp-json\/wp\/v2\/pages\/623"}],"wp:attachment":[{"href":"https:\/\/www.griffbereit-rucksack.de\/tr\/wp-json\/wp\/v2\/media?parent=2103"}],"curies":[{"name":"wp","href":"https:\/\/api.w.org\/{rel}","templated":true}]}}