{"id":13624,"date":"2024-01-17T20:40:48","date_gmt":"2024-01-17T19:40:48","guid":{"rendered":"https:\/\/www.griffbereit-rucksack.de\/?page_id=13624"},"modified":"2024-03-21T09:29:06","modified_gmt":"2024-03-21T08:29:06","slug":"weiterfuehrende-programminformationen","status":"publish","type":"page","link":"https:\/\/www.griffbereit-rucksack.de\/tr\/weiterfuehrende-programminformationen\/","title":{"rendered":"Daha fazla program bilgisi ve \u00f6nerilen okumalar"},"content":{"rendered":"<a href=\"javascript:void(0);\" id=\"fl-accordion--label-0\" tabindex=\"0\" aria-controls=\"fl-accordion--panel-0\">Okuma notlar\u0131: (\u00c7ok dilli) diyalo\u011fun y\u00fcksek sesle okunmas\u0131<\/a>\n\t\t\t\t\t\t\t\t\t\t\t<a href=\"#\" id=\"fl-accordion--icon-0\" tabindex=\"-1\" aria-controls=\"fl-accordion--panel-0\"><i>Geni\u015flet<\/i><\/a>\n\t\t\t\t\t<p>A\u015fa\u011f\u0131dakiler i\u00e7in ipu\u00e7lar\u0131 <strong>diyalog i\u00e7inde y\u00fcksek sesle okuma<\/strong> yol boyunca size vermek istiyoruz:<\/p>\n<ul>\n<li>Kitaplara \u00f6nceden bak\u0131n ve resimlerin ve metnin uygun olup olmad\u0131\u011f\u0131n\u0131 kontrol edin (\u00e7ocu\u011funuzun ya\u015f\u0131na ve ilgisine ba\u011fl\u0131 olarak, \u00e7ekici ve konu\u015fmay\u0131 te\u015fvik edici resimler).<\/li>\n<li>Kitap se\u00e7erken (veya kitap temin ederken) \u00e7ocu\u011funuzun ilgi alanlar\u0131n\u0131 ve ya\u015f\u0131n\u0131 g\u00f6z \u00f6n\u00fcnde bulundurun.<br \/>\nAralar\u0131ndan se\u00e7im yapabilece\u011finiz birka\u00e7 kitap varsa, hangi kitab\u0131n y\u00fcksek sesle okunaca\u011f\u0131na \u00e7ocu\u011funuzun karar vermesine izin verin.<\/li>\n<li>Okuma s\u00fcresi \u00e7ocu\u011funuzun konsantrasyonuna ve motivasyonuna ba\u011fl\u0131d\u0131r - \u00f6zellikle k\u00fc\u00e7\u00fck \u00e7ocuklar genellikle \u00e7ok k\u0131sa bir konsantrasyon s\u00fcresine sahiptir ve sadece on dakika sonra yorulabilirler.<\/li>\n<li>\u00c7ocu\u011funuzun ifadelerini ve sorular\u0131n\u0131 al\u0131n ve \u00e7ocu\u011funuzla diyalog kurmak i\u00e7in ek sorular sorun.<\/li>\n<li>\u00c7ocu\u011funuzu resimli nesneleri ve ger\u00e7ekleri adland\u0131rmas\u0131 ve tan\u0131mlamas\u0131 i\u00e7in te\u015fvik edin.<\/li>\n<li>Basit W sorular\u0131 sorun (Kim? Ne? Nerede?). Ancak, sorular\u0131n hikaye anlat\u0131m\u0131n\u0131 te\u015fvik etti\u011finden ve ger\u00e7eklerin sorulmas\u0131na yol a\u00e7mad\u0131\u011f\u0131ndan emin olun.<\/li>\n<li>\u00c7ocu\u011funuza onaylay\u0131c\u0131 geri bildirimler verin. Bu, konu\u015fma zevkini daha da art\u0131racak ve motivasyonu koruyacakt\u0131r.<\/li>\n<li>\u00c7ocu\u011funuzun c\u00fcmleleri tamamlamas\u0131na veya hikayeye farkl\u0131 bir son d\u00fc\u015f\u00fcnmesine izin verebilirsiniz.<\/li>\n<\/ul>\n<p>\u00c7ocu\u011funuza d\u00fczenli olarak - size en uygun dilde - kitap okursan\u0131z veya birlikte resimli kitaplara bakarsan\u0131z, bu sadece ili\u015fkinizi desteklemekle kalmaz, ayn\u0131 zamanda ba\u015fka bir\u00e7ok olumlu y\u00f6n\u00fc de vard\u0131r. Diyalog halinde y\u00fcksek sesle okuma, kitaba veya hikayeye konu\u015fmaya dayal\u0131 bir yakla\u015f\u0131ma odaklan\u0131r. Ama\u00e7, \u00e7ocukla birlikte kitap, resimler ve hikayeler hakk\u0131nda konu\u015fmakt\u0131r. \u00c7ocu\u011fun yorumlar\u0131 a\u00e7\u0131k\u00e7a te\u015fvik edilir ve desteklenip te\u015fvik edilebilir.<\/p>\n<p><strong>\u00c7ocu\u011funuz \u00f6\u011frenir:<\/strong><\/p>\n<ul>\n<li>Diyalog kurallar\u0131n\u0131 dinlemek ve uygulamak,<\/li>\n<li>Ba\u015fkalar\u0131yla empati kurabilir ve hikayedeki karakterlerle ili\u015fki kurabilir.<br \/>\ntan\u0131mla,<\/li>\n<li>Farkl\u0131 bak\u0131\u015f a\u00e7\u0131lar\u0131 ve g\u00f6r\u00fc\u015fler oldu\u011funu,<\/li>\n<li>kendi fikirlerini olu\u015fturmalar\u0131 ve ifade etmeleri - kendi fikirlerinin \u00f6nemli oldu\u011funu ve duyuldu\u011funu fark ederler,<\/li>\n<li>Yeni kelimeler ve ger\u00e7ekler \u00f6\u011frenir ve yeni \u015feyler deneyimlemeye te\u015fvik edilir,<\/li>\n<li>kendi de\u011ferlendirmelerini yapmak ve bunlar\u0131 kelimelere d\u00f6kmek i\u00e7in.<\/li>\n<\/ul>\n<p>&nbsp;<\/p>\n<p><strong>Di\u011fer kaynaklar:<\/strong><\/p>\n<p>Kraus, Karoline (2005): Diyalojik okuma - anaokulunda ve ailede dili te\u015fvik etmenin yeni yollar\u0131. In: Roux, Susanna (ed.): PISA ve sonu\u00e7lar\u0131: Anaokulunda dil ve dil te\u015fviki. Landau: Verlag Empirische P\u00e4dagogik, s. 109-129. URL: <a href=\"https:\/\/www.kindergartenpaedagogik.de\/fachartikel\/bildungsbereiche-erziehungsfelder\/sprache-fremdsprachen-literacy-kommunikation\/1892\/\">https:\/\/www.kindergartenpaedagogik.de\/fachartikel\/bildungsbereiche-erziehungsfelder\/sprache-fremdsprachen-literacy-kommunikation\/1892\/<\/a> (Son eri\u015fim tarihi: 13\/02\/2024)<\/p>\n<p>Sponsor konsorsiyum BiSS\/ Mercator Dil Deste\u011fi ve \u0130kinci Dil Olarak Almanca Enstit\u00fcs\u00fc (2017): Hadi, birbirimize bir hikaye anlatal\u0131m! Kre\u015flerde diyalog temelli okuma.  K\u00f6ln: BiSS konsorsiyumu. URL: <a href=\"https:\/\/www.biss-sprachbildung.de\/pdf\/biss-broschuere-dialogisches-lesen-in-kitas.pdf\">https:\/\/www.biss-sprachbildung.de\/pdf\/biss-broschuere-dialogisches-lesen-in-kitas.pdf<\/a> (Son eri\u015fim tarihi: 13\/02\/2024)<\/p>\n\t\t\t\t\t<a href=\"javascript:void(0);\" id=\"fl-accordion--label-1\" tabindex=\"0\" aria-controls=\"fl-accordion--panel-1\">Yiyecek ve i\u00e7ecek<\/a>\n\t\t\t\t\t\t\t\t\t\t\t<a href=\"#\" id=\"fl-accordion--icon-1\" tabindex=\"-1\" aria-controls=\"fl-accordion--panel-1\"><i>Geni\u015flet<\/i><\/a>\n\t\t\t\t\t<p>Hoch, Vanessa (2015): Yemek zamanlar\u0131n\u0131n \u00e7ocuk merkezli tasar\u0131m\u0131. \u015eu adresten eri\u015filebilir: <a href=\"https:\/\/www.kita-fachtexte.de\/fileadmin\/Redaktion\/Publikationen\/KiTaFT_Hoch_Essensituationen_2015_01.pdf\">https:\/\/www.kita-fachtexte.de\/fileadmin\/Redaktion\/Publikationen\/KiTaFT_Hoch_Essensituationen_2015_01.pdf<\/a>. Eri\u015fim tarihi: 21\/03\/2024<\/p>","protected":false},"excerpt":{"rendered":"<div class=\"entry-summary\">\n<div class=\"entry-summary\">\nOkuma ipu\u00e7lar\u0131: (\u00c7ok dilli) diyaloglar\u0131 y\u00fcksek sesle okuma A\u00e7\u0131klamalar Diyaloglar\u0131 y\u00fcksek sesle okumak i\u00e7in size a\u015fa\u011f\u0131daki ipu\u00e7lar\u0131n\u0131 vermek istiyoruz...\n<\/div>\n<div class=\"link-more\"><a href=\"https:\/\/www.griffbereit-rucksack.de\/tr\/weiterfuehrende-programminformationen\/\" class=\"more-link\">Okumaya devam edin<span class=\"screen-reader-text\"> \"Daha fazla program bilgisi ve \u00f6nerilen okumalar\"<\/span>...<\/a><\/div>\n<\/div>\n<div class=\"link-more\"><a href=\"https:\/\/www.griffbereit-rucksack.de\/tr\/weiterfuehrende-programminformationen\/\" class=\"more-link\">Okumaya devam edin<span class=\"screen-reader-text\"> \"Daha fazla program bilgisi ve \u00f6nerilen okumalar\"<\/span>...<\/a><\/div>","protected":false},"author":1,"featured_media":0,"parent":0,"menu_order":0,"comment_status":"closed","ping_status":"closed","template":"","meta":{"_acf_changed":false,"footnotes":""},"class_list":["post-13624","page","type-page","status-publish","hentry","entry"],"acf":[],"_links":{"self":[{"href":"https:\/\/www.griffbereit-rucksack.de\/tr\/wp-json\/wp\/v2\/pages\/13624","targetHints":{"allow":["GET"]}}],"collection":[{"href":"https:\/\/www.griffbereit-rucksack.de\/tr\/wp-json\/wp\/v2\/pages"}],"about":[{"href":"https:\/\/www.griffbereit-rucksack.de\/tr\/wp-json\/wp\/v2\/types\/page"}],"author":[{"embeddable":true,"href":"https:\/\/www.griffbereit-rucksack.de\/tr\/wp-json\/wp\/v2\/users\/1"}],"replies":[{"embeddable":true,"href":"https:\/\/www.griffbereit-rucksack.de\/tr\/wp-json\/wp\/v2\/comments?post=13624"}],"version-history":[{"count":0,"href":"https:\/\/www.griffbereit-rucksack.de\/tr\/wp-json\/wp\/v2\/pages\/13624\/revisions"}],"wp:attachment":[{"href":"https:\/\/www.griffbereit-rucksack.de\/tr\/wp-json\/wp\/v2\/media?parent=13624"}],"curies":[{"name":"wp","href":"https:\/\/api.w.org\/{rel}","templated":true}]}}