{"id":13039,"date":"2023-11-05T11:50:01","date_gmt":"2023-11-05T10:50:01","guid":{"rendered":"https:\/\/www.griffbereit-rucksack.de\/?page_id=13039"},"modified":"2023-11-29T16:47:55","modified_gmt":"2023-11-29T15:47:55","slug":"eb-konferenz-fachforen-digital","status":"publish","type":"page","link":"https:\/\/www.griffbereit-rucksack.de\/tr\/eb-konferenz-fachforen-digital\/","title":{"rendered":"EB Konferans\u0131 - Dijital forumlar"},"content":{"rendered":"<h1><strong>Dijital EB konferans\u0131<\/strong><\/h1>\n<p>\u00dclke \u00e7ap\u0131nda d\u00fczenlenen veli mentorlar\u0131 konferans\u0131yla, veli mentoru olarak yapt\u0131\u011f\u0131n\u0131z \u00e7al\u0131\u015fmalar\u0131 onurland\u0131rmak ve size g\u00fcncel geli\u015fmeler ve konular hakk\u0131nda bilgi edinme ve \u00e7e\u015fitli uzmanl\u0131k forumlar\u0131nda yakla\u015f\u0131mlar\u0131 tart\u0131\u015fma f\u0131rsat\u0131 vermek istiyoruz. Konferans ayn\u0131 zamanda programlar ve \u00e7al\u0131\u015fma yakla\u015f\u0131mlar\u0131 hakk\u0131nda bilgi al\u0131\u015fveri\u015finde bulunma ve a\u011f kurma f\u0131rsat\u0131 da sa\u011flayacakt\u0131r.<\/p>\n<p>&nbsp;<\/p>\n<p>&nbsp;<\/p>\n<p>&nbsp;<\/p>\n<p>&nbsp;<\/p>\n\t<h3><strong>04.12.23<\/strong><\/h3>\n\t<h3><strong>09:45 - 16:00<br \/>\n<\/strong><\/h3>\n\t<h3><strong>D\u0130J\u0130TAL<\/strong><\/h3>\n<h2>\n\t\tDIJITAL ZAMAN \u00c7IZELGESI\n\t<\/h2>\n\t<table>\n<tbody>\n<tr>\n<td width=\"92\">Sabah 09:45.<\/td>\n<td width=\"444\">A\u00e7\u0131l\u0131\u015f\n<p><strong>Selamlar Muchtar Al Ghusain<\/strong>Essen Belediyesi Gen\u00e7lik, E\u011fitim ve K\u00fclt\u00fcr Daire Ba\u015fkan\u0131<\/p>\n<strong>Bakan Josefine Paul'den selamlar<\/strong>Kuzey Ren-Vestfalya Eyaleti \u00c7ocuk, Gen\u00e7lik, Aile, E\u015fitlik, M\u00fclteciler ve Entegrasyon Bakanl\u0131\u011f\u0131 (MKJFGFI)<\/td>\n<\/tr>\n<tr>\n<td width=\"92\">Sabah 10:30.<\/td>\n<td width=\"444\"><strong>A\u00e7\u0131l\u0131\u015f konu\u015fmas\u0131: \u00c7ok dillilik i\u00e7in e\u011fitim <\/strong><strong>G\u00f6\u00e7 toplumu<\/strong> (Ailelerde ve g\u00fcnd\u00fcz bak\u0131m merkezlerinde dil politikas\u0131)\nDr. Julie A. Panagiotopoulou, K\u00f6ln \u00dcniversitesi<\/td>\n<\/tr>\n<tr>\n<td width=\"92\">12:00<\/td>\n<td width=\"444\"><strong>Yeni griffbereitMINI filminin sunumu<\/strong><\/td>\n<\/tr>\n<tr>\n<td width=\"92\">12:30<\/td>\n<td width=\"444\"><strong>\u00d6\u011fle yeme\u011fi aras\u0131<\/strong><\/td>\n<\/tr>\n<tr>\n<td width=\"92\">\u00d6\u011fleden sonra 2.00<\/td>\n<td width=\"444\"><strong>Uzman forumlar\u0131<\/strong><\/td>\n<\/tr>\n<tr>\n<td width=\"92\">16:00<\/td>\n<td width=\"444\"><strong>Etkinli\u011fin sonu<\/strong><\/td>\n<\/tr>\n<\/tbody>\n<\/table>\n<h2>\n\t\tD\u0130J\u0130TAL FORUMLAR\n\t<\/h2>\n<div class=\"wm-tabs clearfix layout-top\" data-active=\"1\"><ul class=\"wm-tab-links wm-tab-count-5\"><li class=\"wm-tab-items-fachforum1_723\"><a href=\"#fachforum1_723\" data-tab=\"#fachforum1_723\">uzman forumu 1<\/a><\/li><li class=\"wm-tab-items-fachforum2_966\"><a href=\"#fachforum2_966\" data-tab=\"#fachforum2_966\">uzman forumu 2<\/a><\/li><li class=\"wm-tab-items-fachforum3_366\"><a href=\"#fachforum3_366\" data-tab=\"#fachforum3_366\">uzman forumu 3<\/a><\/li><li class=\"wm-tab-items-fachforum4_687\"><a href=\"#fachforum4_687\" data-tab=\"#fachforum4_687\">uzman forumu 4<\/a><\/li><li class=\"wm-tab-items-fachforum5_610\"><a href=\"#fachforum5_610\" data-tab=\"#fachforum5_610\">uzman forumu 5<\/a><\/li><\/ul><div class=\"wm-tabs-items\">\r\n<div class=\"wm-item wm-item-wrap fachforum1_723\" id=\"fachforum1_723\" data-title=\"fachforum1_723&&fachforum 1\"><h3 class=\"screen-reader-text wm-item-title\">uzman forumu 1<\/h3><p>Ba\u015fl\u0131k: <strong>Uygulama \u00e7al\u0131\u015f\u0131yor! - Ebeveynleri desteklemek i\u00e7in dijital medyay\u0131 kullanmak!<\/strong><br \/>Konu\u015fmac\u0131: <strong>Johannes Wenzel<\/strong>, Medya Sorumlusu, M\u00fcnster, Blickwechsel e.V.<strong>Konu\u015fmac\u0131:<\/strong> Johannes Wentzel 21 y\u0131l\u0131 a\u015fk\u0131n bir s\u00fcredir okul ve okul d\u0131\u015f\u0131 \u00e7ocuk ve gen\u00e7lik \u00e7al\u0131\u015fmalar\u0131 ile yeti\u015fkin e\u011fitimi alanlar\u0131nda \u00e7al\u0131\u015fmaktad\u0131r. Anaokullar\u0131, aile merkezleri, okullar, meslek y\u00fcksekokullar\u0131, aile e\u011fitim merkezleri, yeti\u015fkin e\u011fitim merkezleri, \u00fcniversiteler, k\u00fct\u00fcphaneler, ileri e\u011fitim tesisleri ve belediye kurumlar\u0131yla birlikte, dijital medyan\u0131n sorumlu ve yarat\u0131c\u0131 kullan\u0131m\u0131 konusunda e\u011fitim kurslar\u0131, at\u00f6lye \u00e7al\u0131\u015fmalar\u0131, bilgilendirme etkinlikleri, ebeveyn ak\u015famlar\u0131 ve \u00e7o\u011falt\u0131c\u0131lar, \u00f6\u011fretmenler, e\u011fitimciler, ebeveynler ve \u00f6\u011frenciler i\u00e7in medya e\u011fitimi sunmaktad\u0131r.<strong>K\u0131sa bir a\u00e7\u0131klama:<\/strong> Ebeveyn dan\u0131\u015fmanlar\u0131 da dijital medya konusunda bir\u00e7ok \u00f6nemli ipucu ve d\u00fcrt\u00fc sa\u011flayabilir ve ailede medyan\u0131n yans\u0131t\u0131c\u0131 bir \u015fekilde kullan\u0131lmas\u0131nda ebeveynleri destekleyebilir. Dijital medya, aile i\u00e7inde ve ebeveynlere e\u015flik ederken yarat\u0131c\u0131l\u0131k ve e\u011flence ile kullan\u0131lmal\u0131d\u0131r. \u00d6rne\u011fin a\u015fa\u011f\u0131daki konular bir rol oynayacakt\u0131r:<\/p>\n<ul>\n<li>Aileler bug\u00fcn hangi (dijital) medya d\u00fcnyalar\u0131nda seyahat ediyor?<\/li>\n<li>Medya kullan\u0131m\u0131 ve \u00e7ocuk geli\u015fimi - nas\u0131l bir araya geliyorlar?<\/li>\n<li>Medya deneyimlerini konu\u015fma f\u0131rsat\u0131 olarak kullanmak<\/li>\n<li>Uygulamalar\u0131 yarat\u0131c\u0131 bir \u015fekilde ve birlikte kullan\u0131n!<\/li>\n<\/ul>\n<p><strong>Uzman forumu ne yaz\u0131k ki tamamen doludur. L\u00fctfen dijital bir alternatif se\u00e7in.<\/strong><\/p>\n<\/div>\r\n\r\n<div class=\"wm-item wm-item-wrap fachforum2_966\" id=\"fachforum2_966\" data-title=\"fachforum2_966&&fachforum 2\"><h3 class=\"screen-reader-text wm-item-title\">uzman forumu 2<\/h3><p>Ba\u015fl\u0131k: <strong>griffbereitMINI - Dil e\u011fitiminde \u00e7ok dillili\u011fe en ba\u015f\u0131ndan itibaren de\u011fer veren bir aile e\u011fitim program\u0131<\/strong><br \/>Konu\u015fmac\u0131: <strong>Philipp Tillmann, <\/strong>KI Dortmund<strong>Konu\u015fmac\u0131:<\/strong> E\u011fitimli bir ilkokul \u00f6\u011fretmeni olan Tilmann, 2017 y\u0131l\u0131ndan bu yana Dortmund Belediyesi Entegrasyon Merkezi'nde \u00e7al\u0131\u015fmaktad\u0131r. Burada Griffbereit aile e\u011fitim program\u0131n\u0131 koordine etmekte ve ilkokullarda dil e\u011fitimi ve \u00e7ok dillilik konular\u0131nda irtibat ki\u015fisi olarak g\u00f6rev yapmaktad\u0131r. Ayr\u0131ca yeni griffbereitMINI aile e\u011fitim program\u0131n\u0131n geli\u015ftirilmesinde \u00f6nc\u00fc bir rol oynad\u0131 ve \u015fu anda \u00fclke \u00e7ap\u0131nda uygulanmas\u0131n\u0131 destekliyor.<strong>K\u0131sa bir a\u00e7\u0131klama:<\/strong> griffbereitMINI, bir ya\u015f\u0131na kadar \u00e7ocu\u011fu olan aileler i\u00e7in dil geli\u015fimine odaklanan ilk programd\u0131r. Aileleri en ba\u015f\u0131ndan itibaren dil geli\u015fiminin \u00f6nemi konusunda duyarl\u0131 hale getirmeyi ve s\u00f6zel \u00f6ncesi ya\u015ftan itibaren \u00e7ocuklar\u0131yla m\u00fcmk\u00fcn oldu\u011funca \u00e7ok ve farkl\u0131 \u015fekillerde ileti\u015fim kurmaya te\u015fvik etmeyi ama\u00e7lamaktad\u0131r. Program\u0131n yap\u0131sal \u00e7er\u00e7eve ko\u015fullar\u0131n\u0131n sunulmas\u0131n\u0131 takiben, somut pratik uygulamaya ili\u015fkin i\u00e7g\u00f6r\u00fc sa\u011flamak i\u00e7in \u00f6rnekler kullan\u0131lacakt\u0131r.<strong>Uzman forumu ne yaz\u0131k ki tamamen doludur. L\u00fctfen dijital bir alternatif se\u00e7in.<\/strong><\/p>\n<\/div>\r\n\r\n<div class=\"wm-item wm-item-wrap fachforum3_366\" id=\"fachforum3_366\" data-title=\"fachforum3_366&&fachforum 3\"><h3 class=\"screen-reader-text wm-item-title\">uzman forumu 3<\/h3><p>Ba\u015fl\u0131k: <strong>E\u011fitim \u00e7al\u0131\u015fmalar\u0131nda (\u00e7ocuk) yoksulluk duyarl\u0131l\u0131\u011f\u0131<\/strong><br \/>Konu\u015fmac\u0131:<strong> Sarah Vazquez<\/strong>Moderasyon - E\u011fitim - Dan\u0131\u015fmanl\u0131k<strong><br \/><\/strong><strong>Konu\u015fmac\u0131:<\/strong> Sarah Vazquez, (erken) e\u011fitim ve topluluk a\u011f\u0131 alan\u0131nda serbest konu\u015fmac\u0131, moderat\u00f6r ve s\u00fcre\u00e7 kolayla\u015ft\u0131r\u0131c\u0131s\u0131 olarak \u00e7al\u0131\u015fmaktad\u0131r.<br \/>Sosyal hizmet e\u011fitimi alm\u0131\u015f, devlet taraf\u0131ndan e\u011fitimci olarak tan\u0131nm\u0131\u015f, \u00e7\u00f6z\u00fcm odakl\u0131 dan\u0131\u015fman olarak e\u011fitim alm\u0131\u015f ve \u015fu anda sistemik dan\u0131\u015fmanl\u0131k e\u011fitimi almaktad\u0131r.<br \/>Uzmanl\u0131k alanlar\u0131 aras\u0131nda \u00e7ocuk yoksullu\u011fu duyarl\u0131l\u0131\u011f\u0131, dijital (i\u015fbirlik\u00e7i) \u00e7al\u0131\u015fma, ekip ve kurumsal geli\u015fim ve feminizm yer almaktad\u0131r.<strong>K\u0131sa bir a\u00e7\u0131klama: <\/strong>Bilgi ve becerilere ek olarak, yoksullu\u011fa duyarl\u0131 eylemin \u00f6nemli bir bile\u015feni de ki\u015finin kendi yoksullu\u011fa duyarl\u0131 tutumu ve \u00f6z-d\u00fc\u015f\u00fcn\u00fcmsel profesyonelli\u011fidir. Bunlar\u0131 geli\u015ftirmek ya da g\u00fc\u00e7lendirmek i\u00e7in fikir al\u0131\u015fveri\u015fi ve yans\u0131tma gereklidir.<\/p>\n<\/div>\r\n\r\n<div class=\"wm-item wm-item-wrap fachforum4_687\" id=\"fachforum4_687\" data-title=\"fachforum4_687&&fachforum 4\"><h3 class=\"screen-reader-text wm-item-title\">uzman forumu 4<\/h3><p>Ba\u015fl\u0131k: <strong>Akran etkile\u015fiminde \u00e7ok dillilik<\/strong><br \/>Konu\u015fmac\u0131: <strong>Dr. Claudia Seele, <\/strong>\u00c7ok dillilik i\u00e7in uzmanl\u0131k merkezi, LaKo Mecklenburg-Vorpommern<strong>Konu\u015fmac\u0131:<\/strong> Dr. Claudia Seele - E\u011fitim bilimci ve RAA - Demokratie und Bildung Mecklenburg-Vorpommern e. V.'nin bir projesi olan MV \u00c7okdillilik Merkezi'nin ba\u015fkan\u0131<strong>K\u0131sa bir a\u00e7\u0131klama:\u00a0<\/strong>\u00c7ok dillili\u011fe ili\u015fkin olumlu bir alg\u0131, \u00e7ocuklar\u0131n dilsel geli\u015fimlerini desteklemeye nas\u0131l yard\u0131mc\u0131 olabilir? \u00c7ok dillilikle ba\u015fa \u00e7\u0131kman\u0131n farkl\u0131 yollar\u0131, g\u00fcnd\u00fcz bak\u0131m merkezlerinden g\u00f6zlem \u00f6rnekleri kullan\u0131larak g\u00f6sterilmektedir.<\/p>\n<\/div>\r\n\r\n<div class=\"wm-item wm-item-wrap fachforum5_610\" id=\"fachforum5_610\" data-title=\"fachforum5_610&&fachforum 5\"><h3 class=\"screen-reader-text wm-item-title\">uzman forumu 5<\/h3><p>Ba\u015fl\u0131k: <strong>M\u00fczik ve dil: \u015eark\u0131lar dil geli\u015fimini ve \u00e7ok dillili\u011fi nas\u0131l destekler?<\/strong><br \/>Konu\u015fmac\u0131: <strong>Hayat Chaoui<\/strong>, NRW M\u00fczik D\u00fcnyas\u0131<strong>Konu\u015fmac\u0131: <\/strong>Hayat Chaoui, Mainz'da Frans\u0131zca ve \u0130ngilizce \u00f6\u011fretmenli\u011fi diplomas\u0131 i\u00e7in devlet s\u0131nav\u0131n\u0131 ge\u00e7tikten sonra K\u00f6ln'deki M\u00fczik ve Dans \u00dcniversitesi'nde vokal e\u011fitimine ba\u015flad\u0131. Di\u011fer \u015feylerin yan\u0131 s\u0131ra vokal pedagojisi diplomas\u0131 ile mezun oldu - bu nedenle pedagojiyi profesyonel olarak m\u00fczikle birle\u015ftirmesi \u00e7ok da uzak de\u011fil.\u00a0<strong>K\u0131sa bir a\u00e7\u0131klama:<\/strong> M\u00fczik ve dilin d\u00fc\u015f\u00fck e\u015fikli kombinasyonu, ailelerin \u00e7ok dilli bir sosyal ortamda bir araya gelmeleri i\u00e7in ne gibi f\u0131rsatlar sunuyor? Odak noktas\u0131, entegrasyon ve \u00e7ok dilli \u00e7ocuk \u015fark\u0131lar\u0131n\u0131n g\u00fcnl\u00fck ya\u015famdaki katma de\u011feridir.<strong>Uzman forumu ne yaz\u0131k ki tamamen doludur. L\u00fctfen dijital bir alternatif se\u00e7in.<\/strong><\/p>\n<\/div>\r\n<\/div><\/div><h2>\n\t\tL\u00dcTFEN G\u00dcNL\u00dcK PROGRAMA KAYIT YAPTIRMANIN YANI SIRA BI\u0307R UZMANLIK FORUMU SE\u00c7I\u0307N:\n\t<\/h2>\n<h3>\n\t\tUZMAN FORUMU 1\n\t<\/h3>\n\t<p>Uygulama \u00e7al\u0131\u015f\u0131yor! - Ebeveynleri desteklemek i\u00e7in dijital medyay\u0131 kullanmak!<\/p>\n<p>Uzman forumu ne yaz\u0131k ki tamamen doludur. L\u00fctfen dijital bir alternatif se\u00e7in.<\/p>\n<h3>\n\t\tUZMAN FORUMU 2\n\t<\/h3>\n\t<p>griffbereitMINI - Dil e\u011fitiminde \u00e7ok dillili\u011fe en ba\u015f\u0131ndan itibaren de\u011fer veren bir aile e\u011fitim program\u0131<\/p>\n<p>Uzman forumu ne yaz\u0131k ki tamamen doludur. L\u00fctfen bir alternatif se\u00e7iniz.<\/p>\n<h3>\n\t\tUZMAN FORUMU 3\n\t<\/h3>\n\t<p>E\u011fitim \u00e7al\u0131\u015fmalar\u0131nda (\u00e7ocuk) yoksulluk duyarl\u0131l\u0131\u011f\u0131<\/p>\n\t\t\t<a href=\"https:\/\/www.griffbereit-rucksack.de\/tr\/events\/kinder-armutssensibilitaet-in-der-paedagogischen-arbeit\/\" target=\"_blank\" role=\"button\" rel=\"noopener\">\n\t\t\t\t\t\t\tKAYIT I\u00c7IN\n\t\t\t\t\t<\/a>\n<h3>\n\t\tUZMAN FORUMU 4\n\t<\/h3>\n\t<p>Akran etkile\u015fiminde \u00e7ok dillilik<\/p>\n\t\t\t<a href=\"https:\/\/www.griffbereit-rucksack.de\/tr\/events\/mehrsprachigkeit-in-der-peer-interaktion-2\/\" target=\"_blank\" role=\"button\" rel=\"noopener\">\n\t\t\t\t\t\t\tKAYIT I\u00c7IN\n\t\t\t\t\t<\/a>\n<h3>\n\t\tUZMAN FORUMU 5\n\t<\/h3>\n\t<p>M\u00fczik ve dil: \u015eark\u0131lar dil geli\u015fimini ve \u00e7ok dillili\u011fi nas\u0131l destekler?<\/p>\n<p>Uzman forumu ne yaz\u0131k ki tamamen doludur. L\u00fctfen bir alternatif se\u00e7iniz.<\/p>","protected":false},"excerpt":{"rendered":"<div class=\"entry-summary\">\n<div class=\"entry-summary\">\nDijital EB Konferans\u0131 \u00dclke \u00e7ap\u0131nda d\u00fczenlenen veli mentor konferans\u0131 ile veli mentoru olarak yapt\u0131\u011f\u0131n\u0131z \u00e7al\u0131\u015fmalar\u0131 onurland\u0131rmak ve size...\n<\/div>\n<div class=\"link-more\"><a href=\"https:\/\/www.griffbereit-rucksack.de\/tr\/eb-konferenz-fachforen-digital\/\" class=\"more-link\">Okumaya devam edin<span class=\"screen-reader-text\"> \"EB Konferans\u0131 - Dijital Uzman Forumlar\u0131\"<\/span>...<\/a><\/div>\n<\/div>\n<div class=\"link-more\"><a href=\"https:\/\/www.griffbereit-rucksack.de\/tr\/eb-konferenz-fachforen-digital\/\" class=\"more-link\">Okumaya devam edin<span class=\"screen-reader-text\"> \"EB Konferans\u0131 - Dijital Uzman Forumlar\u0131\"<\/span>...<\/a><\/div>","protected":false},"author":1,"featured_media":0,"parent":0,"menu_order":0,"comment_status":"closed","ping_status":"closed","template":"","meta":{"_acf_changed":false,"footnotes":""},"class_list":["post-13039","page","type-page","status-publish","hentry","entry"],"acf":[],"_links":{"self":[{"href":"https:\/\/www.griffbereit-rucksack.de\/tr\/wp-json\/wp\/v2\/pages\/13039","targetHints":{"allow":["GET"]}}],"collection":[{"href":"https:\/\/www.griffbereit-rucksack.de\/tr\/wp-json\/wp\/v2\/pages"}],"about":[{"href":"https:\/\/www.griffbereit-rucksack.de\/tr\/wp-json\/wp\/v2\/types\/page"}],"author":[{"embeddable":true,"href":"https:\/\/www.griffbereit-rucksack.de\/tr\/wp-json\/wp\/v2\/users\/1"}],"replies":[{"embeddable":true,"href":"https:\/\/www.griffbereit-rucksack.de\/tr\/wp-json\/wp\/v2\/comments?post=13039"}],"version-history":[{"count":0,"href":"https:\/\/www.griffbereit-rucksack.de\/tr\/wp-json\/wp\/v2\/pages\/13039\/revisions"}],"wp:attachment":[{"href":"https:\/\/www.griffbereit-rucksack.de\/tr\/wp-json\/wp\/v2\/media?parent=13039"}],"curies":[{"name":"wp","href":"https:\/\/api.w.org\/{rel}","templated":true}]}}