{"id":12968,"date":"2023-11-01T19:38:59","date_gmt":"2023-11-01T18:38:59","guid":{"rendered":"https:\/\/www.griffbereit-rucksack.de\/?page_id=12968"},"modified":"2023-11-25T11:14:31","modified_gmt":"2023-11-25T10:14:31","slug":"eb-konferenz-fachforen-vor-ort","status":"publish","type":"page","link":"https:\/\/www.griffbereit-rucksack.de\/tr\/eb-konferenz-fachforen-vor-ort\/","title":{"rendered":"Ebeveyn dan\u0131\u015fman\u0131 konferans\u0131 - sahada uzman forumlar\u0131"},"content":{"rendered":"<h1><strong>\u00a0<\/strong><\/h1>\n<p>\u00dclke \u00e7ap\u0131nda d\u00fczenlenen veli mentorlar\u0131 konferans\u0131yla, veli mentoru olarak yapt\u0131\u011f\u0131n\u0131z \u00e7al\u0131\u015fmalar\u0131 onurland\u0131rmak ve size g\u00fcncel geli\u015fmeler ve konular hakk\u0131nda bilgi edinme ve \u00e7e\u015fitli uzmanl\u0131k forumlar\u0131nda yakla\u015f\u0131mlar\u0131 tart\u0131\u015fma f\u0131rsat\u0131 vermek istiyoruz. Konferans ayn\u0131 zamanda programlar ve \u00e7al\u0131\u015fma yakla\u015f\u0131mlar\u0131 hakk\u0131nda bilgi al\u0131\u015fveri\u015finde bulunma ve a\u011f kurma f\u0131rsat\u0131 da sa\u011flayacakt\u0131r.<\/p>\n<p>&nbsp;<\/p>\n<p>\u00a0<\/p>\n<p>&nbsp;<\/p>\n\t<h3><strong>04.12.23<\/strong><\/h3>\n<h4><a href=\"https:\/\/chorforum-essen.de\/index.php\/location.html\">ChorForum Essen<\/a><\/h4>\n\t<h3><strong>08:45 &#8211; 16:45<\/strong><\/h3>\n\t<h3><strong>S\u0130TEDE<\/strong><\/h3>\n<h2>\n\t\tSAHADA PROGRAM\n\t<\/h2>\n\t<table>\n<tbody>\n<tr>\n<td width=\"92\">Sabah 08:45.<\/td>\n<td width=\"444\"><strong>Kay\u0131t ve stand-up kafe<\/strong><\/td>\n<\/tr>\n<tr>\n<td width=\"92\">Sabah 09:45.<\/td>\n<td width=\"444\">A\u00e7\u0131l\u0131\u015f\n<p><strong>Selamlar Muchtar Al Ghusain<\/strong>Essen Belediyesi Gen\u00e7lik, E\u011fitim ve K\u00fclt\u00fcr Daire Ba\u015fkan\u0131<\/p>\n<strong>Bakan Josefine Paul'den selamlar<\/strong>Kuzey Ren-Vestfalya Eyaleti \u00c7ocuk, Gen\u00e7lik, Aile, E\u015fitlik, M\u00fclteciler ve Entegrasyon Bakanl\u0131\u011f\u0131 (MKJFGFI)<\/td>\n<\/tr>\n<tr>\n<td width=\"92\">Sabah 10:30.<\/td>\n<td width=\"444\"><strong>A\u00e7\u0131l\u0131\u015f konu\u015fmas\u0131: \u00c7ok dillilik i\u00e7in e\u011fitim <\/strong><strong>G\u00f6\u00e7 toplumu<\/strong> (Ailelerde ve g\u00fcnd\u00fcz bak\u0131m merkezlerinde dil politikas\u0131)\nDr. Julie A. Panagiotopoulou, K\u00f6ln \u00dcniversitesi<\/td>\n<\/tr>\n<tr>\n<td width=\"92\">12:00<\/td>\n<td width=\"444\"><strong>Yeni griffbereitMINI filminin sunumu<\/strong><\/td>\n<\/tr>\n<tr>\n<td width=\"92\">12:30<\/td>\n<td width=\"444\"><strong>\u00d6\u011fle yeme\u011fi aras\u0131 <\/strong>ve de\u011fi\u015fim i\u00e7in zaman<\/td>\n<\/tr>\n<tr>\n<td width=\"92\">\u00d6\u011fleden sonra 2.00<\/td>\n<td width=\"444\"><strong>Uzman forumlar\u0131<\/strong><\/td>\n<\/tr>\n<tr>\n<td width=\"92\">16:00<\/td>\n<td width=\"444\"><strong>Kahve molas\u0131<\/strong><\/td>\n<\/tr>\n<tr>\n<td width=\"92\">16:15<\/td>\n<td width=\"444\"><strong>Slam \u015fiir <\/strong>Ella Elia Anschein ile\n<strong>Elveda <\/strong>MKJFGFI taraf\u0131ndan<\/td>\n<\/tr>\n<tr>\n<td width=\"92\">16:45<\/td>\n<td width=\"444\"><strong>Etkinli\u011fin sonu<\/strong><\/td>\n<\/tr>\n<\/tbody>\n<\/table>\n<h2>\n\t\tSITEDE UZMAN FORUMLARI\n\t<\/h2>\n<div class=\"wm-tabs clearfix layout-top\" data-active=\"1\"><ul class=\"wm-tab-links wm-tab-count-6\"><li class=\"wm-tab-items-fachforum1_545\"><a href=\"#fachforum1_545\" data-tab=\"#fachforum1_545\">uzman forumu 1<\/a><\/li><li class=\"wm-tab-items-fachforum2_750\"><a href=\"#fachforum2_750\" data-tab=\"#fachforum2_750\">uzman forumu 2<\/a><\/li><li class=\"wm-tab-items-fachforum3_168\"><a href=\"#fachforum3_168\" data-tab=\"#fachforum3_168\">uzman forumu 3<\/a><\/li><li class=\"wm-tab-items-fachforum4_148\"><a href=\"#fachforum4_148\" data-tab=\"#fachforum4_148\">uzman forumu 4<\/a><\/li><li class=\"wm-tab-items-fachforum5_356\"><a href=\"#fachforum5_356\" data-tab=\"#fachforum5_356\">uzman forumu 5<\/a><\/li><li class=\"wm-tab-items-Fachforum6_967\"><a href=\"#Fachforum6_967\" data-tab=\"#Fachforum6_967\">Uzman forumu 6<\/a><\/li><\/ul><div class=\"wm-tabs-items\">\r\n<div class=\"wm-item wm-item-wrap fachforum1_545\" id=\"fachforum1_545\" data-title=\"fachforum1_545&&fachforum 1\"><h3 class=\"screen-reader-text wm-item-title\">uzman forumu 1<\/h3><p>Ba\u015fl\u0131k: <strong>G\u00fc\u00e7lendirme: g\u00f6z hizas\u0131nda bulu\u015fmaktan daha fazlas\u0131<\/strong><br \/>Konu\u015fmac\u0131: <strong>Dr. Carmen Yong-Ae Wienand<\/strong>Frankfurt am Main Goethe \u00dcniversitesi<strong>Konu\u015fmac\u0131:<\/strong> Dr. Carmen Yong-Ae Wienand \u00e7ocukluk ve e\u011fitim ara\u015ft\u0131rmac\u0131s\u0131d\u0131r. Halen g\u00f6\u00e7 toplumunda \u00e7ocukluk alan\u0131nda serbest e\u011fitimci ve konu\u015fmac\u0131 olarak \u00e7al\u0131\u015fmaktad\u0131r. Eyl\u00fcl 2021'den May\u0131s 2022'ye kadar federal transfer ekibi Griffbereit ve Rucksack KiTa'de koordinasyon i\u00e7inde \u00e7al\u0131\u015fm\u0131\u015ft\u0131r (ebeveyn izninde).<strong>K\u0131sa bir a\u00e7\u0131klama: <\/strong>Erken \u00e7ocukluk d\u00f6nemindeki g\u00fc\u00e7 ili\u015fkileri \u00fczerine bir giri\u015fin ard\u0131ndan, g\u00fc\u00e7lendirme kavramlar\u0131 tart\u0131\u015f\u0131lacak ve pratik uygulama i\u00e7in somut olas\u0131l\u0131klar sunulacakt\u0131r.<\/p>\n<\/div>\r\n\r\n<div class=\"wm-item wm-item-wrap fachforum2_750\" id=\"fachforum2_750\" data-title=\"fachforum2_750&&fachforum 2\"><h3 class=\"screen-reader-text wm-item-title\">uzman forumu 2<\/h3><p>Ba\u015fl\u0131k: <strong>Erken \u00e7ocukluk d\u00f6neminde ge\u00e7i\u015flerin desteklenmesi ve e\u015flik edilmesi<\/strong><br \/>Konu\u015fmac\u0131lar: <strong>Sarah Gousis<\/strong>FH-Niederrhein ve<strong> Ellen Brings<\/strong>, ZfTI<strong><br \/><\/strong><strong>Konu\u015fmac\u0131lar: <\/strong>Sarah Gousis, 2016 y\u0131l\u0131nda Duisburg-Essen \u00dcniversitesi'nde Sosyal Hizmet alan\u0131nda y\u00fcksek lisans\u0131n\u0131 tamamlad\u0131. 2020'den 2022'ye kadar Niederrhein Uygulamal\u0131 Bilimler \u00dcniversitesi Sosyal Hizmet B\u00f6l\u00fcm\u00fc'nde \"M\u00fcmk\u00fcn oldu\u011funca erken - e\u011fitim ba\u011flar\u0131 kurmak\" pilot projesi de dahil olmak \u00fczere ara\u015ft\u0131rma g\u00f6revlisi olarak \u00e7al\u0131\u015ft\u0131. Dr. Donja Amirpur y\u00f6netiminde 2020 y\u0131l\u0131ndan bu yana \"(Erken) e\u011fitim sistemine ge\u00e7i\u015fte g\u00f6\u00e7men ailelerle (sosyal) e\u011fitim \u00e7al\u0131\u015fmalar\u0131nda g\u00fc\u00e7lendirme ve g\u00fc\u00e7 payla\u015f\u0131m\u0131\" (\u00e7al\u0131\u015fma ba\u015fl\u0131\u011f\u0131) konusunda doktora yapmaktad\u0131r.Ellen Brings, griffbereitMINI, Griffbereit ve Rucksack KiTa programlar\u0131 i\u00e7in federal transfer kapsam\u0131nda materyal geli\u015ftirme alan\u0131ndan sorumludur.<strong>K\u0131sa bir a\u00e7\u0131klama:<\/strong> Aileden e\u011fitim kurumlar\u0131na ge\u00e7i\u015fler nas\u0131l ba\u015far\u0131l\u0131 olabilir? Ebeveyn rehberli\u011fi bu s\u00fcreci nas\u0131l destekleyebilir? Ama\u00e7, ortak d\u00fc\u015f\u00fcnme i\u00e7in bir alan yaratmakt\u0131r.<\/p>\n<\/div>\r\n\r\n<div class=\"wm-item wm-item-wrap fachforum3_168\" id=\"fachforum3_168\" data-title=\"fachforum3_168&&fachforum 3\"><h3 class=\"screen-reader-text wm-item-title\">uzman forumu 3<\/h3><p>Ba\u015fl\u0131k: <strong>Sosyal ve e\u011fitim mesleklerine giri\u015f olarak ebeveyn deste\u011fi <\/strong><strong>Konu\u015fmac\u0131lar\u0131n k\u0131sa tan\u0131t\u0131m\u0131:<\/strong> Stephanie Schmidt, NRW B\u00f6lge M\u00fcd\u00fcrl\u00fc\u011f\u00fc'nde iyi istihdam biyografileri alan\u0131nda dan\u0131\u015fman, Inna Michailov, KI M\u00e4rkischer Kreis'de ebeveyn dan\u0131\u015fman\u0131, Hannah Farhan-Dorn, MKJFGFI ve Miriam Weilbrenner, MKJFGFI<strong>K\u0131sa bir a\u00e7\u0131klama:<\/strong> Kariyer beklentilerine ek olarak, daha fazla yeterlilik i\u00e7in bilgi ve finansman f\u0131rsatlar\u0131 da pratik \u00f6rnekler kullan\u0131larak sunulmaktad\u0131r. 2022\/2023 ebeveyn dan\u0131\u015fman\u0131 anketi temel te\u015fkil etmektedir.<strong>Uzman forumu ne yaz\u0131k ki tamamen doludur. L\u00fctfen bir alternatif se\u00e7iniz.<\/strong><\/p>\n<\/div>\r\n\r\n<div class=\"wm-item wm-item-wrap fachforum4_148\" id=\"fachforum4_148\" data-title=\"fachforum4_148&&fachforum 4\"><h3 class=\"screen-reader-text wm-item-title\">uzman forumu 4<\/h3><p>Ba\u015fl\u0131k \"<strong>Ailelerde ve kre\u015flerde dil \u00f6tesi e\u011fitim: E\u011fitim uzmanlar\u0131 ve ebeveynlerin bak\u0131\u015f a\u00e7\u0131s\u0131ndan \u00e7ok dillilik i\u00e7in e\u011fitim<\/strong>&#8222;<br \/>Konu\u015fmac\u0131: <strong>Maria J. Hammel<\/strong>, K\u00f6ln \u00dcniversitesi<strong>Konu\u015fmac\u0131:<\/strong> Maria J. Hammel, K\u00f6ln \u00dcniversitesi'nde Erken \u00c7ocuklukta E\u011fitim ve Geli\u015fim alan\u0131nda uzmanla\u015fm\u0131\u015f E\u011fitim Bilimleri K\u00fcrs\u00fcs\u00fc'nde Julie A. Panagiotopoulou ile birlikte ara\u015ft\u0131rma g\u00f6revlisi ve doktora aday\u0131d\u0131r. Doktora projesinde, etnografik ara\u015ft\u0131rma ve e\u011fitim projesi TranslaPed (Kuzey Ren Vestfalya'daki \u00e7ok dilli kre\u015f ve okullarda translanguaging pedagojisi) kapsam\u0131nda pedagoji uzmanlar\u0131n\u0131n \u00e7ok dillilik ve translanguaging pedagojisine bak\u0131\u015f a\u00e7\u0131lar\u0131n\u0131n yeniden yap\u0131land\u0131r\u0131lmas\u0131 \u00fczerinde \u00e7al\u0131\u015fmaktad\u0131r.<strong>K\u0131sa bir a\u00e7\u0131klama: <\/strong>E\u011fitim uzmanlar\u0131 ve ebeveynler translanguaging pedagoji ve \u00e7ok dilli e\u011fitim hakk\u0131nda ne d\u00fc\u015f\u00fcn\u00fcyor? K\u00f6ln \u00dcniversitesi, bir ara\u015ft\u0131rma ve e\u011fitim projesinde, e\u011fitim uzmanlar\u0131n\u0131n ve ebeveynlerin g\u00f6r\u00fc\u015flerine \u0131\u015f\u0131k tutmak i\u00e7in bir\u00e7ok g\u00f6r\u00fc\u015fme ger\u00e7ekle\u015ftirdi ve pratik \u00f6rnekleri analiz etti.<\/p>\n<\/div>\r\n\r\n<div class=\"wm-item wm-item-wrap fachforum5_356\" id=\"fachforum5_356\" data-title=\"fachforum5_356&&fachforum 5\"><h3 class=\"screen-reader-text wm-item-title\">uzman forumu 5<\/h3><p>Ba\u015fl\u0131k: \"<strong>Hareketli dil - \u00e7ok dilli \u00e7ocuklar i\u00e7in hareket odakl\u0131 dil e\u011fitimi<\/strong><br \/>Konu\u015fmac\u0131: <strong>Dr. Nadine Madeira Firmino<\/strong>FH Bielefeld<strong>Konu\u015fmac\u0131:<\/strong> Dr. Nadine Madeira Firmino, Bielefeld Uygulamal\u0131 Bilimler \u00dcniversitesi'nde \u00c7ocuk E\u011fitimi program\u0131nda profes\u00f6r olarak g\u00f6rev yapmaktad\u0131r. \u00c7al\u0131\u015fma ve ara\u015ft\u0131rmalar\u0131 hareket ve dil, \u00e7ok dillilik, g\u00fcnl\u00fck entegre dil e\u011fitimi ve geli\u015fim s\u00fcre\u00e7lerinin g\u00f6zlemlenmesi ve belgelenmesi alanlar\u0131na odaklanmaktad\u0131r.<strong>K\u0131sa bir a\u00e7\u0131klama:<\/strong> E\u015fzamanl\u0131 ve ard\u0131\u015f\u0131k \u00e7okdilli edinimin \u00f6zellikleri sunulduktan sonra, dil geli\u015fiminin g\u00fcnl\u00fck e\u011fitim ortamlar\u0131nda hareket yoluyla nas\u0131l desteklenebilece\u011fini g\u00f6steren basit uygulama odakl\u0131 unsurlar ve al\u0131\u015ft\u0131rmalar sunulmaktad\u0131r.<\/p>\n<\/div>\r\n\r\n<div class=\"wm-item wm-item-wrap Fachforum6_967\" id=\"Fachforum6_967\" data-title=\"Fachforum6_967&&Fachforum 6\"><h3 class=\"screen-reader-text wm-item-title\">Uzman forumu 6<\/h3><p>Ba\u015fl\u0131k: <b>Dilleri birlikte g\u00fc\u00e7lendiriyoruz!<\/b><br \/>Konu\u015fmac\u0131<strong>Prof Dr Timm Albers<\/strong>Paderborn \u00dcniversitesi<strong><br \/><\/strong><strong>Konu\u015fmac\u0131:<\/strong> Dr. Timm Albers, Alman e\u011fitim bilimci ve e\u011fitim ara\u015ft\u0131rmac\u0131s\u0131d\u0131r. Kendisi 2014 y\u0131l\u0131ndan beri Paderborn \u00dcniversitesi'nde Kapsay\u0131c\u0131 E\u011fitim \u00e7al\u0131\u015fma grubunun ba\u015fkanl\u0131\u011f\u0131n\u0131 y\u00fcr\u00fctmektedir.<strong>K\u0131sa bir a\u00e7\u0131klama:<\/strong> Dil e\u011fitimi, aileler ve e\u011fitim kurumlar\u0131 birlikte \u00e7al\u0131\u015ft\u0131\u011f\u0131nda en iyi sonucu verir. Ebeveyn rehberleri, kre\u015flere, e\u011fitim ve dan\u0131\u015fmanl\u0131k kurumlar\u0131na eri\u015fimi kolayla\u015ft\u0131rd\u0131klar\u0131 ve ayn\u0131 zamanda g\u00f6\u00e7men toplumuna a\u00e7\u0131lmalar\u0131na katk\u0131da bulunduklar\u0131 i\u00e7in bu konuda \u00f6nemli bir rol oynamaktad\u0131r.<strong>\u00a0<\/strong><\/p>\n<\/div>\r\n<\/div><\/div><h2>\n\t\tL\u00dcTFEN G\u00dcNL\u00dcK PROGRAMA KAYIT YAPTIRMANIN YANI SIRA BI\u0307R UZMANLIK FORUMU SE\u00c7I\u0307N:\n\t<\/h2>\n<h3>\n\t\tUZMAN FORUMU 1\n\t<\/h3>\n\t<p>G\u00fc\u00e7lendirme: g\u00f6z hizas\u0131nda bulu\u015fmaktan daha fazlas\u0131<\/p>\n\t\t\t<a href=\"https:\/\/www.griffbereit-rucksack.de\/tr\/events\/empowerment-mehr-als-nur-begegnung-auf-augenhoehe\/\" target=\"_blank\" role=\"button\" rel=\"noopener\">\n\t\t\t\t\t\t\tKAYIT I\u00c7IN\n\t\t\t\t\t<\/a>\n<h3>\n\t\tUZMAN FORUMU 2\n\t<\/h3>\n\t<p>Erken \u00e7ocukluk d\u00f6neminde ge\u00e7i\u015flerin desteklenmesi ve e\u015flik edilmesi<\/p>\n\t\t\t<a href=\"https:\/\/www.griffbereit-rucksack.de\/tr\/events\/uebergaenge-gestalten\/\" target=\"_blank\" role=\"button\" rel=\"noopener\">\n\t\t\t\t\t\t\tKAYIT I\u00c7IN\n\t\t\t\t\t<\/a>\n<h3>\n\t\tUZMAN FORUMU 3\n\t<\/h3>\n\t<p>Sosyal ve e\u011fitim mesleklerine giri\u015f olarak ebeveyn deste\u011fi<\/p>\n<p><strong>Uzman forumu ne yaz\u0131k ki tamamen doludur. L\u00fctfen bir alternatif se\u00e7iniz.<\/strong><\/p>\n<h3>\n\t\tUZMAN FORUMU 4\n\t<\/h3>\n\t<p>Ailelerde ve kre\u015flerde dil \u00f6tesi e\u011fitim: E\u011fitim uzmanlar\u0131 ve ebeveynlerin bak\u0131\u015f a\u00e7\u0131s\u0131ndan \u00e7ok dillilik i\u00e7in e\u011fitim<\/p>\n\t\t\t<a href=\"https:\/\/www.griffbereit-rucksack.de\/tr\/events\/translanguaging-in-familien-und-kitas-erziehung-zur-mehrsprachigkeit-aus-sicht-von-paedagogischen-fachkraeften-und-eltern\/\" target=\"_blank\" role=\"button\" rel=\"noopener\">\n\t\t\t\t\t\t\tKAYIT I\u00c7IN\n\t\t\t\t\t<\/a>\n<h3>\n\t\tUZMAN FORUMU 5\n\t<\/h3>\n\t<p>Hareketli dil - \u00e7ok dilli \u00e7ocuklar i\u00e7in hareket odakl\u0131 dil e\u011fitimi<\/p>\n\t\t\t<a href=\"https:\/\/www.griffbereit-rucksack.de\/tr\/events\/bewegte-sprache-bewegungsorientierte-sprachbildung-fuer-mehrsprachige-kinder\/\" target=\"_blank\" role=\"button\" rel=\"noopener\">\n\t\t\t\t\t\t\tKAYIT I\u00c7IN\n\t\t\t\t\t<\/a>\n<h3>\n\t\tUZMAN FORUMU 6\n\t<\/h3>\n\t<p>Dilleri birlikte g\u00fc\u00e7lendiriyoruz!<\/p>\n\t\t\t<a href=\"https:\/\/www.griffbereit-rucksack.de\/tr\/events\/f6-praesenz-eb-konferenz-sprachen-gemeinsam-staerken\/\" target=\"_blank\" role=\"button\" rel=\"noopener\">\n\t\t\t\t\t\t\tKAYIT I\u00c7IN\n\t\t\t\t\t<\/a>","protected":false},"excerpt":{"rendered":"<div class=\"entry-summary\">\n<div class=\"entry-summary\">\n\u00a0 \u00dclke \u00e7ap\u0131nda d\u00fczenlenen veli mentor konferans\u0131 ile bir veli mentoru olarak yapt\u0131\u011f\u0131n\u0131z \u00e7al\u0131\u015fmalar\u0131 onurland\u0131rmak ve size daha fazla bilgi edinme f\u0131rsat\u0131 vermek istiyoruz.\n<\/div>\n<div class=\"link-more\"><a href=\"https:\/\/www.griffbereit-rucksack.de\/tr\/eb-konferenz-fachforen-vor-ort\/\" class=\"more-link\">Okumaya devam edin<span class=\"screen-reader-text\"> \"Ebeveyn dan\u0131\u015fman\u0131 konferans\u0131 - sahadaki uzman forumlar\u0131\"<\/span>...<\/a><\/div>\n<\/div>\n<div class=\"link-more\"><a href=\"https:\/\/www.griffbereit-rucksack.de\/tr\/eb-konferenz-fachforen-vor-ort\/\" class=\"more-link\">Okumaya devam edin<span class=\"screen-reader-text\"> \"Ebeveyn dan\u0131\u015fman\u0131 konferans\u0131 - sahadaki uzman forumlar\u0131\"<\/span>...<\/a><\/div>","protected":false},"author":1,"featured_media":0,"parent":0,"menu_order":0,"comment_status":"closed","ping_status":"closed","template":"","meta":{"_acf_changed":false,"footnotes":""},"class_list":["post-12968","page","type-page","status-publish","hentry","entry"],"acf":[],"_links":{"self":[{"href":"https:\/\/www.griffbereit-rucksack.de\/tr\/wp-json\/wp\/v2\/pages\/12968","targetHints":{"allow":["GET"]}}],"collection":[{"href":"https:\/\/www.griffbereit-rucksack.de\/tr\/wp-json\/wp\/v2\/pages"}],"about":[{"href":"https:\/\/www.griffbereit-rucksack.de\/tr\/wp-json\/wp\/v2\/types\/page"}],"author":[{"embeddable":true,"href":"https:\/\/www.griffbereit-rucksack.de\/tr\/wp-json\/wp\/v2\/users\/1"}],"replies":[{"embeddable":true,"href":"https:\/\/www.griffbereit-rucksack.de\/tr\/wp-json\/wp\/v2\/comments?post=12968"}],"version-history":[{"count":0,"href":"https:\/\/www.griffbereit-rucksack.de\/tr\/wp-json\/wp\/v2\/pages\/12968\/revisions"}],"wp:attachment":[{"href":"https:\/\/www.griffbereit-rucksack.de\/tr\/wp-json\/wp\/v2\/media?parent=12968"}],"curies":[{"name":"wp","href":"https:\/\/api.w.org\/{rel}","templated":true}]}}