{"id":12924,"date":"2023-11-01T15:30:36","date_gmt":"2023-11-01T14:30:36","guid":{"rendered":"https:\/\/www.griffbereit-rucksack.de\/?page_id=12924"},"modified":"2023-11-13T15:35:18","modified_gmt":"2023-11-13T14:35:18","slug":"eb-konferenz","status":"publish","type":"page","link":"https:\/\/www.griffbereit-rucksack.de\/tr\/eb-konferenz\/","title":{"rendered":"Ebeveyn dan\u0131\u015fman\u0131 konferans\u0131 2023"},"content":{"rendered":"<h1><strong>\u00a0<\/strong><\/h1>\n<p>\u015eu anda \u00fclke \u00e7ap\u0131nda griffbereitMINI ve Griffbereit'de 750'den fazla ve Rucksack KiTa'de 600'den fazla aktif ebeveyn dan\u0131\u015fman\u0131 bulunmaktad\u0131r....<\/p>\n<p>Ebeveyn dan\u0131\u015fmanlar\u0131 olarak, ayn\u0131 dilleri konu\u015ftu\u011funuz ve bazen benzer aile durumlar\u0131na sahip oldu\u011funuz i\u00e7in kilit bir rol oynuyorsunuz. Bu da ailelerin g\u00fcvenini daha \u00e7abuk kazanman\u0131z\u0131 sa\u011flayarak e\u011fitim durumlar\u0131, aileler ve onlar\u0131n ya\u015fam ortamlar\u0131 ile toplumlar aras\u0131nda bir k\u00f6pr\u00fc kurman\u0131z\u0131 kolayla\u015ft\u0131r\u0131r.<\/p>\n<p>&nbsp;<\/p>\n<p>\u00a0<\/p>\n<p>&nbsp;<\/p>\n\t<h3><strong>04.12.23<\/strong><\/h3>\n\t<h4><strong>Yerinde: <\/strong><strong>08:45 - 16:45<\/strong><\/h4>\n\t<h4><strong>Dijital: 09:45 - 16:00<\/strong><\/h4>\n\t<h3><strong>S\u0130TEDE<\/strong><\/h3>\n\t<h3><strong>D\u0130J\u0130TAL<\/strong><\/h3>\n\t<h2><strong>YERINDE ETKINLIK I\u00c7IN KAYIT<\/strong><\/h2>\n\tChorForum Essen'deki EB konferans\u0131na kat\u0131lmak istiyorsan\u0131z \"S\u0130TEDE KAYIT\" se\u00e7ene\u011fini se\u00e7in. Bir sonraki ad\u0131mda, \u00f6zel bir forum se\u00e7ebilirsiniz.<br \/>\n\n\t\t\t<a href=\"https:\/\/www.griffbereit-rucksack.de\/tr\/eb-konferenz-fachforen-vor-ort\/\" target=\"_self\" role=\"button\" rel=\"noopener\">\n\t\t\t\t\t\tYERINDE KAYIT\n\t\t\t\t\t<\/a>\n\t<h2><strong>DI\u0307JI\u0307TAL ETKI\u0307NLI\u0307K I\u0307\u00c7I\u0307N KAYIT<\/strong><\/h2>\n\tEB konferans\u0131na Zoom arac\u0131l\u0131\u011f\u0131yla evinizden kat\u0131lmak istiyorsan\u0131z \"KAYIT D\u0130J\u0130TAL\" se\u00e7ene\u011fini se\u00e7in. Bir sonraki ad\u0131mda, \u00f6zel bir forum se\u00e7ebilirsiniz.<br \/>\n\n\t\t\t<a href=\"https:\/\/www.griffbereit-rucksack.de\/tr\/eb-konferenz-fachforen-digital\/\" target=\"_self\" role=\"button\" rel=\"noopener\">\n\t\t\t\t\t\tDI\u0307JI\u0307TAL KAYIT\n\t\t\t\t\t<\/a>","protected":false},"excerpt":{"rendered":"<div class=\"entry-summary\">\n<div class=\"entry-summary\">\n\u00a0 \u015eu anda \u00fclke \u00e7ap\u0131nda griffbereitMINI ve Griffbereit'de 750'den fazla ve Rucksack KiTa'de 600'den fazla aktif ebeveyn dan\u0131\u015fman\u0131 bulunmaktad\u0131r....\n<\/div>\n<div class=\"link-more\"><a href=\"https:\/\/www.griffbereit-rucksack.de\/tr\/eb-konferenz\/\" class=\"more-link\">Okumaya devam edin<span class=\"screen-reader-text\"> \"Ebeveyn dan\u0131\u015fman\u0131 konferans\u0131 2023\"<\/span>...<\/a><\/div>\n<\/div>\n<div class=\"link-more\"><a href=\"https:\/\/www.griffbereit-rucksack.de\/tr\/eb-konferenz\/\" class=\"more-link\">Okumaya devam edin<span class=\"screen-reader-text\"> \"Ebeveyn dan\u0131\u015fman\u0131 konferans\u0131 2023\"<\/span>...<\/a><\/div>","protected":false},"author":1,"featured_media":0,"parent":0,"menu_order":0,"comment_status":"closed","ping_status":"closed","template":"","meta":{"_acf_changed":false,"footnotes":""},"class_list":["post-12924","page","type-page","status-publish","hentry","entry"],"acf":[],"_links":{"self":[{"href":"https:\/\/www.griffbereit-rucksack.de\/tr\/wp-json\/wp\/v2\/pages\/12924","targetHints":{"allow":["GET"]}}],"collection":[{"href":"https:\/\/www.griffbereit-rucksack.de\/tr\/wp-json\/wp\/v2\/pages"}],"about":[{"href":"https:\/\/www.griffbereit-rucksack.de\/tr\/wp-json\/wp\/v2\/types\/page"}],"author":[{"embeddable":true,"href":"https:\/\/www.griffbereit-rucksack.de\/tr\/wp-json\/wp\/v2\/users\/1"}],"replies":[{"embeddable":true,"href":"https:\/\/www.griffbereit-rucksack.de\/tr\/wp-json\/wp\/v2\/comments?post=12924"}],"version-history":[{"count":0,"href":"https:\/\/www.griffbereit-rucksack.de\/tr\/wp-json\/wp\/v2\/pages\/12924\/revisions"}],"wp:attachment":[{"href":"https:\/\/www.griffbereit-rucksack.de\/tr\/wp-json\/wp\/v2\/media?parent=12924"}],"curies":[{"name":"wp","href":"https:\/\/api.w.org\/{rel}","templated":true}]}}