{"id":12385,"date":"2023-05-03T13:03:01","date_gmt":"2023-05-03T11:03:01","guid":{"rendered":"https:\/\/www.griffbereit-rucksack.de\/?page_id=12385"},"modified":"2023-07-17T15:56:40","modified_gmt":"2023-07-17T13:56:40","slug":"organisatorisches-griffbereitmini","status":"publish","type":"page","link":"https:\/\/www.griffbereit-rucksack.de\/tr\/organisatorisches-griffbereitmini\/","title":{"rendered":"Organizasyonel griffbereitMINI"},"content":{"rendered":"<p><strong>\u00d6nemli noktalar <em>griffbereitMINI<\/em>-Grup:<\/strong><\/p>\n<ul>\n<li>Etkinlik t\u00fcr\u00fc: \u0130lgili *aile dillerinde ebeveyn-\u00e7ocuk etkinlikleri<\/li>\n<li>\u00c7ocuklar\u0131n ya\u015f\u0131: do\u011fmam\u0131\u015ftan bir ya\u015f\u0131na kadar<\/li>\n<li>Kat\u0131l\u0131mc\u0131 say\u0131s\u0131: grup ba\u015f\u0131na en fazla 8 *ebeveyn\/*aile<\/li>\n<li>Rotasyon: d\u00fczenli olarak haftada 1 kez (aileler aras\u0131nda ihtiya\u00e7 varsa daha s\u0131k da ger\u00e7ekle\u015febilir) 90 dakika.<\/li>\n<li>S\u00fcre: ya\u015fam\u0131n ilk y\u0131l\u0131 tamamlanana kadar<\/li>\n<li>Liderlik: 2 grup kolayla\u015ft\u0131r\u0131c\u0131s\u0131 (ideal olarak bir pedagoji uzman\u0131 ve bir ebeveyn kolayla\u015ft\u0131r\u0131c\u0131s\u0131; aksi m\u00fcmk\u00fcn de\u011filse iki ebeveyn kolayla\u015ft\u0131r\u0131c\u0131s\u0131), ancak grup kolayla\u015ft\u0131r\u0131c\u0131s\u0131 rol\u00fcnde en az 1 ki\u015fi.<\/li>\n<\/ul>\n<strong><br \/>\nGrup kolayla\u015ft\u0131r\u0131c\u0131lar\u0131n\u0131n rol\u00fc:<\/strong>\n<p>Ebeveyn rehberlerin dilsel yeterlili\u011fine dikkat etmek \u00f6nemlidir. \u00c7ift personel durumunda, ikinci rehberin \u00e7ok dilli olmas\u0131 ve ikinci dil olarak Almancaya hakim olmas\u0131 halinde, iki ebeveyn rehberinden biri tek dilli Almanca olabilir. Ebeveyn rehberleri b\u00f6ylece grupta \u00e7ok dillili\u011fin tutarl\u0131 ve g\u00fcvenilir bir \u015fekilde kullan\u0131lmas\u0131n\u0131 da sa\u011flar.<\/p>\n<p>\u00c7ok dillilik, \u00e7e\u015fitlilik odakl\u0131 i\u015fbirli\u011fi ve a\u00e7\u0131k i\u015fbirli\u011fi, grup kolayla\u015ft\u0131r\u0131c\u0131lar\u0131n\u0131n *ebeveynlere\/*ailelere kar\u015f\u0131 da \u00f6rnekledi\u011fi niteliklerdir. Ebeveyn rehberleri taraf\u0131ndan verilen d\u00fcrt\u00fcler, grubun organizasyonu arac\u0131l\u0131\u011f\u0131yla <em>griffbereitMINI-<\/em>Gruplar e\u011flenceli aktiviteler, \u015fark\u0131lar ve \u00f6nerilerle haz\u0131rlan\u0131r, ebeveynlere\/ailelere \u00e7ocuklar\u0131yla etkile\u015fim kurmak ve aile i\u00e7indeki ili\u015fkiyi g\u00fc\u00e7lendirmek i\u00e7in yeni fikirler ve g\u00fcvenlik sa\u011flar.<\/p>\n<p>&nbsp;<\/p>\n\t<strong>Grup kolayla\u015ft\u0131r\u0131c\u0131lar\u0131n\u0131n nitelikleri:<br \/>\n<\/strong>Ebeveyn rehberleri, program ba\u015flamadan \u00f6nce faaliyetleri i\u00e7in haz\u0131rlan\u0131r (program\u0131n konsepti, hedefleri ve i\u00e7eri\u011fi).\u00a0<em>griffbereitMINI<\/em>-Program<a href=\"https:\/\/www.griffbereit-rucksack.de\/tr\/organisatorisches-griffbereit\/#_ftn1\">[1]<\/a>). Projenin uygulanmas\u0131nda y\u00fcksek kaliteyi sa\u011flamak i\u00e7in\u00a0<em>griffbereitMINI<\/em>-Grubun ba\u015far\u0131s\u0131n\u0131 sa\u011flamak i\u00e7in, grup kolayla\u015ft\u0131r\u0131c\u0131lar\u0131n\u0131n s\u00fcrekli e\u011fitime eri\u015fimi olmal\u0131d\u0131r.\n\t<strong>Grup kolayla\u015ft\u0131r\u0131c\u0131lar\u0131n\u0131n organizasyonu:<\/strong><br \/>\nDaha fazla e\u011fitime ek olarak, grup kolayla\u015ft\u0131r\u0131c\u0131lar\u0131n\u0131n d\u00fczenli olarak desteklenmesi ve dan\u0131\u015fmanl\u0131k hizmeti almas\u0131, de\u011fi\u015fim, yans\u0131tma, de\u011ferlendirme ve grup \u00e7al\u0131\u015fmas\u0131n\u0131n haz\u0131rlanmas\u0131 ve takibi i\u00e7in gereklidir. Rehberlik ve programa e\u015flik eden nitelikler grup kolayla\u015ft\u0131r\u0131c\u0131lar\u0131n\u0131n ihtiya\u00e7lar\u0131na g\u00f6re uyarlan\u0131r. Pedagojik personelin \u00f6nceki mesleki niteliklerine ba\u011fl\u0131 olarak, e\u011fitimin t\u00fcm b\u00f6l\u00fcmlerinde yer almalar\u0131 gerekmez. Program\u0131n uygulanmaya ba\u015flamas\u0131ndan sonra, t\u00fcm akt\u00f6rlerle d\u00fczenli de\u011fi\u015fim ve yans\u0131tma toplant\u0131lar\u0131 yap\u0131lmal\u0131d\u0131r (yakla\u015f\u0131k 6-8 haftada bir).\n<strong>Organizasyon Program Koordinat\u00f6r\u00fc:<\/strong><br \/>\nGruba rehberlik eden ki\u015fi, program\u0131n tan\u0131t\u0131m\u0131n\u0131, hitap ve kompozisyon rehberli\u011fini \u00fcstlenir.\u00a0<em>griffbereitMINI<\/em>-Grup, grubun koordinasyonundan, tesisin e\u011fitim personeli ile ileti\u015fim ve isti\u015fareden, ebeveyn rehberlerinin y\u00f6nlendirilmesinden ve ebeveyn rehberlerinin ve e\u011fitim personelinin e\u011fitiminden sorumludur.\n\t<p><a href=\"#_ftnref1\" name=\"_ftn1\">[1]<\/a> Di\u011fer odak noktalar\u0131 \u015funlard\u0131r: Ebeveyn rehberi olarak rol, griffbereitMINI materyalleri, pratik uygulama, yans\u0131tma, sa\u011fl\u0131k sorunlar\u0131, g\u00fcnl\u00fck destek vb.<\/p>","protected":false},"excerpt":{"rendered":"<div class=\"entry-summary\">\n<div class=\"entry-summary\">\nKilit noktalar griffbereitMINI grubu: Etkinlik t\u00fcr\u00fc: \u0130lgili *aile dillerinde ebeveyn-\u00e7ocuk etkinlikleri \u00c7ocuklar\u0131n ya\u015f\u0131: do\u011fmam\u0131\u015ftan bir ya\u015f\u0131na kadar...\n<\/div>\n<div class=\"link-more\"><a href=\"https:\/\/www.griffbereit-rucksack.de\/tr\/organisatorisches-griffbereitmini\/\" class=\"more-link\">Okumaya devam edin<span class=\"screen-reader-text\"> \"Organizasyonel griffbereitMINI\"<\/span>...<\/a><\/div>\n<\/div>\n<div class=\"link-more\"><a href=\"https:\/\/www.griffbereit-rucksack.de\/tr\/organisatorisches-griffbereitmini\/\" class=\"more-link\">Okumaya devam edin<span class=\"screen-reader-text\"> \"Organizasyonel griffbereitMINI\"<\/span>...<\/a><\/div>","protected":false},"author":1,"featured_media":0,"parent":0,"menu_order":0,"comment_status":"closed","ping_status":"closed","template":"","meta":{"_acf_changed":false,"footnotes":""},"class_list":["post-12385","page","type-page","status-publish","hentry","entry"],"acf":[],"_links":{"self":[{"href":"https:\/\/www.griffbereit-rucksack.de\/tr\/wp-json\/wp\/v2\/pages\/12385","targetHints":{"allow":["GET"]}}],"collection":[{"href":"https:\/\/www.griffbereit-rucksack.de\/tr\/wp-json\/wp\/v2\/pages"}],"about":[{"href":"https:\/\/www.griffbereit-rucksack.de\/tr\/wp-json\/wp\/v2\/types\/page"}],"author":[{"embeddable":true,"href":"https:\/\/www.griffbereit-rucksack.de\/tr\/wp-json\/wp\/v2\/users\/1"}],"replies":[{"embeddable":true,"href":"https:\/\/www.griffbereit-rucksack.de\/tr\/wp-json\/wp\/v2\/comments?post=12385"}],"version-history":[{"count":0,"href":"https:\/\/www.griffbereit-rucksack.de\/tr\/wp-json\/wp\/v2\/pages\/12385\/revisions"}],"wp:attachment":[{"href":"https:\/\/www.griffbereit-rucksack.de\/tr\/wp-json\/wp\/v2\/media?parent=12385"}],"curies":[{"name":"wp","href":"https:\/\/api.w.org\/{rel}","templated":true}]}}