{"id":12368,"date":"2023-05-03T12:09:20","date_gmt":"2023-05-03T10:09:20","guid":{"rendered":"https:\/\/www.griffbereit-rucksack.de\/?page_id=12368"},"modified":"2023-07-17T16:06:39","modified_gmt":"2023-07-17T14:06:39","slug":"zielgruppen-griffbereitmini","status":"publish","type":"page","link":"https:\/\/www.griffbereit-rucksack.de\/tr\/zielgruppen-griffbereitmini\/","title":{"rendered":"Hedef gruplar griffbereitMINI"},"content":{"rendered":"<h2>\n\t\tgriffbereitMINI kimleri hedefliyor?\n\t<\/h2>\n\t<p>Program <em>griffbereitMINI<\/em> a\u015fa\u011f\u0131daki hedef gruplar\u0131 i\u00e7ermektedir:<\/p>\n<p><strong>*Uzman olarak ebeveynler veya aileler<\/strong><\/p>\n<p>Ebeveynler\/aileler g\u00fc\u00e7l\u00fc y\u00f6nlerine dayanarak aile dil(ler)inin geli\u015ftirilmesi i\u00e7in uzman olarak hareket ederler. Buna ek olarak, gruplarda aktar\u0131lan deneyimler, y\u00f6ntemler ve \u00f6neriler ebeveynlere\/ailelere g\u00fcven verir ve kendi yeterliliklerine olan g\u00fcvenlerini g\u00fc\u00e7lendirir. Buna ek olarak, program i\u00e7eri\u011finin yap\u0131land\u0131r\u0131lm\u0131\u015f ileti\u015fimi ebeveynlere\/ailelere \u00e7ocuklar\u0131n\u0131n geli\u015fimine odaklanma f\u0131rsat\u0131 verir. Bu \u015fekilde, birbirleriyle olan ili\u015fkileri ve kendi kimlikleri potansiyel olarak g\u00fc\u00e7lendirilebilir.<\/p>\n<p><strong>E\u011fitim faydalan\u0131c\u0131lar\u0131 olarak \u00e7ocuklar<\/strong><\/p>\n<p>Dil, en \u00f6nemli temel yeterliliklerden biridir. \u00d6zellikle \u00e7ok dilli b\u00fcy\u00fcyen ve dolay\u0131s\u0131yla \u00e7ok dillilik potansiyeline sahip olan ve dil geli\u015fiminin ba\u015f\u0131nda olan \u00e7ocuklar i\u00e7in erken dil e\u011fitimi ve dil yeterliliklerinin ebeveynler\/aileler ve e\u011fitimciler taraf\u0131ndan desteklenmesi b\u00fcy\u00fck \u00f6nem ta\u015f\u0131maktad\u0131r.<\/p>\n<p><strong>Bu nedenle dilsel geli\u015fimin g\u00fc\u00e7lendirilmesi, yeni y\u00fcr\u00fcmeye ba\u015flayan \u00e7ocuklarda ve okul \u00f6ncesi \u00e7a\u011fda (ilk\u00f6\u011fretim d\u00fczeyinde) temel e\u011fitim g\u00f6revlerinden biridir.<\/strong><\/p>\n<p>Yeni elde edilen bilimsel bulgular ve pratik deneyimler, kimlik ve genel \u00e7ocuk geli\u015fiminin (motor beceriler vb.) g\u00fc\u00e7lendirilmesinin yan\u0131 s\u0131ra, \u00e7ocuklar\u0131n dil geli\u015fimini te\u015fvik eden \u015feyin, her \u015feyden \u00f6nce g\u00fcnl\u00fck ya\u015fama entegre edilmi\u015f sistematik dil e\u011fitimi oldu\u011funu g\u00f6stermektedir.<\/p>\n<p><strong>Bir ba\u011flant\u0131 olarak grup kolayla\u015ft\u0131r\u0131c\u0131lar\u0131<\/strong><\/p>\n<p>Grup kolayla\u015ft\u0131r\u0131c\u0131lar\u0131 \u00e7ok \u00f6nemli bir rol oynar. Onlar liderlik <em>griffbereitMINI<\/em>-Grup(lar). M\u00fcmk\u00fcnse, g\u00f6\u00e7men k\u00f6kenli \u00e7ok dilli bir ki\u015fi ve bir pedagoji uzman\u0131 - ideal olarak e\u011fitim kurumunun kendisinden (serbest pedagoji uzman\u0131) - veya alternatif olarak d\u0131\u015far\u0131dan bir uzman (\u00f6\u011frenci, ebeveyn iznindeki uzman, dil destek \u00e7al\u0131\u015fan\u0131, ebeveyn\/aile \u00fcyesi, vb) bu g\u00f6revi \u00fcstlenmelidir.<\/p>\n<p><strong>Bunun avantajlar\u0131 a\u00e7\u0131kt\u0131r: benzer aile durumlar\u0131na sahip ve ayn\u0131 dili konu\u015fan insanlar daha \u00e7abuk s\u0131rda\u015f olarak g\u00f6r\u00fcl\u00fcrler.<\/strong><\/p>\n<p>Bu da onlar\u0131n e\u011fitim kurumlar\u0131 ve aileler aras\u0131nda bir arabuluculuk rol\u00fc ya da \"k\u00f6pr\u00fc i\u015flevi\" \u00fcstlenmelerini kolayla\u015ft\u0131r\u0131r. Ebeveyn rehberleri, rehber (koordinat\u00f6r) olarak adland\u0131r\u0131lan ki\u015filer taraf\u0131ndan desteklenmektedir.<a href=\"https:\/\/www.griffbereit-rucksack.de\/tr\/zielgruppen-griffbereit\/#_ftn1\">[1]<\/a> e\u015flik etti ve kalifiye oldu.<\/p>\n\t\t\t<a href=\"https:\/\/www.griffbereit-rucksack.de\/tr\/qualifizierung-zur-elternbegleiterin-fuer-griffbereit\/\" target=\"_self\" role=\"button\" rel=\"noopener\">\n\t\t\t\t\t\t\tEbeveyn refakat\u00e7isi olarak yeterlilik\n\t\t\t<\/a>\n\t[1] E\u011fitmenler, pedagoji ve \u00e7e\u015fitlilik konusunda \u00f6n yeterlili\u011fe sahip, \u00e7ok dillilik teorisi ve uygulamas\u0131nda yetkin ve \u00e7e\u015fitlilik ve \u00e7ok dillilik ba\u011flam\u0131nda deneyim sahibi profesyonellerdir.<\/p>\n\t<p><strong>Bir merkez olarak pedagoji uzmanlar\u0131<\/strong><\/p>\n<p>E\u011fitim profesyonellerinin g\u00f6revleri her zamankinden daha karma\u015f\u0131k ve \u00e7e\u015fitlidir. \u00c7ocuk bak\u0131m\u0131, e\u011fitimi ve b\u00fct\u00fcnsel deste\u011fe ek olarak, ya\u015fam d\u00fcnyalar\u0131n\u0131 ve \u00e7e\u015fitlili\u011fi alg\u0131lama ve anlama becerisine ve kapsay\u0131c\u0131l\u0131\u011f\u0131 te\u015fvik etmeye y\u00f6nelik artan bir ihtiya\u00e7 vard\u0131r. Ebeveynler\/aileler ve bak\u0131c\u0131larla e\u011fitim ortakl\u0131klar\u0131 kurmak, ge\u00e7i\u015fleri desteklemek, kurumlar ve ekipler geli\u015ftirmek ve a\u011flarda i\u015fbirli\u011fi yapmak da ayn\u0131 derecede \u00f6nemlidir.<a href=\"https:\/\/www.griffbereit-rucksack.de\/tr\/zielgruppen-griffbereit\/#_ftn1\">[1]<\/a>.<\/p>\n<p>E\u011fitimcilerin deste\u011fe ihtiya\u00e7 duyabilece\u011fi zorlu s\u00fcre\u00e7ler - \u00e7ocuklar\u0131n (\u00e7ok dilli) g\u00fcnl\u00fck entegre e\u011fitiminde oldu\u011fu gibi.<\/p>\n<p><strong>\u0130\u015fte tam da bu noktada <em>griffbereitMINI<\/em>-Tek tarafl\u0131l\u0131\u011fa ve d\u0131\u015flamaya aktif olarak kar\u015f\u0131 koyan, \u00e7e\u015fitlilik bilincine sahip e\u011fitim ve yeti\u015ftirme ilkeleri.<\/strong><\/p>\n<p>\u0130le \u00e7al\u0131\u015fma <em>griffbereitMINI<\/em> genel olarak (e\u011fitim) kurumlar\u0131na ve \u00f6zel olarak da e\u011fitim uzmanlar\u0131na b\u00fcy\u00fck bir f\u0131rsat sunmaktad\u0131r. Gerekti\u011finde program koordinat\u00f6rleri taraf\u0131ndan bilgilendirilir ve e\u015flik edilirler ve ebeveyn rehberlerinin yan\u0131 s\u0131ra program koordinat\u00f6r\u00fc veya e\u011fitmenle de s\u00fcrekli g\u00f6r\u00fc\u015f al\u0131\u015fveri\u015finde bulunurlar.<\/p>\n<p><strong>\u00c7arpan olarak e\u011fitim kurumlar\u0131<\/strong><\/p>\n<p><em>griffbereitMINI<\/em> e\u011fitim kurumlar\u0131nda ger\u00e7ekle\u015ftirilen bir programd\u0131r. Bu, \u00e7e\u015fitlilik ve \u00e7ok dillilik a\u00e7\u0131s\u0131ndan a\u00e7\u0131lmalar\u0131n\u0131 sa\u011flad\u0131\u011f\u0131 i\u00e7in b\u00fcy\u00fck bir f\u0131rsatt\u0131r.<\/p>\n<p><strong>Bu a\u00e7\u0131kl\u0131k, e\u011fitim kurumunun kendisinde, b\u00f6lgede ve hatta il veya il\u00e7ede b\u00fcy\u00fck de\u011fi\u015fiklikler yaratabilecek s\u00fcre\u00e7leri tetikleyebilir.<\/strong><\/p>\n<p><a href=\"https:\/\/www.griffbereit-rucksack.de\/tr\/zielgruppen-griffbereit\/#_ftnref1\">[1]<\/a> Cf. L\u00e4nder\u00fcbergreifender Lehrplan Erzieher\/Erzieherin:<\/p>\n<p><a href=\"http:\/\/www.berufsbildung.nrw.de\/cms\/upload\/fs\/download\/sozial\/laenderuebergr-lp-erzieher.pdf\">http:\/\/www.berufsbildung.nrw.de\/cms\/upload\/fs\/download\/sozial\/laenderuebergr-lp-erzieher.pdf<\/a> (30.07.2019 tarihi itibar\u0131yla).<\/p>","protected":false},"excerpt":{"rendered":"<div class=\"entry-summary\">\n<div class=\"entry-summary\">\nEbeveynler\/aileler, g\u00fc\u00e7l\u00fc y\u00f6nlerine y\u00f6nelik olarak k\u00f6ken dil(ler)inin\/aile dil(ler)inin desteklenmesinde uzman olarak ele al\u0131n\u0131r.\n<\/div>\n<div class=\"link-more\"><a href=\"https:\/\/www.griffbereit-rucksack.de\/tr\/zielgruppen-griffbereitmini\/\" class=\"more-link\">Okumaya devam edin<span class=\"screen-reader-text\"> \"Hedef gruplar griffbereitMINI\"<\/span>...<\/a><\/div>\n<\/div>\n<div class=\"link-more\"><a href=\"https:\/\/www.griffbereit-rucksack.de\/tr\/zielgruppen-griffbereitmini\/\" class=\"more-link\">Okumaya devam edin<span class=\"screen-reader-text\"> \"Hedef gruplar griffbereitMINI\"<\/span>...<\/a><\/div>","protected":false},"author":1,"featured_media":0,"parent":0,"menu_order":0,"comment_status":"closed","ping_status":"closed","template":"","meta":{"_acf_changed":false,"footnotes":""},"class_list":["post-12368","page","type-page","status-publish","hentry","entry"],"acf":[],"_links":{"self":[{"href":"https:\/\/www.griffbereit-rucksack.de\/tr\/wp-json\/wp\/v2\/pages\/12368","targetHints":{"allow":["GET"]}}],"collection":[{"href":"https:\/\/www.griffbereit-rucksack.de\/tr\/wp-json\/wp\/v2\/pages"}],"about":[{"href":"https:\/\/www.griffbereit-rucksack.de\/tr\/wp-json\/wp\/v2\/types\/page"}],"author":[{"embeddable":true,"href":"https:\/\/www.griffbereit-rucksack.de\/tr\/wp-json\/wp\/v2\/users\/1"}],"replies":[{"embeddable":true,"href":"https:\/\/www.griffbereit-rucksack.de\/tr\/wp-json\/wp\/v2\/comments?post=12368"}],"version-history":[{"count":0,"href":"https:\/\/www.griffbereit-rucksack.de\/tr\/wp-json\/wp\/v2\/pages\/12368\/revisions"}],"wp:attachment":[{"href":"https:\/\/www.griffbereit-rucksack.de\/tr\/wp-json\/wp\/v2\/media?parent=12368"}],"curies":[{"name":"wp","href":"https:\/\/api.w.org\/{rel}","templated":true}]}}