{"id":12367,"date":"2023-05-03T12:09:49","date_gmt":"2023-05-03T10:09:49","guid":{"rendered":"https:\/\/www.griffbereit-rucksack.de\/?page_id=12367"},"modified":"2023-05-11T09:22:55","modified_gmt":"2023-05-11T07:22:55","slug":"ablauf-griffbereitmini","status":"publish","type":"page","link":"https:\/\/www.griffbereit-rucksack.de\/tr\/ablauf-griffbereitmini\/","title":{"rendered":"Prosed\u00fcr griffbereitMINI"},"content":{"rendered":"<h2>\n\t\tgriffbereitMINI nas\u0131l \u00e7al\u0131\u015f\u0131r?\n\t<\/h2>\n\t<p>*Ebeveynler, \u00e7ocuklar\u0131n\u0131n ya\u015famlar\u0131n\u0131n ilk y\u0131l\u0131n\u0131n tamamlanmas\u0131na kadar bu<strong> Haftada 1 kez (aileler aras\u0131nda ihtiya\u00e7 olmas\u0131 halinde daha s\u0131k da ger\u00e7ekle\u015ftirilebilir) <\/strong>bir <em>griffbereitMINI<\/em>-Grup. Program \u00f6rne\u011fin kre\u015flerde, aile merkezlerinde, di\u011fer e\u011fitim kurumlar\u0131nda ve hamilelik dan\u0131\u015fma merkezleri, ebe muayenehaneleri gibi aileler i\u00e7in temas noktalar\u0131 olan yerlerde sunulmaktad\u0131r.<\/p>\n<p><img decoding=\"async\" src=\"https:\/\/www.griffbereit-rucksack.de\/wp-content\/uploads\/2023\/05\/griffbereitMINI-Foto-II-744x456.png\" alt=\"\" width=\"744\" height=\"456\" \/><\/p>\n\t<p><strong>\u0130\u00e7in karakteristik <em>griffbereitMINI<\/em>-gruplar:<\/strong><\/p>\n<ul>\n<li>Ebeveyn-\u00e7ocuk etkile\u015fimi (oyun, \u015fark\u0131 vb.) \u00f6zel nitelikli grup kolayla\u015ft\u0131r\u0131c\u0131lar\u0131 taraf\u0131ndan y\u00f6netilir.<\/li>\n<li>\u0130\u00e7inde <em>griffbereitMINI<\/em>-Bir grupta her zaman iki veya daha fazla dil konu\u015fulur: Almanca VE kat\u0131l\u0131mc\u0131lar\u0131n aile dili\/dilleri.<\/li>\n<\/ul>\n<p>G\u00fcnl\u00fck malzemeler, dil geli\u015fiminin e\u011flenceli bir \u015fekilde ger\u00e7ekle\u015fti\u011fi oyunu te\u015fvik etmek i\u00e7in kullan\u0131l\u0131r. *Ebeveynler \u00e7ocuklar\u0131na hangi durumlarda dille e\u015flik edebileceklerini, \u00e7ocuklar\u0131n\u0131n ileti\u015fim i\u00e7in onlara hangi sinyalleri verdi\u011fini vb. \u00f6\u011frenirler. Bu onlara g\u00fcnl\u00fck ya\u015famda benimseyebilecekleri ya\u015fa ve geli\u015fime uygun \u00f6neriler verir. Bu \u015fekilde, g\u00fcnl\u00fck hayata dahil edebilecekleri ya\u015fa ve geli\u015fime uygun \u00f6neriler al\u0131rlar. Ayr\u0131ca, *ebeveynler kendilerini harekete ge\u00e7iren t\u00fcm konular\u0131 g\u00fcven ortam\u0131nda konu\u015fabilirler.<\/p>","protected":false},"excerpt":{"rendered":"<div class=\"entry-summary\">\n<div class=\"entry-summary\">\ngriffbereitMINI nas\u0131l \u00e7al\u0131\u015f\u0131r? *Ebeveynler \u00e7ocuklar\u0131 bir ya\u015f\u0131na gelene kadar griffbereitMINI'ye kat\u0131l\u0131rlar.\n<\/div>\n<div class=\"link-more\"><a href=\"https:\/\/www.griffbereit-rucksack.de\/tr\/ablauf-griffbereitmini\/\" class=\"more-link\">Okumaya devam edin<span class=\"screen-reader-text\"> \"Prosed\u00fcr griffbereitMINI\"<\/span>...<\/a><\/div>\n<\/div>\n<div class=\"link-more\"><a href=\"https:\/\/www.griffbereit-rucksack.de\/tr\/ablauf-griffbereitmini\/\" class=\"more-link\">Okumaya devam edin<span class=\"screen-reader-text\"> \"Prosed\u00fcr griffbereitMINI\"<\/span>...<\/a><\/div>","protected":false},"author":1,"featured_media":0,"parent":0,"menu_order":0,"comment_status":"closed","ping_status":"closed","template":"","meta":{"_acf_changed":false,"footnotes":""},"class_list":["post-12367","page","type-page","status-publish","hentry","entry"],"acf":[],"_links":{"self":[{"href":"https:\/\/www.griffbereit-rucksack.de\/tr\/wp-json\/wp\/v2\/pages\/12367","targetHints":{"allow":["GET"]}}],"collection":[{"href":"https:\/\/www.griffbereit-rucksack.de\/tr\/wp-json\/wp\/v2\/pages"}],"about":[{"href":"https:\/\/www.griffbereit-rucksack.de\/tr\/wp-json\/wp\/v2\/types\/page"}],"author":[{"embeddable":true,"href":"https:\/\/www.griffbereit-rucksack.de\/tr\/wp-json\/wp\/v2\/users\/1"}],"replies":[{"embeddable":true,"href":"https:\/\/www.griffbereit-rucksack.de\/tr\/wp-json\/wp\/v2\/comments?post=12367"}],"version-history":[{"count":0,"href":"https:\/\/www.griffbereit-rucksack.de\/tr\/wp-json\/wp\/v2\/pages\/12367\/revisions"}],"wp:attachment":[{"href":"https:\/\/www.griffbereit-rucksack.de\/tr\/wp-json\/wp\/v2\/media?parent=12367"}],"curies":[{"name":"wp","href":"https:\/\/api.w.org\/{rel}","templated":true}]}}