{"id":12366,"date":"2023-05-03T12:10:14","date_gmt":"2023-05-03T10:10:14","guid":{"rendered":"https:\/\/www.griffbereit-rucksack.de\/?page_id=12366"},"modified":"2023-05-10T20:25:40","modified_gmt":"2023-05-10T18:25:40","slug":"angebot-griffbereitmini","status":"publish","type":"page","link":"https:\/\/www.griffbereit-rucksack.de\/tr\/angebot-griffbereitmini\/","title":{"rendered":"Teklif griffbereitMINI"},"content":{"rendered":"<h2>\n\t\tgriffbereitMINI ne i\u015fe yarar?\n\t<\/h2>\n\t<p><em>griffbereitMINI<\/em> Erken \u00e7ocukluk geli\u015fimini ve \u00f6zellikle dil geli\u015fimini, *ebeveynler\/*aileler ile birlikte aile dillerinde ve Almanca olarak birlikte oynamak ve \u015fark\u0131 s\u00f6ylemek gibi y\u00fcr\u00fcmeye ba\u015flayan \u00e7ocuk dostu etkinlikler yoluyla te\u015fvik eder. Bu, dil becerilerinin kazan\u0131lmas\u0131 i\u00e7in \u00f6nemli bir temel olu\u015fturur.<\/p>\n<p><strong>Bunu yaparken, program ebeveynleri\/aileleri, birinci dildeki rol modelleri olduklar\u0131 ve g\u00fcnl\u00fck ya\u015famda \u00e7ocuklar\u0131yla en yak\u0131n ili\u015fkiye sahip olduklar\u0131 i\u00e7in akt\u00f6rlerin kendileri olmalar\u0131 i\u00e7in g\u00fc\u00e7lendirir.<\/strong><\/p>\n\t<p>S\u00f6zde <em>griffbereitMINI<\/em>-Bu gruplarda, \u00e7ocuklar\u0131n\u0131n genel ve dilsel geli\u015fimini nas\u0131l g\u00fc\u00e7lendireceklerini \u00f6\u011frenirler. E\u011fitimli, \u00e7o\u011funlukla \u00e7ok dilli ebeveyn rehberleri ve\/veya pedagoji uzmanlar\u0131 taraf\u0131ndan desteklenirler.<\/p>\n<p>G\u00f6\u00e7men k\u00f6kenli olan ve olmayan k\u00fc\u00e7\u00fck \u00e7ocuklar, ya\u015famlar\u0131n\u0131n ilk y\u0131l\u0131nda Almanca ve di\u011fer dillerle \u00e7ok erken ya\u015fta temas kurarlar. Bu nedenle teklifler <em>griffbereitMINI<\/em> olas\u0131l\u0131\u011f\u0131 <a href=\"https:\/\/www.griffbereit-rucksack.de\/tr\/mehrsprachigkeit\/\"><strong>\u00c7ocuklar\u0131n potansiyeli olarak \u00e7ok dillilik<\/strong><\/a> almak i\u00e7in.<\/p>","protected":false},"excerpt":{"rendered":"<div class=\"entry-summary\">\n<div class=\"entry-summary\">\ngriffbereitMINI ne yapar? griffbereitMINI, erken \u00e7ocukluk geli\u015fimini ve \u00f6zellikle de dil geli\u015fimini yeni y\u00fcr\u00fcmeye ba\u015flayan \u00e7ocuklara y\u00f6nelik aktiviteler yoluyla desteklemektedir...\n<\/div>\n<div class=\"link-more\"><a href=\"https:\/\/www.griffbereit-rucksack.de\/tr\/angebot-griffbereitmini\/\" class=\"more-link\">Okumaya devam edin<span class=\"screen-reader-text\"> \"Teklif griffbereitMINI\"<\/span>...<\/a><\/div>\n<\/div>\n<div class=\"link-more\"><a href=\"https:\/\/www.griffbereit-rucksack.de\/tr\/angebot-griffbereitmini\/\" class=\"more-link\">Okumaya devam edin<span class=\"screen-reader-text\"> \"Teklif griffbereitMINI\"<\/span>...<\/a><\/div>","protected":false},"author":1,"featured_media":0,"parent":0,"menu_order":0,"comment_status":"closed","ping_status":"closed","template":"","meta":{"_acf_changed":false,"footnotes":""},"class_list":["post-12366","page","type-page","status-publish","hentry","entry"],"acf":[],"_links":{"self":[{"href":"https:\/\/www.griffbereit-rucksack.de\/tr\/wp-json\/wp\/v2\/pages\/12366","targetHints":{"allow":["GET"]}}],"collection":[{"href":"https:\/\/www.griffbereit-rucksack.de\/tr\/wp-json\/wp\/v2\/pages"}],"about":[{"href":"https:\/\/www.griffbereit-rucksack.de\/tr\/wp-json\/wp\/v2\/types\/page"}],"author":[{"embeddable":true,"href":"https:\/\/www.griffbereit-rucksack.de\/tr\/wp-json\/wp\/v2\/users\/1"}],"replies":[{"embeddable":true,"href":"https:\/\/www.griffbereit-rucksack.de\/tr\/wp-json\/wp\/v2\/comments?post=12366"}],"version-history":[{"count":0,"href":"https:\/\/www.griffbereit-rucksack.de\/tr\/wp-json\/wp\/v2\/pages\/12366\/revisions"}],"wp:attachment":[{"href":"https:\/\/www.griffbereit-rucksack.de\/tr\/wp-json\/wp\/v2\/media?parent=12366"}],"curies":[{"name":"wp","href":"https:\/\/api.w.org\/{rel}","templated":true}]}}