{"id":12968,"date":"2023-11-01T19:38:59","date_gmt":"2023-11-01T18:38:59","guid":{"rendered":"https:\/\/www.griffbereit-rucksack.de\/?page_id=12968"},"modified":"2023-11-25T11:14:31","modified_gmt":"2023-11-25T10:14:31","slug":"eb-konferenz-fachforen-vor-ort","status":"publish","type":"page","link":"https:\/\/www.griffbereit-rucksack.de\/it\/eb-konferenz-fachforen-vor-ort\/","title":{"rendered":"Conferenza con il consulente per i genitori - forum specializzati in loco"},"content":{"rendered":"<h1><strong>\u00a0<\/strong><\/h1>\n<p>Con la conferenza nazionale dei genitori mentori, desideriamo onorare il suo lavoro come genitore mentore e darle l'opportunit\u00e0 di informarsi sugli sviluppi e i temi attuali e di discutere gli approcci in vari forum specializzati. La conferenza offrir\u00e0 anche l'opportunit\u00e0 di scambiare informazioni sui programmi e sui loro approcci di lavoro, nonch\u00e9 di fare rete.<\/p>\n<p>&nbsp;<\/p>\n<p>\u00a0<\/p>\n<p>&nbsp;<\/p>\n\t<h3><strong>04.12.23<\/strong><\/h3>\n<h4><a href=\"https:\/\/chorforum-essen.de\/index.php\/location.html\">ChorForum Essen<\/a><\/h4>\n\t<h3><strong>08:45 &#8211; 16:45<\/strong><\/h3>\n\t<h3><strong>SUL SITO<\/strong><\/h3>\n<h2>\n\t\tPROGRAMMA IN LOCO\n\t<\/h2>\n\t<table>\n<tbody>\n<tr>\n<td width=\"92\">08:45.<\/td>\n<td width=\"444\"><strong>Registrazione e stand-up caf\u00e9<\/strong><\/td>\n<\/tr>\n<tr>\n<td width=\"92\">09:45.<\/td>\n<td width=\"444\">Apertura\n<p><strong>Saluto Muchtar Al Ghusain<\/strong>Capo del Dipartimento per i Giovani, l'Educazione e la Cultura della Citt\u00e0 di Essen<\/p>\n<strong>Saluto del Ministro Josefine Paul<\/strong>Ministero per i Bambini, i Giovani, la Famiglia, l'Uguaglianza, i Rifugiati e l'Integrazione dello Stato del Nord Reno-Westfalia (MKJFGFI)<\/td>\n<\/tr>\n<tr>\n<td width=\"92\">10:30.<\/td>\n<td width=\"444\"><strong>Keynote: Educazione al plurilinguismo nei Paesi Bassi. <\/strong><strong>La societ\u00e0 della migrazione<\/strong> (Sprachpolitik in Familien und Kitas)\nProf. Dr. Julie A. Panagiotopoulou, Universit\u00e4t zu K\u00f6ln<\/td>\n<\/tr>\n<tr>\n<td width=\"92\">12:00<\/td>\n<td width=\"444\"><strong>Presentazione del nuovo film griffbereitMINI<\/strong><\/td>\n<\/tr>\n<tr>\n<td width=\"92\">12:30<\/td>\n<td width=\"444\"><strong>Pausa pranzo <\/strong>e il tempo per lo scambio<\/td>\n<\/tr>\n<tr>\n<td width=\"92\">14.00<\/td>\n<td width=\"444\"><strong>Forum specializzati<\/strong><\/td>\n<\/tr>\n<tr>\n<td width=\"92\">16:00<\/td>\n<td width=\"444\"><strong>Pausa caff\u00e8<\/strong><\/td>\n<\/tr>\n<tr>\n<td width=\"92\">16:15<\/td>\n<td width=\"444\"><strong>Poesia Slam <\/strong>con Ella Elia Anschein\n<strong>Addio <\/strong>dal MKJFGFI<\/td>\n<\/tr>\n<tr>\n<td width=\"92\">16:45<\/td>\n<td width=\"444\"><strong>Fine dell'evento<\/strong><\/td>\n<\/tr>\n<\/tbody>\n<\/table>\n<h2>\n\t\tFORUM SPECIALIZZATI SUL SITO\n\t<\/h2>\n<div class=\"wm-tabs clearfix layout-top\" data-active=\"1\"><ul class=\"wm-tab-links wm-tab-count-6\"><li class=\"wm-tab-items-fachforum1_666\"><a href=\"#fachforum1_666\" data-tab=\"#fachforum1_666\">forum di esperti 1<\/a><\/li><li class=\"wm-tab-items-fachforum2_905\"><a href=\"#fachforum2_905\" data-tab=\"#fachforum2_905\">forum di esperti 2<\/a><\/li><li class=\"wm-tab-items-fachforum3_777\"><a href=\"#fachforum3_777\" data-tab=\"#fachforum3_777\">forum di esperti 3<\/a><\/li><li class=\"wm-tab-items-fachforum4_415\"><a href=\"#fachforum4_415\" data-tab=\"#fachforum4_415\">forum di esperti 4<\/a><\/li><li class=\"wm-tab-items-fachforum5_573\"><a href=\"#fachforum5_573\" data-tab=\"#fachforum5_573\">forum di esperti 5<\/a><\/li><li class=\"wm-tab-items-Fachforum6_404\"><a href=\"#Fachforum6_404\" data-tab=\"#Fachforum6_404\">Forum specialistico 6<\/a><\/li><\/ul><div class=\"wm-tabs-items\">\r\n<div class=\"wm-item wm-item-wrap fachforum1_666\" id=\"fachforum1_666\" data-title=\"fachforum1_666&&fachforum 1\"><h3 class=\"screen-reader-text wm-item-title\">forum di esperti 1<\/h3><p>Titolo: <strong>Empowerment: pi\u00f9 di un semplice incontro all'altezza degli occhi<\/strong><br \/>Relatore: <strong>Dott.ssa Carmen Yong-Ae Wienand<\/strong>Universit\u00e0 Goethe di Francoforte sul Meno<strong>Relatore:<\/strong> La dottoressa Carmen Yong-Ae Wienand \u00e8 una ricercatrice nel campo dell'infanzia e dell'educazione. Attualmente lavora come educatrice e relatrice freelance nel campo dell'infanzia nella societ\u00e0 della migrazione. Da settembre 2021 a maggio 2022, ha lavorato nel team di trasferimento federale Griffbereit e Rucksack KiTa in coordinamento (in congedo parentale).<strong>Breve descrizione: <\/strong>Dopo un'introduzione sulle relazioni di potere nella prima infanzia, saranno discussi i concetti di empowerment e saranno presentate possibilit\u00e0 concrete di attuazione pratica.<\/p>\n<\/div>\r\n\r\n<div class=\"wm-item wm-item-wrap fachforum2_905\" id=\"fachforum2_905\" data-title=\"fachforum2_905&&fachforum 2\"><h3 class=\"screen-reader-text wm-item-title\">forum di esperti 2<\/h3><p>Titolo: <strong>Sostenere e accompagnare le transizioni nella prima infanzia<\/strong><br \/>Relatori: <strong>Sarah Gousis<\/strong>FH-Niederrhein e<strong> Ellen Brings<\/strong>ZfTI<strong><br \/><\/strong><strong>Relatori: <\/strong>Sarah Gousis absolvierte 2016 ihr Masterstudium im Bereich Soziale Arbeit an der Universit\u00e4t Duisburg-Essen. Sie arbeitete 2020 bis 2022 als wissenschaftliche Mitarbeiterin am Fachbereich Sozialwesen der Hochschule Niederrhein u.a. im Modellprojekt \u201eSo fr\u00fch wie m\u00f6glich &#8211; Bildungsbande kn\u00fcpfen&#8220;. Seit 2020 promoviert sie bei Prof. Dr. Donja Amirpur zum Thema \u201eEmpowerment und Powersharing in der (sozial-)p\u00e4dagogischen Arbeit mit migrantisierten Familien am \u00dcbergang ins (fr\u00fche) Bildungssystem&#8220; (Arbeitstitel).Ellen Brings ist verantwortlich f\u00fcr den Bereich Materialentwicklung innerhalb des Bundestransfers f\u00fcr die Programme griffbereitMINI, Griffbereit und Rucksack KiTa.<strong>Breve descrizione:<\/strong> Come pu\u00f2 avvenire con successo la transizione dalla famiglia alle istituzioni scolastiche? Come pu\u00f2 la guida dei genitori sostenere questo processo? L'obiettivo \u00e8 creare uno spazio di riflessione comune.<\/p>\n<\/div>\r\n\r\n<div class=\"wm-item wm-item-wrap fachforum3_777\" id=\"fachforum3_777\" data-title=\"fachforum3_777&&fachforum 3\"><h3 class=\"screen-reader-text wm-item-title\">forum di esperti 3<\/h3><p>Titolo: <strong>Il sostegno dei genitori come ingresso nelle professioni sociali ed educative <\/strong><strong>Breve introduzione dei relatori:<\/strong> Stephanie Schmidt, consulente nell'area delle buone biografie occupazionali presso la Direzione Regionale NRW, Inna Michailov, consulente per i genitori presso KI M\u00e4rkischer Kreis, Hannah Farhan-Dorn, MKJFGFI, e Miriam Weilbrenner, MKJFGFI<strong>Breve descrizione:<\/strong> Oltre alle prospettive di carriera, vengono presentate anche le informazioni e le opportunit\u00e0 di finanziamento per un'ulteriore qualificazione, con esempi pratici. Il sondaggio sui consulenti genitori 2022\/2023 funge da base.<strong>Il forum specialistico \u00e8 purtroppo al completo. La preghiamo di selezionare un'alternativa.<\/strong><\/p>\n<\/div>\r\n\r\n<div class=\"wm-item wm-item-wrap fachforum4_415\" id=\"fachforum4_415\" data-title=\"fachforum4_415&&fachforum 4\"><h3 class=\"screen-reader-text wm-item-title\">forum di esperti 4<\/h3><p>Titolo \"<strong>Il translinguismo nelle famiglie e negli asili nido: l'educazione al multilinguismo dal punto di vista dei professionisti dell'istruzione e dei genitori<\/strong>&#8222;<br \/>Relatore: <strong>Maria J. Hammel<\/strong>Universit\u00e0 di Colonia<strong>Relatore:<\/strong> Maria J. Hammel \u00e8 assistente di ricerca e dottoranda con Julie A. Panagiotopoulou presso la Cattedra di Scienze dell'Educazione con specializzazione in Educazione e Sviluppo nella Prima Infanzia dell'Universit\u00e0 di Colonia. Nel suo progetto di dottorato, sta lavorando alla ricostruzione delle prospettive dei professionisti della pedagogia sul multilinguismo e sul translanguaging come pedagogia, nell'ambito del progetto etnografico di ricerca e formazione TranslaPed (Translanguaging Pedagogy in multilingual daycare centres and schools in NRW).<strong>Breve descrizione: <\/strong>Cosa pensano i professionisti dell'educazione e i genitori della pedagogia del translanguaging e dell'educazione multilingue? Nell'ambito di un progetto di ricerca e formazione, l'Universit\u00e0 di Colonia ha condotto molte interviste e analizzato esempi pratici per fare luce sulle opinioni dei professionisti dell'educazione e dei genitori.<\/p>\n<\/div>\r\n\r\n<div class=\"wm-item wm-item-wrap fachforum5_573\" id=\"fachforum5_573\" data-title=\"fachforum5_573&&fachforum 5\"><h3 class=\"screen-reader-text wm-item-title\">forum di esperti 5<\/h3><p>Titolo: \"<strong>Bewegte Sprache &#8211; Bewegungsorientierte Sprachbildung f\u00fcr mehrsprachige Kinder<\/strong><br \/>Relatore: <strong>Prof Dr. Nadine Madeira Firmino<\/strong>FH Bielefeld<strong>Relatore:<\/strong> La Prof.ssa Nadine Madeira Firmino \u00e8 docente del programma di Educazione infantile presso l'Universit\u00e0 di Scienze Applicate di Bielefeld. Il suo lavoro e la sua ricerca si concentrano sulle aree del movimento e del linguaggio, del multilinguismo, dell'educazione linguistica integrata quotidiana e dell'osservazione e documentazione dei processi di sviluppo.<strong>Breve descrizione:<\/strong> Dopo aver presentato le caratteristiche speciali dell'acquisizione multilingue simultanea e successiva, vengono presentati semplici elementi ed esercizi orientati alla pratica, che mostrano come lo sviluppo linguistico possa essere supportato attraverso il movimento nei contesti educativi quotidiani.<\/p>\n<\/div>\r\n\r\n<div class=\"wm-item wm-item-wrap Fachforum6_404\" id=\"Fachforum6_404\" data-title=\"Fachforum6_404&&Fachforum 6\"><h3 class=\"screen-reader-text wm-item-title\">Forum specialistico 6<\/h3><p>Titolo: <b>Rafforzare le lingue insieme!<\/b><br \/>Altoparlante<strong>Prof Dr Timm Albers<\/strong>Universit\u00e0 di Paderborn<strong><br \/><\/strong><strong>Relatore:<\/strong> Il Prof Dr Timm Albers \u00e8 uno scienziato dell'educazione e ricercatore educativo tedesco. Dal 2014 dirige il gruppo di lavoro sull'Educazione Inclusiva presso l'Universit\u00e0 di Paderborn.<strong>Breve descrizione:<\/strong> L'educazione linguistica funziona meglio quando le famiglie e le istituzioni educative lavorano insieme. I genitori mentori svolgono un ruolo importante in questo senso, in quanto facilitano l'accesso agli asili nido, alle istituzioni educative e di consulenza e allo stesso tempo contribuiscono alla loro apertura alla comunit\u00e0 migrante.<strong>\u00a0<\/strong><\/p>\n<\/div>\r\n<\/div><\/div><h2>\n\t\tLA PREGHIAMO DI SELEZIONARE UN FORUM SPECIALISTICO OLTRE A REGISTRARSI AL PROGRAMMA DELLA GIORNATA:\n\t<\/h2>\n<h3>\n\t\tFORUM SPECIALISTICO 1\n\t<\/h3>\n\t<p>Empowerment: pi\u00f9 di un semplice incontro all'altezza degli occhi<\/p>\n\t\t\t<a href=\"https:\/\/www.griffbereit-rucksack.de\/it\/events\/empowerment-mehr-als-nur-begegnung-auf-augenhoehe\/\" target=\"_blank\" role=\"button\" rel=\"noopener\">\n\t\t\t\t\t\t\tALLA REGISTRAZIONE\n\t\t\t\t\t<\/a>\n<h3>\n\t\tFORUM SPECIALISTICO 2\n\t<\/h3>\n\t<p>Sostenere e accompagnare le transizioni nella prima infanzia<\/p>\n\t\t\t<a href=\"https:\/\/www.griffbereit-rucksack.de\/it\/events\/uebergaenge-gestalten\/\" target=\"_blank\" role=\"button\" rel=\"noopener\">\n\t\t\t\t\t\t\tALLA REGISTRAZIONE\n\t\t\t\t\t<\/a>\n<h3>\n\t\tFORUM SPECIALISTICO 3\n\t<\/h3>\n\t<p>Il sostegno dei genitori come ingresso nelle professioni sociali ed educative<\/p>\n<p><strong>Il forum specialistico \u00e8 purtroppo al completo. La preghiamo di selezionare un'alternativa.<\/strong><\/p>\n<h3>\n\t\tFORUM SPECIALISTICO 4\n\t<\/h3>\n\t<p>Il translinguismo nelle famiglie e negli asili nido: l'educazione al multilinguismo dal punto di vista dei professionisti dell'istruzione e dei genitori<\/p>\n\t\t\t<a href=\"https:\/\/www.griffbereit-rucksack.de\/it\/events\/translanguaging-in-familien-und-kitas-erziehung-zur-mehrsprachigkeit-aus-sicht-von-paedagogischen-fachkraeften-und-eltern\/\" target=\"_blank\" role=\"button\" rel=\"noopener\">\n\t\t\t\t\t\t\tALLA REGISTRAZIONE\n\t\t\t\t\t<\/a>\n<h3>\n\t\tFORUM SPECIALISTICO 5\n\t<\/h3>\n\t<p>Bewegte Sprache &#8211; Bewegungsorientierte Sprachbildung f\u00fcr mehrsprachige Kinder<\/p>\n\t\t\t<a href=\"https:\/\/www.griffbereit-rucksack.de\/it\/events\/bewegte-sprache-bewegungsorientierte-sprachbildung-fuer-mehrsprachige-kinder\/\" target=\"_blank\" role=\"button\" rel=\"noopener\">\n\t\t\t\t\t\t\tALLA REGISTRAZIONE\n\t\t\t\t\t<\/a>\n<h3>\n\t\tFORUM SPECIALISTICO 6\n\t<\/h3>\n\t<p>Rafforzare le lingue insieme!<\/p>\n\t\t\t<a href=\"https:\/\/www.griffbereit-rucksack.de\/it\/events\/f6-praesenz-eb-konferenz-sprachen-gemeinsam-staerken\/\" target=\"_blank\" role=\"button\" rel=\"noopener\">\n\t\t\t\t\t\t\tALLA REGISTRAZIONE\n\t\t\t\t\t<\/a>","protected":false},"excerpt":{"rendered":"<div class=\"entry-summary\">\n<div class=\"entry-summary\">\n\u00a0 Con la conferenza nazionale dei genitori mentori, desideriamo onorare il suo lavoro come genitore mentore e darle l'opportunit\u00e0 di...\n<\/div>\n<div class=\"link-more\"><a href=\"https:\/\/www.griffbereit-rucksack.de\/it\/eb-konferenz-fachforen-vor-ort\/\" class=\"more-link\">Continua a leggere<span class=\"screen-reader-text\"> &ldquo;Elternbegleiter*innen-Konferenz &#8211; Fachforen vor Ort&rdquo;<\/span>...<\/a><\/div>\n<\/div>\n<div class=\"link-more\"><a href=\"https:\/\/www.griffbereit-rucksack.de\/it\/eb-konferenz-fachforen-vor-ort\/\" class=\"more-link\">Continua a leggere<span class=\"screen-reader-text\"> &ldquo;Elternbegleiter*innen-Konferenz &#8211; Fachforen vor Ort&rdquo;<\/span>...<\/a><\/div>","protected":false},"author":1,"featured_media":0,"parent":0,"menu_order":0,"comment_status":"closed","ping_status":"closed","template":"","meta":{"_acf_changed":false,"footnotes":""},"class_list":["post-12968","page","type-page","status-publish","hentry","entry"],"acf":[],"_links":{"self":[{"href":"https:\/\/www.griffbereit-rucksack.de\/it\/wp-json\/wp\/v2\/pages\/12968","targetHints":{"allow":["GET"]}}],"collection":[{"href":"https:\/\/www.griffbereit-rucksack.de\/it\/wp-json\/wp\/v2\/pages"}],"about":[{"href":"https:\/\/www.griffbereit-rucksack.de\/it\/wp-json\/wp\/v2\/types\/page"}],"author":[{"embeddable":true,"href":"https:\/\/www.griffbereit-rucksack.de\/it\/wp-json\/wp\/v2\/users\/1"}],"replies":[{"embeddable":true,"href":"https:\/\/www.griffbereit-rucksack.de\/it\/wp-json\/wp\/v2\/comments?post=12968"}],"version-history":[{"count":0,"href":"https:\/\/www.griffbereit-rucksack.de\/it\/wp-json\/wp\/v2\/pages\/12968\/revisions"}],"wp:attachment":[{"href":"https:\/\/www.griffbereit-rucksack.de\/it\/wp-json\/wp\/v2\/media?parent=12968"}],"curies":[{"name":"wp","href":"https:\/\/api.w.org\/{rel}","templated":true}]}}