{"id":13039,"date":"2023-11-05T11:50:01","date_gmt":"2023-11-05T10:50:01","guid":{"rendered":"https:\/\/www.griffbereit-rucksack.de\/?page_id=13039"},"modified":"2023-11-29T16:47:55","modified_gmt":"2023-11-29T15:47:55","slug":"eb-konferenz-fachforen-digital","status":"publish","type":"page","link":"https:\/\/www.griffbereit-rucksack.de\/fr\/eb-konferenz-fachforen-digital\/","title":{"rendered":"Conf\u00e9rence EB - Forums sp\u00e9cialis\u00e9s dans le num\u00e9rique"},"content":{"rendered":"<h1><strong>Conf\u00e9rence EB num\u00e9rique<\/strong><\/h1>\n<p>Avec la conf\u00e9rence nationale des parents accompagnateurs*, nous souhaitons rendre hommage \u00e0 votre travail en tant que parents accompagnateurs* et vous donner l'occasion de vous informer sur les d\u00e9veloppements et les th\u00e8mes actuels et de discuter des approches dans le cadre de diff\u00e9rents forums sp\u00e9cialis\u00e9s. En outre, la conf\u00e9rence doit \u00eatre l'occasion d'\u00e9changer sur les programmes et leurs approches de travail et de cr\u00e9er des liens.<\/p>\n<p>&nbsp;<\/p>\n<p>&nbsp;<\/p>\n<p>&nbsp;<\/p>\n<p>&nbsp;<\/p>\n\t<h3><strong>04.12.23<\/strong><\/h3>\n\t<h3><strong>09:45 &#8211; 16:00 Uhr<br \/>\n<\/strong><\/h3>\n\t<h3><strong>DIGITAL<\/strong><\/h3>\n<h2>\n\t\tHORAIRE NUM\u00c9RIQUE\n\t<\/h2>\n\t<table>\n<tbody>\n<tr>\n<td width=\"92\">09:45 heures<\/td>\n<td width=\"444\">Ouverture\n<p><strong>Mot de bienvenue de Muchtar Al Ghusain<\/strong>Directeur de la jeunesse, de l'\u00e9ducation et de la culture de la ville d'Essen.<\/p>\n<strong>Mot de bienvenue de la ministre Josefine Paul<\/strong>Minist\u00e8re de l'enfance, de la jeunesse, de la famille, de l'\u00e9galit\u00e9, de la fuite et de l'int\u00e9gration du Land de Rh\u00e9nanie-du-Nord-Westphalie (MKJFGFI)<\/td>\n<\/tr>\n<tr>\n<td width=\"92\">10:30 heures<\/td>\n<td width=\"444\"><strong>Keynote : L'\u00e9ducation au multilinguisme dans l'enseignement sup\u00e9rieur <\/strong><strong>Soci\u00e9t\u00e9 de l'immigration<\/strong> (Sprachpolitik in Familien und Kitas)\nProf. Dr. Julie A. Panagiotopoulou, Universit\u00e4t zu K\u00f6ln<\/td>\n<\/tr>\n<tr>\n<td width=\"92\">12:00 heures<\/td>\n<td width=\"444\"><strong>Pr\u00e9sentation du nouveau film griffbereitMINI<\/strong><\/td>\n<\/tr>\n<tr>\n<td width=\"92\">12:30 heures<\/td>\n<td width=\"444\"><strong>Pause d\u00e9jeuner<\/strong><\/td>\n<\/tr>\n<tr>\n<td width=\"92\">14h00<\/td>\n<td width=\"444\"><strong>Forums sp\u00e9cialis\u00e9s<\/strong><\/td>\n<\/tr>\n<tr>\n<td width=\"92\">16:00 heures<\/td>\n<td width=\"444\"><strong>Fin de l'\u00e9v\u00e9nement<\/strong><\/td>\n<\/tr>\n<\/tbody>\n<\/table>\n<h2>\n\t\tFORUMS PROFESSIONNELS SUR LE NUM\u00c9RIQUE\n\t<\/h2>\n<div class=\"wm-tabs clearfix layout-top\" data-active=\"1\"><ul class=\"wm-tab-links wm-tab-count-5\"><li class=\"wm-tab-items-fachforum1_642\"><a href=\"#fachforum1_642\" data-tab=\"#fachforum1_642\">forum professionnel 1<\/a><\/li><li class=\"wm-tab-items-fachforum2_453\"><a href=\"#fachforum2_453\" data-tab=\"#fachforum2_453\">forum professionnel 2<\/a><\/li><li class=\"wm-tab-items-fachforum3_263\"><a href=\"#fachforum3_263\" data-tab=\"#fachforum3_263\">forum professionnel 3<\/a><\/li><li class=\"wm-tab-items-fachforum4_324\"><a href=\"#fachforum4_324\" data-tab=\"#fachforum4_324\">forum professionnel 4<\/a><\/li><li class=\"wm-tab-items-fachforum5_572\"><a href=\"#fachforum5_572\" data-tab=\"#fachforum5_572\">forum professionnel 5<\/a><\/li><\/ul><div class=\"wm-tabs-items\">\r\n<div class=\"wm-item wm-item-wrap fachforum1_642\" id=\"fachforum1_642\" data-title=\"fachforum1_642&&fachforum 1\"><h3 class=\"screen-reader-text wm-item-title\">forum professionnel 1<\/h3><p>Titre : <strong>App geht`s?! &#8211; Digitale Medien in der Elternbegleitung nutzen!<\/strong><br \/>Conf\u00e9rencier : <strong>Johannes Wenzel<\/strong>, charg\u00e9 des relations avec les m\u00e9dias, M\u00fcnster, Blickwechsel e.V.<strong>Conf\u00e9rencier :<\/strong> Johannes Wentzel travaille depuis plus de 21 ans dans le domaine de l'animation scolaire et extrascolaire pour les enfants et les jeunes et de l'\u00e9ducation des adultes. En collaboration avec des jardins d'enfants, des centres familiaux, des \u00e9coles, des coll\u00e8ges professionnels, des centres de formation familiale, des universit\u00e9s populaires, des universit\u00e9s, des biblioth\u00e8ques, des \u00e9tablissements de formation continue et des institutions municipales, il propose des formations, des ateliers, des r\u00e9unions d'information, des soir\u00e9es de parents et des formations m\u00e9diatiques pour les multiplicateurs, les enseignants, les p\u00e9dagogues, les parents et les \u00e9l\u00e8ves sur le th\u00e8me d'une utilisation responsable et cr\u00e9ative des m\u00e9dias num\u00e9riques.<strong>Br\u00e8ve description :<\/strong> Les accompagnateurs parentaux peuvent \u00e9galement donner de nombreux conseils et impulsions importants sur le th\u00e8me des m\u00e9dias num\u00e9riques et aider les parents \u00e0 utiliser les m\u00e9dias de mani\u00e8re r\u00e9fl\u00e9chie au sein de la famille. Les m\u00e9dias num\u00e9riques doivent \u00eatre utilis\u00e9s avec cr\u00e9ativit\u00e9 et plaisir au sein de la famille et lors de l'accompagnement des parents. Les contenus suivants seront abord\u00e9s :<\/p>\n<ul>\n<li>Dans quels univers m\u00e9diatiques (num\u00e9riques) les familles \u00e9voluent-elles aujourd'hui ?<\/li>\n<li>Mediennutzung und kindliche Entwicklung &#8211; wie passt das zusammen?<\/li>\n<li>Utiliser les exp\u00e9riences m\u00e9diatiques pour parler<\/li>\n<li>Partagez les applications de mani\u00e8re cr\u00e9ative !<\/li>\n<\/ul>\n<p><strong>Le forum professionnel est malheureusement complet. Veuillez choisir une alternative num\u00e9rique.<\/strong><\/p>\n<\/div>\r\n\r\n<div class=\"wm-item wm-item-wrap fachforum2_453\" id=\"fachforum2_453\" data-title=\"fachforum2_453&&fachforum 2\"><h3 class=\"screen-reader-text wm-item-title\">forum professionnel 2<\/h3><p>Titre : <strong>griffbereitMINI &#8211; Ein Familienbildungsprogramm zur Sprachbildung unter Wertsch\u00e4tzung der Mehrsprachigkeit von Anfang an<\/strong><br \/>Conf\u00e9rencier : <strong>Philipp Tillmann, <\/strong>KI Dortmund<strong>Conf\u00e9rencier :<\/strong> M. Tilmann a une formation d'enseignant en \u00e9cole primaire et travaille depuis 2017 au centre d'int\u00e9gration communal de la ville de Dortmund. Il y coordonne le programme d'\u00e9ducation familiale Griffbereit et est l'interlocuteur pour les th\u00e8mes de la formation linguistique et du multilinguisme dans le secteur \u00e9l\u00e9mentaire. Il a \u00e9galement contribu\u00e9 au d\u00e9veloppement du nouveau programme d'\u00e9ducation familiale griffbereitMINI et accompagne actuellement sa mise en \u0153uvre \u00e0 l'\u00e9chelle nationale.<strong>Br\u00e8ve description :<\/strong> griffbereitMINI est le premier programme destin\u00e9 aux familles avec des enfants de moins d'un an qui met l'accent sur l'apprentissage du langage. Il vise \u00e0 sensibiliser les familles \u00e0 l'importance de l'apprentissage du langage d\u00e8s le d\u00e9but et \u00e0 les encourager \u00e0 communiquer autant que possible et de mani\u00e8re vari\u00e9e avec leur enfant d\u00e8s l'\u00e2ge pr\u00e9verbal. Apr\u00e8s avoir pr\u00e9sent\u00e9 le cadre structurel du programme, des exemples de mise en \u0153uvre concr\u00e8te seront donn\u00e9s.<strong>Le forum professionnel est malheureusement complet. Veuillez choisir une alternative num\u00e9rique.<\/strong><\/p>\n<\/div>\r\n\r\n<div class=\"wm-item wm-item-wrap fachforum3_263\" id=\"fachforum3_263\" data-title=\"fachforum3_263&&fachforum 3\"><h3 class=\"screen-reader-text wm-item-title\">forum professionnel 3<\/h3><p>Titre : <strong>La sensibilit\u00e9 \u00e0 la pauvret\u00e9 (des enfants) dans le travail p\u00e9dagogique<\/strong><br \/>Conf\u00e9renci\u00e8re :<strong> Sarah Vazquez<\/strong>, Moderation &#8211; Fortbildung &#8211; Beratung<strong><br \/><\/strong><strong>Conf\u00e9renci\u00e8re :<\/strong> Sarah Vazquez est conf\u00e9renci\u00e8re ind\u00e9pendante, animatrice et accompagnatrice de processus dans le domaine de la p\u00e9dagogie (de la petite enfance) et du travail en r\u00e9seau au niveau communal.<br \/>Elle a \u00e9tudi\u00e9 le travail social, est titulaire d'un dipl\u00f4me d'\u00c9tat d'\u00e9ducatrice, a suivi une formation de conseill\u00e8re orient\u00e9e vers les solutions et \u00e9tudie actuellement le conseil syst\u00e9mique.<br \/>Ses domaines d'expertise comprennent la sensibilit\u00e9 \u00e0 la pauvret\u00e9 des enfants, le (co)travail num\u00e9rique, le d\u00e9veloppement des \u00e9quipes et des organisations et le f\u00e9minisme.<strong>Br\u00e8ve description : <\/strong>Outre les connaissances et les comp\u00e9tences, une attitude sensible \u00e0 la pauvret\u00e9 et un professionnalisme autor\u00e9flexif sont des \u00e9l\u00e9ments importants de l'action sensible \u00e0 la pauvret\u00e9. Pour d\u00e9velopper ou renforcer cette attitude, il est n\u00e9cessaire de proc\u00e9der \u00e0 des \u00e9changes et \u00e0 des r\u00e9flexions.<\/p>\n<\/div>\r\n\r\n<div class=\"wm-item wm-item-wrap fachforum4_324\" id=\"fachforum4_324\" data-title=\"fachforum4_324&&fachforum 4\"><h3 class=\"screen-reader-text wm-item-title\">forum professionnel 4<\/h3><p>Titre : <strong>Le multilinguisme dans l'interaction entre pairs<\/strong><br \/>Conf\u00e9renci\u00e8re : <strong>Dr. Claudia Seele, <\/strong>Centre de multilinguisme, LaKo Mecklembourg-Pom\u00e9ranie occidentale<strong>Conf\u00e9renci\u00e8re :<\/strong> Dr. Claudia Seele &#8211; Erziehungswissenschaftlerin und Leiterin der Fachstelle Mehrsprachigkeit MV, ein Projekt der RAA &#8211; Demokratie und Bildung Mecklenburg-Vorpommern e. V.<strong>Br\u00e8ve description :\u00a0<\/strong>Comment une perception positive du multilinguisme peut-elle contribuer \u00e0 soutenir les enfants dans leur d\u00e9veloppement linguistique ? Les exemples d'observation dans les cr\u00e8ches illustrent les diff\u00e9rentes mani\u00e8res d'aborder le multilinguisme.<\/p>\n<\/div>\r\n\r\n<div class=\"wm-item wm-item-wrap fachforum5_572\" id=\"fachforum5_572\" data-title=\"fachforum5_572&&fachforum 5\"><h3 class=\"screen-reader-text wm-item-title\">forum professionnel 5<\/h3><p>Titre : <strong>Musique et langage : comment les chansons favorisent le d\u00e9veloppement du langage et le multilinguisme<\/strong><br \/>Conf\u00e9renci\u00e8re : <strong>Hayat Chaoui<\/strong>, Musikwelt NRW<strong>Conf\u00e9renci\u00e8re : <\/strong>Nachdem Hayat Chaoui das Staatsexamen ihres Lehramt-Studiums in den F\u00e4chern Franz\u00f6sisch und Englisch in Mainz ablegte, begann sie ihr Gesangsstudium an der Hochschule f\u00fcr Musik und Tanz in K\u00f6ln. Dieses schloss sie unter anderem mit dem Diplom Gesangsp\u00e4dagogik ab &#8211; nicht fern liegt es da, dass sie auch beruflich das P\u00e4dagogische mit dem Musikalischen verbindet.\u00a0<strong>Br\u00e8ve description :<\/strong> Quelles sont les opportunit\u00e9s offertes aux familles par un lien \u00e0 bas seuil entre la musique et la langue pour se rencontrer au sein d'un espace social multilingue ? L'accent est mis sur l'int\u00e9gration et la valeur ajout\u00e9e des chansons multilingues pour enfants dans la vie quotidienne.<strong>Le forum professionnel est malheureusement complet. Veuillez choisir une alternative num\u00e9rique.<\/strong><\/p>\n<\/div>\r\n<\/div><\/div><h2>\n\t\tEN PLUS DE L'INSCRIPTION AU PROGRAMME DE LA JOURN\u00c9E, VEUILLEZ S\u00c9LECTIONNER UN FORUM SP\u00c9CIALIS\u00c9 :\n\t<\/h2>\n<h3>\n\t\tFORUM D'EXPERTISE 1\n\t<\/h3>\n\t<p>App geht`s?! &#8211; Digitale Medien in der Elternbegleitung nutzen!<\/p>\n<p>Le forum professionnel est malheureusement complet. Veuillez choisir une alternative num\u00e9rique.<\/p>\n<h3>\n\t\tFORUM D'EXPERTISE 2\n\t<\/h3>\n\t<p>griffbereitMINI &#8211; Ein Familienbildungsprogramm zur Sprachbildung unter Wertsch\u00e4tzung der Mehrsprachigkeit von Anfang an<\/p>\n<p>Le forum professionnel est malheureusement complet. Veuillez choisir une alternative.<\/p>\n<h3>\n\t\tFORUM D'EXPERTISE 3\n\t<\/h3>\n\t<p>La sensibilit\u00e9 \u00e0 la pauvret\u00e9 (des enfants) dans le travail p\u00e9dagogique<\/p>\n\t\t\t<a href=\"https:\/\/www.griffbereit-rucksack.de\/fr\/events\/kinder-armutssensibilitaet-in-der-paedagogischen-arbeit\/\" target=\"_blank\" role=\"button\" rel=\"noopener\">\n\t\t\t\t\t\t\tPOUR S'INSCRIRE\n\t\t\t\t\t<\/a>\n<h3>\n\t\tFORUM D'EXPERTISE 4\n\t<\/h3>\n\t<p>Le multilinguisme dans l'interaction entre pairs<\/p>\n\t\t\t<a href=\"https:\/\/www.griffbereit-rucksack.de\/fr\/events\/mehrsprachigkeit-in-der-peer-interaktion-2\/\" target=\"_blank\" role=\"button\" rel=\"noopener\">\n\t\t\t\t\t\t\tPOUR S'INSCRIRE\n\t\t\t\t\t<\/a>\n<h3>\n\t\tFORUM D'EXPERTISE 5\n\t<\/h3>\n\t<p>Musique et langage : comment les chansons favorisent le d\u00e9veloppement du langage et le multilinguisme<\/p>\n<p>Le forum professionnel est malheureusement complet. Veuillez choisir une alternative.<\/p>","protected":false},"excerpt":{"rendered":"<div class=\"entry-summary\">\n<div class=\"entry-summary\">\nDigitale EB-Konferenz Mit der bundesweiten Elternbegleiter*innen-Konferenz m\u00f6chten wir Ihre Arbeit als Elternbegleiter*innen w\u00fcrdigen und Ihnen die M\u00f6glichkeit geben,&hellip;\n<\/div>\n<div class=\"link-more\"><a href=\"https:\/\/www.griffbereit-rucksack.de\/fr\/eb-konferenz-fachforen-digital\/\" class=\"more-link\">Continuer la lecture<span class=\"screen-reader-text\"> &ldquo;EB-Konferenz &#8211; Fachforen Digital&rdquo;<\/span>...<\/a><\/div>\n<\/div>\n<div class=\"link-more\"><a href=\"https:\/\/www.griffbereit-rucksack.de\/fr\/eb-konferenz-fachforen-digital\/\" class=\"more-link\">Continuer la lecture<span class=\"screen-reader-text\"> &ldquo;EB-Konferenz &#8211; Fachforen Digital&rdquo;<\/span>...<\/a><\/div>","protected":false},"author":1,"featured_media":0,"parent":0,"menu_order":0,"comment_status":"closed","ping_status":"closed","template":"","meta":{"_acf_changed":false,"footnotes":""},"class_list":["post-13039","page","type-page","status-publish","hentry","entry"],"acf":[],"_links":{"self":[{"href":"https:\/\/www.griffbereit-rucksack.de\/fr\/wp-json\/wp\/v2\/pages\/13039","targetHints":{"allow":["GET"]}}],"collection":[{"href":"https:\/\/www.griffbereit-rucksack.de\/fr\/wp-json\/wp\/v2\/pages"}],"about":[{"href":"https:\/\/www.griffbereit-rucksack.de\/fr\/wp-json\/wp\/v2\/types\/page"}],"author":[{"embeddable":true,"href":"https:\/\/www.griffbereit-rucksack.de\/fr\/wp-json\/wp\/v2\/users\/1"}],"replies":[{"embeddable":true,"href":"https:\/\/www.griffbereit-rucksack.de\/fr\/wp-json\/wp\/v2\/comments?post=13039"}],"version-history":[{"count":0,"href":"https:\/\/www.griffbereit-rucksack.de\/fr\/wp-json\/wp\/v2\/pages\/13039\/revisions"}],"wp:attachment":[{"href":"https:\/\/www.griffbereit-rucksack.de\/fr\/wp-json\/wp\/v2\/media?parent=13039"}],"curies":[{"name":"wp","href":"https:\/\/api.w.org\/{rel}","templated":true}]}}