{"id":12968,"date":"2023-11-01T19:38:59","date_gmt":"2023-11-01T18:38:59","guid":{"rendered":"https:\/\/www.griffbereit-rucksack.de\/?page_id=12968"},"modified":"2023-11-25T11:14:31","modified_gmt":"2023-11-25T10:14:31","slug":"eb-konferenz-fachforen-vor-ort","status":"publish","type":"page","link":"https:\/\/www.griffbereit-rucksack.de\/fr\/eb-konferenz-fachforen-vor-ort\/","title":{"rendered":"Conf\u00e9rence des parents accompagnateurs* - Forums professionnels sur le terrain"},"content":{"rendered":"<h1><strong>\u00a0<\/strong><\/h1>\n<p>Avec la conf\u00e9rence nationale des parents accompagnateurs*, nous souhaitons rendre hommage \u00e0 votre travail en tant que parents accompagnateurs* et vous donner l'occasion de vous informer sur les d\u00e9veloppements et les th\u00e8mes actuels et de discuter des approches dans le cadre de diff\u00e9rents forums sp\u00e9cialis\u00e9s. En outre, la conf\u00e9rence doit \u00eatre l'occasion d'\u00e9changer sur les programmes et leurs approches de travail et de cr\u00e9er des liens.<\/p>\n<p>&nbsp;<\/p>\n<p>\u00a0<\/p>\n<p>&nbsp;<\/p>\n\t<h3><strong>04.12.23<\/strong><\/h3>\n<h4><a href=\"https:\/\/chorforum-essen.de\/index.php\/location.html\">ChorForum Essen<\/a><\/h4>\n\t<h3><strong>08:45 &#8211; 16:45<\/strong><\/h3>\n\t<h3><strong>SUR PLACE<\/strong><\/h3>\n<h2>\n\t\tCALENDRIER SUR PLACE\n\t<\/h2>\n\t<table>\n<tbody>\n<tr>\n<td width=\"92\">08:45 heures<\/td>\n<td width=\"444\"><strong>Inscription et caf\u00e9 debout<\/strong><\/td>\n<\/tr>\n<tr>\n<td width=\"92\">09:45 heures<\/td>\n<td width=\"444\">Ouverture\n<p><strong>Mot de bienvenue de Muchtar Al Ghusain<\/strong>Directeur de la jeunesse, de l'\u00e9ducation et de la culture de la ville d'Essen.<\/p>\n<strong>Mot de bienvenue de la ministre Josefine Paul<\/strong>Minist\u00e8re de l'enfance, de la jeunesse, de la famille, de l'\u00e9galit\u00e9, de la fuite et de l'int\u00e9gration du Land de Rh\u00e9nanie-du-Nord-Westphalie (MKJFGFI)<\/td>\n<\/tr>\n<tr>\n<td width=\"92\">10:30 heures<\/td>\n<td width=\"444\"><strong>Keynote : L'\u00e9ducation au multilinguisme dans l'enseignement sup\u00e9rieur <\/strong><strong>Soci\u00e9t\u00e9 de l'immigration<\/strong> (Sprachpolitik in Familien und Kitas)\nProf. Dr. Julie A. Panagiotopoulou, Universit\u00e4t zu K\u00f6ln<\/td>\n<\/tr>\n<tr>\n<td width=\"92\">12:00 heures<\/td>\n<td width=\"444\"><strong>Pr\u00e9sentation du nouveau film griffbereitMINI<\/strong><\/td>\n<\/tr>\n<tr>\n<td width=\"92\">12:30 heures<\/td>\n<td width=\"444\"><strong>Pause d\u00e9jeuner <\/strong>et temps d'\u00e9change<\/td>\n<\/tr>\n<tr>\n<td width=\"92\">14h00<\/td>\n<td width=\"444\"><strong>Forums sp\u00e9cialis\u00e9s<\/strong><\/td>\n<\/tr>\n<tr>\n<td width=\"92\">16:00 heures<\/td>\n<td width=\"444\"><strong>Pause caf\u00e9<\/strong><\/td>\n<\/tr>\n<tr>\n<td width=\"92\">16:15 heures<\/td>\n<td width=\"444\"><strong>Slam-po\u00e9sie <\/strong>avec Ella Elia Anschein\n<strong>Adoption <\/strong>par le MKJFGFI<\/td>\n<\/tr>\n<tr>\n<td width=\"92\">16:45 heures<\/td>\n<td width=\"444\"><strong>Fin de l'\u00e9v\u00e9nement<\/strong><\/td>\n<\/tr>\n<\/tbody>\n<\/table>\n<h2>\n\t\tFORUMS PROFESSIONNELS SUR PLACE\n\t<\/h2>\n<div class=\"wm-tabs clearfix layout-top\" data-active=\"1\"><ul class=\"wm-tab-links wm-tab-count-6\"><li class=\"wm-tab-items-fachforum1_426\"><a href=\"#fachforum1_426\" data-tab=\"#fachforum1_426\">forum professionnel 1<\/a><\/li><li class=\"wm-tab-items-fachforum2_207\"><a href=\"#fachforum2_207\" data-tab=\"#fachforum2_207\">forum professionnel 2<\/a><\/li><li class=\"wm-tab-items-fachforum3_501\"><a href=\"#fachforum3_501\" data-tab=\"#fachforum3_501\">forum professionnel 3<\/a><\/li><li class=\"wm-tab-items-fachforum4_693\"><a href=\"#fachforum4_693\" data-tab=\"#fachforum4_693\">forum professionnel 4<\/a><\/li><li class=\"wm-tab-items-fachforum5_402\"><a href=\"#fachforum5_402\" data-tab=\"#fachforum5_402\">forum professionnel 5<\/a><\/li><li class=\"wm-tab-items-Fachforum6_226\"><a href=\"#Fachforum6_226\" data-tab=\"#Fachforum6_226\">Forum professionnel 6<\/a><\/li><\/ul><div class=\"wm-tabs-items\">\r\n<div class=\"wm-item wm-item-wrap fachforum1_426\" id=\"fachforum1_426\" data-title=\"fachforum1_426&&fachforum 1\"><h3 class=\"screen-reader-text wm-item-title\">forum professionnel 1<\/h3><p>Titre : <strong>Empowerment : plus qu'une simple rencontre d'\u00e9gal \u00e0 \u00e9gal<\/strong><br \/>Conf\u00e9renci\u00e8re : <strong>Dr. Carmen Yong-Ae Wienand<\/strong>, Universit\u00e9 Goethe de Francfort-sur-le-Main<strong>Conf\u00e9renci\u00e8re :<\/strong> Carmen Yong-Ae Wienand est chercheuse dans le domaine de l'enfance et de l'\u00e9ducation. Elle travaille actuellement en tant que p\u00e9dagogue ind\u00e9pendante et conf\u00e9renci\u00e8re dans le domaine de l'enfance dans la soci\u00e9t\u00e9 d'immigration. De septembre 2021 \u00e0 mai 2022, elle a travaill\u00e9 dans l'\u00e9quipe f\u00e9d\u00e9rale de transfert Griffbereit et Rucksack KiTa \u00e0 la coordination (en remplacement de cong\u00e9 parental).<strong>Br\u00e8ve description : <\/strong>Apr\u00e8s un expos\u00e9 sur les relations de pouvoir dans la petite enfance, les concepts d'empowerment seront abord\u00e9s et des possibilit\u00e9s concr\u00e8tes de mise en \u0153uvre seront pr\u00e9sent\u00e9es dans la pratique.<\/p>\n<\/div>\r\n\r\n<div class=\"wm-item wm-item-wrap fachforum2_207\" id=\"fachforum2_207\" data-title=\"fachforum2_207&&fachforum 2\"><h3 class=\"screen-reader-text wm-item-title\">forum professionnel 2<\/h3><p>Titre : <strong>Soutenir et accompagner les transitions dans la petite enfance<\/strong><br \/>Intervenantes : <strong>Sarah Gousis<\/strong>, FH-Niederrhein et<strong> Ellen Brings<\/strong>, ZfTI<strong><br \/><\/strong><strong>Intervenantes : <\/strong>Sarah Gousis absolvierte 2016 ihr Masterstudium im Bereich Soziale Arbeit an der Universit\u00e4t Duisburg-Essen. Sie arbeitete 2020 bis 2022 als wissenschaftliche Mitarbeiterin am Fachbereich Sozialwesen der Hochschule Niederrhein u.a. im Modellprojekt \u201eSo fr\u00fch wie m\u00f6glich &#8211; Bildungsbande kn\u00fcpfen&#8220;. Seit 2020 promoviert sie bei Prof. Dr. Donja Amirpur zum Thema \u201eEmpowerment und Powersharing in der (sozial-)p\u00e4dagogischen Arbeit mit migrantisierten Familien am \u00dcbergang ins (fr\u00fche) Bildungssystem&#8220; (Arbeitstitel).Ellen Brings ist verantwortlich f\u00fcr den Bereich Materialentwicklung innerhalb des Bundestransfers f\u00fcr die Programme griffbereitMINI, Griffbereit und Rucksack KiTa.<strong>Br\u00e8ve description :<\/strong> Comment r\u00e9ussir les transitions de la famille vers les \u00e9tablissements d'enseignement ? Comment l'accompagnement des parents peut-il soutenir ce processus ? Un espace de r\u00e9flexion commune sera cr\u00e9\u00e9 \u00e0 cet effet.<\/p>\n<\/div>\r\n\r\n<div class=\"wm-item wm-item-wrap fachforum3_501\" id=\"fachforum3_501\" data-title=\"fachforum3_501&&fachforum 3\"><h3 class=\"screen-reader-text wm-item-title\">forum professionnel 3<\/h3><p>Titre : <strong>L'accompagnement parental comme porte d'entr\u00e9e vers les m\u00e9tiers du social et de l'\u00e9ducation <\/strong><strong>Br\u00e8ve pr\u00e9sentation des intervenantes :<\/strong> Stephanie Schmidt, conseill\u00e8re dans le domaine des bonnes biographies professionnelles \u00e0 la direction r\u00e9gionale de la Rh\u00e9nanie-du-Nord-Westphalie, Inna Michailov, accompagnatrice des parents au KI M\u00e4rkischer Kreis, Hannah Farhan-Dorn, MKJFGFI, et Miriam Weilbrenner, MKJFGFI.<strong>Br\u00e8ve description :<\/strong> En plus des perspectives professionnelles, des informations et des possibilit\u00e9s de soutien pour une qualification suppl\u00e9mentaire sont pr\u00e9sent\u00e9es \u00e0 l'aide d'exemples pratiques. L'enqu\u00eate 2022\/2023 sur les accompagnateurs parentaux sert de base.<strong>Le forum professionnel est malheureusement complet. Veuillez choisir une alternative.<\/strong><\/p>\n<\/div>\r\n\r\n<div class=\"wm-item wm-item-wrap fachforum4_693\" id=\"fachforum4_693\" data-title=\"fachforum4_693&&fachforum 4\"><h3 class=\"screen-reader-text wm-item-title\">forum professionnel 4<\/h3><p>Titre \"<strong>Translanguaging dans les familles et les garderies : l'\u00e9ducation au multilinguisme du point de vue des professionnels de l'\u00e9ducation et des parents<\/strong>&#8222;<br \/>Conf\u00e9renci\u00e8re : <strong>Maria J. Hammel<\/strong>, Universit\u00e9 de Cologne<strong>Conf\u00e9renci\u00e8re :<\/strong> Maria J. Hammel est chercheuse et doctorante sous la direction de Julie A. Panagiotopoulou \u00e0 la chaire des sciences de l'\u00e9ducation, sp\u00e9cialis\u00e9e dans l'\u00e9ducation et le d\u00e9veloppement de la petite enfance, \u00e0 l'Universit\u00e9 de Cologne. Son projet de doctorat porte sur la reconstruction des perspectives des professionnels de l'\u00e9ducation sur le multilinguisme et le translanguage en tant que p\u00e9dagogie dans le cadre du projet ethnographique de recherche et de formation TranslaPed (Translanguaging Pedagogy in mehrsprachigen Kitas und Schulen in NRW).<strong>Br\u00e8ve description : <\/strong>Comment les professionnels de l'\u00e9ducation et les parents se positionnent-ils par rapport au translanguaging et \u00e0 l'\u00e9ducation au multilinguisme ? Dans le cadre d'un projet de recherche et de formation, l'Universit\u00e9 de Cologne a men\u00e9 de nombreux entretiens et analys\u00e9 des exemples pratiques afin d'\u00e9clairer les points de vue des professionnels de l'\u00e9ducation et des parents.<\/p>\n<\/div>\r\n\r\n<div class=\"wm-item wm-item-wrap fachforum5_402\" id=\"fachforum5_402\" data-title=\"fachforum5_402&&fachforum 5\"><h3 class=\"screen-reader-text wm-item-title\">forum professionnel 5<\/h3><p>Titre : \"<strong>Bewegte Sprache &#8211; Bewegungsorientierte Sprachbildung f\u00fcr mehrsprachige Kinder<\/strong><br \/>Conf\u00e9renci\u00e8re : <strong>Prof. Nadine Madeira Firmino<\/strong>, FH Bielefeld<strong>Conf\u00e9renci\u00e8re :<\/strong> Nadine Madeira Firmino est professeur \u00e0 l'universit\u00e9 de Bielefeld dans le domaine de la p\u00e9dagogie de l'enfance. Son travail et ses recherches portent sur le mouvement et le langage, le multilinguisme, l'\u00e9ducation linguistique int\u00e9gr\u00e9e au quotidien ainsi que l'observation et la documentation des processus de d\u00e9veloppement.<strong>Br\u00e8ve description :<\/strong> Apr\u00e8s avoir pr\u00e9sent\u00e9 les particularit\u00e9s de l'acquisition simultan\u00e9e et successive de plusieurs langues, des \u00e9l\u00e9ments et des exercices simples et pratiques sont pr\u00e9sent\u00e9s pour montrer comment le d\u00e9veloppement du langage peut \u00eatre soutenu par le mouvement dans la p\u00e9dagogie quotidienne.<\/p>\n<\/div>\r\n\r\n<div class=\"wm-item wm-item-wrap Fachforum6_226\" id=\"Fachforum6_226\" data-title=\"Fachforum6_226&&Fachforum 6\"><h3 class=\"screen-reader-text wm-item-title\">Forum professionnel 6<\/h3><p>Titre : <b>Renforcer les langues ensemble !<\/b><br \/>Conf\u00e9rencier<strong>Timm Albers : Prof.<\/strong>, Universit\u00e9 de Paderborn<strong><br \/><\/strong><strong>Conf\u00e9rencier :<\/strong> Le professeur Timm Albers est un sp\u00e9cialiste allemand des sciences de l'\u00e9ducation et de la recherche en \u00e9ducation. Depuis 2014, il dirige le groupe de travail sur la p\u00e9dagogie inclusive \u00e0 l'universit\u00e9 de Paderborn.<strong>Br\u00e8ve description :<\/strong> L'\u00e9ducation linguistique est plus efficace lorsque les familles et les institutions \u00e9ducatives travaillent ensemble. Les accompagnateurs parentaux jouent un r\u00f4le important en facilitant l'acc\u00e8s aux cr\u00e8ches, aux institutions \u00e9ducatives et de conseil, tout en contribuant \u00e0 leur ouverture sur la soci\u00e9t\u00e9 d'immigration.<strong>\u00a0<\/strong><\/p>\n<\/div>\r\n<\/div><\/div><h2>\n\t\tEN PLUS DE L'INSCRIPTION AU PROGRAMME DE LA JOURN\u00c9E, VEUILLEZ S\u00c9LECTIONNER UN FORUM SP\u00c9CIALIS\u00c9 :\n\t<\/h2>\n<h3>\n\t\tFORUM D'EXPERTISE 1\n\t<\/h3>\n\t<p>Empowerment : plus qu'une simple rencontre d'\u00e9gal \u00e0 \u00e9gal<\/p>\n\t\t\t<a href=\"https:\/\/www.griffbereit-rucksack.de\/fr\/events\/empowerment-mehr-als-nur-begegnung-auf-augenhoehe\/\" target=\"_blank\" role=\"button\" rel=\"noopener\">\n\t\t\t\t\t\t\tPOUR S'INSCRIRE\n\t\t\t\t\t<\/a>\n<h3>\n\t\tFORUM D'EXPERTISE 2\n\t<\/h3>\n\t<p>Soutenir et accompagner les transitions dans la petite enfance<\/p>\n\t\t\t<a href=\"https:\/\/www.griffbereit-rucksack.de\/fr\/events\/uebergaenge-gestalten\/\" target=\"_blank\" role=\"button\" rel=\"noopener\">\n\t\t\t\t\t\t\tPOUR S'INSCRIRE\n\t\t\t\t\t<\/a>\n<h3>\n\t\tFORUM D'EXPERTISE 3\n\t<\/h3>\n\t<p>L'accompagnement parental comme porte d'entr\u00e9e vers les m\u00e9tiers du social et de l'\u00e9ducation<\/p>\n<p><strong>Le forum professionnel est malheureusement complet. Veuillez choisir une alternative.<\/strong><\/p>\n<h3>\n\t\tFORUM D'EXPERTISE 4\n\t<\/h3>\n\t<p>Translanguaging dans les familles et les garderies : l'\u00e9ducation au multilinguisme du point de vue des professionnels de l'\u00e9ducation et des parents<\/p>\n\t\t\t<a href=\"https:\/\/www.griffbereit-rucksack.de\/fr\/events\/translanguaging-in-familien-und-kitas-erziehung-zur-mehrsprachigkeit-aus-sicht-von-paedagogischen-fachkraeften-und-eltern\/\" target=\"_blank\" role=\"button\" rel=\"noopener\">\n\t\t\t\t\t\t\tPOUR S'INSCRIRE\n\t\t\t\t\t<\/a>\n<h3>\n\t\tFORUM D'EXPERTISE 5\n\t<\/h3>\n\t<p>Bewegte Sprache &#8211; Bewegungsorientierte Sprachbildung f\u00fcr mehrsprachige Kinder<\/p>\n\t\t\t<a href=\"https:\/\/www.griffbereit-rucksack.de\/fr\/events\/bewegte-sprache-bewegungsorientierte-sprachbildung-fuer-mehrsprachige-kinder\/\" target=\"_blank\" role=\"button\" rel=\"noopener\">\n\t\t\t\t\t\t\tPOUR S'INSCRIRE\n\t\t\t\t\t<\/a>\n<h3>\n\t\tFORUM D'EXPERTISE 6\n\t<\/h3>\n\t<p>Renforcer les langues ensemble !<\/p>\n\t\t\t<a href=\"https:\/\/www.griffbereit-rucksack.de\/fr\/events\/f6-praesenz-eb-konferenz-sprachen-gemeinsam-staerken\/\" target=\"_blank\" role=\"button\" rel=\"noopener\">\n\t\t\t\t\t\t\tPOUR S'INSCRIRE\n\t\t\t\t\t<\/a>","protected":false},"excerpt":{"rendered":"<div class=\"entry-summary\">\n<div class=\"entry-summary\">\n\u00a0 Mit der bundesweiten Elternbegleiter*innen-Konferenz m\u00f6chten wir Ihre Arbeit als Elternbegleiter*innen w\u00fcrdigen und Ihnen die M\u00f6glichkeit geben, sich&hellip;\n<\/div>\n<div class=\"link-more\"><a href=\"https:\/\/www.griffbereit-rucksack.de\/fr\/eb-konferenz-fachforen-vor-ort\/\" class=\"more-link\">Continuer la lecture<span class=\"screen-reader-text\"> &ldquo;Elternbegleiter*innen-Konferenz &#8211; Fachforen vor Ort&rdquo;<\/span>...<\/a><\/div>\n<\/div>\n<div class=\"link-more\"><a href=\"https:\/\/www.griffbereit-rucksack.de\/fr\/eb-konferenz-fachforen-vor-ort\/\" class=\"more-link\">Continuer la lecture<span class=\"screen-reader-text\"> &ldquo;Elternbegleiter*innen-Konferenz &#8211; Fachforen vor Ort&rdquo;<\/span>...<\/a><\/div>","protected":false},"author":1,"featured_media":0,"parent":0,"menu_order":0,"comment_status":"closed","ping_status":"closed","template":"","meta":{"_acf_changed":false,"footnotes":""},"class_list":["post-12968","page","type-page","status-publish","hentry","entry"],"acf":[],"_links":{"self":[{"href":"https:\/\/www.griffbereit-rucksack.de\/fr\/wp-json\/wp\/v2\/pages\/12968","targetHints":{"allow":["GET"]}}],"collection":[{"href":"https:\/\/www.griffbereit-rucksack.de\/fr\/wp-json\/wp\/v2\/pages"}],"about":[{"href":"https:\/\/www.griffbereit-rucksack.de\/fr\/wp-json\/wp\/v2\/types\/page"}],"author":[{"embeddable":true,"href":"https:\/\/www.griffbereit-rucksack.de\/fr\/wp-json\/wp\/v2\/users\/1"}],"replies":[{"embeddable":true,"href":"https:\/\/www.griffbereit-rucksack.de\/fr\/wp-json\/wp\/v2\/comments?post=12968"}],"version-history":[{"count":0,"href":"https:\/\/www.griffbereit-rucksack.de\/fr\/wp-json\/wp\/v2\/pages\/12968\/revisions"}],"wp:attachment":[{"href":"https:\/\/www.griffbereit-rucksack.de\/fr\/wp-json\/wp\/v2\/media?parent=12968"}],"curies":[{"name":"wp","href":"https:\/\/api.w.org\/{rel}","templated":true}]}}