{"id":12385,"date":"2023-05-03T13:03:01","date_gmt":"2023-05-03T11:03:01","guid":{"rendered":"https:\/\/www.griffbereit-rucksack.de\/?page_id=12385"},"modified":"2023-07-17T15:56:40","modified_gmt":"2023-07-17T13:56:40","slug":"organisatorisches-griffbereitmini","status":"publish","type":"page","link":"https:\/\/www.griffbereit-rucksack.de\/fr\/organisatorisches-griffbereitmini\/","title":{"rendered":"Organisation griffbereitMINI"},"content":{"rendered":"<p><strong>Points cl\u00e9s <em>griffbereitMINI<\/em>-groupe :<\/strong><\/p>\n<ul>\n<li>Type d'\u00e9v\u00e9nement : Activit\u00e9s parents-enfants dans les langues *familiales respectives<\/li>\n<li>\u00c2ge des enfants : de l'enfant \u00e0 na\u00eetre jusqu'\u00e0 un an<\/li>\n<li>Nombre de participants : jusqu'\u00e0 8 *parents\/*familles par groupe<\/li>\n<li>Fr\u00e9quence : 1 fois par semaine (peut \u00eatre plus fr\u00e9quente si les *familles en ont besoin) pendant 90 minutes.<\/li>\n<li>Dur\u00e9e : jusqu'\u00e0 ce que l'enfant atteigne l'\u00e2ge d'un an<\/li>\n<li>Direction : 2 accompagnateurs de groupe* (id\u00e9alement un professionnel de l'\u00e9ducation et un accompagnateur parental* ; s'il n'est pas possible de faire autrement, deux accompagnateurs parentaux*), mais au moins 1 personne dans le r\u00f4le de l'accompagnateur de groupe.<\/li>\n<\/ul>\n<strong><br \/>\nR\u00f4le des accompagnateurs de groupe* :<\/strong>\n<p>Il est important de veiller \u00e0 la comp\u00e9tence linguistique des accompagnateurs de groupe lors de leur s\u00e9lection. Dans le cas d'une \u00e9quipe double, l'un des deux accompagnateurs de groupe peut \u00eatre unilingue allemand si le second responsable est multilingue et ma\u00eetrise bien l'allemand comme deuxi\u00e8me langue. Les accompagnateurs de groupe assurent ainsi \u00e9galement l'utilisation constante et fiable du multilinguisme dans le groupe.<\/p>\n<p>Le multilinguisme, la coop\u00e9ration dans la diversit\u00e9 et l'ouverture d'esprit sont des qualit\u00e9s que les accompagnateurs de groupe doivent promouvoir, y compris aupr\u00e8s des *parents\/*familles. L'impulsion donn\u00e9e par les parents-accompagnateurs* \u00e0 travers la cr\u00e9ation des <em>griffbereitMINI-<\/em>Les groupes d'activit\u00e9s ludiques, les chansons et les suggestions donnent aux *parents\/*familles de nouvelles id\u00e9es et de l'assurance pour s'occuper de leurs enfants et renforcer les relations au sein de la famille.<\/p>\n<p>&nbsp;<\/p>\n\t<strong>Qualification des accompagnateurs de groupe* :<br \/>\n<\/strong>Les accompagnateurs de groupe sont pr\u00e9par\u00e9s \u00e0 leurs activit\u00e9s avant le d\u00e9but de la mise en \u0153uvre du programme (concept, objectifs et contenu du programme).\u00a0<em>griffbereitMINI<\/em>-programme<a href=\"https:\/\/www.griffbereit-rucksack.de\/fr\/organisatorisches-griffbereit\/#_ftn1\">[1]<\/a>). Afin de garantir une qualit\u00e9 \u00e9lev\u00e9e dans la mise en\u00a0<em>griffbereitMINI<\/em>-Afin de garantir la qualit\u00e9 du groupe, les accompagnateurs de groupe devraient avoir acc\u00e8s \u00e0 des formations continues.\n\t<strong>Organisation des accompagnateurs de groupe* :<\/strong><br \/>\nEn plus de la formation continue, les accompagnateurs de groupe doivent \u00eatre r\u00e9guli\u00e8rement accompagn\u00e9s et conseill\u00e9s pour l'\u00e9change, la r\u00e9flexion, l'\u00e9valuation, la pr\u00e9paration et le suivi du travail de groupe. L'encadrement et la qualification tout au long du programme sont adapt\u00e9s aux besoins des accompagnateurs de groupe. En fonction de la qualification professionnelle pr\u00e9alable du personnel p\u00e9dagogique, il n'est pas n\u00e9cessaire de suivre toutes les parties de la qualification. Apr\u00e8s le lancement du programme, des r\u00e9unions d'\u00e9change et de r\u00e9flexion doivent \u00eatre organis\u00e9es r\u00e9guli\u00e8rement avec tous les acteurs (environ toutes les 6 \u00e0 8 semaines).\n<strong>Organisation Coordinateur* du programme :<\/strong><br \/>\nLa personne charg\u00e9e de l'instruction se charge de l'introduction au programme, de l'accompagnement dans l'approche et de la composition d'une\u00a0<em>griffbereitMINI<\/em>-Les parents accompagnateurs* sont encadr\u00e9s et form\u00e9s par les parents accompagnateurs* et les professionnels de l'\u00e9ducation.\n\t<p><a href=\"#_ftnref1\" name=\"_ftn1\">[1]<\/a> D'autres th\u00e8mes sont abord\u00e9s : Le r\u00f4le d'accompagnateur parental*, le mat\u00e9riel griffbereitMINI, la mise en pratique, la r\u00e9flexion, les th\u00e8mes de sant\u00e9, le soutien au quotidien, etc.<\/p>","protected":false},"excerpt":{"rendered":"<div class=\"entry-summary\">\n<div class=\"entry-summary\">\nEckpunkte griffbereitMINI-Gruppe: Art der Veranstaltung: Eltern-Kind-Aktivit\u00e4ten in den jeweiligen *Familiensprachen Alter der Kinder: von ungeboren bis zu einem&hellip;\n<\/div>\n<div class=\"link-more\"><a href=\"https:\/\/www.griffbereit-rucksack.de\/fr\/organisatorisches-griffbereitmini\/\" class=\"more-link\">Continuer la lecture<span class=\"screen-reader-text\"> &ldquo;Organisatorisches griffbereitMINI&rdquo;<\/span>...<\/a><\/div>\n<\/div>\n<div class=\"link-more\"><a href=\"https:\/\/www.griffbereit-rucksack.de\/fr\/organisatorisches-griffbereitmini\/\" class=\"more-link\">Continuer la lecture<span class=\"screen-reader-text\"> &ldquo;Organisatorisches griffbereitMINI&rdquo;<\/span>...<\/a><\/div>","protected":false},"author":1,"featured_media":0,"parent":0,"menu_order":0,"comment_status":"closed","ping_status":"closed","template":"","meta":{"_acf_changed":false,"footnotes":""},"class_list":["post-12385","page","type-page","status-publish","hentry","entry"],"acf":[],"_links":{"self":[{"href":"https:\/\/www.griffbereit-rucksack.de\/fr\/wp-json\/wp\/v2\/pages\/12385","targetHints":{"allow":["GET"]}}],"collection":[{"href":"https:\/\/www.griffbereit-rucksack.de\/fr\/wp-json\/wp\/v2\/pages"}],"about":[{"href":"https:\/\/www.griffbereit-rucksack.de\/fr\/wp-json\/wp\/v2\/types\/page"}],"author":[{"embeddable":true,"href":"https:\/\/www.griffbereit-rucksack.de\/fr\/wp-json\/wp\/v2\/users\/1"}],"replies":[{"embeddable":true,"href":"https:\/\/www.griffbereit-rucksack.de\/fr\/wp-json\/wp\/v2\/comments?post=12385"}],"version-history":[{"count":0,"href":"https:\/\/www.griffbereit-rucksack.de\/fr\/wp-json\/wp\/v2\/pages\/12385\/revisions"}],"wp:attachment":[{"href":"https:\/\/www.griffbereit-rucksack.de\/fr\/wp-json\/wp\/v2\/media?parent=12385"}],"curies":[{"name":"wp","href":"https:\/\/api.w.org\/{rel}","templated":true}]}}