{"id":12021,"date":"2023-05-03T12:00:10","date_gmt":"2023-05-03T10:00:10","guid":{"rendered":"https:\/\/www.griffbereit-rucksack.de\/?page_id=12021"},"modified":"2023-12-01T13:04:44","modified_gmt":"2023-12-01T12:04:44","slug":"faq-griffbereitmini","status":"publish","type":"page","link":"https:\/\/www.griffbereit-rucksack.de\/fr\/griffbereitmini\/faq-griffbereitmini\/","title":{"rendered":"FAQ griffbereitMINI"},"content":{"rendered":"<h2>FAQ griffbereitMINI<\/h2>\r\n<p>Que vous soyez une famille int\u00e9ress\u00e9e, un professionnel de l'\u00e9ducation, un accompagnateur de groupe* ou un coordinateur de programme* : <strong>Vous trouverez ici les r\u00e9ponses aux questions les plus fr\u00e9quentes.<\/strong><\/p>\r\n<div class=\"wm-accordion clearfix filterable-simple\" data-active=\"1\" data-mode=\"accordion\"><div class=\"wm-filter\"><ul><li class=\"wm-filter-items-all active\"><a href=\"#\" data-filter=\"*\">All<\/a><\/li><li class=\"wm-filter-items-tag-Elternbegleiterinnen\"><a href=\"#\" data-filter=\".tag-Elternbegleiterinnen\">Accompagnateurs de parents*.<\/a><\/li><li class=\"wm-filter-items-tag-Gruppenbegleiterinnen\"><a href=\"#\" data-filter=\".tag-Gruppenbegleiterinnen\">Accompagnateurs de groupe<\/a><\/li><li class=\"wm-filter-items-tag-Koordinatorinnen\"><a href=\"#\" data-filter=\".tag-Koordinatorinnen\">Coordinateurs<\/a><\/li><li class=\"wm-filter-items-tag-PdagogischeFachkrfte\"><a href=\"#\" data-filter=\".tag-PdagogischeFachkrfte\">Personnel \u00e9ducatif<\/a><\/li><\/ul><\/div><div class=\"wm-filter-this-simple\">\r\n<div class=\"wm-item wm-item-wrap tag-Gruppenbegleiterinnen\"><h3 class=\"wm-item-title tag-Gruppenbegleiterinnen\" data-tags=\"tag-Gruppenbegleiterinnen\" data-tag-names=\"Gruppenbegleiter*innen\">Que veut griffbereitMINI ?<\/h3><div class=\"wm-item-content clearfix WasmchtegriffbereitMINI\"><p>Faire prendre conscience aux *familles que toute communication avec l'enfant (verbale et non verbale) est une formation linguistique. L'accent est donc mis sur une interaction parent-enfant adapt\u00e9e aux tout-petits, par le biais d'activit\u00e9s telles que jouer ensemble, chanter, lire des histoires, etc.) dans au moins deux langues : la ou les langues de la famille et l'allemand.<\/p>\n<\/div><\/div>\r\n\r\n<div class=\"wm-item wm-item-wrap tag-Gruppenbegleiterinnen\"><h3 class=\"wm-item-title tag-Gruppenbegleiterinnen\" data-tags=\"tag-Gruppenbegleiterinnen\" data-tag-names=\"Gruppenbegleiter*innen\">Qui peut participer \u00e0 griffbereitMINI ?<\/h3><div class=\"wm-item-content clearfix WerkannangriffbereitMINIteilnehmen\"><ul>\n<li>Enfants dans leur premi\u00e8re ann\u00e9e de vie et leurs *parents\/*familles, y compris les femmes enceintes<\/li>\n<\/ul>\n<\/div><\/div>\r\n\r\n<div class=\"wm-item wm-item-wrap tag-Gruppenbegleiterinnen\"><h3 class=\"wm-item-title tag-Gruppenbegleiterinnen\" data-tags=\"tag-Gruppenbegleiterinnen\" data-tag-names=\"Gruppenbegleiter*innen\">O\u00f9 se d\u00e9roulent les groupes griffbereitMINI ?<\/h3><div class=\"wm-item-content clearfix WofindengriffbereitMINI-Gruppenstatt\"><p><em>griffbereitMINI<\/em>Les groupes peuvent \u00eatre propos\u00e9s dans les cr\u00e8ches, les centres familiaux, les centres d'\u00e9ducation familiale, les organisations de migrants, les cabinets de sages-femmes, les centres de consultation pr\u00e9natale, etc.<\/p>\n<\/div><\/div>\r\n\r\n<div class=\"wm-item wm-item-wrap tag-Gruppenbegleiterinnen\"><h3 class=\"wm-item-title tag-Gruppenbegleiterinnen\" data-tags=\"tag-Gruppenbegleiterinnen\" data-tag-names=\"Gruppenbegleiter*innen\">Quand mon enfant peut-il commencer \u00e0 utiliser griffbereitMINI ?<\/h3><div class=\"wm-item-content clearfix WannkannmeinKindmitgriffbereitMINIstarten\"><p>De la grossesse de la *m\u00e8re jusqu'\u00e0 ce qu'elle ait atteint l'\u00e2ge d'un an. Il est possible de commencer \u00e0 tout moment pendant cette p\u00e9riode.<\/p>\n<\/div><\/div>\r\n\r\n<div class=\"wm-item wm-item-wrap tag-Gruppenbegleiterinnen\"><h3 class=\"wm-item-title tag-Gruppenbegleiterinnen\" data-tags=\"tag-Gruppenbegleiterinnen\" data-tag-names=\"Gruppenbegleiter*innen\">Quand et combien de temps se d\u00e9roule un groupe griffbereitMINI ?<\/h3><div class=\"wm-item-content clearfix WannundwielangefindeteinegriffbereitMINI-Gruppestatt\"><p>g<em>pr\u00eat pour le r\u00e9cifMINI<\/em>-Les groupes ont g\u00e9n\u00e9ralement lieu 1 fois par semaine pendant 90 minutes \u00e0 une heure fixe.<\/p>\n<\/div><\/div>\r\n\r\n<div class=\"wm-item wm-item-wrap tag-Gruppenbegleiterinnen\"><h3 class=\"wm-item-title tag-Gruppenbegleiterinnen\" data-tags=\"tag-Gruppenbegleiterinnen\" data-tag-names=\"Gruppenbegleiter*innen\">Qui est responsable du programme ?<\/h3><div class=\"wm-item-content clearfix WeristfrdasProgrammverantwortlich\"><p><em>\u00e0 port\u00e9e de main-MINI<\/em> est accompagn\u00e9 par les centres de coordination r\u00e9gionaux (LaKos). En Rh\u00e9nanie-du-Nord-Westphalie, la coordination est assur\u00e9e par les diff\u00e9rents centres d'int\u00e9gration communaux (KI) avec le soutien du <a name=\"_Hlk133489004\"><\/a>Minist\u00e8re de l'enfance, de la jeunesse, de la famille, de l'\u00e9galit\u00e9, de la fuite et de l'int\u00e9gration (MKJFGFI). Dans les L\u00e4nder avec coordination r\u00e9gionale (Berlin, Brandebourg, Basse-Saxe, Saxe et Mecklembourg-Pom\u00e9ranie occidentale), la responsabilit\u00e9 incombe aux LaKo respectifs, tandis que dans les L\u00e4nder sans coordination r\u00e9gionale, la responsabilit\u00e9 incombe \u00e0 l'\u00e9quipe f\u00e9d\u00e9rale de transfert bas\u00e9e au ZfTI. <a href=\"https:\/\/www.griffbereit-rucksack.de\/fr\/ueber-uns\/\">ici<\/a><\/p>\n<\/div><\/div>\r\n\r\n<div class=\"wm-item wm-item-wrap tag-Gruppenbegleiterinnen\"><h3 class=\"wm-item-title tag-Gruppenbegleiterinnen\" data-tags=\"tag-Gruppenbegleiterinnen\" data-tag-names=\"Gruppenbegleiter*innen\">Quelles sont les fonctions de l'institution \u00e9ducative qui propose griffbereitMINI ?<\/h3><div class=\"wm-item-content clearfix WelcheAufgabenhatdieBildungsinstitutiondiegriffbereitMINIanbietet\"><ul>\n<li>Le programme <em>griffbereitMINI<\/em> fait partie du concept<\/li>\n<li>L'\u00e9tablissement d'enseignement est un partenaire de coop\u00e9ration du programme f\u00e9d\u00e9ral <em>griffbereitMINI<\/em><\/li>\n<li>L'institution d'enseignement fournit les locaux et, apr\u00e8s accord, du mat\u00e9riel pour les <em>griffbereitMINI<\/em>-Groupe disponible<\/li>\n<\/ul>\n<\/div><\/div>\r\n\r\n<div class=\"wm-item wm-item-wrap tag-Gruppenbegleiterinnen\"><h3 class=\"wm-item-title tag-Gruppenbegleiterinnen\" data-tags=\"tag-Gruppenbegleiterinnen\" data-tag-names=\"Gruppenbegleiter*innen\">Une garde d'enfants est-elle assur\u00e9e pour les fr\u00e8res et s\u0153urs pendant le groupe griffbereitMINI ?<\/h3><div class=\"wm-item-content clearfix IstwhrenddergriffbereitMINI-GruppeeineKinderbetreuungfrGeschwisterkindergewhrleistet\"><p>Oui, si *des parents\/*des familles avec des enfants dont l'\u00e2ge d\u00e9passe le groupe cible du programme participent, une garde d'enfants peut \u00eatre mise \u00e0 disposition si n\u00e9cessaire.<\/p>\n<\/div><\/div>\r\n\r\n<div class=\"wm-item wm-item-wrap tag-PdagogischeFachkrfte tag-Elternbegleiterinnen tag-Koordinatorinnen\"><h3 class=\"wm-item-title tag-PdagogischeFachkrfte tag-Elternbegleiterinnen tag-Koordinatorinnen\" data-tags=\"tag-PdagogischeFachkrfte tag-Elternbegleiterinnen tag-Koordinatorinnen\" data-tag-names=\"P\u00e4dagogische Fachkr\u00e4fte|Elternbegleiter*innen|Koordinator*innen\">Qui est responsable du programme griffbereitMINI ?<\/h3><div class=\"wm-item-content clearfix WeristfrdasProgrammgriffbereitMINIverantwortlich\"><p><em>griffbereitMINI<\/em> wird von den Landesweiten Koordinierungsstellen (LaKos) fachlich begleitet. In NRW sind die einzelnen Kommunalen Integrationszentren verantwortlich. Sie werden vom Ministeriums f\u00fcr Kinder, Jugend, Familie, Gleichstellung, Flucht und Integration (MKJFGFI) fachlich begleitet.N\u00e4here Informationen finden Sie <a href=\"https:\/\/www.griffbereit-rucksack.de\/fr\/ueber-uns\/\"><strong>ici<\/strong><\/a>La mise en \u0153uvre se fait obligatoirement en collaboration avec les centres locaux d'int\u00e9gration (KI) et les partenaires de coop\u00e9ration au niveau f\u00e9d\u00e9ral (centres de coordination r\u00e9gionaux, centres de coordination de programmes locaux et\/ou r\u00e9gionaux).<\/p>\n<\/div><\/div>\r\n\r\n<div class=\"wm-item wm-item-wrap tag-PdagogischeFachkrfte tag-Elternbegleiterinnen tag-Koordinatorinnen\"><h2 class=\"wm-item-title tag-PdagogischeFachkrfte tag-Elternbegleiterinnen tag-Koordinatorinnen\" data-tags=\"tag-PdagogischeFachkrfte tag-Elternbegleiterinnen tag-Koordinatorinnen\" data-tag-names=\"P\u00e4dagogische Fachkr\u00e4fte|Elternbegleiter*innen|Koordinator*innen\">Qui sera le chef de file de la mise en \u0153uvre du programme ?<\/h2><div class=\"wm-item-content clearfix WerbernimmtdieFederfhrungzurDurchfhrungdesProgramms\"><p>Les centres d'int\u00e9gration communaux ou les partenaires de coop\u00e9ration \u00e0 l'\u00e9chelle f\u00e9d\u00e9rale coordonnent ou accompagnent le programme, le cas \u00e9ch\u00e9ant en coop\u00e9ration avec d'autres offices\/organismes et proposent des r\u00e9unions d'information et des formations.<\/p>\n<\/div><\/div>\r\n\r\n<div class=\"wm-item wm-item-wrap tag-PdagogischeFachkrfte tag-Elternbegleiterinnen tag-Koordinatorinnen\"><h3 class=\"wm-item-title tag-PdagogischeFachkrfte tag-Elternbegleiterinnen tag-Koordinatorinnen\" data-tags=\"tag-PdagogischeFachkrfte tag-Elternbegleiterinnen tag-Koordinatorinnen\" data-tag-names=\"P\u00e4dagogische Fachkr\u00e4fte|Elternbegleiter*innen|Koordinator*innen\">Quand le programme peut-il d\u00e9marrer ?<\/h3><div class=\"wm-item-content clearfix WannkanndasProgrammstarten\"><p><em>griffbereitMINI<\/em> kann jederzeit starten &#8211; sobald die ben\u00f6tigte Gruppenst\u00e4rke (empfohlen werden &#8211; je nach Raumgr\u00f6\u00dfe &#8211; 4 bis\u00a08 interessierte *Familien) zusammenkommt.<\/p>\n<\/div><\/div>\r\n\r\n<div class=\"wm-item wm-item-wrap tag-PdagogischeFachkrfte tag-Koordinatorinnen\"><h3 class=\"wm-item-title tag-PdagogischeFachkrfte tag-Koordinatorinnen\" data-tags=\"tag-PdagogischeFachkrfte tag-Koordinatorinnen\" data-tag-names=\"P\u00e4dagogische Fachkr\u00e4fte|Koordinator*innen\">Quels sont les \u00e9tablissements d'enseignement appropri\u00e9s ?<\/h3><div class=\"wm-item-content clearfix WelcheBildungsinstitutionensindgeeignet\"><p>Les \u00e9tablissements d'enseignement qui<\/p>\n<ul>\n<li>faire part de leur int\u00e9r\u00eat \u00e0 l'IC ou au partenaire f\u00e9d\u00e9ral de coop\u00e9ration ou \u00e0 l'\u00e9quipe f\u00e9d\u00e9rale de transfert (Fondation Centre d'\u00e9tudes sur la Turquie et la recherche sur l'int\u00e9gration, ZfTI)<\/li>\n<li>disposer de locaux appropri\u00e9s<\/li>\n<li>souhaitent renforcer leur profil en mati\u00e8re de diversit\u00e9 et de multilinguisme<\/li>\n<li>avoir un effectif suffisant pour constituer des groupes griffbereitMINI (jusqu'\u00e0 8 familles int\u00e9ress\u00e9es)<\/li>\n<\/ul>\n<\/div><\/div>\r\n\r\n<div class=\"wm-item wm-item-wrap tag-PdagogischeFachkrfte\"><h3 class=\"wm-item-title tag-PdagogischeFachkrfte\" data-tags=\"tag-PdagogischeFachkrfte\" data-tag-names=\"P\u00e4dagogische Fachkr\u00e4fte\">Quels sont les organismes qui devraient \u00eatre impliqu\u00e9s d\u00e8s le d\u00e9but de la programmation ?<\/h3><div class=\"wm-item-content clearfix WelcheStellensolltenvonAnfanganbeiderProgrammplanungeingebundenwerden\"><p>Recommand\u00e9 : Service de la jeunesse\/conseil sp\u00e9cialis\u00e9, les aides pr\u00e9coces et les \u00e9ventuels promoteurs et bailleurs de fonds.<\/p>\n<\/div><\/div>\r\n\r\n<div class=\"wm-item wm-item-wrap tag-PdagogischeFachkrfte tag-Koordinatorinnen\"><h3 class=\"wm-item-title tag-PdagogischeFachkrfte tag-Koordinatorinnen\" data-tags=\"tag-PdagogischeFachkrfte tag-Koordinatorinnen\" data-tag-names=\"P\u00e4dagogische Fachkr\u00e4fte|Koordinator*innen\">Qui doit \u00eatre mis en r\u00e9seau pour assurer la r\u00e9ussite du programme ?<\/h3><div class=\"wm-item-content clearfix WersollteimHinblickaufdasGelingendesProgrammsmiteinandervernetztsein\"><ul>\n<li>Centre local d'int\u00e9gration\/partenaire de coop\u00e9ration \u00e0 l'\u00e9chelle f\u00e9d\u00e9rale<\/li>\n<li>Aides pr\u00e9coces<\/li>\n<li>Service de la jeunesse<\/li>\n<li>Organisme responsable de la cr\u00e8che\/conseils sp\u00e9cialis\u00e9s<\/li>\n<li>Direction et \u00e9quipe de la cr\u00e8che<\/li>\n<li>Accompagnateurs de groupe<\/li>\n<li>\u00c9ducation familiale, MSO, organismes de cours d'int\u00e9gration, point de rencontre \"Ankommenstreffpunkt\", etc.<\/li>\n<li>autres partenaires du r\u00e9seau, par exemple biblioth\u00e8ques, sages-femmes, p\u00e9diatres*, centres de consultation en mati\u00e8re de grossesse, etc.<\/li>\n<\/ul>\n<\/div><\/div>\r\n\r\n<div class=\"wm-item wm-item-wrap tag-PdagogischeFachkrfte tag-Koordinatorinnen\"><h3 class=\"wm-item-title tag-PdagogischeFachkrfte tag-Koordinatorinnen\" data-tags=\"tag-PdagogischeFachkrfte tag-Koordinatorinnen\" data-tag-names=\"P\u00e4dagogische Fachkr\u00e4fte|Koordinator*innen\">Quelles sont les \u00e9tapes \u00e0 suivre avant la mise en \u0153uvre du programme dans l'\u00e9tablissement d'enseignement ?<\/h3><div class=\"wm-item-content clearfix WelcheSchrittesindvorderImplementierungdesProgrammsinderBildungsinstitutionzubeachten\"><ul>\n<li>Clarification des t\u00e2ches de l'organisme responsable du programme<\/li>\n<li>Clarification du financement<\/li>\n<li>Accord de coop\u00e9ration entre l'organisme responsable\/la cr\u00e8che et l'IA\/les partenaires de coop\u00e9ration au niveau f\u00e9d\u00e9ral<\/li>\n<li>Pr\u00e9sentation du programme, manifestation d'int\u00e9r\u00eat et prospection<\/li>\n<li>Qualification<\/li>\n<\/ul>\n<\/div><\/div>\r\n\r\n<div class=\"wm-item wm-item-wrap tag-PdagogischeFachkrfte tag-Koordinatorinnen\"><h3 class=\"wm-item-title tag-PdagogischeFachkrfte tag-Koordinatorinnen\" data-tags=\"tag-PdagogischeFachkrfte tag-Koordinatorinnen\" data-tag-names=\"P\u00e4dagogische Fachkr\u00e4fte|Koordinator*innen\">Quelles sont les missions de l'institution \u00e9ducative ?<\/h3><div class=\"wm-item-content clearfix WelcheAufgabenhatdieBildungsinstitution\"><ul>\n<li>le programme <em>griffbereitMINI<\/em> fonctionne comme un concept de l'institution \u00e9ducative (offre int\u00e9grative)<\/li>\n<li>Accord de coop\u00e9ration entre l'IC\/le partenaire f\u00e9d\u00e9ral de coop\u00e9ration et l'institution \u00e9ducative\/l'organisme responsable (d\u00e9finition des objectifs de la coop\u00e9ration, contributions des partenaires \u00e0 la coop\u00e9ration, finances).<\/li>\n<li>Fournir des locaux pour le *groupe parental\/*familial (et une \u00e9ventuelle garde d'enfants)<\/li>\n<li>Participation \u00e0 l'\u00e9valuation annuelle (si non prise en charge par l'organisme de coordination)<\/li>\n<\/ul>\n<\/div><\/div>\r\n\r\n<div class=\"wm-item wm-item-wrap tag-PdagogischeFachkrfte tag-Koordinatorinnen\"><h3 class=\"wm-item-title tag-PdagogischeFachkrfte tag-Koordinatorinnen\" data-tags=\"tag-PdagogischeFachkrfte tag-Koordinatorinnen\" data-tag-names=\"P\u00e4dagogische Fachkr\u00e4fte|Koordinator*innen\">Quelles sont les t\u00e2ches de l'IC\/du partenaire de coop\u00e9ration au niveau f\u00e9d\u00e9ral ?<\/h3><div class=\"wm-item-content clearfix WelcheAufgabenhabendasKIderbundesweiteKooperationspartner\"><ul>\n<li>Pr\u00e9sentation du programme entre autres aux organismes int\u00e9ress\u00e9s, \u00e0 l'\u00e9quipe de la cr\u00e8che<\/li>\n<li>Coordination\/suivi du programme<\/li>\n<li>Mise \u00e0 disposition des mat\u00e9riaux<\/li>\n<li>Promotion du programme<\/li>\n<li>Participation et analyse de l'\u00e9valuation annuelle<\/li>\n<li>Qualification de base des accompagnateurs de groupe*.<\/li>\n<li>Formation continue des accompagnateurs de groupes*.<\/li>\n<\/ul>\n<\/div><\/div>\r\n\r\n<div class=\"wm-item wm-item-wrap tag-PdagogischeFachkrfte tag-Koordinatorinnen\"><h3 class=\"wm-item-title tag-PdagogischeFachkrfte tag-Koordinatorinnen\" data-tags=\"tag-PdagogischeFachkrfte tag-Koordinatorinnen\" data-tag-names=\"P\u00e4dagogische Fachkr\u00e4fte|Koordinator*innen\">Qui est responsable du recrutement des participants* au programme ou quelles sont les m\u00e9thodes de recrutement des familles qui ont fait leurs preuves ?<\/h3><div class=\"wm-item-content clearfix WeristfrdieWerbungderTeilnehmerinnendesProgrammsverantwortlichbzwwelcheMethodenderFamilienanwerbunghabensichbewhrt\"><ul>\n<li>l'institution \u00e9ducative fait conna\u00eetre le programme lors des entretiens d'inscription \/ sur son site Internet \/ par des affiches dans l'institution et dans l'espace social (lieux fr\u00e9quent\u00e9s par les familles tels que l'\u00e9picerie, la boulangerie, les cabinets de sages-femmes, les centres de consultation en mati\u00e8re de grossesse, les p\u00e9diatres, les offres pour les jeunes enfants, etc.<\/li>\n<li>le centre de coordination et le promoteur font de la publicit\u00e9 via leurs pages d'accueil respectives, les m\u00e9dias sociaux et les r\u00e9seaux<\/li>\n<li>les accompagnateurs de groupe font de la publicit\u00e9 par le biais de flyers et du bouche-\u00e0-oreille s'ils disposent d'un bon r\u00e9seau dans la ville ou le quartier.<\/li>\n<li>\u00c9ventuellement, publicit\u00e9 via les communaut\u00e9s immigr\u00e9es et les OSM et, le cas \u00e9ch\u00e9ant, en concertation avec le conseil d'int\u00e9gration<\/li>\n<li>le service de la jeunesse, en tant que partenaire de coop\u00e9ration potentiel, peut \u00e9galement apporter son soutien en mati\u00e8re de publicit\u00e9<\/li>\n<\/ul>\n<\/div><\/div>\r\n\r\n<div class=\"wm-item wm-item-wrap tag-PdagogischeFachkrfte tag-Elternbegleiterinnen tag-Koordinatorinnen\"><h3 class=\"wm-item-title tag-PdagogischeFachkrfte tag-Elternbegleiterinnen tag-Koordinatorinnen\" data-tags=\"tag-PdagogischeFachkrfte tag-Elternbegleiterinnen tag-Koordinatorinnen\" data-tag-names=\"P\u00e4dagogische Fachkr\u00e4fte|Elternbegleiter*innen|Koordinator*innen\">Quelles sont les t\u00e2ches des accompagnateurs de groupe* ?<\/h3><div class=\"wm-item-content clearfix WelcheAufgabenhabenGruppenbegleiterinnen\"><ul>\n<li>Participation aux accords de planification avec l'\u00e9tablissement d'enseignement avant de commencer<\/li>\n<li>Soutenir l'institution \u00e9ducative dans le recrutement de *familles<\/li>\n<li>R\u00e9alisation hebdomadaire du groupe griffbereitMINI (2 heures)<\/li>\n<li>Participation \u00e0 des r\u00e9unions r\u00e9guli\u00e8res d'\u00e9change et de r\u00e9flexion avec l'unit\u00e9 de coordination<\/li>\n<li>Participation \u00e0 la qualification de base et \u00e0 la formation continue pour les accompagnateurs de groupes*.<\/li>\n<li>Participation \u00e0 l'\u00e9valuation annuelle<\/li>\n<li>Participation \u00e9ventuelle \u00e0 des r\u00e9unions de planification trimestrielles ou semestrielles avec l'\u00e9tablissement d'enseignement<\/li>\n<\/ul>\n<\/div><\/div>\r\n\r\n<div class=\"wm-item wm-item-wrap tag-PdagogischeFachkrfte tag-Elternbegleiterinnen\"><h3 class=\"wm-item-title tag-PdagogischeFachkrfte tag-Elternbegleiterinnen\" data-tags=\"tag-PdagogischeFachkrfte tag-Elternbegleiterinnen\" data-tag-names=\"P\u00e4dagogische Fachkr\u00e4fte|Elternbegleiter*innen\">Quelles sont les conditions requises pour devenir accompagnateur de groupe ?<\/h3><div class=\"wm-item-content clearfix WelcheVoraussetzungensolltenGruppenbegleiterinnenmitbringen\"><ul>\n<li>son propre multilinguisme<\/li>\n<li>au moins une bonne connaissance de l'allemand<\/li>\n<li>histoire internationale *de la famille<\/li>\n<li>ouvert, empathique, positif, amical, *sensible \u00e0 la culture familiale, capable de travailler en \u00e9quipe<\/li>\n<li>Aimer travailler avec des familles et des nourrissons\/b\u00e9b\u00e9s\/petits enfants<\/li>\n<li>\u00eatre flexible dans le temps et dans l'espace<\/li>\n<li>formation p\u00e9dagogique, le cas \u00e9ch\u00e9ant<\/li>\n<\/ul>\n<\/div><\/div>\r\n\r\n<div class=\"wm-item wm-item-wrap tag-PdagogischeFachkrfte tag-Elternbegleiterinnen tag-Koordinatorinnen\"><h3 class=\"wm-item-title tag-PdagogischeFachkrfte tag-Elternbegleiterinnen tag-Koordinatorinnen\" data-tags=\"tag-PdagogischeFachkrfte tag-Elternbegleiterinnen tag-Koordinatorinnen\" data-tag-names=\"P\u00e4dagogische Fachkr\u00e4fte|Elternbegleiter*innen|Koordinator*innen\">Qui conclut le contrat avec l'accompagnateur(trice) de groupe ?<\/h3><div class=\"wm-item-content clearfix WerschlietdenVertragmitdemrGruppenbegleiterin\"><ul>\n<li>L'unit\u00e9 de coordination du <em>griffbereitMINI<\/em>-programme<\/li>\n<li>L'organisme responsable de l'\u00e9tablissement d'enseignement<\/li>\n<\/ul>\n<\/div><\/div>\r\n\r\n<div class=\"wm-item wm-item-wrap tag-PdagogischeFachkrfte\"><h3 class=\"wm-item-title tag-PdagogischeFachkrfte\" data-tags=\"tag-PdagogischeFachkrfte\" data-tag-names=\"P\u00e4dagogische Fachkr\u00e4fte\">Qui forme les accompagnateurs de groupe* ?<\/h3><div class=\"wm-item-content clearfix WerschultdieGruppenbegleiterinnen\"><p>IK local\/partenaire de coop\u00e9ration \u00e0 l'\u00e9chelle f\u00e9d\u00e9rale<\/p>\n<\/div><\/div>\r\n\r\n<div class=\"wm-item wm-item-wrap tag-PdagogischeFachkrfte tag-Koordinatorinnen\"><h3 class=\"wm-item-title tag-PdagogischeFachkrfte tag-Koordinatorinnen\" data-tags=\"tag-PdagogischeFachkrfte tag-Koordinatorinnen\" data-tag-names=\"P\u00e4dagogische Fachkr\u00e4fte|Koordinator*innen\">Qui conclut le contrat de garde d'enfants ?<\/h3><div class=\"wm-item-content clearfix WerschlietdenVertragmitderKinderbetreuung\"><p>Voir point : Qui conclut le contrat avec l'accompagnateur de groupe ?<\/p>\n<\/div><\/div>\r\n\r\n<div class=\"wm-item wm-item-wrap tag-Elternbegleiterinnen\"><h3 class=\"wm-item-title tag-Elternbegleiterinnen\" data-tags=\"tag-Elternbegleiterinnen\" data-tag-names=\"Elternbegleiter*innen\">Qui est responsable du programme griffbereitMINI ?<\/h3><div class=\"wm-item-content clearfix WeristfrdasProgrammgriffbereitMINIverantwortlich\"><p><em>griffbereitMINI<\/em> wird von den Landesweiten Koordinierungsstellen (LaKos) fachlich begleitet. In NRW sind die einzelnen Kommunalen Integrationszentren verantwortlich. Sie werden vom Ministeriums f\u00fcr Kinder, Jugend, Familie, Gleichstellung, Flucht und Integration (MKJFGFI) fachlich begleitet.N\u00e4here Informationen finden Sie <a href=\"https:\/\/www.griffbereit-rucksack.de\/fr\/ueber-uns\/\"><strong>ici<\/strong><\/a>La mise en \u0153uvre se fait obligatoirement en collaboration avec les centres locaux d'int\u00e9gration (KI) et les partenaires de coop\u00e9ration au niveau f\u00e9d\u00e9ral (centres de coordination r\u00e9gionaux, centres de coordination de programmes locaux et\/ou r\u00e9gionaux).<\/p>\n<\/div><\/div>\r\n\r\n<div class=\"wm-item wm-item-wrap tag-Elternbegleiterinnen\"><h3 class=\"wm-item-title tag-Elternbegleiterinnen\" data-tags=\"tag-Elternbegleiterinnen\" data-tag-names=\"Elternbegleiter*innen\">Qui sera le chef de file de la mise en \u0153uvre du programme ?<\/h3><div class=\"wm-item-content clearfix WerbernimmtdieFederfhrungzurDurchfhrungdesProgramms\"><p>Les centres d'int\u00e9gration communaux ou les partenaires de coop\u00e9ration \u00e0 l'\u00e9chelle f\u00e9d\u00e9rale coordonnent ou accompagnent le programme, le cas \u00e9ch\u00e9ant en coop\u00e9ration avec d'autres offices\/organismes et proposent des r\u00e9unions d'information et des formations.<\/p>\n<\/div><\/div>\r\n\r\n<div class=\"wm-item wm-item-wrap tag-Elternbegleiterinnen\"><h3 class=\"wm-item-title tag-Elternbegleiterinnen\" data-tags=\"tag-Elternbegleiterinnen\" data-tag-names=\"Elternbegleiter*innen\">Quel est le volume horaire consacr\u00e9 par les accompagnateurs de groupe* \u00e0 leur activit\u00e9 ?<\/h3><div class=\"wm-item-content clearfix WiehochistderStundenumfangdenGruppenbegleiterinnenfrihreTtigkeitaufbringen\"><p>En r\u00e8gle g\u00e9n\u00e9rale :<\/p>\n<ul>\n<li>2 heures par semaine : 1,5 dans le groupe de parents et 0,5 heure pour la pr\u00e9paration et le suivi.<\/li>\n<li>En g\u00e9n\u00e9ral, 16 \u00e9v\u00e9nements par semestre et 32 par an<\/li>\n<li>Plus du temps pour des \u00e9changes\/r\u00e9flexions<\/li>\n<li>Plus du temps pour la formation et l'\u00e9ducation<\/li>\n<\/ul>\n<\/div><\/div>\r\n\r\n<div class=\"wm-item wm-item-wrap tag-Elternbegleiterinnen tag-Koordinatorinnen\"><h3 class=\"wm-item-title tag-Elternbegleiterinnen tag-Koordinatorinnen\" data-tags=\"tag-Elternbegleiterinnen tag-Koordinatorinnen\" data-tag-names=\"Elternbegleiter*innen|Koordinator*innen\">Quelle est la r\u00e9mun\u00e9ration des accompagnateurs de groupe* et quelles sont les dates \u00e0 prendre en compte ?<\/h3><div class=\"wm-item-content clearfix WiesiehtdieHonorierungderGruppenbegleiterinnenausundwelcheTerminesinddabeizubercksichtigen\"><p>L'activit\u00e9 d'accompagnateur parental* est g\u00e9n\u00e9ralement r\u00e9mun\u00e9r\u00e9e. Le LaKI \u00e9tablit des valeurs moyennes et fait des recommandations bas\u00e9es sur les taux de l'\u00e9ducation familiale\/VHS. La r\u00e9mun\u00e9ration peut \u00e9galement se baser sur l'indemnit\u00e9 forfaitaire des moniteurs ou prendre la forme d'un mini-emploi. Il existe \u00e9galement le cas o\u00f9 le personnel permanent est lib\u00e9r\u00e9, ce qui remplace une r\u00e9mun\u00e9ration directe.<\/p>\n<ul>\n<li>R\u00e9alisation des heures de groupe<\/li>\n<li>Formations, formations continues<\/li>\n<li>Entretiens de r\u00e9flexion et de planification<\/li>\n<li>Pr\u00e9paration et suivi des offres<\/li>\n<\/ul>\n<p>Le cas \u00e9ch\u00e9ant : dates du groupe de travail r\u00e9gional <em>griffbereitMINI<\/em>, <em>Griffbereit et Rucksack KiTa.<\/em><\/p>\n<\/div><\/div>\r\n\r\n<div class=\"wm-item wm-item-wrap tag-Elternbegleiterinnen tag-Koordinatorinnen\"><h3 class=\"wm-item-title tag-Elternbegleiterinnen tag-Koordinatorinnen\" data-tags=\"tag-Elternbegleiterinnen tag-Koordinatorinnen\" data-tag-names=\"Elternbegleiter*innen|Koordinator*innen\">Qui forme les accompagnateurs de groupe* ?<\/h3><div class=\"wm-item-content clearfix WerschultdieGruppenbegleiterinnen\"><p>Empfehlenswert:Die Federf\u00fchrung der Schulung liegt beim lokalen KI\/bundesweiten Kooperationspartner, der sp\u00e4ter die <em>griffbereitMINI<\/em>-Gruppen begleitet und so von Anfang an ein Ansprechpartner der Gruppenbegleiter*innen sein kann.Informationen zum Programm vermittelt das lokale KI\/der bundesweite Kooperationspartner.Zu bestimmten Themenschwerpunkten wie z.B. Medienp\u00e4dagogik, Literacy usw. k\u00f6nnen ggf. Referent*innen eingesetzt werden.<\/p>\n<\/div><\/div>\r\n\r\n<div class=\"wm-item wm-item-wrap tag-Elternbegleiterinnen\"><h3 class=\"wm-item-title tag-Elternbegleiterinnen\" data-tags=\"tag-Elternbegleiterinnen\" data-tag-names=\"Elternbegleiter*innen\">Quelles sont les priorit\u00e9s de la formation ?<\/h3><div class=\"wm-item-content clearfix WelcheSchwerpunktewerdenbeiderSchulunggesetzt\"><p>Voir \u00e0 ce sujet : Qualification d'accompagnateur de groupe.<\/p>\n<\/div><\/div>\r\n\r\n<div class=\"wm-item wm-item-wrap tag-Elternbegleiterinnen\"><h3 class=\"wm-item-title tag-Elternbegleiterinnen\" data-tags=\"tag-Elternbegleiterinnen\" data-tag-names=\"Elternbegleiter*innen\">Quelles attestations re\u00e7oivent les accompagnateurs de groupe* ?<\/h3><div class=\"wm-item-content clearfix WelcheBescheinigungenerhaltenGruppenbegleiterinnen\"><ul>\n<li>Confirmation de la qualification de base<\/li>\n<li>Confirmation de la qualification<\/li>\n<li>Confirmation de la p\u00e9riode d'honoraire<\/li>\n<\/ul>\n<\/div><\/div>\r\n\r\n<div class=\"wm-item wm-item-wrap tag-Koordinatorinnen\"><h3 class=\"wm-item-title tag-Koordinatorinnen\" data-tags=\"tag-Koordinatorinnen\" data-tag-names=\"Koordinator*innen\">Qui conclut l'accord de coop\u00e9ration avec le promoteur\/l'institution \u00e9ducative et les autres partenaires ?<\/h3><div class=\"wm-item-content clearfix WerschlietdieKooperationsvereinbarungmitdemTrgerderBildungsinstitutionundweiterenPartnernab\"><p>Das lokale KI oder der bundesweite Kooperationspartner schlie\u00dft die Kooperationsvereinbarung mit dem Tr\u00e4ger\/der Bildungsinstitution und &#8211; wenn vorgesehen &#8211; mit weiteren Partnern ab.<\/p>\n<\/div><\/div>\r\n\r\n<div class=\"wm-item wm-item-wrap tag-Koordinatorinnen\"><h3 class=\"wm-item-title tag-Koordinatorinnen\" data-tags=\"tag-Koordinatorinnen\" data-tag-names=\"Koordinator*innen\">Qu'en est-il des accords de coop\u00e9ration entre LaKo et l'IC\/le partenaire de coop\u00e9ration f\u00e9d\u00e9ral ou l'IC\/le partenaire de coop\u00e9ration f\u00e9d\u00e9ral et l'organisme, l'institution ?<\/h3><div class=\"wm-item-content clearfix WiesiehtesmitKooperationsvereinbarungenzwischenLaKoundKIbundesweitemKooperationspartnerbzwKIbundesweitemKooperationspartnerundTrgerInstitutionaus\"><p>La mise en \u0153uvre est li\u00e9e \u00e0 des accords de coop\u00e9ration.<br \/>Les accords de coop\u00e9ration avec les organismes ou les institutions \u00e9ducatives locales doivent \u00eatre conclus au niveau r\u00e9gional. <\/p>\n<\/div><\/div>\r\n\r\n<div class=\"wm-item wm-item-wrap tag-Koordinatorinnen\"><h3 class=\"wm-item-title tag-Koordinatorinnen\" data-tags=\"tag-Koordinatorinnen\" data-tag-names=\"Koordinator*innen\">Quelles sont les conditions pr\u00e9alables \u00e0 la recherche des accompagnateurs de groupe* ?<\/h3><div class=\"wm-item-content clearfix WelcheVoraussetzungensindbeiderSuchederGruppenbegleiterinnenzubeachten\"><ul>\n<li>multilingue<\/li>\n<li>au moins une bonne connaissance de l'allemand<\/li>\n<li>histoire internationale *de la famille<\/li>\n<li>ouvert, empathique, positif, amical, *sensible \u00e0 la culture familiale, capable de travailler en \u00e9quipe<\/li>\n<li>Aimer travailler avec des familles et des nourrissons\/b\u00e9b\u00e9s\/petits enfants<\/li>\n<li>formation p\u00e9dagogique, le cas \u00e9ch\u00e9ant<\/li>\n<li>\u00eatre flexible dans le temps et dans l'espace<\/li>\n<\/ul>\n<\/div><\/div>\r\n\r\n<div class=\"wm-item wm-item-wrap tag-Koordinatorinnen\"><h3 class=\"wm-item-title tag-Koordinatorinnen\" data-tags=\"tag-Koordinatorinnen\" data-tag-names=\"Koordinator*innen\">Quels sont les crit\u00e8res de s\u00e9lection et de fixation du volume horaire des accompagnateurs de groupe* ?<\/h3><div class=\"wm-item-content clearfix NachwelchenKriterienwirdderStundenumfangderGruppenbegleiterinnenausgewhltundfestgesetzt\"><p>Recommand\u00e9 :<\/p>\n<ul>\n<li>2 heures de temps par semaine : 1,5 heure dans le groupe de parents et 0,5 heure pour la pr\u00e9paration et le suivi.<\/li>\n<li>En g\u00e9n\u00e9ral, 16 \u00e9v\u00e9nements par semestre et 32 par an<\/li>\n<li>Plus temps pour les \u00e9changes\/r\u00e9flexions (\u00e0 d\u00e9terminer par chaque centre de coordination)<\/li>\n<li>Plus temps pour la formation et l'\u00e9ducation (\u00e0 d\u00e9terminer par chaque centre de coordination)<\/li>\n<\/ul>\n<\/div><\/div>\r\n\r\n<div class=\"wm-item wm-item-wrap tag-Koordinatorinnen\"><h3 class=\"wm-item-title tag-Koordinatorinnen\" data-tags=\"tag-Koordinatorinnen\" data-tag-names=\"Koordinator*innen\">Comment organiser une r\u00e9union d'\u00e9change\/de r\u00e9flexion entre les diff\u00e9rents accompagnateurs de groupes griffbereitMINI* ?<\/h3><div class=\"wm-item-content clearfix WielsstsicheinAustausch-ReflexionstreffenzwischendenverschiedenengriffbereitMINI-Gruppenbegleiterinnengestalten\"><ul>\n<li>Dans le cadre d'un groupe de travail (r\u00e9gional) griffbereitMINI, Griffbereit et Rucksack KiTa<\/li>\n<li>Dans le cadre d'ateliers pratiques\/de formations qualifiantes<\/li>\n<li>L'organisme de coordination invite les accompagnateurs de groupe \u00e0 un endroit central \u00e0 intervalles r\u00e9guliers.<\/li>\n<li>Les th\u00e8mes abord\u00e9s sont g\u00e9n\u00e9ralement des questions d'organisation et de contenu.<\/li>\n<\/ul>\n<\/div><\/div>\r\n\r\n<div class=\"wm-item wm-item-wrap tag-Koordinatorinnen\"><h3 class=\"wm-item-title tag-Koordinatorinnen\" data-tags=\"tag-Koordinatorinnen\" data-tag-names=\"Koordinator*innen\">A partir de quelle taille de groupe le financement du programme est-il pertinent ?<\/h3><div class=\"wm-item-content clearfix BeiwelcherGruppenstrkeistdieFinanzierungdesProgrammssinnvoll\"><p>Empfehlenswert ist eine gleichbleibende Gruppenst\u00e4rke von 4 bis 8 regelm\u00e4\u00dfig teilnehmenden Familien. Dazu ist meist eine leicht h\u00f6here Anmeldezahl notwendig (6-10 *Familien).<\/p>\n<\/div><\/div>\r\n\r\n<div class=\"wm-item wm-item-wrap tag-Koordinatorinnen\"><h3 class=\"wm-item-title tag-Koordinatorinnen\" data-tags=\"tag-Koordinatorinnen\" data-tag-names=\"Koordinator*innen\">Qu'est-ce qu'un financement \u00e0 long terme ?<\/h3><div class=\"wm-item-content clearfix WiesiehteinelangfristigeFinanzierungaus\"><p>possibilit\u00e9s :<\/p>\n<ul>\n<li>Dans le cadre des conf\u00e9rences sur l'int\u00e9gration et l'\u00e9ducation du Land\/de la ville\/du district, d\u00e9finition d'objectifs cl\u00e9s en mati\u00e8re d'int\u00e9gration, notamment en ce qui concerne la formation linguistique, la formation familiale\/la formation des adultes ainsi que les effets de synergie des programmes du Land et de l'\u00c9tat f\u00e9d\u00e9ral (IfKuF, Sprach-Kitas, etc.).<\/li>\n<li>Concertation locale pour inscrire le budget griffbereitMINI dans le budget de la commune\/du service de la jeunesse\/des centres familiaux\/des aides pr\u00e9coces.<\/li>\n<li>A propos des dons d'une entreprise\/association, etc.<\/li>\n<\/ul>\n<\/div><\/div>\r\n<\/div><\/div>","protected":false},"excerpt":{"rendered":"<div class=\"entry-summary\">\n<div class=\"entry-summary\">\nPour plus d'informations sur griffbereitMINI, cliquez ici.\n<\/div>\n<div class=\"link-more\"><a href=\"https:\/\/www.griffbereit-rucksack.de\/fr\/griffbereitmini\/faq-griffbereitmini\/\" class=\"more-link\">Continuer la lecture<span class=\"screen-reader-text\"> &ldquo;FAQ griffbereitMINI&rdquo;<\/span>...<\/a><\/div>\n<\/div>\n<div class=\"link-more\"><a href=\"https:\/\/www.griffbereit-rucksack.de\/fr\/griffbereitmini\/faq-griffbereitmini\/\" class=\"more-link\">Continuer la lecture<span class=\"screen-reader-text\"> &ldquo;FAQ griffbereitMINI&rdquo;<\/span>...<\/a><\/div>","protected":false},"author":1,"featured_media":0,"parent":12016,"menu_order":26,"comment_status":"closed","ping_status":"closed","template":"templates\/with-sidebar.php","meta":{"_acf_changed":false,"footnotes":""},"class_list":["post-12021","page","type-page","status-publish","hentry","entry"],"acf":[],"_links":{"self":[{"href":"https:\/\/www.griffbereit-rucksack.de\/fr\/wp-json\/wp\/v2\/pages\/12021","targetHints":{"allow":["GET"]}}],"collection":[{"href":"https:\/\/www.griffbereit-rucksack.de\/fr\/wp-json\/wp\/v2\/pages"}],"about":[{"href":"https:\/\/www.griffbereit-rucksack.de\/fr\/wp-json\/wp\/v2\/types\/page"}],"author":[{"embeddable":true,"href":"https:\/\/www.griffbereit-rucksack.de\/fr\/wp-json\/wp\/v2\/users\/1"}],"replies":[{"embeddable":true,"href":"https:\/\/www.griffbereit-rucksack.de\/fr\/wp-json\/wp\/v2\/comments?post=12021"}],"version-history":[{"count":0,"href":"https:\/\/www.griffbereit-rucksack.de\/fr\/wp-json\/wp\/v2\/pages\/12021\/revisions"}],"up":[{"embeddable":true,"href":"https:\/\/www.griffbereit-rucksack.de\/fr\/wp-json\/wp\/v2\/pages\/12016"}],"wp:attachment":[{"href":"https:\/\/www.griffbereit-rucksack.de\/fr\/wp-json\/wp\/v2\/media?parent=12021"}],"curies":[{"name":"wp","href":"https:\/\/api.w.org\/{rel}","templated":true}]}}