{"id":12017,"date":"2023-05-03T12:03:20","date_gmt":"2023-05-03T10:03:20","guid":{"rendered":"https:\/\/www.griffbereit-rucksack.de\/?page_id=12017"},"modified":"2023-05-03T12:18:12","modified_gmt":"2023-05-03T10:18:12","slug":"bildungsansaetze-griffbereitmini","status":"publish","type":"page","link":"https:\/\/www.griffbereit-rucksack.de\/fr\/griffbereitmini\/bildungsansaetze-griffbereitmini\/","title":{"rendered":"Approches \u00e9ducatives griffbereitMINI"},"content":{"rendered":"<h2>\u201eBildung ist das h\u00f6chste Gut, dass wir unseren Kindern schenken k\u00f6nnen.&#8220; (Cat Stevens)<\/h2>\r\n<p>Objectif de g<em>pr\u00eat pour le r\u00e9cifMINI <\/em>est de jeter les bases d'un solide plurilinguisme gr\u00e2ce \u00e0 l'\u00e9ducation linguistique et familiale pr\u00e9coce. Un objectif que l'Union europ\u00e9enne poursuit depuis 2002 d\u00e9j\u00e0 :<\/p>\r\n<p>Selon le Conseil europ\u00e9en, la promotion d'au moins deux autres langues devrait avoir lieu d\u00e8s la petite enfance. L'objectif \u00e0 long terme est d'encourager le multilinguisme individuel jusqu'\u00e0 ce que tous les citoyens aient une connaissance pratique d'au moins deux langues en plus de leur langue familiale.<a href=\"#_ftn1\" name=\"_ftnref1\">[1]<\/a>. Un investissement qui porte ses fruits, car :<\/p>\r\n<p><strong>\"Chaque nouvelle langue est comme une fen\u00eatre ouverte qui donne une nouvelle perspective sur le monde et \u00e9largit la conception de la vie\".<\/strong> <em>(Frank Harris)<\/em><\/p>\r\n<p><a href=\"#_ftnref1\" name=\"_ftn1\">[1]<\/a> Conseil europ\u00e9en de Barcelone, 15 et 16 mars 2002, conclusions de la pr\u00e9sidence, partie I, 43.1.<\/p>\r\n<p>Toutes les langues que les familles apportent avec elles constituent un \u00e9norme potentiel social qu'il faut absolument encourager. L'allemand est la langue de la soci\u00e9t\u00e9 et des institutions \u00e9ducatives, et donc une condition pr\u00e9alable \u00e0 l'int\u00e9gration et \u00e0 la r\u00e9ussite sociale.<\/p>\r\n<p><strong><em>griffbereitMINI<\/em> attaque avant Griffbereit !<\/strong><br \/>Le programme se d\u00e9roule dans des \u00e9tablissements de garde d'enfants, des centres familiaux, etc., mais aussi dans des lieux qui sont \u00e9galement importants pour les familles \u00e0 l'\u00e2ge des enfants, comme les centres de consultation pr\u00e9natale, les cabinets de sages-femmes. Ainsi, d'une part, les familles sont introduites tr\u00e8s t\u00f4t dans le syst\u00e8me \u00e9ducatif et, d'autre part, les enfants font l'exp\u00e9rience de la diversit\u00e9, de la communaut\u00e9 et de la vari\u00e9t\u00e9 comme un enrichissement d\u00e8s le d\u00e9but. Le partenariat \u00e9ducatif \u00e9tabli ici avec les *parents\/*familles soutient l'ouverture des institutions \u00e9ducatives \u00e0 la diversit\u00e9 : Des pierres angulaires contre les pr\u00e9jug\u00e9s et l'exclusion.","protected":false},"excerpt":{"rendered":"<div class=\"entry-summary\">\n<div class=\"entry-summary\">\nL'objectif de griffbereitMINI est de jeter les bases d'un solide plurilinguisme gr\u00e2ce \u00e0 une \u00e9ducation linguistique et familiale pr\u00e9coce.\n<\/div>\n<div class=\"link-more\"><a href=\"https:\/\/www.griffbereit-rucksack.de\/fr\/griffbereitmini\/bildungsansaetze-griffbereitmini\/\" class=\"more-link\">Continuer la lecture<span class=\"screen-reader-text\"> &ldquo;Bildungsans\u00e4tze griffbereitMINI&rdquo;<\/span>...<\/a><\/div>\n<\/div>\n<div class=\"link-more\"><a href=\"https:\/\/www.griffbereit-rucksack.de\/fr\/griffbereitmini\/bildungsansaetze-griffbereitmini\/\" class=\"more-link\">Continuer la lecture<span class=\"screen-reader-text\"> &ldquo;Bildungsans\u00e4tze griffbereitMINI&rdquo;<\/span>...<\/a><\/div>","protected":false},"author":1,"featured_media":0,"parent":12016,"menu_order":0,"comment_status":"closed","ping_status":"closed","template":"","meta":{"_acf_changed":false,"footnotes":""},"class_list":["post-12017","page","type-page","status-publish","hentry","entry"],"acf":[],"_links":{"self":[{"href":"https:\/\/www.griffbereit-rucksack.de\/fr\/wp-json\/wp\/v2\/pages\/12017","targetHints":{"allow":["GET"]}}],"collection":[{"href":"https:\/\/www.griffbereit-rucksack.de\/fr\/wp-json\/wp\/v2\/pages"}],"about":[{"href":"https:\/\/www.griffbereit-rucksack.de\/fr\/wp-json\/wp\/v2\/types\/page"}],"author":[{"embeddable":true,"href":"https:\/\/www.griffbereit-rucksack.de\/fr\/wp-json\/wp\/v2\/users\/1"}],"replies":[{"embeddable":true,"href":"https:\/\/www.griffbereit-rucksack.de\/fr\/wp-json\/wp\/v2\/comments?post=12017"}],"version-history":[{"count":0,"href":"https:\/\/www.griffbereit-rucksack.de\/fr\/wp-json\/wp\/v2\/pages\/12017\/revisions"}],"up":[{"embeddable":true,"href":"https:\/\/www.griffbereit-rucksack.de\/fr\/wp-json\/wp\/v2\/pages\/12016"}],"wp:attachment":[{"href":"https:\/\/www.griffbereit-rucksack.de\/fr\/wp-json\/wp\/v2\/media?parent=12017"}],"curies":[{"name":"wp","href":"https:\/\/api.w.org\/{rel}","templated":true}]}}