{"id":13039,"date":"2023-11-05T11:50:01","date_gmt":"2023-11-05T10:50:01","guid":{"rendered":"https:\/\/www.griffbereit-rucksack.de\/?page_id=13039"},"modified":"2023-11-29T16:47:55","modified_gmt":"2023-11-29T15:47:55","slug":"eb-konferenz-fachforen-digital","status":"publish","type":"page","link":"https:\/\/www.griffbereit-rucksack.de\/fa\/eb-konferenz-fachforen-digital\/","title":{"rendered":"EB-Konferenz &#8211; Fachforen Digital"},"content":{"rendered":"<h1><strong>Digitale EB-Konferenz<\/strong><\/h1>\n<p>Mit der bundesweiten Elternbegleiter*innen-Konferenz m\u00f6chten wir Ihre Arbeit als Elternbegleiter*innen w\u00fcrdigen und Ihnen die M\u00f6glichkeit geben, sich in verschiedenen Fachforen zu aktuellen Entwicklungen und Themen zu informieren und die Ans\u00e4tze zu diskutieren. Dar\u00fcber hinaus soll die Konferenz Gelegenheit zum Austausch \u00fcber die Programme und deren Arbeitsans\u00e4tze sowie zur Vernetzung dienen.<\/p>\n<p>&nbsp;<\/p>\n<p>&nbsp;<\/p>\n<p>&nbsp;<\/p>\n<p>&nbsp;<\/p>\n\t<h3><strong>04.12.23<\/strong><\/h3>\n\t<h3><strong>09:45 &#8211; 16:00 Uhr<br \/>\n<\/strong><\/h3>\n\t<h3><strong>DIGITAL<\/strong><\/h3>\n<h2>\n\t\tZEITPLAN DIGITAL\n\t<\/h2>\n\t<table>\n<tbody>\n<tr>\n<td width=\"92\">09:45 Uhr<\/td>\n<td width=\"444\">Er\u00f6ffnung\n<p><strong>Gru\u00dfwort Muchtar Al Ghusain<\/strong>, Dezernent f\u00fcr Jugend, Bildung und Kultur der Stadt Essen<\/p>\n<strong>Gru\u00dfwort Ministerin Josefine Paul<\/strong>, Ministerium f\u00fcr Kinder, Jugend, Familie, Gleichstellung, Flucht und Integration des Landes Nordrhein-Westfalen (MKJFGFI)<\/td>\n<\/tr>\n<tr>\n<td width=\"92\">10:30 Uhr<\/td>\n<td width=\"444\"><strong>Keynote: Erziehung zur Mehrsprachigkeit in der <\/strong><strong>Migrationsgesellschaft<\/strong> (Sprachpolitik in Familien und Kitas)\nProf. Dr. Julie A. Panagiotopoulou, Universit\u00e4t zu K\u00f6ln<\/td>\n<\/tr>\n<tr>\n<td width=\"92\">12:00 Uhr<\/td>\n<td width=\"444\"><strong>Pr\u00e4sentation des neuen griffbereitMINI-Films<\/strong><\/td>\n<\/tr>\n<tr>\n<td width=\"92\">12:30 Uhr<\/td>\n<td width=\"444\"><strong>Mittagspause<\/strong><\/td>\n<\/tr>\n<tr>\n<td width=\"92\">14.00 Uhr<\/td>\n<td width=\"444\"><strong>Fachforen<\/strong><\/td>\n<\/tr>\n<tr>\n<td width=\"92\">16:00 Uhr<\/td>\n<td width=\"444\"><strong>Ende der Veranstaltung<\/strong><\/td>\n<\/tr>\n<\/tbody>\n<\/table>\n<h2>\n\t\tFACHFOREN DIGITAL\n\t<\/h2>\n<div class=\"wm-tabs clearfix layout-top\" data-active=\"1\"><ul class=\"wm-tab-links wm-tab-count-5\"><li class=\"wm-tab-items-fachforum1_726\"><a href=\"#fachforum1_726\" data-tab=\"#fachforum1_726\">fachforum 1<\/a><\/li><li class=\"wm-tab-items-fachforum2_224\"><a href=\"#fachforum2_224\" data-tab=\"#fachforum2_224\">fachforum 2<\/a><\/li><li class=\"wm-tab-items-fachforum3_189\"><a href=\"#fachforum3_189\" data-tab=\"#fachforum3_189\">fachforum 3<\/a><\/li><li class=\"wm-tab-items-fachforum4_703\"><a href=\"#fachforum4_703\" data-tab=\"#fachforum4_703\">fachforum 4<\/a><\/li><li class=\"wm-tab-items-fachforum5_450\"><a href=\"#fachforum5_450\" data-tab=\"#fachforum5_450\">fachforum 5<\/a><\/li><\/ul><div class=\"wm-tabs-items\">\r\n<div class=\"wm-item wm-item-wrap fachforum1_726\" id=\"fachforum1_726\" data-title=\"fachforum1_726&&fachforum 1\"><h3 class=\"screen-reader-text wm-item-title\">fachforum 1<\/h3><p>Titel: <strong>App geht`s?! &#8211; Digitale Medien in der Elternbegleitung nutzen!<\/strong><br \/>Referent: <strong>Johannes Wenzel<\/strong>, Medienreferent, M\u00fcnster, Blickwechsel e.V.<strong>Referent:<\/strong> Johannes Wentzel arbeitet seit \u00fcber 21 Jahren in der schulischen und au\u00dferschulischen Kinder- und Jugendarbeit und der Erwachsenenbildung. Gemeinsam mit Kinderg\u00e4rten, Familienzentren, Schulen, Berufskollegs, Familienbildungsst\u00e4tten, Volkshochschulen, Universit\u00e4ten, Bibliotheken, Einrichtungen der Weiterbildung und st\u00e4dtischen Institutionen bietet er Fortbildungen, Workshops, Informationsveranstaltungen, Elternabende und Medientrainings f\u00fcr MultiplikatorInnen, Lehrende, P\u00e4dagogInnen, Eltern und Sch\u00fclerInnen zum Thema verantwortungsvoller und kreativer Umgang mit digitalen Medien an.<strong>Kurzbeschreibung:<\/strong> Auch zum Thema digitale Medien k\u00f6nnen Elternbegleiterinnen viele wichtige Tipps und Impulse geben und Eltern bei einem reflektierten Medien-Umgang in der Familie unterst\u00fctzen. Mit Kreativit\u00e4t und mit Spa\u00df sollen digitale Medien innerhalb der Familie und bei der Elternbegleitung nutzbar gemacht werden. Dabei sollen z.B. folgende Inhalte eine Rolle spielen:<\/p>\n<ul>\n<li>In welchen (digitalen) Medienwelten sind Familien heute unterwegs?<\/li>\n<li>Mediennutzung und kindliche Entwicklung &#8211; wie passt das zusammen?<\/li>\n<li>Medienerlebnisse als Sprechanlass nutzen<\/li>\n<li>Apps kreativ und gemeinsam nutzen!<\/li>\n<\/ul>\n<p><strong>Das Fachforum ist leider ausgebucht. Bitte w\u00e4hlen Sie eine digitale Alternative.<\/strong><\/p>\n<\/div>\r\n\r\n<div class=\"wm-item wm-item-wrap fachforum2_224\" id=\"fachforum2_224\" data-title=\"fachforum2_224&&fachforum 2\"><h3 class=\"screen-reader-text wm-item-title\">fachforum 2<\/h3><p>Titel: <strong>griffbereitMINI &#8211; Ein Familienbildungsprogramm zur Sprachbildung unter Wertsch\u00e4tzung der Mehrsprachigkeit von Anfang an<\/strong><br \/>Referent: <strong>Philipp Tillmann, <\/strong>KI Dortmund<strong>Referent:<\/strong> Herr Tilmann ist ausgebildeter Grundschullehrer und seit 2017 im Kommunalen Integrationszentrum der Stadt Dortmund t\u00e4tig. Dort koordiniert er das Familienbildungsprogramm Griffbereit und ist Ansprechpartner f\u00fcr die Themen Sprachbildung und Mehrsprachigkeit im Elementarbereich. Zudem hat er das neue Familienbildungsprogramm griffbereitMINI federf\u00fchrend mit entwickelt und begleitet aktuell die bundesweite Umsetzung.<strong>Kurzbeschreibung:<\/strong> Mit griffbereitMINI wird erstmals ein Programm f\u00fcr Familien mit Kindern bis zu einem Jahr angeboten, welches die Sprachbildung ins Zentrum stellt. Es soll Familien f\u00fcr die Wichtigkeit einer Sprachbildung von Anfang an sensibilisieren und ermutigen, schon im pr\u00e4verbalen Alter m\u00f6glichst viel und vielf\u00e4ltig mit ihrem Kind zu kommunizieren. Nach der Vorstellung der strukturellen Rahmenbedingungen f\u00fcr das Programm werden anhand von Beispielen Einblicke in die konkrete praktische Umsetzung gegeben.<strong>Das Fachforum ist leider ausgebucht. Bitte w\u00e4hlen Sie eine digitale Alternative.<\/strong><\/p>\n<\/div>\r\n\r\n<div class=\"wm-item wm-item-wrap fachforum3_189\" id=\"fachforum3_189\" data-title=\"fachforum3_189&&fachforum 3\"><h3 class=\"screen-reader-text wm-item-title\">fachforum 3<\/h3><p>Titel: <strong>(Kinder-) Armutssensibilit\u00e4t in der p\u00e4dagogischen Arbeit<\/strong><br \/>Referentin:<strong> Sarah Vazquez<\/strong>, Moderation &#8211; Fortbildung &#8211; Beratung<strong><br \/><\/strong><strong>Referentin:<\/strong> Sarah Vazquez ist als freie Referentin, Moderatorin und Prozessbegleiterin im Bereich der (Fr\u00fch-)P\u00e4dagogik und kommunalen Netzwerkarbeit t\u00e4tig.<br \/>Sie studierte Soziale Arbeit, hat eine staatliche Anerkennung als Erzieherin, ist als l\u00f6sungsorientierte Beraterin ausgebildet und studiert zurzeit Systemische Beratung.<br \/>Zu ihren fachlichen Schwerpunkten z\u00e4hlen Kinderarmutssensibilit\u00e4t, Digitale (Zusammen)-Arbeit, Team- und Organisationsentwicklung und Feminismus.<strong>Kurzbeschreibung: <\/strong>Ein wichtiger Baustein armutssensiblen Handelns ist neben Wissen und Kompetenzen auch die eigene armutssensible Haltung und die selbstreflexive Professionalit\u00e4t. Um diese zu entwickeln oder zu st\u00e4rken, braucht es Austausch und Reflexion.<\/p>\n<\/div>\r\n\r\n<div class=\"wm-item wm-item-wrap fachforum4_703\" id=\"fachforum4_703\" data-title=\"fachforum4_703&&fachforum 4\"><h3 class=\"screen-reader-text wm-item-title\">fachforum 4<\/h3><p>Titel: <strong>Mehrsprachigkeit in der Peer-Interaktion<\/strong><br \/>Referentin: <strong>Dr. Claudia Seele, <\/strong>Fachstelle Mehrsprachigkeit, LaKo Mecklenburg-Vorpommern<strong>Referentin:<\/strong> Dr. Claudia Seele &#8211; Erziehungswissenschaftlerin und Leiterin der Fachstelle Mehrsprachigkeit MV, ein Projekt der RAA &#8211; Demokratie und Bildung Mecklenburg-Vorpommern e. V.<strong>Kurzbeschreibung:\u00a0<\/strong>Wie kann durch eine positive Wahrnehmung von Mehrsprachigkeit dazu beigetragen werden, Kinder in ihrer sprachlichen Entwicklung zu untert\u00fctzen? Anhand von Beobachtungsbeispielen aus Kitas werden unterschiedliche Umgangsweisen mit Mehrsprachigkeit aufgezeigt.<\/p>\n<\/div>\r\n\r\n<div class=\"wm-item wm-item-wrap fachforum5_450\" id=\"fachforum5_450\" data-title=\"fachforum5_450&&fachforum 5\"><h3 class=\"screen-reader-text wm-item-title\">fachforum 5<\/h3><p>Titel: <strong>Musik und Sprache: Wie Lieder die Sprachentwicklung f\u00f6rdern und Mehrsprachigkeit unterst\u00fctzen<\/strong><br \/>Referentin: <strong>Hayat Chaoui<\/strong>, Musikwelt NRW<strong>Referentin: <\/strong>Nachdem Hayat Chaoui das Staatsexamen ihres Lehramt-Studiums in den F\u00e4chern Franz\u00f6sisch und Englisch in Mainz ablegte, begann sie ihr Gesangsstudium an der Hochschule f\u00fcr Musik und Tanz in K\u00f6ln. Dieses schloss sie unter anderem mit dem Diplom Gesangsp\u00e4dagogik ab &#8211; nicht fern liegt es da, dass sie auch beruflich das P\u00e4dagogische mit dem Musikalischen verbindet.\u00a0<strong>Kurzbeschreibung:<\/strong> Welche Chancen werden Familien durch eine niederschwellige Verbindung von Musik und Sprache er\u00f6ffnet, um sich innerhalb eines mehrsprachigen Sozialraums zu begegnen? Im Blickfeld steht die Integration und der damit verbundene Mehrwert mehrsprachiger Kinderlieder in den Alltag.<strong>Das Fachforum ist leider ausgebucht. Bitte w\u00e4hlen Sie eine digitale Alternative.<\/strong><\/p>\n<\/div>\r\n<\/div><\/div><h2>\n\t\tBITTE W\u00c4HLEN SIE ZUS\u00c4TZLICH ZUR ANMELDUNG AM TAGESPROGRAMM EIN FACHFORUM AUS:\n\t<\/h2>\n<h3>\n\t\tFACHFORUM 1\n\t<\/h3>\n\t<p>App geht`s?! &#8211; Digitale Medien in der Elternbegleitung nutzen!<\/p>\n<p>Das Fachforum ist leider ausgebucht. Bitte w\u00e4hlen Sie eine digitale Alternative.<\/p>\n<h3>\n\t\tFACHFORUM 2\n\t<\/h3>\n\t<p>griffbereitMINI &#8211; Ein Familienbildungsprogramm zur Sprachbildung unter Wertsch\u00e4tzung der Mehrsprachigkeit von Anfang an<\/p>\n<p>Das Fachforum ist leider ausgebucht. Bitte w\u00e4hlen Sie eine Alternative.<\/p>\n<h3>\n\t\tFACHFORUM 3\n\t<\/h3>\n\t<p>(Kinder-) Armutssensibilit\u00e4t in der p\u00e4dagogischen Arbeit<\/p>\n\t\t\t<a href=\"https:\/\/www.griffbereit-rucksack.de\/fa\/events\/kinder-armutssensibilitaet-in-der-paedagogischen-arbeit\/\" target=\"_blank\" role=\"button\" rel=\"noopener\">\n\t\t\t\t\t\t\tZUR ANMELDUNG\n\t\t\t\t\t<\/a>\n<h3>\n\t\tFACHFORUM 4\n\t<\/h3>\n\t<p>Mehrsprachigkeit in der Peer-Interaktion<\/p>\n\t\t\t<a href=\"https:\/\/www.griffbereit-rucksack.de\/fa\/events\/mehrsprachigkeit-in-der-peer-interaktion-2\/\" target=\"_blank\" role=\"button\" rel=\"noopener\">\n\t\t\t\t\t\t\tZUR ANMELDUNG\n\t\t\t\t\t<\/a>\n<h3>\n\t\tFACHFORUM 5\n\t<\/h3>\n\t<p>Musik und Sprache: Wie Lieder die Sprachentwicklung f\u00f6rdern und Mehrsprachigkeit unterst\u00fctzen<\/p>\n<p>Das Fachforum ist leider ausgebucht. Bitte w\u00e4hlen Sie eine Alternative.<\/p>","protected":false},"excerpt":{"rendered":"<div class=\"entry-summary\">\n<div class=\"entry-summary\">\nDigitale EB-Konferenz Mit der bundesweiten Elternbegleiter*innen-Konferenz m\u00f6chten wir Ihre Arbeit als Elternbegleiter*innen w\u00fcrdigen und Ihnen die M\u00f6glichkeit geben,&hellip;\n<\/div>\n<div class=\"link-more\"><a href=\"https:\/\/www.griffbereit-rucksack.de\/fa\/eb-konferenz-fachforen-digital\/\" class=\"more-link\">Continue reading<span class=\"screen-reader-text\"> &ldquo;EB-Konferenz &#8211; Fachforen Digital&rdquo;<\/span>&hellip;<\/a><\/div>\n<\/div>\n<div class=\"link-more\"><a href=\"https:\/\/www.griffbereit-rucksack.de\/fa\/eb-konferenz-fachforen-digital\/\" class=\"more-link\">Continue reading<span class=\"screen-reader-text\"> &ldquo;EB-Konferenz &#8211; Fachforen Digital&rdquo;<\/span>&hellip;<\/a><\/div>","protected":false},"author":1,"featured_media":0,"parent":0,"menu_order":0,"comment_status":"closed","ping_status":"closed","template":"","meta":{"_acf_changed":false,"footnotes":""},"class_list":["post-13039","page","type-page","status-publish","hentry","entry"],"acf":[],"_links":{"self":[{"href":"https:\/\/www.griffbereit-rucksack.de\/fa\/wp-json\/wp\/v2\/pages\/13039","targetHints":{"allow":["GET"]}}],"collection":[{"href":"https:\/\/www.griffbereit-rucksack.de\/fa\/wp-json\/wp\/v2\/pages"}],"about":[{"href":"https:\/\/www.griffbereit-rucksack.de\/fa\/wp-json\/wp\/v2\/types\/page"}],"author":[{"embeddable":true,"href":"https:\/\/www.griffbereit-rucksack.de\/fa\/wp-json\/wp\/v2\/users\/1"}],"replies":[{"embeddable":true,"href":"https:\/\/www.griffbereit-rucksack.de\/fa\/wp-json\/wp\/v2\/comments?post=13039"}],"version-history":[{"count":0,"href":"https:\/\/www.griffbereit-rucksack.de\/fa\/wp-json\/wp\/v2\/pages\/13039\/revisions"}],"wp:attachment":[{"href":"https:\/\/www.griffbereit-rucksack.de\/fa\/wp-json\/wp\/v2\/media?parent=13039"}],"curies":[{"name":"wp","href":"https:\/\/api.w.org\/{rel}","templated":true}]}}