{"id":12968,"date":"2023-11-01T19:38:59","date_gmt":"2023-11-01T18:38:59","guid":{"rendered":"https:\/\/www.griffbereit-rucksack.de\/?page_id=12968"},"modified":"2023-11-25T11:14:31","modified_gmt":"2023-11-25T10:14:31","slug":"eb-konferenz-fachforen-vor-ort","status":"publish","type":"page","link":"https:\/\/www.griffbereit-rucksack.de\/fa\/eb-konferenz-fachforen-vor-ort\/","title":{"rendered":"Elternbegleiter*innen-Konferenz &#8211; Fachforen vor Ort"},"content":{"rendered":"<h1><strong>\u00a0<\/strong><\/h1>\n<p>Mit der bundesweiten Elternbegleiter*innen-Konferenz m\u00f6chten wir Ihre Arbeit als Elternbegleiter*innen w\u00fcrdigen und Ihnen die M\u00f6glichkeit geben, sich in verschiedenen Fachforen zu aktuellen Entwicklungen und Themen zu informieren und die Ans\u00e4tze zu diskutieren. Dar\u00fcber hinaus soll die Konferenz Gelegenheit zum Austausch \u00fcber die Programme und deren Arbeitsans\u00e4tze sowie zur Vernetzung dienen.<\/p>\n<p>&nbsp;<\/p>\n<p>\u00a0<\/p>\n<p>&nbsp;<\/p>\n\t<h3><strong>04.12.23<\/strong><\/h3>\n<h4><a href=\"https:\/\/chorforum-essen.de\/index.php\/location.html\">ChorForum Essen<\/a><\/h4>\n\t<h3><strong>08:45 &#8211; 16:45<\/strong><\/h3>\n\t<h3><strong>VOR ORT<\/strong><\/h3>\n<h2>\n\t\tZEITPLAN VOR ORT\n\t<\/h2>\n\t<table>\n<tbody>\n<tr>\n<td width=\"92\">08:45 Uhr<\/td>\n<td width=\"444\"><strong>Anmeldung und Stehcaf\u00e9<\/strong><\/td>\n<\/tr>\n<tr>\n<td width=\"92\">09:45 Uhr<\/td>\n<td width=\"444\">Er\u00f6ffnung\n<p><strong>Gru\u00dfwort Muchtar Al Ghusain<\/strong>, Dezernent f\u00fcr Jugend, Bildung und Kultur der Stadt Essen<\/p>\n<strong>Gru\u00dfwort Ministerin Josefine Paul<\/strong>, Ministerium f\u00fcr Kinder, Jugend, Familie, Gleichstellung, Flucht und Integration des Landes Nordrhein-Westfalen (MKJFGFI)<\/td>\n<\/tr>\n<tr>\n<td width=\"92\">10:30 Uhr<\/td>\n<td width=\"444\"><strong>Keynote: Erziehung zur Mehrsprachigkeit in der <\/strong><strong>Migrationsgesellschaft<\/strong> (Sprachpolitik in Familien und Kitas)\nProf. Dr. Julie A. Panagiotopoulou, Universit\u00e4t zu K\u00f6ln<\/td>\n<\/tr>\n<tr>\n<td width=\"92\">12:00 Uhr<\/td>\n<td width=\"444\"><strong>Pr\u00e4sentation des neuen griffbereitMINI-Films<\/strong><\/td>\n<\/tr>\n<tr>\n<td width=\"92\">12:30 Uhr<\/td>\n<td width=\"444\"><strong>Mittagspause <\/strong>und Zeit zum Austausch<\/td>\n<\/tr>\n<tr>\n<td width=\"92\">14.00 Uhr<\/td>\n<td width=\"444\"><strong>Fachforen<\/strong><\/td>\n<\/tr>\n<tr>\n<td width=\"92\">16:00 Uhr<\/td>\n<td width=\"444\"><strong>Kaffeepause<\/strong><\/td>\n<\/tr>\n<tr>\n<td width=\"92\">16:15 Uhr<\/td>\n<td width=\"444\"><strong>Slam-Poetry <\/strong>mit Ella Elia Anschein\n<strong>Verabschiedung <\/strong>durch das MKJFGFI<\/td>\n<\/tr>\n<tr>\n<td width=\"92\">16:45 Uhr<\/td>\n<td width=\"444\"><strong>Ende der Veranstaltung<\/strong><\/td>\n<\/tr>\n<\/tbody>\n<\/table>\n<h2>\n\t\tFACHFOREN VOR ORT\n\t<\/h2>\n<div class=\"wm-tabs clearfix layout-top\" data-active=\"1\"><ul class=\"wm-tab-links wm-tab-count-6\"><li class=\"wm-tab-items-fachforum1_186\"><a href=\"#fachforum1_186\" data-tab=\"#fachforum1_186\">fachforum 1<\/a><\/li><li class=\"wm-tab-items-fachforum2_819\"><a href=\"#fachforum2_819\" data-tab=\"#fachforum2_819\">fachforum 2<\/a><\/li><li class=\"wm-tab-items-fachforum3_972\"><a href=\"#fachforum3_972\" data-tab=\"#fachforum3_972\">fachforum 3<\/a><\/li><li class=\"wm-tab-items-fachforum4_142\"><a href=\"#fachforum4_142\" data-tab=\"#fachforum4_142\">fachforum 4<\/a><\/li><li class=\"wm-tab-items-fachforum5_115\"><a href=\"#fachforum5_115\" data-tab=\"#fachforum5_115\">fachforum 5<\/a><\/li><li class=\"wm-tab-items-Fachforum6_528\"><a href=\"#Fachforum6_528\" data-tab=\"#Fachforum6_528\">Fachforum 6<\/a><\/li><\/ul><div class=\"wm-tabs-items\">\r\n<div class=\"wm-item wm-item-wrap fachforum1_186\" id=\"fachforum1_186\" data-title=\"fachforum1_186&&fachforum 1\"><h3 class=\"screen-reader-text wm-item-title\">fachforum 1<\/h3><p>Titel: <strong>Empowerment: Mehr als nur Begegnung auf Augenh\u00f6he<\/strong><br \/>Referentin: <strong>Dr. Carmen Yong-Ae Wienand<\/strong>, Goethe Universit\u00e4t Frankfurt am Main<strong>Referentin:<\/strong> Dr. Carmen Yong-Ae Wienand ist Kindheits- und Bildungsforscherin. Sie arbeitet derzeit freiberuflich als P\u00e4dagogin und Referentin im Themenfeld Kindheit in der Migrationsgesellschaft. Von September 2021 bis Mai 2022 war sie im Bundestransferteam Griffbereit und Rucksack KiTa in der Koordination (in Elternzeitvertretung) t\u00e4tig.<strong>Kurzbeschreibung: <\/strong>Nach einem Input zu Machtverh\u00e4ltnissen in der fr\u00fchen Kindheit werden Empowerment-Konzepte thematisiert und konkrete M\u00f6glichkeiten zur Umsetzung in der Praxis vorgestellt.<\/p>\n<\/div>\r\n\r\n<div class=\"wm-item wm-item-wrap fachforum2_819\" id=\"fachforum2_819\" data-title=\"fachforum2_819&&fachforum 2\"><h3 class=\"screen-reader-text wm-item-title\">fachforum 2<\/h3><p>Titel: <strong>\u00dcberg\u00e4nge in der fr\u00fchen Kindheit unterst\u00fctzen und begleiten<\/strong><br \/>Referentinnen: <strong>Sarah Gousis<\/strong>, FH-Niederrhein und<strong> Ellen Brings<\/strong>, ZfTI<strong><br \/><\/strong><strong>Referentinnen: <\/strong>Sarah Gousis absolvierte 2016 ihr Masterstudium im Bereich Soziale Arbeit an der Universit\u00e4t Duisburg-Essen. Sie arbeitete 2020 bis 2022 als wissenschaftliche Mitarbeiterin am Fachbereich Sozialwesen der Hochschule Niederrhein u.a. im Modellprojekt \u201eSo fr\u00fch wie m\u00f6glich &#8211; Bildungsbande kn\u00fcpfen&#8220;. Seit 2020 promoviert sie bei Prof. Dr. Donja Amirpur zum Thema \u201eEmpowerment und Powersharing in der (sozial-)p\u00e4dagogischen Arbeit mit migrantisierten Familien am \u00dcbergang ins (fr\u00fche) Bildungssystem&#8220; (Arbeitstitel).Ellen Brings ist verantwortlich f\u00fcr den Bereich Materialentwicklung innerhalb des Bundestransfers f\u00fcr die Programme griffbereitMINI, Griffbereit und Rucksack KiTa.<strong>Kurzbeschreibung:<\/strong> Wie k\u00f6nnen \u00dcberg\u00e4nge von der Familie in die Bildungseinrichtungen gelingen? Wie kann die Elternbegleitung diesen Prozess unterst\u00fctzen? Hierzu soll ein Raum f\u00fcr gemeinsame \u00dcberlegungen geschaffen werden.<\/p>\n<\/div>\r\n\r\n<div class=\"wm-item wm-item-wrap fachforum3_972\" id=\"fachforum3_972\" data-title=\"fachforum3_972&&fachforum 3\"><h3 class=\"screen-reader-text wm-item-title\">fachforum 3<\/h3><p>Titel: <strong>Elternbegleitung als Einstieg in Sozial- und Erziehungsberufe <\/strong><strong>Kurzvorstellung der Referentinnen:<\/strong> Stephanie Schmidt, Beraterin im Bereich Gute Erwerbsbiografien bei der Regionaldirektion NRW, Inna Michailov, Elternbeglegleiterin beim KI M\u00e4rkischer Kreis, Hannah Farhan-Dorn, MKJFGFI, und Miriam Weilbrenner, MKJFGFI<strong>Kurzbeschreibung:<\/strong> Neben beruflichen Perspektiven werden Informationen und F\u00f6rderm\u00f6glichkeiten zur weiteren Qualifizierung auch Anhand von Praxisbeispielen aufgezeigt. Als Grundlage dient die Elternbegleiter*innen-Befragung 2022\/2023.<strong>Das Fachforum ist leider ausgebucht. Bitte w\u00e4hlen Sie eine Alternative.<\/strong><\/p>\n<\/div>\r\n\r\n<div class=\"wm-item wm-item-wrap fachforum4_142\" id=\"fachforum4_142\" data-title=\"fachforum4_142&&fachforum 4\"><h3 class=\"screen-reader-text wm-item-title\">fachforum 4<\/h3><p>Titel \u201e<strong>Translanguaging in Familien und Kitas: Erziehung zur Mehrsprachigkeit aus Sicht von p\u00e4dagogischen Fachkr\u00e4ften und Eltern<\/strong>&#8222;<br \/>Referentin: <strong>Maria J. Hammel<\/strong>, Universit\u00e4t zu K\u00f6ln<strong>Referentin:<\/strong> Maria J. Hammel ist wissenschaftliche Mitarbeiterin und Doktorandin bei Julie A. Panagiotopoulou an der Professur f\u00fcr Erziehungswissenschaft mit dem Schwerpunkt Bildung und Entwicklung in Fr\u00fcher Kindheit der Universit\u00e4t zu K\u00f6ln. In ihrem Promotionsvorhaben besch\u00e4ftigt sie sich mit der Rekonstruktion von Perspektiven p\u00e4dagogischer Fachkr\u00e4fte auf Mehrsprachigkeit und Translanguaging als P\u00e4dagogik innerhalb des ethnographisch angelegten Forschungs- und Fortbildungsprojekts TranslaPed (Translanguaging Pedagogy in mehrsprachigen Kitas uns Schulen in NRW).<strong>Kurzbeschreibung: <\/strong>Wie stehen p\u00e4dagogische Fachkr\u00e4fte und Eltern zu Translanguaging-Padogogik und Erziehung zur Mehrsprachigkeit? Die Universit\u00e4t zu K\u00f6ln hat dazu in einem Forschungs- und Fortbildungsprojekt viele Gespr\u00e4che gef\u00fchrt und Praxisbeispiele analysiert und so die Sichtweisen der p\u00e4dagogischen Fachkr\u00e4fte und Eltern beleuchtet.<\/p>\n<\/div>\r\n\r\n<div class=\"wm-item wm-item-wrap fachforum5_115\" id=\"fachforum5_115\" data-title=\"fachforum5_115&&fachforum 5\"><h3 class=\"screen-reader-text wm-item-title\">fachforum 5<\/h3><p>Titel: \u201e<strong>Bewegte Sprache &#8211; Bewegungsorientierte Sprachbildung f\u00fcr mehrsprachige Kinder<\/strong><br \/>Referentin: <strong>Prof. Dr. Nadine Madeira Firmino<\/strong>, FH Bielefeld<strong>Referentin:<\/strong> Prof. Dr. Nadine Madeira Firmino ist Professorin an der Hochschule Bielefeld im Studiengang Kindheitsp\u00e4dagogik. Ihre Arbeit- und Forschungsschwerpunkte liegen in den Bereichen Bewegung und Sprache, Mehrsprachigkeit, Alltagsintegrierte Sprachbildung sowie Beobachtung und Dokumentation von Entwicklungsprozessen.<strong>Kurzbeschreibung:<\/strong> Nach der Darstellung von Besonderheiten des simultanen und sukzessiven Mehrsprachenerwerbs werden einfache praxisorientierte Elemente und \u00dcbungen vorgestellt, die zeigen, wie die Sprachentwicklung durch Bewegung im p\u00e4dagogischen Alltag unterst\u00fctzt werden kann.<\/p>\n<\/div>\r\n\r\n<div class=\"wm-item wm-item-wrap Fachforum6_528\" id=\"Fachforum6_528\" data-title=\"Fachforum6_528&&Fachforum 6\"><h3 class=\"screen-reader-text wm-item-title\">Fachforum 6<\/h3><p>Titel: <b>Sprachen gemeinsam st\u00e4rken!<\/b><br \/>Referent<strong>: Prof. Dr. Timm Albers<\/strong>, Universit\u00e4t Paderborn<strong><br \/><\/strong><strong>Referent:<\/strong> Prof. Dr. Timm Albers ist ein deutscher Erziehungswissenschaftler und Bildungsforscher. Seit 2014 leitet er die Arbeitsgruppe Inklusive P\u00e4dagogik an der Universit\u00e4t Paderborn.<strong>Kurzbeschreibung:<\/strong> Sprachliche Bildung gelingt am besten, wenn Familien und Bildungseinrichtungen zusammenarbeiten. Elternbegleiter*innen nehmen dabei eine wichtig Rolle ein, da sie den Zugang zu Kitas, Bildungs- und Beratungsinstitutionen erleichtern und gleichzeitig auch zu deren migrationsgesellschaftlichen \u00d6ffnung beitragen.<strong>\u00a0<\/strong><\/p>\n<\/div>\r\n<\/div><\/div><h2>\n\t\tBITTE W\u00c4HLEN SIE ZUS\u00c4TZLICH ZUR ANMELDUNG AM TAGESPROGRAMM EIN FACHFORUM AUS:\n\t<\/h2>\n<h3>\n\t\tFACHFORUM 1\n\t<\/h3>\n\t<p>Empowerment: Mehr als nur Begegnung auf Augenh\u00f6he<\/p>\n\t\t\t<a href=\"https:\/\/www.griffbereit-rucksack.de\/fa\/events\/empowerment-mehr-als-nur-begegnung-auf-augenhoehe\/\" target=\"_blank\" role=\"button\" rel=\"noopener\">\n\t\t\t\t\t\t\tZUR ANMELDUNG\n\t\t\t\t\t<\/a>\n<h3>\n\t\tFACHFORUM 2\n\t<\/h3>\n\t<p>\u00dcberg\u00e4nge in der fr\u00fchen Kindheit unterst\u00fctzen und begleiten<\/p>\n\t\t\t<a href=\"https:\/\/www.griffbereit-rucksack.de\/fa\/events\/uebergaenge-gestalten\/\" target=\"_blank\" role=\"button\" rel=\"noopener\">\n\t\t\t\t\t\t\tZUR ANMELDUNG\n\t\t\t\t\t<\/a>\n<h3>\n\t\tFACHFORUM 3\n\t<\/h3>\n\t<p>Elternbegleitung als Einstieg in Sozial- und Erziehungsberufe<\/p>\n<p><strong>Das Fachforum ist leider ausgebucht. Bitte w\u00e4hlen Sie eine Alternative.<\/strong><\/p>\n<h3>\n\t\tFACHFORUM 4\n\t<\/h3>\n\t<p>Translanguaging in Familien und Kitas: Erziehung zur Mehrsprachigkeit aus Sicht von p\u00e4dagogischen Fachkr\u00e4ften und Eltern<\/p>\n\t\t\t<a href=\"https:\/\/www.griffbereit-rucksack.de\/fa\/events\/translanguaging-in-familien-und-kitas-erziehung-zur-mehrsprachigkeit-aus-sicht-von-paedagogischen-fachkraeften-und-eltern\/\" target=\"_blank\" role=\"button\" rel=\"noopener\">\n\t\t\t\t\t\t\tZUR ANMELDUNG\n\t\t\t\t\t<\/a>\n<h3>\n\t\tFACHFORUM 5\n\t<\/h3>\n\t<p>Bewegte Sprache &#8211; Bewegungsorientierte Sprachbildung f\u00fcr mehrsprachige Kinder<\/p>\n\t\t\t<a href=\"https:\/\/www.griffbereit-rucksack.de\/fa\/events\/bewegte-sprache-bewegungsorientierte-sprachbildung-fuer-mehrsprachige-kinder\/\" target=\"_blank\" role=\"button\" rel=\"noopener\">\n\t\t\t\t\t\t\tZUR ANMELDUNG\n\t\t\t\t\t<\/a>\n<h3>\n\t\tFACHFORUM 6\n\t<\/h3>\n\t<p>Sprachen gemeinsam st\u00e4rken!<\/p>\n\t\t\t<a href=\"https:\/\/www.griffbereit-rucksack.de\/fa\/events\/f6-praesenz-eb-konferenz-sprachen-gemeinsam-staerken\/\" target=\"_blank\" role=\"button\" rel=\"noopener\">\n\t\t\t\t\t\t\tZUR ANMELDUNG\n\t\t\t\t\t<\/a>","protected":false},"excerpt":{"rendered":"<div class=\"entry-summary\">\n<div class=\"entry-summary\">\n\u00a0 Mit der bundesweiten Elternbegleiter*innen-Konferenz m\u00f6chten wir Ihre Arbeit als Elternbegleiter*innen w\u00fcrdigen und Ihnen die M\u00f6glichkeit geben, sich&hellip;\n<\/div>\n<div class=\"link-more\"><a href=\"https:\/\/www.griffbereit-rucksack.de\/fa\/eb-konferenz-fachforen-vor-ort\/\" class=\"more-link\">Continue reading<span class=\"screen-reader-text\"> &ldquo;Elternbegleiter*innen-Konferenz &#8211; Fachforen vor Ort&rdquo;<\/span>&hellip;<\/a><\/div>\n<\/div>\n<div class=\"link-more\"><a href=\"https:\/\/www.griffbereit-rucksack.de\/fa\/eb-konferenz-fachforen-vor-ort\/\" class=\"more-link\">Continue reading<span class=\"screen-reader-text\"> &ldquo;Elternbegleiter*innen-Konferenz &#8211; Fachforen vor Ort&rdquo;<\/span>&hellip;<\/a><\/div>","protected":false},"author":1,"featured_media":0,"parent":0,"menu_order":0,"comment_status":"closed","ping_status":"closed","template":"","meta":{"_acf_changed":false,"footnotes":""},"class_list":["post-12968","page","type-page","status-publish","hentry","entry"],"acf":[],"_links":{"self":[{"href":"https:\/\/www.griffbereit-rucksack.de\/fa\/wp-json\/wp\/v2\/pages\/12968","targetHints":{"allow":["GET"]}}],"collection":[{"href":"https:\/\/www.griffbereit-rucksack.de\/fa\/wp-json\/wp\/v2\/pages"}],"about":[{"href":"https:\/\/www.griffbereit-rucksack.de\/fa\/wp-json\/wp\/v2\/types\/page"}],"author":[{"embeddable":true,"href":"https:\/\/www.griffbereit-rucksack.de\/fa\/wp-json\/wp\/v2\/users\/1"}],"replies":[{"embeddable":true,"href":"https:\/\/www.griffbereit-rucksack.de\/fa\/wp-json\/wp\/v2\/comments?post=12968"}],"version-history":[{"count":0,"href":"https:\/\/www.griffbereit-rucksack.de\/fa\/wp-json\/wp\/v2\/pages\/12968\/revisions"}],"wp:attachment":[{"href":"https:\/\/www.griffbereit-rucksack.de\/fa\/wp-json\/wp\/v2\/media?parent=12968"}],"curies":[{"name":"wp","href":"https:\/\/api.w.org\/{rel}","templated":true}]}}