{"id":12021,"date":"2023-05-03T12:00:10","date_gmt":"2023-05-03T10:00:10","guid":{"rendered":"https:\/\/www.griffbereit-rucksack.de\/?page_id=12021"},"modified":"2023-12-01T13:04:44","modified_gmt":"2023-12-01T12:04:44","slug":"faq-griffbereitmini","status":"publish","type":"page","link":"https:\/\/www.griffbereit-rucksack.de\/fa\/griffbereitmini\/faq-griffbereitmini\/","title":{"rendered":"FAQ griffbereitMINI"},"content":{"rendered":"<h2>FAQ griffbereitMINI<\/h2>\r\n<p>Ob als interessierte Familie, als p\u00e4dagogische Fachkraft, Gruppenbegleiter*in oder Programmkoordinator*in: <strong>Hier finden Sie Antworten auf die h\u00e4ufigsten Fragen.<\/strong><\/p>\r\n<div class=\"wm-accordion clearfix filterable-simple\" data-active=\"1\" data-mode=\"accordion\"><div class=\"wm-filter\"><ul><li class=\"wm-filter-items-all active\"><a href=\"#\" data-filter=\"*\">All<\/a><\/li><li class=\"wm-filter-items-tag-Elternbegleiterinnen\"><a href=\"#\" data-filter=\".tag-Elternbegleiterinnen\">Elternbegleiter*innen<\/a><\/li><li class=\"wm-filter-items-tag-Gruppenbegleiterinnen\"><a href=\"#\" data-filter=\".tag-Gruppenbegleiterinnen\">Gruppenbegleiter*innen<\/a><\/li><li class=\"wm-filter-items-tag-Koordinatorinnen\"><a href=\"#\" data-filter=\".tag-Koordinatorinnen\">Koordinator*innen<\/a><\/li><li class=\"wm-filter-items-tag-PdagogischeFachkrfte\"><a href=\"#\" data-filter=\".tag-PdagogischeFachkrfte\">P\u00e4dagogische Fachkr\u00e4fte<\/a><\/li><\/ul><\/div><div class=\"wm-filter-this-simple\">\r\n<div class=\"wm-item wm-item-wrap tag-Gruppenbegleiterinnen\"><h3 class=\"wm-item-title tag-Gruppenbegleiterinnen\" data-tags=\"tag-Gruppenbegleiterinnen\" data-tag-names=\"Gruppenbegleiter*innen\">Was m\u00f6chte griffbereitMINI?<\/h3><div class=\"wm-item-content clearfix WasmchtegriffbereitMINI\"><p>Den *Familien bewusst machen, dass jegliche Kommunikation mit dem Kind (verbal wie non-verbal) Sprachbildung ist. Im Fokus steht daher die kleinkindgerechte Eltern-Kind-Interaktion \u00fcber Aktivit\u00e4ten wie z.B. gemeinsames Spielen, Singen, Vorlesen, etc.) in mind. zwei Sprachen: der Familiensprache(n) und Deutsch.<\/p>\n<\/div><\/div>\r\n\r\n<div class=\"wm-item wm-item-wrap tag-Gruppenbegleiterinnen\"><h3 class=\"wm-item-title tag-Gruppenbegleiterinnen\" data-tags=\"tag-Gruppenbegleiterinnen\" data-tag-names=\"Gruppenbegleiter*innen\">Wer kann an griffbereitMINI teilnehmen?<\/h3><div class=\"wm-item-content clearfix WerkannangriffbereitMINIteilnehmen\"><ul>\n<li>Kinder im ersten Lebensjahr und ihre *Eltern\/*Familien inkl. Schwangere<\/li>\n<\/ul>\n<\/div><\/div>\r\n\r\n<div class=\"wm-item wm-item-wrap tag-Gruppenbegleiterinnen\"><h3 class=\"wm-item-title tag-Gruppenbegleiterinnen\" data-tags=\"tag-Gruppenbegleiterinnen\" data-tag-names=\"Gruppenbegleiter*innen\">Wo finden griffbereitMINI-Gruppen statt?<\/h3><div class=\"wm-item-content clearfix WofindengriffbereitMINI-Gruppenstatt\"><p><em>griffbereitMINI<\/em>-Gruppen k\u00f6nnen in Kindertageseinrichtungen, Familienzentren, Familienbildungsst\u00e4tten, Migrationsorganisationen, Hebammenpraxen, Schwangerschaftsberatungsstellen, etc. angeboten werden.<\/p>\n<\/div><\/div>\r\n\r\n<div class=\"wm-item wm-item-wrap tag-Gruppenbegleiterinnen\"><h3 class=\"wm-item-title tag-Gruppenbegleiterinnen\" data-tags=\"tag-Gruppenbegleiterinnen\" data-tag-names=\"Gruppenbegleiter*innen\">Wann kann mein Kind mit griffbereitMINI starten?<\/h3><div class=\"wm-item-content clearfix WannkannmeinKindmitgriffbereitMINIstarten\"><p>Ab der Schwangerschaft der *Mutter bis zur Vollendung des ersten Lebensjahres. Ein Einstieg ist in diesem Zeitrahmen jederzeit m\u00f6glich.<\/p>\n<\/div><\/div>\r\n\r\n<div class=\"wm-item wm-item-wrap tag-Gruppenbegleiterinnen\"><h3 class=\"wm-item-title tag-Gruppenbegleiterinnen\" data-tags=\"tag-Gruppenbegleiterinnen\" data-tag-names=\"Gruppenbegleiter*innen\">Wann und wie lange findet eine griffbereitMINI-Gruppe statt?<\/h3><div class=\"wm-item-content clearfix WannundwielangefindeteinegriffbereitMINI-Gruppestatt\"><p>g<em>riffbereitMINI<\/em>-Gruppen finden in der Regel 1 x w\u00f6chentlich f\u00fcr 90 Minuten zu einer festgelegten Zeit statt.<\/p>\n<\/div><\/div>\r\n\r\n<div class=\"wm-item wm-item-wrap tag-Gruppenbegleiterinnen\"><h3 class=\"wm-item-title tag-Gruppenbegleiterinnen\" data-tags=\"tag-Gruppenbegleiterinnen\" data-tag-names=\"Gruppenbegleiter*innen\">Wer ist f\u00fcr das Programm verantwortlich?<\/h3><div class=\"wm-item-content clearfix WeristfrdasProgrammverantwortlich\"><p><em>griffbereit-MINI<\/em> wird von den Landesweiten Koordinierungsstellen (LaKos) fachlich begleitet. Die Koordination in NRW erfolgt durch die einzelnen Kommunalen Integrationszentren (KI) mit Unterst\u00fctzung des <a name=\"_Hlk133489004\"><\/a>Ministeriums f\u00fcr Kinder, Jugend, Familie, Gleichstellung, Flucht und Integration (MKJFGFI). In Bundesl\u00e4ndern mit Landeskoordinierung (Berlin, Brandenburg, Niedersachsen, Sachsen und Mecklenburg-Vorpommern) liegt die Verantwortung in den H\u00e4nden der jeweiligen LaKo, bei Bundesl\u00e4ndern ohne Landeskoordinierung beim am ZfTI angesiedelten Bundestransfer-Team.N\u00e4here Informationen finden Sie <a href=\"https:\/\/www.griffbereit-rucksack.de\/fa\/ueber-uns\/\">hier<\/a><\/p>\n<\/div><\/div>\r\n\r\n<div class=\"wm-item wm-item-wrap tag-Gruppenbegleiterinnen\"><h3 class=\"wm-item-title tag-Gruppenbegleiterinnen\" data-tags=\"tag-Gruppenbegleiterinnen\" data-tag-names=\"Gruppenbegleiter*innen\">Welche Aufgaben hat die Bildungsinstitution, die griffbereitMINI anbietet?<\/h3><div class=\"wm-item-content clearfix WelcheAufgabenhatdieBildungsinstitutiondiegriffbereitMINIanbietet\"><ul>\n<li>Das Programm <em>griffbereitMINI<\/em> ist Teil des Konzepts<\/li>\n<li>Die Bildungsinstitution ist Kooperationspartner des bundesweiten Programms <em>griffbereitMINI<\/em><\/li>\n<li>Die Bildungsinstitution stellt die R\u00e4umlichkeiten und nach Absprache Material f\u00fcr die <em>griffbereitMINI<\/em>-Gruppe zur Verf\u00fcgung<\/li>\n<\/ul>\n<\/div><\/div>\r\n\r\n<div class=\"wm-item wm-item-wrap tag-Gruppenbegleiterinnen\"><h3 class=\"wm-item-title tag-Gruppenbegleiterinnen\" data-tags=\"tag-Gruppenbegleiterinnen\" data-tag-names=\"Gruppenbegleiter*innen\">Ist w\u00e4hrend der griffbereitMINI-Gruppe eine Kinderbetreuung f\u00fcr Geschwisterkinder gew\u00e4hrleistet?<\/h3><div class=\"wm-item-content clearfix IstwhrenddergriffbereitMINI-GruppeeineKinderbetreuungfrGeschwisterkindergewhrleistet\"><p>Ja, wenn *Eltern\/*Familien mit Kindern, die altersm\u00e4\u00dfig \u00fcber der Programmzielgruppe liegen, teilnehmen, kann bei Bedarf eine Kinderbetreuung zur Verf\u00fcgung gestellt werden.<\/p>\n<\/div><\/div>\r\n\r\n<div class=\"wm-item wm-item-wrap tag-PdagogischeFachkrfte tag-Elternbegleiterinnen tag-Koordinatorinnen\"><h3 class=\"wm-item-title tag-PdagogischeFachkrfte tag-Elternbegleiterinnen tag-Koordinatorinnen\" data-tags=\"tag-PdagogischeFachkrfte tag-Elternbegleiterinnen tag-Koordinatorinnen\" data-tag-names=\"P\u00e4dagogische Fachkr\u00e4fte|Elternbegleiter*innen|Koordinator*innen\">Wer ist f\u00fcr das Programm griffbereitMINI verantwortlich?<\/h3><div class=\"wm-item-content clearfix WeristfrdasProgrammgriffbereitMINIverantwortlich\"><p><em>griffbereitMINI<\/em> wird von den Landesweiten Koordinierungsstellen (LaKos) fachlich begleitet. In NRW sind die einzelnen Kommunalen Integrationszentren verantwortlich. Sie werden vom Ministeriums f\u00fcr Kinder, Jugend, Familie, Gleichstellung, Flucht und Integration (MKJFGFI) fachlich begleitet.N\u00e4here Informationen finden Sie <a href=\"https:\/\/www.griffbereit-rucksack.de\/fa\/ueber-uns\/\"><strong>hier<\/strong><\/a>Die Umsetzung erfolgt obligatorisch in Zusammenarbeit mit den lokalen Kommunalen Integrationszentren (KI) und den bundesweiten Kooperationspartnern (Landeskoordinierungsstellen, lokale- und\/oder regionale Programmkoordinierungsstellen).<\/p>\n<\/div><\/div>\r\n\r\n<div class=\"wm-item wm-item-wrap tag-PdagogischeFachkrfte tag-Elternbegleiterinnen tag-Koordinatorinnen\"><h2 class=\"wm-item-title tag-PdagogischeFachkrfte tag-Elternbegleiterinnen tag-Koordinatorinnen\" data-tags=\"tag-PdagogischeFachkrfte tag-Elternbegleiterinnen tag-Koordinatorinnen\" data-tag-names=\"P\u00e4dagogische Fachkr\u00e4fte|Elternbegleiter*innen|Koordinator*innen\">Wer \u00fcbernimmt die Federf\u00fchrung zur Durchf\u00fchrung des Programms?<\/h2><div class=\"wm-item-content clearfix WerbernimmtdieFederfhrungzurDurchfhrungdesProgramms\"><p>Die Kommunalen Integrationszentren bzw. die bundesweiten Kooperationspartner koordinieren oder begleiten das Programm ggf. auch in Kooperation mit anderen \u00c4mtern\/Tr\u00e4gern und bieten Informationsveranstaltungen und Schulungen an.<\/p>\n<\/div><\/div>\r\n\r\n<div class=\"wm-item wm-item-wrap tag-PdagogischeFachkrfte tag-Elternbegleiterinnen tag-Koordinatorinnen\"><h3 class=\"wm-item-title tag-PdagogischeFachkrfte tag-Elternbegleiterinnen tag-Koordinatorinnen\" data-tags=\"tag-PdagogischeFachkrfte tag-Elternbegleiterinnen tag-Koordinatorinnen\" data-tag-names=\"P\u00e4dagogische Fachkr\u00e4fte|Elternbegleiter*innen|Koordinator*innen\">Wann kann das Programm starten?<\/h3><div class=\"wm-item-content clearfix WannkanndasProgrammstarten\"><p><em>griffbereitMINI<\/em> kann jederzeit starten &#8211; sobald die ben\u00f6tigte Gruppenst\u00e4rke (empfohlen werden &#8211; je nach Raumgr\u00f6\u00dfe &#8211; 4 bis\u00a08 interessierte *Familien) zusammenkommt.<\/p>\n<\/div><\/div>\r\n\r\n<div class=\"wm-item wm-item-wrap tag-PdagogischeFachkrfte tag-Koordinatorinnen\"><h3 class=\"wm-item-title tag-PdagogischeFachkrfte tag-Koordinatorinnen\" data-tags=\"tag-PdagogischeFachkrfte tag-Koordinatorinnen\" data-tag-names=\"P\u00e4dagogische Fachkr\u00e4fte|Koordinator*innen\">Welche Bildungsinstitutionen sind geeignet?<\/h3><div class=\"wm-item-content clearfix WelcheBildungsinstitutionensindgeeignet\"><p>Bildungsinstitutionen, die<\/p>\n<ul>\n<li>ihr Interesse beim KI oder beim bundesweiten Kooperationspartner bzw. beim Bundestransfer-Team (Stiftung Zentrum f\u00fcr T\u00fcrkeistudien und Integrationsforschung, ZfTI) anmelden<\/li>\n<li>\u00fcber geeignete R\u00e4umlichkeiten verf\u00fcgen<\/li>\n<li>ihr Profil hinsichtlich Diversit\u00e4t und Mehrsprachigkeit st\u00e4rken wollen<\/li>\n<li>eine ausreichende Gruppenst\u00e4rke f\u00fcr die Bildung von griffbereitMINI-Gruppen vorweisen k\u00f6nnen (bis zu 8 interessierte Familien)<\/li>\n<\/ul>\n<\/div><\/div>\r\n\r\n<div class=\"wm-item wm-item-wrap tag-PdagogischeFachkrfte\"><h3 class=\"wm-item-title tag-PdagogischeFachkrfte\" data-tags=\"tag-PdagogischeFachkrfte\" data-tag-names=\"P\u00e4dagogische Fachkr\u00e4fte\">Welche Stellen sollten von Anfang an bei der Programmplanung eingebunden werden?<\/h3><div class=\"wm-item-content clearfix WelcheStellensolltenvonAnfanganbeiderProgrammplanungeingebundenwerden\"><p>Empfehlenswert: Jugendamt\/Fachberatung, die Fr\u00fchen Hilfen und m\u00f6gliche F\u00f6rderer und Geldgeber<\/p>\n<\/div><\/div>\r\n\r\n<div class=\"wm-item wm-item-wrap tag-PdagogischeFachkrfte tag-Koordinatorinnen\"><h3 class=\"wm-item-title tag-PdagogischeFachkrfte tag-Koordinatorinnen\" data-tags=\"tag-PdagogischeFachkrfte tag-Koordinatorinnen\" data-tag-names=\"P\u00e4dagogische Fachkr\u00e4fte|Koordinator*innen\">Wer sollte im Hinblick auf das Gelingen des Programms miteinander vernetzt sein?<\/h3><div class=\"wm-item-content clearfix WersollteimHinblickaufdasGelingendesProgrammsmiteinandervernetztsein\"><ul>\n<li>Kommunales Integrationszentrum\/bundesweiter Kooperationspartner<\/li>\n<li>Fr\u00fche Hilfen<\/li>\n<li>Jugendamt<\/li>\n<li>Tr\u00e4ger der KiTa\/Fachberatungen<\/li>\n<li>Kitaleitung und -team<\/li>\n<li>Gruppenbegleiter*innen<\/li>\n<li>Familienbildung, MSO, Integrationskurstr\u00e4ger, Ankommenstreffpunkt, usw.<\/li>\n<li>weitere Netzwerkpartner, z.B. Bibliotheken, Hebammen, Kinder\u00e4rzt*innen, Schwangerschaftsberatungsstellen, etc.<\/li>\n<\/ul>\n<\/div><\/div>\r\n\r\n<div class=\"wm-item wm-item-wrap tag-PdagogischeFachkrfte tag-Koordinatorinnen\"><h3 class=\"wm-item-title tag-PdagogischeFachkrfte tag-Koordinatorinnen\" data-tags=\"tag-PdagogischeFachkrfte tag-Koordinatorinnen\" data-tag-names=\"P\u00e4dagogische Fachkr\u00e4fte|Koordinator*innen\">Welche Schritte sind vor der Implementierung des Programms in der Bildungsinstitution zu beachten?<\/h3><div class=\"wm-item-content clearfix WelcheSchrittesindvorderImplementierungdesProgrammsinderBildungsinstitutionzubeachten\"><ul>\n<li>Kl\u00e4rung Aufgaben Programmtr\u00e4ger<\/li>\n<li>Kl\u00e4rung Finanzierung<\/li>\n<li>Kooperationsvereinbarung zwischen Tr\u00e4ger\/KiTa und KI\/bundesweite Kooperationspartner<\/li>\n<li>Programmvorstellung, Interessensbekundung und Akquise<\/li>\n<li>Qualifizierung<\/li>\n<\/ul>\n<\/div><\/div>\r\n\r\n<div class=\"wm-item wm-item-wrap tag-PdagogischeFachkrfte tag-Koordinatorinnen\"><h3 class=\"wm-item-title tag-PdagogischeFachkrfte tag-Koordinatorinnen\" data-tags=\"tag-PdagogischeFachkrfte tag-Koordinatorinnen\" data-tag-names=\"P\u00e4dagogische Fachkr\u00e4fte|Koordinator*innen\">Welche Aufgaben hat die Bildungsinstitution?<\/h3><div class=\"wm-item-content clearfix WelcheAufgabenhatdieBildungsinstitution\"><ul>\n<li>das Programm <em>griffbereitMINI<\/em> fungiert als Konzept der Bildungsinstitution (integratives Angebot)<\/li>\n<li>Kooperationsvereinbarung zwischen KI\/bundesweitem Kooperationspartner und Bildungsinstitution\/Tr\u00e4ger (Festschreibung Ziele der Zusammenarbeit, Kooperationsbeitr\u00e4ge der Partner, Finanzen)<\/li>\n<li>R\u00e4umlichkeiten f\u00fcr die *Eltern-\/*Familiengruppe (und einer m\u00f6glichen Kinderbetreuung) bereitstellen<\/li>\n<li>Teilnahme an der j\u00e4hrlichen Evaluation (sofern nicht von der Koordinierungsstelle \u00fcbernommen)<\/li>\n<\/ul>\n<\/div><\/div>\r\n\r\n<div class=\"wm-item wm-item-wrap tag-PdagogischeFachkrfte tag-Koordinatorinnen\"><h3 class=\"wm-item-title tag-PdagogischeFachkrfte tag-Koordinatorinnen\" data-tags=\"tag-PdagogischeFachkrfte tag-Koordinatorinnen\" data-tag-names=\"P\u00e4dagogische Fachkr\u00e4fte|Koordinator*innen\">Welche Aufgaben haben das KI\/der bundesweite Kooperationspartner?<\/h3><div class=\"wm-item-content clearfix WelcheAufgabenhabendasKIderbundesweiteKooperationspartner\"><ul>\n<li>Pr\u00e4sentation des Programms u.a. bei interessierten Tr\u00e4gern, im KiTa-Team<\/li>\n<li>Koordinierung\/Begleitung des Programms<\/li>\n<li>Bereitstellung der Materialien<\/li>\n<li>Werbung f\u00fcr das Programm<\/li>\n<li>Teilnahme und Auswertung der j\u00e4hrlichen Evaluation<\/li>\n<li>Basisqualifizierung der Gruppenbegleiter*innen<\/li>\n<li>Weiterbildung der Gruppenbegleiter*innen<\/li>\n<\/ul>\n<\/div><\/div>\r\n\r\n<div class=\"wm-item wm-item-wrap tag-PdagogischeFachkrfte tag-Koordinatorinnen\"><h3 class=\"wm-item-title tag-PdagogischeFachkrfte tag-Koordinatorinnen\" data-tags=\"tag-PdagogischeFachkrfte tag-Koordinatorinnen\" data-tag-names=\"P\u00e4dagogische Fachkr\u00e4fte|Koordinator*innen\">Wer ist f\u00fcr die Werbung der Teilnehmer*innen des Programms verantwortlich bzw. welche Methoden der Familienanwerbung haben sich bew\u00e4hrt?<\/h3><div class=\"wm-item-content clearfix WeristfrdieWerbungderTeilnehmerinnendesProgrammsverantwortlichbzwwelcheMethodenderFamilienanwerbunghabensichbewhrt\"><ul>\n<li>die Bildungsinstitution weist bei den Anmeldegespr\u00e4chen\/auf der Homepage\/mit Aush\u00e4ngen in der Einrichtung und im Sozialraum (Orte an denen sich Familien aufhalten wie Lebensmittelgesch\u00e4ft, B\u00e4cker, Hebammenpraxen, Schwangerschaftsberatungsstellen, Kinder\u00e4rzt*innen, Angebote f\u00fcr kleine Kinder, etc.\/\u00fcber Zeitungsannoncen bereits auf das Programm hin<\/li>\n<li>die Koordinierungsstelle und der Tr\u00e4ger werben \u00fcber ihre jeweiligen Homepages, Soziale Medien und Netzwerke<\/li>\n<li>die Gruppenbegleiter*innen werben bei guter Vernetzung im Stadt- bzw. Ortsteil mit Flyern und Mund-zu-Mund-Propaganda<\/li>\n<li>evtl. Werbung \u00fcber migrantische Communities und MSO und ggf. in Absprache mit dem Integrationsrat<\/li>\n<li>das Jugendamt kann als m\u00f6glicher Kooperationspartner ebenfalls werbend unterst\u00fctzen<\/li>\n<\/ul>\n<\/div><\/div>\r\n\r\n<div class=\"wm-item wm-item-wrap tag-PdagogischeFachkrfte tag-Elternbegleiterinnen tag-Koordinatorinnen\"><h3 class=\"wm-item-title tag-PdagogischeFachkrfte tag-Elternbegleiterinnen tag-Koordinatorinnen\" data-tags=\"tag-PdagogischeFachkrfte tag-Elternbegleiterinnen tag-Koordinatorinnen\" data-tag-names=\"P\u00e4dagogische Fachkr\u00e4fte|Elternbegleiter*innen|Koordinator*innen\">Welche Aufgaben haben Gruppenbegleiter*innen?<\/h3><div class=\"wm-item-content clearfix WelcheAufgabenhabenGruppenbegleiterinnen\"><ul>\n<li>Teilnahme an Planungsabsprachen mit der Bildungsinstitution vor Beginn<\/li>\n<li>Unterst\u00fctzen der Bildungsinstitution bei der Anwerbung von *Familien<\/li>\n<li>W\u00f6chentliche Durchf\u00fchrung der griffbereitMINI-gruppe (2 Zeitstunden)<\/li>\n<li>Teilnahme an regelm\u00e4\u00dfigen Austausch- und Reflexionstreffen mit der Koordinierungsstelle<\/li>\n<li>Teilnahme an der Basisqualifizierung und Weiterbildung f\u00fcr Gruppenbegleiter*innen<\/li>\n<li>Teilnahme an der j\u00e4hrlichen Evaluation<\/li>\n<li>Evtl. Teilnahme an viertel- bzw. halbj\u00e4hrlichen Planungsgespr\u00e4chen mit der Bildungsinstitution<\/li>\n<\/ul>\n<\/div><\/div>\r\n\r\n<div class=\"wm-item wm-item-wrap tag-PdagogischeFachkrfte tag-Elternbegleiterinnen\"><h3 class=\"wm-item-title tag-PdagogischeFachkrfte tag-Elternbegleiterinnen\" data-tags=\"tag-PdagogischeFachkrfte tag-Elternbegleiterinnen\" data-tag-names=\"P\u00e4dagogische Fachkr\u00e4fte|Elternbegleiter*innen\">Welche Voraussetzungen sollten Gruppenbegleiter*innen mitbringen?<\/h3><div class=\"wm-item-content clearfix WelcheVoraussetzungensolltenGruppenbegleiterinnenmitbringen\"><ul>\n<li>eigene MehrSprachigkeit<\/li>\n<li>mind. gute Kenntnisse der deutschen Sprache<\/li>\n<li>internationale *Familiengeschichte<\/li>\n<li>offen, empathisch, positiv, freundlich, *familienkultursensibel, teamf\u00e4hig<\/li>\n<li>Freude an Arbeit mit Familien und S\u00e4uglingen\/Babys\/Kleinkindern<\/li>\n<li>zeitlich und r\u00e4umlich flexibel sein<\/li>\n<li>ggf. p\u00e4dagogische Ausbildung<\/li>\n<\/ul>\n<\/div><\/div>\r\n\r\n<div class=\"wm-item wm-item-wrap tag-PdagogischeFachkrfte tag-Elternbegleiterinnen tag-Koordinatorinnen\"><h3 class=\"wm-item-title tag-PdagogischeFachkrfte tag-Elternbegleiterinnen tag-Koordinatorinnen\" data-tags=\"tag-PdagogischeFachkrfte tag-Elternbegleiterinnen tag-Koordinatorinnen\" data-tag-names=\"P\u00e4dagogische Fachkr\u00e4fte|Elternbegleiter*innen|Koordinator*innen\">Wer schlie\u00dft den Vertrag mit dem\/r Gruppenbegleiter*in?<\/h3><div class=\"wm-item-content clearfix WerschlietdenVertragmitdemrGruppenbegleiterin\"><ul>\n<li>Die Koordinierungsstelle des <em>griffbereitMINI<\/em>-Programms<\/li>\n<li>Der Tr\u00e4ger der Bildungsseinrichtung<\/li>\n<\/ul>\n<\/div><\/div>\r\n\r\n<div class=\"wm-item wm-item-wrap tag-PdagogischeFachkrfte\"><h3 class=\"wm-item-title tag-PdagogischeFachkrfte\" data-tags=\"tag-PdagogischeFachkrfte\" data-tag-names=\"P\u00e4dagogische Fachkr\u00e4fte\">Wer schult die Gruppenbegleiter*innen?<\/h3><div class=\"wm-item-content clearfix WerschultdieGruppenbegleiterinnen\"><p>Lokales KI\/bundesweiter Kooperationspartner<\/p>\n<\/div><\/div>\r\n\r\n<div class=\"wm-item wm-item-wrap tag-PdagogischeFachkrfte tag-Koordinatorinnen\"><h3 class=\"wm-item-title tag-PdagogischeFachkrfte tag-Koordinatorinnen\" data-tags=\"tag-PdagogischeFachkrfte tag-Koordinatorinnen\" data-tag-names=\"P\u00e4dagogische Fachkr\u00e4fte|Koordinator*innen\">Wer schlie\u00dft den Vertrag mit der Kinderbetreuung?<\/h3><div class=\"wm-item-content clearfix WerschlietdenVertragmitderKinderbetreuung\"><p>Siehe Punkt: Wer schlie\u00dft den Vertrag mit dem\/r Gruppenbegleiter*in<\/p>\n<\/div><\/div>\r\n\r\n<div class=\"wm-item wm-item-wrap tag-Elternbegleiterinnen\"><h3 class=\"wm-item-title tag-Elternbegleiterinnen\" data-tags=\"tag-Elternbegleiterinnen\" data-tag-names=\"Elternbegleiter*innen\">Wer ist f\u00fcr das Programm griffbereitMINI verantwortlich?<\/h3><div class=\"wm-item-content clearfix WeristfrdasProgrammgriffbereitMINIverantwortlich\"><p><em>griffbereitMINI<\/em> wird von den Landesweiten Koordinierungsstellen (LaKos) fachlich begleitet. In NRW sind die einzelnen Kommunalen Integrationszentren verantwortlich. Sie werden vom Ministeriums f\u00fcr Kinder, Jugend, Familie, Gleichstellung, Flucht und Integration (MKJFGFI) fachlich begleitet.N\u00e4here Informationen finden Sie <a href=\"https:\/\/www.griffbereit-rucksack.de\/fa\/ueber-uns\/\"><strong>hier<\/strong><\/a>Die Umsetzung erfolgt obligatorisch in Zusammenarbeit mit den lokalen Kommunalen Integrationszentren (KI) und den bundesweiten Kooperationspartnern (Landeskoordinierungsstellen, lokale- und\/oder regionale Programmkoordinierungsstellen).<\/p>\n<\/div><\/div>\r\n\r\n<div class=\"wm-item wm-item-wrap tag-Elternbegleiterinnen\"><h3 class=\"wm-item-title tag-Elternbegleiterinnen\" data-tags=\"tag-Elternbegleiterinnen\" data-tag-names=\"Elternbegleiter*innen\">Wer \u00fcbernimmt die Federf\u00fchrung zur Durchf\u00fchrung des Programms?<\/h3><div class=\"wm-item-content clearfix WerbernimmtdieFederfhrungzurDurchfhrungdesProgramms\"><p>Die Kommunalen Integrationszentren bzw. die bundesweiten Kooperationspartner koordinieren oder begleiten das Programm ggf. auch in Kooperation mit anderen \u00c4mtern\/Tr\u00e4gern und bieten Informationsveranstaltungen und Schulungen an.<\/p>\n<\/div><\/div>\r\n\r\n<div class=\"wm-item wm-item-wrap tag-Elternbegleiterinnen\"><h3 class=\"wm-item-title tag-Elternbegleiterinnen\" data-tags=\"tag-Elternbegleiterinnen\" data-tag-names=\"Elternbegleiter*innen\">Wie hoch ist der Stundenumfang, den Gruppenbegleiter*innen f\u00fcr ihre T\u00e4tigkeit aufbringen?<\/h3><div class=\"wm-item-content clearfix WiehochistderStundenumfangdenGruppenbegleiterinnenfrihreTtigkeitaufbringen\"><p>In der Regel:<\/p>\n<ul>\n<li>2 Zeitstunden pro Woche: 1,5 in der Elterngruppe und 0,5 Stunden zur Vor- und Nachbereitung<\/li>\n<li>In der Regel 16 Veranstaltungen im Halbjahr und 32 im Jahr<\/li>\n<li>Plus Zeit f\u00fcr Austausch-\/Reflexionsgespr\u00e4che<\/li>\n<li>Plus Zeit f\u00fcr Fortbildungen und Schulungen<\/li>\n<\/ul>\n<\/div><\/div>\r\n\r\n<div class=\"wm-item wm-item-wrap tag-Elternbegleiterinnen tag-Koordinatorinnen\"><h3 class=\"wm-item-title tag-Elternbegleiterinnen tag-Koordinatorinnen\" data-tags=\"tag-Elternbegleiterinnen tag-Koordinatorinnen\" data-tag-names=\"Elternbegleiter*innen|Koordinator*innen\">Wie sieht die Honorierung der Gruppenbegleiter*innen aus und welche Termine sind dabei zu ber\u00fccksichtigen?<\/h3><div class=\"wm-item-content clearfix WiesiehtdieHonorierungderGruppenbegleiterinnenausundwelcheTerminesinddabeizubercksichtigen\"><p>Die T\u00e4tigkeit als Gruppenbegleiter*in wird in der Regel honoriert. Die LaKo erhebt Mittelwerte und spricht orientiert an den S\u00e4tzen der Familienbildung\/VHS Empfehlungen aus. Die Honorierung kann sich aber auch an der \u00dcbungsleiterpauschale orientieren oder in Form eines Mini-Jobs erfolgen. Es gibt auch den Fall der Freistellung des festangestellten Personals, welche eine direkte Honorierung ersetzt.Zu den Terminen z\u00e4hlen in der Regel:<\/p>\n<ul>\n<li>Durchf\u00fchrung der Gruppenstunden<\/li>\n<li>Schulungen, Fortbildungen<\/li>\n<li>Reflexions- und Planungsgespr\u00e4che<\/li>\n<li>Vor- und Nachbereitung der Angebote<\/li>\n<\/ul>\n<p>Ggf.: Termine des regionalen Arbeitskreis <em>griffbereitMINI<\/em>, <em>Griffbereit und Rucksack KiTa.<\/em><\/p>\n<\/div><\/div>\r\n\r\n<div class=\"wm-item wm-item-wrap tag-Elternbegleiterinnen tag-Koordinatorinnen\"><h3 class=\"wm-item-title tag-Elternbegleiterinnen tag-Koordinatorinnen\" data-tags=\"tag-Elternbegleiterinnen tag-Koordinatorinnen\" data-tag-names=\"Elternbegleiter*innen|Koordinator*innen\">Wer schult die Gruppenbegleiter*innen?<\/h3><div class=\"wm-item-content clearfix WerschultdieGruppenbegleiterinnen\"><p>Empfehlenswert:Die Federf\u00fchrung der Schulung liegt beim lokalen KI\/bundesweiten Kooperationspartner, der sp\u00e4ter die <em>griffbereitMINI<\/em>-Gruppen begleitet und so von Anfang an ein Ansprechpartner der Gruppenbegleiter*innen sein kann.Informationen zum Programm vermittelt das lokale KI\/der bundesweite Kooperationspartner.Zu bestimmten Themenschwerpunkten wie z.B. Medienp\u00e4dagogik, Literacy usw. k\u00f6nnen ggf. Referent*innen eingesetzt werden.<\/p>\n<\/div><\/div>\r\n\r\n<div class=\"wm-item wm-item-wrap tag-Elternbegleiterinnen\"><h3 class=\"wm-item-title tag-Elternbegleiterinnen\" data-tags=\"tag-Elternbegleiterinnen\" data-tag-names=\"Elternbegleiter*innen\">Welche Schwerpunkte werden bei der Schulung gesetzt?<\/h3><div class=\"wm-item-content clearfix WelcheSchwerpunktewerdenbeiderSchulunggesetzt\"><p>Siehe dazu: Qualifizierung zur Gruppenbegleiter*innen.<\/p>\n<\/div><\/div>\r\n\r\n<div class=\"wm-item wm-item-wrap tag-Elternbegleiterinnen\"><h3 class=\"wm-item-title tag-Elternbegleiterinnen\" data-tags=\"tag-Elternbegleiterinnen\" data-tag-names=\"Elternbegleiter*innen\">Welche Bescheinigungen erhalten Gruppenbegleiter*innen?<\/h3><div class=\"wm-item-content clearfix WelcheBescheinigungenerhaltenGruppenbegleiterinnen\"><ul>\n<li>Best\u00e4tigung Basisqualifizierung<\/li>\n<li>Best\u00e4tigung Weiterqualifizierung<\/li>\n<li>Best\u00e4tigung \u00fcber Zeitraum der Honorart\u00e4tigkeit<\/li>\n<\/ul>\n<\/div><\/div>\r\n\r\n<div class=\"wm-item wm-item-wrap tag-Koordinatorinnen\"><h3 class=\"wm-item-title tag-Koordinatorinnen\" data-tags=\"tag-Koordinatorinnen\" data-tag-names=\"Koordinator*innen\">Wer schlie\u00dft die Kooperationsvereinbarung mit dem Tr\u00e4ger\/der Bildungsinstitution und weiteren Partnern ab?<\/h3><div class=\"wm-item-content clearfix WerschlietdieKooperationsvereinbarungmitdemTrgerderBildungsinstitutionundweiterenPartnernab\"><p>Das lokale KI oder der bundesweite Kooperationspartner schlie\u00dft die Kooperationsvereinbarung mit dem Tr\u00e4ger\/der Bildungsinstitution und &#8211; wenn vorgesehen &#8211; mit weiteren Partnern ab.<\/p>\n<\/div><\/div>\r\n\r\n<div class=\"wm-item wm-item-wrap tag-Koordinatorinnen\"><h3 class=\"wm-item-title tag-Koordinatorinnen\" data-tags=\"tag-Koordinatorinnen\" data-tag-names=\"Koordinator*innen\">Wie sieht es mit Kooperationsvereinbarungen zwischen LaKo und KI\/bundesweitem Kooperationspartner bzw. KI\/bundesweitem Kooperationspartner und Tr\u00e4ger, Institution aus?<\/h3><div class=\"wm-item-content clearfix WiesiehtesmitKooperationsvereinbarungenzwischenLaKoundKIbundesweitemKooperationspartnerbzwKIbundesweitemKooperationspartnerundTrgerInstitutionaus\"><p>Die Umsetzung ist an Kooperationsvereinbarungen gebunden.<br \/>Die Kooperationsvereinbarungen mit den Tr\u00e4gern oder Bildungsinstitutionen vor Ort sind regional zu treffen. <\/p>\n<\/div><\/div>\r\n\r\n<div class=\"wm-item wm-item-wrap tag-Koordinatorinnen\"><h3 class=\"wm-item-title tag-Koordinatorinnen\" data-tags=\"tag-Koordinatorinnen\" data-tag-names=\"Koordinator*innen\">Welche Voraussetzungen sind bei der Suche der Gruppenbegleiter*innen zu beachten?<\/h3><div class=\"wm-item-content clearfix WelcheVoraussetzungensindbeiderSuchederGruppenbegleiterinnenzubeachten\"><ul>\n<li>mehrsprachig<\/li>\n<li>mind. gute Kenntnisse der deutschen Sprache<\/li>\n<li>internationale *Familiengeschichte<\/li>\n<li>offen, empathisch, positiv, freundlich, *familienkultursensibel, teamf\u00e4hig<\/li>\n<li>Freude an Arbeit mit Familien und S\u00e4uglingen\/Babys\/Kleinkindern<\/li>\n<li>ggf. p\u00e4dagogische Ausbildung<\/li>\n<li>zeitlich und r\u00e4umlich flexibel sein<\/li>\n<\/ul>\n<\/div><\/div>\r\n\r\n<div class=\"wm-item wm-item-wrap tag-Koordinatorinnen\"><h3 class=\"wm-item-title tag-Koordinatorinnen\" data-tags=\"tag-Koordinatorinnen\" data-tag-names=\"Koordinator*innen\">Nach welchen Kriterien wird der Stundenumfang der Gruppenbegleiter*innen ausgew\u00e4hlt und festgesetzt?<\/h3><div class=\"wm-item-content clearfix NachwelchenKriterienwirdderStundenumfangderGruppenbegleiterinnenausgewhltundfestgesetzt\"><p>Empfehlenswert:<\/p>\n<ul>\n<li>2 Zeitstunden pro Woche: 1,5 Stunden in der Elterngruppe und 0,5 Stunden zur Vor- und Nachbereitung.<\/li>\n<li>In der Regel 16 Veranstaltungen im Halbjahr und 32 im Jahr<\/li>\n<li>Plus Zeit f\u00fcr Austausch-\/Reflexionsgespr\u00e4che (legt jede Koordinierungsstelle selbst fest)<\/li>\n<li>Plus Zeit f\u00fcr Fortbildungen und Schulungen (legt jede Koordinierungsstelle selbst fest)<\/li>\n<\/ul>\n<\/div><\/div>\r\n\r\n<div class=\"wm-item wm-item-wrap tag-Koordinatorinnen\"><h3 class=\"wm-item-title tag-Koordinatorinnen\" data-tags=\"tag-Koordinatorinnen\" data-tag-names=\"Koordinator*innen\">Wie l\u00e4sst sich ein Austausch-\/Reflexionstreffen zwischen den verschiedenen griffbereitMINI-Gruppenbegleiter*innen gestalten?<\/h3><div class=\"wm-item-content clearfix WielsstsicheinAustausch-ReflexionstreffenzwischendenverschiedenengriffbereitMINI-Gruppenbegleiterinnengestalten\"><ul>\n<li>Im Rahmen eines (regionalen) Arbeitskreises griffbereitMINI, Griffbereit und Rucksack KiTa<\/li>\n<li>Im Rahmen von Praxisworkshops\/Qualifizierungen<\/li>\n<li>Die koordinierende Stelle l\u00e4dt die Gruppenbegleiter*innen in regelm\u00e4\u00dfigen Abst\u00e4nden an einen zentralen Ort ein<\/li>\n<li>Themen sind i.d.R. organisatorische und inhaltliche Fragen<\/li>\n<\/ul>\n<\/div><\/div>\r\n\r\n<div class=\"wm-item wm-item-wrap tag-Koordinatorinnen\"><h3 class=\"wm-item-title tag-Koordinatorinnen\" data-tags=\"tag-Koordinatorinnen\" data-tag-names=\"Koordinator*innen\">Bei welcher Gruppenst\u00e4rke ist die Finanzierung des Programms sinnvoll?<\/h3><div class=\"wm-item-content clearfix BeiwelcherGruppenstrkeistdieFinanzierungdesProgrammssinnvoll\"><p>Empfehlenswert ist eine gleichbleibende Gruppenst\u00e4rke von 4 bis 8 regelm\u00e4\u00dfig teilnehmenden Familien. Dazu ist meist eine leicht h\u00f6here Anmeldezahl notwendig (6-10 *Familien).<\/p>\n<\/div><\/div>\r\n\r\n<div class=\"wm-item wm-item-wrap tag-Koordinatorinnen\"><h3 class=\"wm-item-title tag-Koordinatorinnen\" data-tags=\"tag-Koordinatorinnen\" data-tag-names=\"Koordinator*innen\">Wie sieht eine langfristige Finanzierung aus?<\/h3><div class=\"wm-item-content clearfix WiesiehteinelangfristigeFinanzierungaus\"><p>M\u00f6glichkeiten:<\/p>\n<ul>\n<li>Im Rahmen von Integrations- und Bildungskonferenzen des Landes\/der Stadt\/des Kreises, Festlegung von Integrationsleitzielen, insbesondere zur Sprachbildung, Familienbildung\/Erwachsenenbildung sowie Synergieeffekte durch Landes- sowie Bundesprogramme (IfKuF, Sprach-Kitas, etc.)<\/li>\n<li>Lokale Absprachen, Budget griffbereitMINI fest in den Haushalt der jeweiligen Kommune\/des jeweiligen Jugendamtes einzustellen\/Mittel der Familienzentren\/Mittel der Fr\u00fchen Hilfen<\/li>\n<li>\u00dcber Spenden eines Unternehmens \/ Vereins etc.<\/li>\n<\/ul>\n<\/div><\/div>\r\n<\/div><\/div>","protected":false},"excerpt":{"rendered":"<div class=\"entry-summary\">\n<div class=\"entry-summary\">\nWeitere Informationen zu griffbereitMINI erhalten Sie hier.\n<\/div>\n<div class=\"link-more\"><a href=\"https:\/\/www.griffbereit-rucksack.de\/fa\/griffbereitmini\/faq-griffbereitmini\/\" class=\"more-link\">Continue reading<span class=\"screen-reader-text\"> &ldquo;FAQ griffbereitMINI&rdquo;<\/span>&hellip;<\/a><\/div>\n<\/div>\n<div class=\"link-more\"><a href=\"https:\/\/www.griffbereit-rucksack.de\/fa\/griffbereitmini\/faq-griffbereitmini\/\" class=\"more-link\">Continue reading<span class=\"screen-reader-text\"> &ldquo;FAQ griffbereitMINI&rdquo;<\/span>&hellip;<\/a><\/div>","protected":false},"author":1,"featured_media":0,"parent":12016,"menu_order":26,"comment_status":"closed","ping_status":"closed","template":"templates\/with-sidebar.php","meta":{"_acf_changed":false,"footnotes":""},"class_list":["post-12021","page","type-page","status-publish","hentry","entry"],"acf":[],"_links":{"self":[{"href":"https:\/\/www.griffbereit-rucksack.de\/fa\/wp-json\/wp\/v2\/pages\/12021","targetHints":{"allow":["GET"]}}],"collection":[{"href":"https:\/\/www.griffbereit-rucksack.de\/fa\/wp-json\/wp\/v2\/pages"}],"about":[{"href":"https:\/\/www.griffbereit-rucksack.de\/fa\/wp-json\/wp\/v2\/types\/page"}],"author":[{"embeddable":true,"href":"https:\/\/www.griffbereit-rucksack.de\/fa\/wp-json\/wp\/v2\/users\/1"}],"replies":[{"embeddable":true,"href":"https:\/\/www.griffbereit-rucksack.de\/fa\/wp-json\/wp\/v2\/comments?post=12021"}],"version-history":[{"count":0,"href":"https:\/\/www.griffbereit-rucksack.de\/fa\/wp-json\/wp\/v2\/pages\/12021\/revisions"}],"up":[{"embeddable":true,"href":"https:\/\/www.griffbereit-rucksack.de\/fa\/wp-json\/wp\/v2\/pages\/12016"}],"wp:attachment":[{"href":"https:\/\/www.griffbereit-rucksack.de\/fa\/wp-json\/wp\/v2\/media?parent=12021"}],"curies":[{"name":"wp","href":"https:\/\/api.w.org\/{rel}","templated":true}]}}