{"id":1882,"date":"2016-02-28T12:56:03","date_gmt":"2016-02-28T11:56:03","guid":{"rendered":"http:\/\/themedemos.webmandesign.eu\/polyclinic\/?page_id=1882"},"modified":"2025-12-26T10:34:11","modified_gmt":"2025-12-26T09:34:11","slug":"homepage-modern","status":"publish","type":"page","link":"https:\/\/www.griffbereit-rucksack.de\/es\/","title":{"rendered":"Homepage &#8211; modern"},"content":{"rendered":"<p>Bienvenido a <strong>griffbereitMINI<\/strong>, <strong>Griffbereit <\/strong>y <strong>Rucksack KiTa<\/strong><\/p>\n<a href=\"\/es\/griffbereit\/\" class=\"wm-button color-info size-large button\"><span class=\"icon-griffbereit\" aria-hidden=\"true\"> <\/span>Griffbereit<\/a><a href=\"\/es\/griffbereitmini\/\" class=\"wm-button size-large button\"><span class=\"icon-griffbereit\" aria-hidden=\"true\"> <\/span>griffbereitMINI<\/a><a href=\"\/es\/rucksack-kita\/\" class=\"wm-button size-large button\"><span class=\"icon-child\" aria-hidden=\"true\"> <\/span>Rucksack KiTa<\/a>\n\t<strong>Tres programas, un objetivo:<br \/>\n<\/strong><strong>Verst\u00e4rkte Bildungspartizipation &#8211; von Anfang an.<\/strong>\n<p>Bienvenido a la p\u00e1gina principal de <strong><em>griffbereitMINI, Griffbereit<\/em><\/strong> y <strong><em>Rucksack KiTa<\/em><\/strong> - tres programas ling\u00fc\u00edsticos y educativos de probada eficacia para los miembros m\u00e1s j\u00f3venes de nuestra diversa sociedad y sus padres\/familias, muchos de los cuales tienen una historia familiar internacional.<\/p>\n<p>&nbsp;<\/p>\n\t<p><strong>Todos los programas se explican con m\u00e1s detalle en el v\u00eddeo de preguntas frecuentes:<\/strong><\/p>\n<p><iframe title=\"Preguntas m\u00e1s frecuentes sobre los programas Griffbereit y Rucksack KiTa\" width=\"1160\" height=\"653\" src=\"https:\/\/www.youtube.com\/embed\/kyKOWuKUlzI?feature=oembed\" frameborder=\"0\" allow=\"accelerometer; autoplay; clipboard-write; encrypted-media; gyroscope; picture-in-picture; web-share\" referrerpolicy=\"strict-origin-when-cross-origin\" allowfullscreen><\/iframe><\/p>\n\t<strong>griffbereitMINI<\/strong> refuerza la participaci\u00f3n en la educaci\u00f3n desde el principio.<br \/>\n\n<p><strong>Griffbereit <\/strong>es un programa de educaci\u00f3n familiar para familias con y sin antecedentes familiares internacionales y sus hijos de entre uno y tres a\u00f1os.<\/p>\n<p><strong>Rucksack KiTa<\/strong> est\u00e1 dirigido a padres\/familias con antecedentes familiares internacionales y a sus hijos de entre cuatro y seis a\u00f1os.<\/p>\n<p>&nbsp;<\/p>\n\t<p><strong>Entrevista con FUMA Fachstelle Gender &amp; Diversit\u00e4t NRW como socio para las consideraciones interseccionales en el desarrollo de materiales:<\/strong><\/p>\n<p><iframe title=\"Diversidad de ni\u00f1os\" width=\"1160\" height=\"653\" src=\"https:\/\/www.youtube.com\/embed\/vzAiEq6pqpw?feature=oembed\" frameborder=\"0\" allow=\"accelerometer; autoplay; clipboard-write; encrypted-media; gyroscope; picture-in-picture; web-share\" referrerpolicy=\"strict-origin-when-cross-origin\" allowfullscreen><\/iframe><\/p>\n<p>&nbsp;<\/p>\n<p>&nbsp;<\/p>\n<p>&nbsp;<\/p>\n\t<h2>Eventos<\/h2>\n\t<h2>\u00daltimas noticias<\/h2>\n\t<h2>Participe en nuestros programas <strong>griffbereitMINI, Griffbereit <\/strong>y <strong>Rucksack KiTa <\/strong>\u00a1parte!<strong><br \/>\n<\/strong><\/h2>\n<p>Le invitamos cordialmente a participar en nuestros programas griffbereitMINI, Griffbereit y Rucksack KiTa.<\/p>\n<p>Ya sea como familia interesada o ya participante, padre mentor, especialista educativo o coordinador del programa: <strong>Me alegro de que forme parte de ella.<\/strong><\/p>\n\t<div id='gallery-1' class='gallery galleryid-1882 gallery-columns-3 gallery-size-thumbnail'><figure class='gallery-item'>\n\t\t\t<div class='gallery-icon landscape'>\n\t\t\t\t<img decoding=\"async\" width=\"744\" height=\"418\" src=\"https:\/\/www.griffbereit-rucksack.de\/wp-content\/uploads\/2020\/01\/mit_kindern_singen-744x418.png\" class=\"attachment-thumbnail size-thumbnail\" alt=\"\" \/>\n\t\t\t<\/div><\/figure><figure class='gallery-item'>\n\t\t\t<div class='gallery-icon landscape'>\n\t\t\t\t<img decoding=\"async\" width=\"744\" height=\"418\" src=\"https:\/\/www.griffbereit-rucksack.de\/wp-content\/uploads\/2020\/01\/kinder_lernen_aus_einem_buch-744x418.png\" class=\"attachment-thumbnail size-thumbnail\" alt=\"\" \/>\n\t\t\t<\/div><\/figure><figure class='gallery-item'>\n\t\t\t<div class='gallery-icon landscape'>\n\t\t\t\t<img decoding=\"async\" width=\"744\" height=\"418\" src=\"https:\/\/www.griffbereit-rucksack.de\/wp-content\/uploads\/2020\/01\/mutter_lernt_mit_kind_-744x418.png\" class=\"attachment-thumbnail size-thumbnail\" alt=\"La madre aprende con su hijo\" \/>\n\t\t\t<\/div><\/figure>\n\t\t<\/div>\n\n\t<h2>Grupos destinatarios de todos los programas<\/h2>\n<p>Para <strong>griffbereitMINI, Griffbereit<\/strong> y <strong>Rucksack KiTa<\/strong> hemos definido los cinco grupos destinatarios siguientes:<\/p>\n<div class=\"wm-content-module wm-posts-wrap clearfix wm-content-module-singular\"><div class=\"wm-content-module-item wm-content-module-item-326 wm-iconbox-module has-color has-background\"><div class=\"wm-content-module-element wm-html-element image image-container font-icon\" style=\"background-color: #ffffff\"><span class=\"icon-users\" aria-hidden=\"true\" style=\"color: #f28902\"><\/span><span class=\"screen-reader-text\">Padres\/familias<\/span><\/div><div class=\"wm-content-module-element wm-html-element title\"><h3>Padres\/familias<\/h3><\/div><div class=\"wm-content-module-element wm-html-element content\"><p>Los padres\/familias son abordados como expertos en la promoci\u00f3n de su(s) lengua(s) familiar(es), orientados hacia sus puntos fuertes.<\/p>\n<\/div><\/div><\/div><div class=\"wm-content-module wm-posts-wrap clearfix wm-content-module-singular\"><div class=\"wm-content-module-item wm-content-module-item-324 wm-iconbox-module has-color has-background\"><div class=\"wm-content-module-element wm-html-element image image-container font-icon\" style=\"background-color: #ffffff\"><span class=\"icon-child\" aria-hidden=\"true\" style=\"color: #e88717\"><\/span><span class=\"screen-reader-text\">Ni\u00f1os<\/span><\/div><div class=\"wm-content-module-element wm-html-element title\"><h3>Ni\u00f1os<\/h3><\/div><div class=\"wm-content-module-element wm-html-element content\"><p>Para los ni\u00f1os, la lengua es una de las competencias clave m\u00e1s importantes para el aprendizaje permanente y el \u00e9xito posterior.<\/p>\n<\/div><\/div><\/div><div class=\"wm-content-module wm-posts-wrap clearfix wm-content-module-singular\"><div class=\"wm-content-module-item wm-content-module-item-325 wm-iconbox-module has-color has-background\"><div class=\"wm-content-module-element wm-html-element image image-container font-icon\" style=\"background-color: #ffffff\"><span class=\"icon-users-3\" aria-hidden=\"true\" style=\"color: #d97c02\"><\/span><span class=\"screen-reader-text\">Asesores de padres<\/span><\/div><div class=\"wm-content-module-element wm-html-element title\"><h3>Asesores de padres<\/h3><\/div><div class=\"wm-content-module-element wm-html-element content\"><p>Los asesores de padres tienen un buen conocimiento de la(s) primera(s) lengua(s) de los participantes o de la(s) lengua(s) familiar(es), as\u00ed como del alem\u00e1n.<\/p>\n<\/div><\/div><\/div><div class=\"wm-content-module wm-posts-wrap clearfix wm-content-module-singular\"><div class=\"wm-content-module-item wm-content-module-item-1440 wm-iconbox-module has-color has-background\"><div class=\"wm-content-module-element wm-html-element image image-container font-icon\" style=\"background-color: #ffffff\"><span class=\"icon-users-1\" aria-hidden=\"true\" style=\"color: #f79102\"><\/span><span class=\"screen-reader-text\">Profesionales de la educaci\u00f3n<\/span><\/div><div class=\"wm-content-module-element wm-html-element title\"><h3>Profesionales de la educaci\u00f3n<\/h3><\/div><div class=\"wm-content-module-element wm-html-element content\"><p>Las principales tareas de los profesionales de la educaci\u00f3n son el cuidado de los ni\u00f1os, la educaci\u00f3n, la crianza y el apoyo integral.<\/p>\n<\/div><\/div><\/div><div class=\"wm-content-module wm-posts-wrap clearfix wm-content-module-singular\"><div class=\"wm-content-module-item wm-content-module-item-1441 wm-iconbox-module has-color has-background\"><div class=\"wm-content-module-element wm-html-element image image-container font-icon\" style=\"background-color: #ffffff\"><span class=\"icon-commerical-building\" aria-hidden=\"true\" style=\"color: #e88717\"><\/span><span class=\"screen-reader-text\">Instituciones educativas<\/span><\/div><div class=\"wm-content-module-element wm-html-element title\"><h3>Instituciones educativas<\/h3><\/div><div class=\"wm-content-module-element wm-html-element content\"><p>Los programas tienen lugar en instituciones educativas para que tambi\u00e9n puedan abrirse a la sociedad de la migraci\u00f3n e iniciar procesos.<\/p>\n<\/div><\/div><\/div><div class=\"wm-content-module wm-posts-wrap clearfix\"><div class=\"wm-content-module-container wm-items-container with-margin\" data-columns=\"3\" data-time=\"0\" data-layout-mode=\"masonry\"><div class=\"wm-row\"><div class=\"wm-content-module-item wm-content-module-item-1372 has-post-thumbnail wm-column width-1-3 with-margin\"><div class=\"wm-content-module-element wm-html-element image image-container featured-image\"><a href=\"https:\/\/www.griffbereit-rucksack.de\/es\/mehrsprachigkeit-2\/\" target=\"_self\"><img decoding=\"async\" width=\"744\" height=\"418\" src=\"https:\/\/www.griffbereit-rucksack.de\/wp-content\/uploads\/2020\/01\/mit_kindern_singen-744x418.png\" class=\"attachment-thumbnail size-thumbnail wp-post-image\" alt=\"\" title=\"cantar_con_los_ni\u00f1os\" \/><\/a><\/div><div class=\"wm-content-module-element wm-html-element title\"><h2><a href=\"https:\/\/www.griffbereit-rucksack.de\/es\/mehrsprachigkeit-2\/\" target=\"_self\">Multiling\u00fcismo<\/a><\/h2><\/div><div class=\"wm-content-module-element wm-html-element content\"><p>El multiling\u00fcismo se refiere a la capacidad de una persona para hablar o entender m\u00e1s de una lengua. Queremos promoverlo con nuestros programas.<\/p>\n<\/div><\/div><div class=\"wm-content-module-item wm-content-module-item-1371 has-post-thumbnail wm-column width-1-3 with-margin alt\"><div class=\"wm-content-module-element wm-html-element image image-container featured-image\"><a href=\"https:\/\/www.griffbereit-rucksack.de\/es\/diversitaet-2\/\" target=\"_self\"><img decoding=\"async\" width=\"744\" height=\"418\" src=\"https:\/\/www.griffbereit-rucksack.de\/wp-content\/uploads\/2020\/01\/kinder_lernen_aus_einem_buch-744x418.png\" class=\"attachment-thumbnail size-thumbnail wp-post-image\" alt=\"\" title=\"ni\u00f1os_aprenden_de_un_libro\" \/><\/a><\/div><div class=\"wm-content-module-element wm-html-element title\"><h2><a href=\"https:\/\/www.griffbereit-rucksack.de\/es\/diversitaet-2\/\" target=\"_self\">Diversidad<\/a><\/h2><\/div><div class=\"wm-content-module-element wm-html-element content\"><p>La diversidad es un concepto de la sociolog\u00eda y la psicolog\u00eda social que se utiliza en los pa\u00edses de habla alemana de forma an\u00e1loga al t\u00e9rmino diversity utilizado en los pa\u00edses de habla inglesa.<\/p>\n<\/div><\/div><div class=\"wm-content-module-item wm-content-module-item-1370 has-post-thumbnail wm-column width-1-3 with-margin last\"><div class=\"wm-content-module-element wm-html-element image image-container featured-image\"><a href=\"https:\/\/www.griffbereit-rucksack.de\/es\/empowerment-2\/\" target=\"_self\"><img decoding=\"async\" width=\"744\" height=\"418\" src=\"https:\/\/www.griffbereit-rucksack.de\/wp-content\/uploads\/2020\/01\/mutter_lernt_mit_kind_-744x418.png\" class=\"attachment-thumbnail size-thumbnail wp-post-image\" alt=\"La madre aprende con su hijo\" title=\"madre_aprende_con_el_ni\u00f1o\" \/><\/a><\/div><div class=\"wm-content-module-element wm-html-element title\"><h2><a href=\"https:\/\/www.griffbereit-rucksack.de\/es\/empowerment-2\/\" target=\"_self\">Empoderamiento<\/a><\/h2><\/div><div class=\"wm-content-module-element wm-html-element content\"><div>\n<p>Se anima a las personas a descubrir y desarrollar sus propios puntos fuertes. A reconocer y utilizar sus recursos existentes.<\/p>\n<\/div>\n<\/div><\/div><\/div><\/div><\/div><div class=\"wm-content-module wm-posts-wrap clearfix wm-content-module-singular\"><div class=\"wm-content-module-item wm-content-module-item-1975 wm-iconbox-module has-background\"><div class=\"wm-content-module-element wm-html-element image image-container font-icon\" style=\"background-color: #f06c0e\"><span class=\"icon-location\" aria-hidden=\"true\"><\/span><span class=\"screen-reader-text\">Estados federales<\/span><\/div><div class=\"wm-content-module-element wm-html-element title\"><h2>Estados federales<\/h2><\/div><div class=\"wm-content-module-element wm-html-element content\"><p class=\"h1\">9<\/p>\n<p class=\"uppercase\"><strong>Estados federales<\/strong><\/p>\n<p>Los programas Griffbereit y Rucksack KiTa est\u00e1n en marcha en varios estados federales.<\/p>\n<\/div><\/div><\/div><div class=\"wm-content-module wm-posts-wrap clearfix wm-content-module-singular\"><div class=\"wm-content-module-item wm-content-module-item-1979 wm-iconbox-module has-background\"><div class=\"wm-content-module-element wm-html-element image image-container font-icon\" style=\"background-color: #f06c0e\"><span class=\"icon-users\" aria-hidden=\"true\"><\/span><span class=\"screen-reader-text\">Familias<\/span><\/div><div class=\"wm-content-module-element wm-html-element title\"><h2>Familias<\/h2><\/div><div class=\"wm-content-module-element wm-html-element content\"><p class=\"h1\">[bs-grkita-families-count]<\/p>\n<p class=\"uppercase\"><strong>Familias<\/strong><\/p>\n<p>Cada vez son m\u00e1s las familias que participan en nuestros programas.<\/p>\n<\/div><\/div><\/div><div class=\"wm-content-module wm-posts-wrap clearfix wm-content-module-singular\"><div class=\"wm-content-module-item wm-content-module-item-1981 wm-iconbox-module has-background\"><div class=\"wm-content-module-element wm-html-element image image-container font-icon\" style=\"background-color: #f06c0e\"><span class=\"icon-users-3\" aria-hidden=\"true\"><\/span><span class=\"screen-reader-text\">Asesores de padres<\/span><\/div><div class=\"wm-content-module-element wm-html-element title\"><h2>Asesores de padres<\/h2><\/div><div class=\"wm-content-module-element wm-html-element content\"><p class=\"h1\">[bs-grkita-parentcomp-count]<\/p>\n<p class=\"uppercase\"><strong>Asesores de padres<\/strong><\/p>\n<p>Asesores de padres formados acompa\u00f1an a muchas familias.<\/p>\n<\/div><\/div><\/div><div class=\"wm-content-module wm-posts-wrap clearfix wm-content-module-singular\"><div class=\"wm-content-module-item wm-content-module-item-1983 wm-iconbox-module has-background\"><div class=\"wm-content-module-element wm-html-element image image-container font-icon\" style=\"background-color: #f06c0e\"><span class=\"icon-commerical-building\" aria-hidden=\"true\"><\/span><span class=\"screen-reader-text\">Instalaciones\/instituciones educativas<\/span><\/div><div class=\"wm-content-module-element wm-html-element title\"><h2>Instalaciones\/instituciones educativas<\/h2><\/div><div class=\"wm-content-module-element wm-html-element content\"><p class=\"h1\">[bs-grkita-locations-count]<\/p>\n<p class=\"uppercase\"><strong>instituciones educativas\/INSTITUCIONES<\/strong><\/p>\n<p>Los programas est\u00e1n representados en muchas instituciones educativas.<\/p>\n<\/div><\/div><\/div>\n\t<h2><strong>\u00bfQu\u00e9 dicen los implicados?<\/strong><\/h2>\n\u00bfQu\u00e9 opina de nuestros dos programas? \u00bfTiene alg\u00fan comentario o petici\u00f3n sobre alguno de nuestros programas?<br \/>\no si tiene alguna pregunta, p\u00f3ngase en contacto con nosotros\u00a0 <a href=\"https:\/\/www.griffbereit-rucksack.de\/es\/kontakt\/\">P\u00e1gina de contacto<\/a>.\n<div class=\"wm-testimonials wm-posts-wrap clearfix\"><div class=\"wm-testimonials-container wm-items-container with-margin\" data-columns=\"3\" data-time=\"0\"><div class=\"wm-row\"><article class=\"wm-testimonials-item wm-testimonials-item-71 wm-column width-1-3 with-margin testimonial_category-patients\"><h3 class=\"screen-reader-text\">Julia Weber<\/h3><blockquote class=\"wm-testimonials-element wm-html-element content\"><p>Me sent\u00ed como si hubiera llegado a Alemania despu\u00e9s de llegar al <strong>Programa Rucksack KiTa<\/strong> han participado.<\/p>\n<\/blockquote><cite class=\"wm-testimonials-element wm-html-element source\"><span class=\"wm-testimonials-element wm-html-element author\">Participante de un grupo heterog\u00e9neo Rucksack KiTa de Unna<\/span><\/cite><\/article><article class=\"wm-testimonials-item wm-testimonials-item-1954 wm-column width-1-3 with-margin alt testimonial_category-patients\"><h3 class=\"screen-reader-text\">Participante de un grupo heterog\u00e9neo Rucksack KiTa de Unna<\/h3><blockquote class=\"wm-testimonials-element wm-html-element content\"><p>A trav\u00e9s de la <strong>Rucksack KiTa<\/strong>-programa, me sent\u00ed motivada y apoyada. Particip\u00e9 con \u00e9xito en un curso de lengua \"Alpha\" (curso de alfabetizaci\u00f3n) y ahora tambi\u00e9n tengo confianza para hablar con los profesores y leer delante de las otras madres del grupo Rucksack KiTa. Tenemos un gran ambiente, una gran asesora de padres y una gran relaci\u00f3n de confianza dentro de nuestro grupo.<\/p>\n<\/blockquote><cite class=\"wm-testimonials-element wm-html-element source\"><span class=\"wm-testimonials-element wm-html-element author\">Participante de un grupo heterog\u00e9neo Rucksack KiTa de Unna<\/span><\/cite><\/article><article class=\"wm-testimonials-item wm-testimonials-item-69 wm-column width-1-3 with-margin last testimonial_category-patients has-thumbnail\"><h3 class=\"screen-reader-text\">Definici\u00f3n de policl\u00ednica<\/h3><blockquote class=\"wm-testimonials-element wm-html-element content\"><p>Es un honor y un placer formar parte del programa <strong>Griffbereit<\/strong> ser. Los ni\u00f1os aprenden muy r\u00e1pido y ayudar a dar forma a su progreso me inspira.<\/p>\n<\/blockquote><cite class=\"wm-testimonials-element wm-html-element source\"><span class=\"wm-testimonials-element wm-html-element image image-container\"><img decoding=\"async\" width=\"448\" height=\"448\" src=\"https:\/\/www.griffbereit-rucksack.de\/wp-content\/uploads\/2015\/10\/baby-on-the-way-0-448x448.jpg\" class=\"attachment-polyclinic-square size-polyclinic-square wp-post-image\" alt=\"La descripci\u00f3n Alt de la imagen es necesaria para la accesibilidad\" title=\"MUESTRA\/_beb\u00e9-en-el-camino-0\" srcset=\"https:\/\/www.griffbereit-rucksack.de\/wp-content\/uploads\/2015\/10\/baby-on-the-way-0-448x448.jpg 448w, https:\/\/www.griffbereit-rucksack.de\/wp-content\/uploads\/2015\/10\/baby-on-the-way-0-50x50.jpg 50w\" sizes=\"(max-width: 448px) 100vw, 448px\" \/><\/span><span class=\"wm-testimonials-element wm-html-element author\">Mari Ulenberg (asesora de padres)<\/span><\/cite><\/article><\/div><\/div><\/div>","protected":false},"excerpt":{"rendered":"<div class=\"entry-summary\">\n<div class=\"entry-summary\">\nEs ist mir eine Ehre und Freude ein Teil des Programms Griffbereit zu sein. Die Kinder lernen sehr&hellip;\n<\/div>\n<\/div>","protected":false},"author":1,"featured_media":0,"parent":0,"menu_order":1,"comment_status":"closed","ping_status":"closed","template":"templates\/no-title.php","meta":{"_acf_changed":false,"footnotes":""},"class_list":["post-1882","page","type-page","status-publish","hentry","entry"],"acf":[],"_links":{"self":[{"href":"https:\/\/www.griffbereit-rucksack.de\/es\/wp-json\/wp\/v2\/pages\/1882","targetHints":{"allow":["GET"]}}],"collection":[{"href":"https:\/\/www.griffbereit-rucksack.de\/es\/wp-json\/wp\/v2\/pages"}],"about":[{"href":"https:\/\/www.griffbereit-rucksack.de\/es\/wp-json\/wp\/v2\/types\/page"}],"author":[{"embeddable":true,"href":"https:\/\/www.griffbereit-rucksack.de\/es\/wp-json\/wp\/v2\/users\/1"}],"replies":[{"embeddable":true,"href":"https:\/\/www.griffbereit-rucksack.de\/es\/wp-json\/wp\/v2\/comments?post=1882"}],"version-history":[{"count":3,"href":"https:\/\/www.griffbereit-rucksack.de\/es\/wp-json\/wp\/v2\/pages\/1882\/revisions"}],"predecessor-version":[{"id":15734,"href":"https:\/\/www.griffbereit-rucksack.de\/es\/wp-json\/wp\/v2\/pages\/1882\/revisions\/15734"}],"wp:attachment":[{"href":"https:\/\/www.griffbereit-rucksack.de\/es\/wp-json\/wp\/v2\/media?parent=1882"}],"curies":[{"name":"wp","href":"https:\/\/api.w.org\/{rel}","templated":true}]}}