{"id":13039,"date":"2023-11-05T11:50:01","date_gmt":"2023-11-05T10:50:01","guid":{"rendered":"https:\/\/www.griffbereit-rucksack.de\/?page_id=13039"},"modified":"2023-11-29T16:47:55","modified_gmt":"2023-11-29T15:47:55","slug":"eb-konferenz-fachforen-digital","status":"publish","type":"page","link":"https:\/\/www.griffbereit-rucksack.de\/es\/eb-konferenz-fachforen-digital\/","title":{"rendered":"Conferencia EB - Foros digitales"},"content":{"rendered":"<h1><strong>Conferencia Digital EB<\/strong><\/h1>\n<p>Con la conferencia nacional de padres mentores, queremos rendir homenaje a su labor como padre mentor y darle la oportunidad de informarse sobre los avances y temas actuales y debatir los enfoques en diversos foros especializados. La conferencia tambi\u00e9n brindar\u00e1 la oportunidad de intercambiar informaci\u00f3n sobre los programas y sus enfoques de trabajo, as\u00ed como de establecer contactos.<\/p>\n<p>&nbsp;<\/p>\n<p>&nbsp;<\/p>\n<p>&nbsp;<\/p>\n<p>&nbsp;<\/p>\n\t<h3><strong>04.12.23<\/strong><\/h3>\n\t<h3><strong>09:45 &#8211; 16:00 Uhr<br \/>\n<\/strong><\/h3>\n\t<h3><strong>DIGITAL<\/strong><\/h3>\n<h2>\n\t\tHORARIO DIGITAL\n\t<\/h2>\n\t<table>\n<tbody>\n<tr>\n<td width=\"92\">09:45 a.m.<\/td>\n<td width=\"444\">Apertura\n<p><strong>Saludo Muchtar Al Ghusain<\/strong>Jefe del Departamento de Juventud, Educaci\u00f3n y Cultura de la Ciudad de Essen<\/p>\n<strong>Saludo de la Ministra Josefine Paul<\/strong>Ministerio de Infancia, Juventud, Familia, Igualdad, Refugiados e Integraci\u00f3n del Estado de Renania del Norte-Westfalia (MKJFGFI)<\/td>\n<\/tr>\n<tr>\n<td width=\"92\">10:30 a.m.<\/td>\n<td width=\"444\"><strong>Ponencia: Educaci\u00f3n para el multiling\u00fcismo en la <\/strong><strong>La sociedad de la migraci\u00f3n<\/strong> (Sprachpolitik in Familien und Kitas)\nProf. Dr. Julie A. Panagiotopoulou, Universit\u00e4t zu K\u00f6ln<\/td>\n<\/tr>\n<tr>\n<td width=\"92\">12:00 horas<\/td>\n<td width=\"444\"><strong>Presentaci\u00f3n de la nueva pel\u00edcula griffbereitMINI<\/strong><\/td>\n<\/tr>\n<tr>\n<td width=\"92\">12:30 horas<\/td>\n<td width=\"444\"><strong>Pausa para el almuerzo<\/strong><\/td>\n<\/tr>\n<tr>\n<td width=\"92\">14.00 h<\/td>\n<td width=\"444\"><strong>Foros especializados<\/strong><\/td>\n<\/tr>\n<tr>\n<td width=\"92\">16:00<\/td>\n<td width=\"444\"><strong>Fin del acto<\/strong><\/td>\n<\/tr>\n<\/tbody>\n<\/table>\n<h2>\n\t\tFOROS DIGITALES\n\t<\/h2>\n<div class=\"wm-tabs clearfix layout-top\" data-active=\"1\"><ul class=\"wm-tab-links wm-tab-count-5\"><li class=\"wm-tab-items-fachforum1_706\"><a href=\"#fachforum1_706\" data-tab=\"#fachforum1_706\">foro de expertos 1<\/a><\/li><li class=\"wm-tab-items-fachforum2_877\"><a href=\"#fachforum2_877\" data-tab=\"#fachforum2_877\">foro de expertos 2<\/a><\/li><li class=\"wm-tab-items-fachforum3_173\"><a href=\"#fachforum3_173\" data-tab=\"#fachforum3_173\">foro de expertos 3<\/a><\/li><li class=\"wm-tab-items-fachforum4_672\"><a href=\"#fachforum4_672\" data-tab=\"#fachforum4_672\">foro de expertos 4<\/a><\/li><li class=\"wm-tab-items-fachforum5_707\"><a href=\"#fachforum5_707\" data-tab=\"#fachforum5_707\">foro de expertos 5<\/a><\/li><\/ul><div class=\"wm-tabs-items\">\r\n<div class=\"wm-item wm-item-wrap fachforum1_706\" id=\"fachforum1_706\" data-title=\"fachforum1_706&&fachforum 1\"><h3 class=\"screen-reader-text wm-item-title\">foro de expertos 1<\/h3><p>T\u00edtulo: <strong>App geht`s?! &#8211; Digitale Medien in der Elternbegleitung nutzen!<\/strong><br \/>Orador: <strong>Johannes Wenzel<\/strong>, Responsable de medios de comunicaci\u00f3n, M\u00fcnster, Blickwechsel e.V.<strong>Orador:<\/strong> Johannes Wentzel lleva m\u00e1s de 21 a\u00f1os trabajando en el \u00e1mbito escolar y extraescolar con ni\u00f1os y j\u00f3venes y en la educaci\u00f3n de adultos. Junto con guarder\u00edas, centros familiares, escuelas, institutos de formaci\u00f3n profesional, centros de educaci\u00f3n familiar, centros de educaci\u00f3n de adultos, universidades, bibliotecas, centros de formaci\u00f3n continua e instituciones municipales, ofrece cursos de formaci\u00f3n, talleres, actos informativos, veladas para padres y formaci\u00f3n medi\u00e1tica para multiplicadores, profesores, educadores, padres y alumnos sobre el tema del uso responsable y creativo de los medios digitales.<strong>Breve descripci\u00f3n:<\/strong> Los asesores de padres tambi\u00e9n pueden proporcionar muchos consejos e impulsos importantes sobre el tema de los medios digitales y apoyar a los padres en un uso reflexivo de los medios en la familia. Los medios digitales deben utilizarse con creatividad y diversi\u00f3n en el seno de la familia y durante el apoyo a los padres. Los siguientes temas, por ejemplo, desempe\u00f1ar\u00e1n un papel importante:<\/p>\n<ul>\n<li>\u00bfEn qu\u00e9 mundos medi\u00e1ticos (digitales) viajan hoy las familias?<\/li>\n<li>Mediennutzung und kindliche Entwicklung &#8211; wie passt das zusammen?<\/li>\n<li>Utilizar las experiencias medi\u00e1ticas como una oportunidad para hablar<\/li>\n<li>Utilicen las aplicaciones de forma creativa y conjunta<\/li>\n<\/ul>\n<p><strong>Lamentablemente, el foro especializado est\u00e1 completo. Por favor, seleccione una alternativa digital.<\/strong><\/p>\n<\/div>\r\n\r\n<div class=\"wm-item wm-item-wrap fachforum2_877\" id=\"fachforum2_877\" data-title=\"fachforum2_877&&fachforum 2\"><h3 class=\"screen-reader-text wm-item-title\">foro de expertos 2<\/h3><p>T\u00edtulo: <strong>griffbereitMINI &#8211; Ein Familienbildungsprogramm zur Sprachbildung unter Wertsch\u00e4tzung der Mehrsprachigkeit von Anfang an<\/strong><br \/>Orador: <strong>Philipp Tillmann, <\/strong>KI Dortmund<strong>Orador:<\/strong> El Sr. Tilmann es profesor de primaria titulado y trabaja en el Centro Municipal de Integraci\u00f3n de la ciudad de Dortmund desde 2017. All\u00ed coordina el programa de educaci\u00f3n familiar Griffbereit y es la persona de contacto para los temas de educaci\u00f3n ling\u00fc\u00edstica y multiling\u00fcismo en las escuelas primarias. Tambi\u00e9n desempe\u00f1\u00f3 un papel destacado en el desarrollo del nuevo programa de educaci\u00f3n familiar griffbereitMINI y actualmente apoya su aplicaci\u00f3n a nivel nacional.<strong>Breve descripci\u00f3n:<\/strong> griffbereitMINI es el primer programa para familias con ni\u00f1os de hasta un a\u00f1o que se centra en el desarrollo del lenguaje. Su objetivo es sensibilizar a las familias sobre la importancia del desarrollo del lenguaje desde el principio y animarlas a comunicarse con su hijo tanto y de tantas formas diferentes como sea posible desde una edad preverbal. Tras la presentaci\u00f3n de las condiciones marco estructurales del programa, se utilizar\u00e1n ejemplos para ofrecer una visi\u00f3n de la aplicaci\u00f3n pr\u00e1ctica concreta.<strong>Lamentablemente, el foro especializado est\u00e1 completo. Por favor, seleccione una alternativa digital.<\/strong><\/p>\n<\/div>\r\n\r\n<div class=\"wm-item wm-item-wrap fachforum3_173\" id=\"fachforum3_173\" data-title=\"fachforum3_173&&fachforum 3\"><h3 class=\"screen-reader-text wm-item-title\">foro de expertos 3<\/h3><p>T\u00edtulo: <strong>Sensibilidad a la pobreza (infantil) en el trabajo educativo<\/strong><br \/>Orador:<strong> Sarah V\u00e1zquez<\/strong>, Moderation &#8211; Fortbildung &#8211; Beratung<strong><br \/><\/strong><strong>Orador:<\/strong> Sarah V\u00e1zquez trabaja como conferenciante independiente, moderadora y facilitadora de procesos en el \u00e1mbito de la educaci\u00f3n (temprana) y la creaci\u00f3n de redes comunitarias.<br \/>Estudi\u00f3 trabajo social, tiene el reconocimiento estatal como educadora, est\u00e1 formada como asesora orientada a la soluci\u00f3n y actualmente estudia asesoramiento sist\u00e9mico.<br \/>Sus \u00e1reas de especializaci\u00f3n incluyen la sensibilidad ante la pobreza infantil, el trabajo (colaborativo) digital, el desarrollo de equipos y organizaciones y el feminismo.<strong>Breve descripci\u00f3n: <\/strong>Adem\u00e1s de los conocimientos y las aptitudes, un componente importante de la acci\u00f3n sensible a la pobreza es la propia actitud sensible a la pobreza y la profesionalidad autorreflexiva. Para desarrollarlas o reforzarlas, es necesario el intercambio y la reflexi\u00f3n.<\/p>\n<\/div>\r\n\r\n<div class=\"wm-item wm-item-wrap fachforum4_672\" id=\"fachforum4_672\" data-title=\"fachforum4_672&&fachforum 4\"><h3 class=\"screen-reader-text wm-item-title\">foro de expertos 4<\/h3><p>T\u00edtulo: <strong>Multiling\u00fcismo en la interacci\u00f3n entre iguales<\/strong><br \/>Orador: <strong>Dra. Claudia Seele, <\/strong>Centro especializado en multiling\u00fcismo, LaKo Mecklemburgo-Pomerania Occidental<strong>Orador:<\/strong> Dr. Claudia Seele &#8211; Erziehungswissenschaftlerin und Leiterin der Fachstelle Mehrsprachigkeit MV, ein Projekt der RAA &#8211; Demokratie und Bildung Mecklenburg-Vorpommern e. V.<strong>Breve descripci\u00f3n:\u00a0<\/strong>\u00bfC\u00f3mo puede contribuir una percepci\u00f3n positiva del multiling\u00fcismo a apoyar a los ni\u00f1os en su desarrollo ling\u00fc\u00edstico? Se muestran diferentes formas de abordar el multiling\u00fcismo utilizando ejemplos de observaciones de guarder\u00edas.<\/p>\n<\/div>\r\n\r\n<div class=\"wm-item wm-item-wrap fachforum5_707\" id=\"fachforum5_707\" data-title=\"fachforum5_707&&fachforum 5\"><h3 class=\"screen-reader-text wm-item-title\">foro de expertos 5<\/h3><p>T\u00edtulo: <strong>M\u00fasica y lenguaje: c\u00f3mo las canciones fomentan el desarrollo del lenguaje y apoyan el multiling\u00fcismo<\/strong><br \/>Orador: <strong>Hayat Chaoui<\/strong>, Mundo musical NRW<strong>Orador: <\/strong>Nachdem Hayat Chaoui das Staatsexamen ihres Lehramt-Studiums in den F\u00e4chern Franz\u00f6sisch und Englisch in Mainz ablegte, begann sie ihr Gesangsstudium an der Hochschule f\u00fcr Musik und Tanz in K\u00f6ln. Dieses schloss sie unter anderem mit dem Diplom Gesangsp\u00e4dagogik ab &#8211; nicht fern liegt es da, dass sie auch beruflich das P\u00e4dagogische mit dem Musikalischen verbindet.\u00a0<strong>Breve descripci\u00f3n:<\/strong> \u00bfQu\u00e9 oportunidades abre a las familias la combinaci\u00f3n de m\u00fasica y lengua en un entorno social multiling\u00fce? La atenci\u00f3n se centra en la integraci\u00f3n y el valor a\u00f1adido asociado de las canciones infantiles multiling\u00fces en la vida cotidiana.<strong>Lamentablemente, el foro especializado est\u00e1 completo. Por favor, seleccione una alternativa digital.<\/strong><\/p>\n<\/div>\r\n<\/div><\/div><h2>\n\t\tSELECCIONE UN FORO ESPECIALIZADO ADEM\u00c1S DE INSCRIBIRSE EN EL PROGRAMA DE LA JORNADA:\n\t<\/h2>\n<h3>\n\t\tFORO DE ESPECIALISTAS 1\n\t<\/h3>\n\t<p>App geht`s?! &#8211; Digitale Medien in der Elternbegleitung nutzen!<\/p>\n<p>Lamentablemente, el foro especializado est\u00e1 completo. Por favor, seleccione una alternativa digital.<\/p>\n<h3>\n\t\tFORO DE ESPECIALISTAS 2\n\t<\/h3>\n\t<p>griffbereitMINI &#8211; Ein Familienbildungsprogramm zur Sprachbildung unter Wertsch\u00e4tzung der Mehrsprachigkeit von Anfang an<\/p>\n<p>Lamentablemente, el foro especializado est\u00e1 completo. Por favor, elija una alternativa.<\/p>\n<h3>\n\t\tFORO DE ESPECIALISTAS 3\n\t<\/h3>\n\t<p>Sensibilidad a la pobreza (infantil) en el trabajo educativo<\/p>\n\t\t\t<a href=\"https:\/\/www.griffbereit-rucksack.de\/es\/events\/kinder-armutssensibilitaet-in-der-paedagogischen-arbeit\/\" target=\"_blank\" role=\"button\" rel=\"noopener\">\n\t\t\t\t\t\t\tAL REGISTRO\n\t\t\t\t\t<\/a>\n<h3>\n\t\tFORO DE ESPECIALISTAS 4\n\t<\/h3>\n\t<p>Multiling\u00fcismo en la interacci\u00f3n entre iguales<\/p>\n\t\t\t<a href=\"https:\/\/www.griffbereit-rucksack.de\/es\/events\/mehrsprachigkeit-in-der-peer-interaktion-2\/\" target=\"_blank\" role=\"button\" rel=\"noopener\">\n\t\t\t\t\t\t\tAL REGISTRO\n\t\t\t\t\t<\/a>\n<h3>\n\t\tFORO DE ESPECIALISTAS 5\n\t<\/h3>\n\t<p>M\u00fasica y lenguaje: c\u00f3mo las canciones fomentan el desarrollo del lenguaje y apoyan el multiling\u00fcismo<\/p>\n<p>Lamentablemente, el foro especializado est\u00e1 completo. Por favor, elija una alternativa.<\/p>","protected":false},"excerpt":{"rendered":"<div class=\"entry-summary\">\n<div class=\"entry-summary\">\nDigitale EB-Konferenz Mit der bundesweiten Elternbegleiter*innen-Konferenz m\u00f6chten wir Ihre Arbeit als Elternbegleiter*innen w\u00fcrdigen und Ihnen die M\u00f6glichkeit geben,&hellip;\n<\/div>\n<div class=\"link-more\"><a href=\"https:\/\/www.griffbereit-rucksack.de\/es\/eb-konferenz-fachforen-digital\/\" class=\"more-link\">Seguir leyendo<span class=\"screen-reader-text\"> &ldquo;EB-Konferenz &#8211; Fachforen Digital&rdquo;<\/span>...<\/a><\/div>\n<\/div>\n<div class=\"link-more\"><a href=\"https:\/\/www.griffbereit-rucksack.de\/es\/eb-konferenz-fachforen-digital\/\" class=\"more-link\">Seguir leyendo<span class=\"screen-reader-text\"> &ldquo;EB-Konferenz &#8211; Fachforen Digital&rdquo;<\/span>...<\/a><\/div>","protected":false},"author":1,"featured_media":0,"parent":0,"menu_order":0,"comment_status":"closed","ping_status":"closed","template":"","meta":{"_acf_changed":false,"footnotes":""},"class_list":["post-13039","page","type-page","status-publish","hentry","entry"],"acf":[],"_links":{"self":[{"href":"https:\/\/www.griffbereit-rucksack.de\/es\/wp-json\/wp\/v2\/pages\/13039","targetHints":{"allow":["GET"]}}],"collection":[{"href":"https:\/\/www.griffbereit-rucksack.de\/es\/wp-json\/wp\/v2\/pages"}],"about":[{"href":"https:\/\/www.griffbereit-rucksack.de\/es\/wp-json\/wp\/v2\/types\/page"}],"author":[{"embeddable":true,"href":"https:\/\/www.griffbereit-rucksack.de\/es\/wp-json\/wp\/v2\/users\/1"}],"replies":[{"embeddable":true,"href":"https:\/\/www.griffbereit-rucksack.de\/es\/wp-json\/wp\/v2\/comments?post=13039"}],"version-history":[{"count":0,"href":"https:\/\/www.griffbereit-rucksack.de\/es\/wp-json\/wp\/v2\/pages\/13039\/revisions"}],"wp:attachment":[{"href":"https:\/\/www.griffbereit-rucksack.de\/es\/wp-json\/wp\/v2\/media?parent=13039"}],"curies":[{"name":"wp","href":"https:\/\/api.w.org\/{rel}","templated":true}]}}