{"id":12968,"date":"2023-11-01T19:38:59","date_gmt":"2023-11-01T18:38:59","guid":{"rendered":"https:\/\/www.griffbereit-rucksack.de\/?page_id=12968"},"modified":"2023-11-25T11:14:31","modified_gmt":"2023-11-25T10:14:31","slug":"eb-konferenz-fachforen-vor-ort","status":"publish","type":"page","link":"https:\/\/www.griffbereit-rucksack.de\/es\/eb-konferenz-fachforen-vor-ort\/","title":{"rendered":"Conferencia de padres asesores - foros especializados in situ"},"content":{"rendered":"<h1><strong>\u00a0<\/strong><\/h1>\n<p>Con la conferencia nacional de padres mentores, queremos rendir homenaje a su labor como padre mentor y darle la oportunidad de informarse sobre los avances y temas actuales y debatir los enfoques en diversos foros especializados. La conferencia tambi\u00e9n brindar\u00e1 la oportunidad de intercambiar informaci\u00f3n sobre los programas y sus enfoques de trabajo, as\u00ed como de establecer contactos.<\/p>\n<p>&nbsp;<\/p>\n<p>\u00a0<\/p>\n<p>&nbsp;<\/p>\n\t<h3><strong>04.12.23<\/strong><\/h3>\n<h4><a href=\"https:\/\/chorforum-essen.de\/index.php\/location.html\">ChorForum Essen<\/a><\/h4>\n\t<h3><strong>08:45 &#8211; 16:45<\/strong><\/h3>\n\t<h3><strong>EN EL LUGAR<\/strong><\/h3>\n<h2>\n\t\tHORARIO IN SITU\n\t<\/h2>\n\t<table>\n<tbody>\n<tr>\n<td width=\"92\">08:45 a.m.<\/td>\n<td width=\"444\"><strong>Registro y cafeter\u00eda de pie<\/strong><\/td>\n<\/tr>\n<tr>\n<td width=\"92\">09:45 a.m.<\/td>\n<td width=\"444\">Apertura\n<p><strong>Saludo Muchtar Al Ghusain<\/strong>Jefe del Departamento de Juventud, Educaci\u00f3n y Cultura de la Ciudad de Essen<\/p>\n<strong>Saludo de la Ministra Josefine Paul<\/strong>Ministerio de Infancia, Juventud, Familia, Igualdad, Refugiados e Integraci\u00f3n del Estado de Renania del Norte-Westfalia (MKJFGFI)<\/td>\n<\/tr>\n<tr>\n<td width=\"92\">10:30 a.m.<\/td>\n<td width=\"444\"><strong>Ponencia: Educaci\u00f3n para el multiling\u00fcismo en la <\/strong><strong>La sociedad de la migraci\u00f3n<\/strong> (Sprachpolitik in Familien und Kitas)\nProf. Dr. Julie A. Panagiotopoulou, Universit\u00e4t zu K\u00f6ln<\/td>\n<\/tr>\n<tr>\n<td width=\"92\">12:00 horas<\/td>\n<td width=\"444\"><strong>Presentaci\u00f3n de la nueva pel\u00edcula griffbereitMINI<\/strong><\/td>\n<\/tr>\n<tr>\n<td width=\"92\">12:30 horas<\/td>\n<td width=\"444\"><strong>Pausa para el almuerzo <\/strong>y tiempo para el intercambio<\/td>\n<\/tr>\n<tr>\n<td width=\"92\">14.00 h<\/td>\n<td width=\"444\"><strong>Foros especializados<\/strong><\/td>\n<\/tr>\n<tr>\n<td width=\"92\">16:00<\/td>\n<td width=\"444\"><strong>Pausa caf\u00e9<\/strong><\/td>\n<\/tr>\n<tr>\n<td width=\"92\">16:15<\/td>\n<td width=\"444\"><strong>Poes\u00eda slam <\/strong>con Ella Elia Anschein\n<strong>Adi\u00f3s <\/strong>por el MKJFGFI<\/td>\n<\/tr>\n<tr>\n<td width=\"92\">16:45<\/td>\n<td width=\"444\"><strong>Fin del acto<\/strong><\/td>\n<\/tr>\n<\/tbody>\n<\/table>\n<h2>\n\t\tFOROS ESPECIALIZADOS IN SITU\n\t<\/h2>\n<div class=\"wm-tabs clearfix layout-top\" data-active=\"1\"><ul class=\"wm-tab-links wm-tab-count-6\"><li class=\"wm-tab-items-fachforum1_550\"><a href=\"#fachforum1_550\" data-tab=\"#fachforum1_550\">foro de expertos 1<\/a><\/li><li class=\"wm-tab-items-fachforum2_165\"><a href=\"#fachforum2_165\" data-tab=\"#fachforum2_165\">foro de expertos 2<\/a><\/li><li class=\"wm-tab-items-fachforum3_232\"><a href=\"#fachforum3_232\" data-tab=\"#fachforum3_232\">foro de expertos 3<\/a><\/li><li class=\"wm-tab-items-fachforum4_165\"><a href=\"#fachforum4_165\" data-tab=\"#fachforum4_165\">foro de expertos 4<\/a><\/li><li class=\"wm-tab-items-fachforum5_649\"><a href=\"#fachforum5_649\" data-tab=\"#fachforum5_649\">foro de expertos 5<\/a><\/li><li class=\"wm-tab-items-Fachforum6_437\"><a href=\"#Fachforum6_437\" data-tab=\"#Fachforum6_437\">Foro especializado 6<\/a><\/li><\/ul><div class=\"wm-tabs-items\">\r\n<div class=\"wm-item wm-item-wrap fachforum1_550\" id=\"fachforum1_550\" data-title=\"fachforum1_550&&fachforum 1\"><h3 class=\"screen-reader-text wm-item-title\">foro de expertos 1<\/h3><p>T\u00edtulo: <strong>Empoderamiento: algo m\u00e1s que reunirse a la altura de los ojos<\/strong><br \/>Orador: <strong>Dra. Carmen Yong-Ae Wienand<\/strong>Universidad Goethe de Fr\u00e1ncfort del Meno<strong>Orador:<\/strong> La Dra. Carmen Yong-Ae Wienand es investigadora sobre infancia y educaci\u00f3n. Actualmente trabaja como educadora y conferenciante aut\u00f3noma en el campo de la infancia en la sociedad de la migraci\u00f3n. De septiembre de 2021 a mayo de 2022 trabaj\u00f3 en el equipo federal de transferencias Griffbereit y Rucksack KiTa en coordinaci\u00f3n (en excedencia por paternidad).<strong>Breve descripci\u00f3n: <\/strong>Tras una aportaci\u00f3n sobre las relaciones de poder en la primera infancia, se debatir\u00e1n los conceptos de capacitaci\u00f3n y se presentar\u00e1n posibilidades concretas de aplicaci\u00f3n pr\u00e1ctica.<\/p>\n<\/div>\r\n\r\n<div class=\"wm-item wm-item-wrap fachforum2_165\" id=\"fachforum2_165\" data-title=\"fachforum2_165&&fachforum 2\"><h3 class=\"screen-reader-text wm-item-title\">foro de expertos 2<\/h3><p>T\u00edtulo: <strong>Apoyar y acompa\u00f1ar las transiciones en la primera infancia<\/strong><br \/>Oradores: <strong>Sarah Gousis<\/strong>FH-Niederrhein y<strong> Ellen Brings<\/strong>, ZfTI<strong><br \/><\/strong><strong>Oradores: <\/strong>Sarah Gousis absolvierte 2016 ihr Masterstudium im Bereich Soziale Arbeit an der Universit\u00e4t Duisburg-Essen. Sie arbeitete 2020 bis 2022 als wissenschaftliche Mitarbeiterin am Fachbereich Sozialwesen der Hochschule Niederrhein u.a. im Modellprojekt \u201eSo fr\u00fch wie m\u00f6glich &#8211; Bildungsbande kn\u00fcpfen&#8220;. Seit 2020 promoviert sie bei Prof. Dr. Donja Amirpur zum Thema \u201eEmpowerment und Powersharing in der (sozial-)p\u00e4dagogischen Arbeit mit migrantisierten Familien am \u00dcbergang ins (fr\u00fche) Bildungssystem&#8220; (Arbeitstitel).Ellen Brings ist verantwortlich f\u00fcr den Bereich Materialentwicklung innerhalb des Bundestransfers f\u00fcr die Programme griffbereitMINI, Griffbereit und Rucksack KiTa.<strong>Breve descripci\u00f3n:<\/strong> \u00bfC\u00f3mo puede tener \u00e9xito la transici\u00f3n de la familia a las instituciones educativas? \u00bfC\u00f3mo puede la orientaci\u00f3n parental apoyar este proceso? El objetivo es crear un espacio de reflexi\u00f3n conjunta.<\/p>\n<\/div>\r\n\r\n<div class=\"wm-item wm-item-wrap fachforum3_232\" id=\"fachforum3_232\" data-title=\"fachforum3_232&&fachforum 3\"><h3 class=\"screen-reader-text wm-item-title\">foro de expertos 3<\/h3><p>T\u00edtulo: <strong>El apoyo de los padres como entrada a las profesiones sociales y educativas <\/strong><strong>Breve presentaci\u00f3n de los ponentes:<\/strong> Stephanie Schmidt, asesora en materia de buenas biograf\u00edas laborales en la Direcci\u00f3n Regional de Renania del Norte-Westfalia, Inna Michailov, asesora de padres en KI M\u00e4rkischer Kreis, Hannah Farhan-Dorn, MKJFGFI, y Miriam Weilbrenner, MKJFGFI.<strong>Breve descripci\u00f3n:<\/strong> Adem\u00e1s de las perspectivas profesionales, tambi\u00e9n se presenta informaci\u00f3n y oportunidades de financiaci\u00f3n para una mayor cualificaci\u00f3n mediante ejemplos pr\u00e1cticos. La encuesta 2022\/2023 sobre padres consejeros sirve de base.<strong>Lamentablemente, el foro especializado est\u00e1 completo. Por favor, elija una alternativa.<\/strong><\/p>\n<\/div>\r\n\r\n<div class=\"wm-item wm-item-wrap fachforum4_165\" id=\"fachforum4_165\" data-title=\"fachforum4_165&&fachforum 4\"><h3 class=\"screen-reader-text wm-item-title\">foro de expertos 4<\/h3><p>T\u00edtulo \"<strong>El translenguaje en las familias y las guarder\u00edas: la educaci\u00f3n para el multiling\u00fcismo desde la perspectiva de los profesionales de la educaci\u00f3n y los padres<\/strong>&#8222;<br \/>Orador: <strong>Maria J. Hammel<\/strong>, Universidad de Colonia<strong>Orador:<\/strong> Maria J. Hammel es ayudante de investigaci\u00f3n y doctoranda con Julie A. Panagiotopoulou en la C\u00e1tedra de Ciencias de la Educaci\u00f3n especializada en Educaci\u00f3n y Desarrollo en la Primera Infancia de la Universidad de Colonia. En su proyecto de doctorado, trabaja en la reconstrucci\u00f3n de las perspectivas de los profesionales de la pedagog\u00eda sobre el multiling\u00fcismo y el translenguaje como pedagog\u00eda dentro del proyecto etnogr\u00e1fico de investigaci\u00f3n y formaci\u00f3n TranslaPed (Pedagog\u00eda del translenguaje en guarder\u00edas y escuelas multiling\u00fces de Renania del Norte-Westfalia).<strong>Breve descripci\u00f3n: <\/strong>\u00bfQu\u00e9 opinan los profesionales de la educaci\u00f3n y los padres sobre la pedagog\u00eda del translenguaje y la educaci\u00f3n multiling\u00fce? En un proyecto de investigaci\u00f3n y formaci\u00f3n, la Universidad de Colonia ha realizado numerosas entrevistas y analizado ejemplos pr\u00e1cticos para arrojar luz sobre las opiniones de los profesionales de la educaci\u00f3n y los padres.<\/p>\n<\/div>\r\n\r\n<div class=\"wm-item wm-item-wrap fachforum5_649\" id=\"fachforum5_649\" data-title=\"fachforum5_649&&fachforum 5\"><h3 class=\"screen-reader-text wm-item-title\">foro de expertos 5<\/h3><p>T\u00edtulo: \"<strong>Bewegte Sprache &#8211; Bewegungsorientierte Sprachbildung f\u00fcr mehrsprachige Kinder<\/strong><br \/>Orador: <strong>Prof. Dra. Nadine Madeira Firmino<\/strong>FH Bielefeld<strong>Orador:<\/strong> La Prof. Dra. Nadine Madeira Firmino es profesora en el programa de Educaci\u00f3n Infantil de la Universidad de Ciencias Aplicadas de Bielefeld. Su trabajo e investigaci\u00f3n se centran en los \u00e1mbitos del movimiento y el lenguaje, el multiling\u00fcismo, la educaci\u00f3n ling\u00fc\u00edstica integrada en la vida cotidiana y la observaci\u00f3n y documentaci\u00f3n de los procesos de desarrollo.<strong>Breve descripci\u00f3n:<\/strong> Tras presentar las caracter\u00edsticas especiales de la adquisici\u00f3n multiling\u00fce simult\u00e1nea y sucesiva, se presentan elementos y ejercicios sencillos orientados a la pr\u00e1ctica que muestran c\u00f3mo se puede apoyar el desarrollo del lenguaje a trav\u00e9s del movimiento en los entornos educativos cotidianos.<\/p>\n<\/div>\r\n\r\n<div class=\"wm-item wm-item-wrap Fachforum6_437\" id=\"Fachforum6_437\" data-title=\"Fachforum6_437&&Fachforum 6\"><h3 class=\"screen-reader-text wm-item-title\">Foro especializado 6<\/h3><p>T\u00edtulo: <b>Fortalecer juntos las lenguas<\/b><br \/>Altavoz<strong>Prof. Dr. Timm Albers<\/strong>Universidad de Paderborn<strong><br \/><\/strong><strong>Orador:<\/strong> El Prof. Dr. Timm Albers es un cient\u00edfico de la educaci\u00f3n e investigador educativo alem\u00e1n. Dirige el grupo de trabajo de Educaci\u00f3n Inclusiva de la Universidad de Paderborn desde 2014.<strong>Breve descripci\u00f3n:<\/strong> La educaci\u00f3n ling\u00fc\u00edstica funciona mejor cuando las familias y las instituciones educativas trabajan juntas. Los padres mentores desempe\u00f1an un papel importante en este sentido, ya que facilitan el acceso a las guarder\u00edas y a las instituciones educativas y de asesoramiento y, al mismo tiempo, contribuyen a su apertura a la comunidad inmigrante.<strong>\u00a0<\/strong><\/p>\n<\/div>\r\n<\/div><\/div><h2>\n\t\tSELECCIONE UN FORO ESPECIALIZADO ADEM\u00c1S DE INSCRIBIRSE EN EL PROGRAMA DE LA JORNADA:\n\t<\/h2>\n<h3>\n\t\tFORO DE ESPECIALISTAS 1\n\t<\/h3>\n\t<p>Empoderamiento: algo m\u00e1s que reunirse a la altura de los ojos<\/p>\n\t\t\t<a href=\"https:\/\/www.griffbereit-rucksack.de\/es\/events\/empowerment-mehr-als-nur-begegnung-auf-augenhoehe\/\" target=\"_blank\" role=\"button\" rel=\"noopener\">\n\t\t\t\t\t\t\tAL REGISTRO\n\t\t\t\t\t<\/a>\n<h3>\n\t\tFORO DE ESPECIALISTAS 2\n\t<\/h3>\n\t<p>Apoyar y acompa\u00f1ar las transiciones en la primera infancia<\/p>\n\t\t\t<a href=\"https:\/\/www.griffbereit-rucksack.de\/es\/events\/uebergaenge-gestalten\/\" target=\"_blank\" role=\"button\" rel=\"noopener\">\n\t\t\t\t\t\t\tAL REGISTRO\n\t\t\t\t\t<\/a>\n<h3>\n\t\tFORO DE ESPECIALISTAS 3\n\t<\/h3>\n\t<p>El apoyo de los padres como entrada a las profesiones sociales y educativas<\/p>\n<p><strong>Lamentablemente, el foro especializado est\u00e1 completo. Por favor, elija una alternativa.<\/strong><\/p>\n<h3>\n\t\tFORO DE ESPECIALISTAS 4\n\t<\/h3>\n\t<p>El translenguaje en las familias y las guarder\u00edas: la educaci\u00f3n para el multiling\u00fcismo desde la perspectiva de los profesionales de la educaci\u00f3n y los padres<\/p>\n\t\t\t<a href=\"https:\/\/www.griffbereit-rucksack.de\/es\/events\/translanguaging-in-familien-und-kitas-erziehung-zur-mehrsprachigkeit-aus-sicht-von-paedagogischen-fachkraeften-und-eltern\/\" target=\"_blank\" role=\"button\" rel=\"noopener\">\n\t\t\t\t\t\t\tAL REGISTRO\n\t\t\t\t\t<\/a>\n<h3>\n\t\tFORO DE ESPECIALISTAS 5\n\t<\/h3>\n\t<p>Bewegte Sprache &#8211; Bewegungsorientierte Sprachbildung f\u00fcr mehrsprachige Kinder<\/p>\n\t\t\t<a href=\"https:\/\/www.griffbereit-rucksack.de\/es\/events\/bewegte-sprache-bewegungsorientierte-sprachbildung-fuer-mehrsprachige-kinder\/\" target=\"_blank\" role=\"button\" rel=\"noopener\">\n\t\t\t\t\t\t\tAL REGISTRO\n\t\t\t\t\t<\/a>\n<h3>\n\t\tFORO DE ESPECIALISTAS 6\n\t<\/h3>\n\t<p>Fortalecer juntos las lenguas<\/p>\n\t\t\t<a href=\"https:\/\/www.griffbereit-rucksack.de\/es\/events\/f6-praesenz-eb-konferenz-sprachen-gemeinsam-staerken\/\" target=\"_blank\" role=\"button\" rel=\"noopener\">\n\t\t\t\t\t\t\tAL REGISTRO\n\t\t\t\t\t<\/a>","protected":false},"excerpt":{"rendered":"<div class=\"entry-summary\">\n<div class=\"entry-summary\">\n\u00a0 Mit der bundesweiten Elternbegleiter*innen-Konferenz m\u00f6chten wir Ihre Arbeit als Elternbegleiter*innen w\u00fcrdigen und Ihnen die M\u00f6glichkeit geben, sich&hellip;\n<\/div>\n<div class=\"link-more\"><a href=\"https:\/\/www.griffbereit-rucksack.de\/es\/eb-konferenz-fachforen-vor-ort\/\" class=\"more-link\">Seguir leyendo<span class=\"screen-reader-text\"> &ldquo;Elternbegleiter*innen-Konferenz &#8211; Fachforen vor Ort&rdquo;<\/span>...<\/a><\/div>\n<\/div>\n<div class=\"link-more\"><a href=\"https:\/\/www.griffbereit-rucksack.de\/es\/eb-konferenz-fachforen-vor-ort\/\" class=\"more-link\">Seguir leyendo<span class=\"screen-reader-text\"> &ldquo;Elternbegleiter*innen-Konferenz &#8211; Fachforen vor Ort&rdquo;<\/span>...<\/a><\/div>","protected":false},"author":1,"featured_media":0,"parent":0,"menu_order":0,"comment_status":"closed","ping_status":"closed","template":"","meta":{"_acf_changed":false,"footnotes":""},"class_list":["post-12968","page","type-page","status-publish","hentry","entry"],"acf":[],"_links":{"self":[{"href":"https:\/\/www.griffbereit-rucksack.de\/es\/wp-json\/wp\/v2\/pages\/12968","targetHints":{"allow":["GET"]}}],"collection":[{"href":"https:\/\/www.griffbereit-rucksack.de\/es\/wp-json\/wp\/v2\/pages"}],"about":[{"href":"https:\/\/www.griffbereit-rucksack.de\/es\/wp-json\/wp\/v2\/types\/page"}],"author":[{"embeddable":true,"href":"https:\/\/www.griffbereit-rucksack.de\/es\/wp-json\/wp\/v2\/users\/1"}],"replies":[{"embeddable":true,"href":"https:\/\/www.griffbereit-rucksack.de\/es\/wp-json\/wp\/v2\/comments?post=12968"}],"version-history":[{"count":0,"href":"https:\/\/www.griffbereit-rucksack.de\/es\/wp-json\/wp\/v2\/pages\/12968\/revisions"}],"wp:attachment":[{"href":"https:\/\/www.griffbereit-rucksack.de\/es\/wp-json\/wp\/v2\/media?parent=12968"}],"curies":[{"name":"wp","href":"https:\/\/api.w.org\/{rel}","templated":true}]}}