{"id":13624,"date":"2024-01-17T20:40:48","date_gmt":"2024-01-17T19:40:48","guid":{"rendered":"https:\/\/www.griffbereit-rucksack.de\/?page_id=13624"},"modified":"2024-03-21T09:29:06","modified_gmt":"2024-03-21T08:29:06","slug":"weiterfuehrende-programminformationen","status":"publish","type":"page","link":"https:\/\/www.griffbereit-rucksack.de\/ar\/weiterfuehrende-programminformationen\/","title":{"rendered":"\u0645\u0632\u064a\u062f \u0645\u0646 \u0627\u0644\u0645\u0639\u0644\u0648\u0645\u0627\u062a \u0639\u0646 \u0627\u0644\u0628\u0631\u0646\u0627\u0645\u062c \u0648\u0627\u0644\u0642\u0631\u0627\u0621\u0629 \u0627\u0644\u0645\u0648\u0635\u0649 \u0628\u0647\u0627"},"content":{"rendered":"<a href=\"javascript:void(0);\" id=\"fl-accordion--label-0\" tabindex=\"0\" aria-controls=\"fl-accordion--panel-0\">\u0645\u0644\u0627\u062d\u0638\u0627\u062a \u0627\u0644\u0642\u0631\u0627\u0621\u0629: \u0642\u0631\u0627\u0621\u0629 \u0627\u0644\u062d\u0648\u0627\u0631 (\u0645\u062a\u0639\u062f\u062f \u0627\u0644\u0644\u063a\u0627\u062a) \u0628\u0635\u0648\u062a \u0639\u0627\u0644\u064d<\/a>\n\t\t\t\t\t\t\t\t\t\t\t<a href=\"#\" id=\"fl-accordion--icon-0\" tabindex=\"-1\" aria-controls=\"fl-accordion--panel-0\"><i>\u0642\u0645 \u0628\u062a\u0648\u0633\u064a\u0639<\/i><\/a>\n\t\t\t\t\t<p>\u0627\u0644\u0646\u0635\u0627\u0626\u062d \u0627\u0644\u062a\u0627\u0644\u064a\u0629 \u0644\u0640 <strong>\u0627\u0644\u0642\u0631\u0627\u0621\u0629 \u0628\u0635\u0648\u062a \u0639\u0627\u0644\u064d \u0641\u064a \u0627\u0644\u062d\u0648\u0627\u0631<\/strong> \u0646\u0648\u062f \u0623\u0646 \u0646\u0642\u062f\u0645\u0647\u0627 \u0644\u0643 \u0639\u0644\u0649 \u0637\u0648\u0644 \u0627\u0644\u0637\u0631\u064a\u0642:<\/p>\n<ul>\n<li>\u0627\u0637\u0644\u0639 \u0639\u0644\u0649 \u0627\u0644\u0643\u062a\u0628 \u0645\u0633\u0628\u0642\u0627\u064b \u0648\u062a\u062d\u0642\u0642 \u0645\u0645\u0627 \u0625\u0630\u0627 \u0643\u0627\u0646\u062a \u0627\u0644\u0631\u0633\u0648\u0645 \u0627\u0644\u062a\u0648\u0636\u064a\u062d\u064a\u0629 \u0648\u0627\u0644\u0646\u0635 \u0645\u0646\u0627\u0633\u0628\u064a\u0646 (\u062d\u0633\u0628 \u0639\u0645\u0631 \u0637\u0641\u0644\u0643 \u0648\u0627\u0647\u062a\u0645\u0627\u0645\u0627\u062a\u0647 \u0648\u0627\u0644\u0635\u0648\u0631 \u0627\u0644\u062c\u0630\u0627\u0628\u0629 \u0648\u0627\u0644\u0645\u062d\u0641\u0632\u0629 \u0644\u0644\u0645\u062d\u0627\u062f\u062b\u0629).<\/li>\n<li>\u0636\u0639 \u0627\u0647\u062a\u0645\u0627\u0645\u0627\u062a \u0637\u0641\u0644\u0643 \u0648\u0639\u0645\u0631\u0647 \u0641\u064a \u0627\u0644\u0627\u0639\u062a\u0628\u0627\u0631 \u0639\u0646\u062f \u0627\u062e\u062a\u064a\u0627\u0631 \u0627\u0644\u0643\u062a\u0628 (\u0623\u0648 \u062a\u0648\u0641\u064a\u0631 \u0627\u0644\u0643\u062a\u0628).<br \/>\n\u0625\u0630\u0627 \u0643\u0627\u0646 \u0647\u0646\u0627\u0643 \u0627\u0644\u0639\u062f\u064a\u062f \u0645\u0646 \u0627\u0644\u0643\u062a\u0628 \u0644\u0644\u0627\u062e\u062a\u064a\u0627\u0631 \u0645\u0646 \u0628\u064a\u0646\u0647\u0627\u060c \u0641\u062f\u0639 \u0637\u0641\u0644\u0643 \u064a\u0642\u0631\u0631 \u0623\u064a \u0643\u062a\u0627\u0628 \u064a\u062c\u0628 \u0642\u0631\u0627\u0621\u062a\u0647 \u0628\u0635\u0648\u062a \u0639\u0627\u0644\u064d.<\/li>\n<li>Die Vorlesezeit h\u00e4ngt von der Konzentration und Motivation Ihres Kindes ab &#8211; gerade j\u00fcngere Kinder haben oft eine recht kurze Konzentrationsspanne und sind unter Umst\u00e4nden schon nach zehn Minuten m\u00fcde.<\/li>\n<li>\u0627\u0644\u062a\u0642\u0637\u064a \u0623\u0642\u0648\u0627\u0644 \u0637\u0641\u0644\u0643 \u0648\u0623\u0633\u0626\u0644\u062a\u0647 \u0648\u0627\u0637\u0631\u062d\u064a \u0623\u0633\u0626\u0644\u0629 \u0625\u0636\u0627\u0641\u064a\u0629 \u0644\u0644\u062f\u062e\u0648\u0644 \u0641\u064a \u062d\u0648\u0627\u0631 \u0645\u0639 \u0637\u0641\u0644\u0643.<\/li>\n<li>\u0634\u062c\u0639 \u0637\u0641\u0644\u0643 \u0639\u0644\u0649 \u062a\u0633\u0645\u064a\u0629 \u0627\u0644\u0623\u0634\u064a\u0627\u0621 \u0648\u0627\u0644\u062d\u0642\u0627\u0626\u0642 \u0627\u0644\u0645\u0635\u0648\u0631\u0629 \u0648\u0648\u0635\u0641\u0647\u0627.<\/li>\n<li>\u0627\u0637\u0631\u062d \u0623\u0633\u0626\u0644\u0629 \u0628\u0633\u064a\u0637\u0629 \u0628\u062d\u0631\u0641 \u0627\u0644\u0648\u0627\u0648 (\u0645\u0646\u061f \u0645\u0627\u0630\u0627\u061f \u0623\u064a\u0646\u061f). \u0648\u0645\u0639 \u0630\u0644\u0643\u060c \u062a\u0623\u0643\u062f \u0645\u0646 \u0623\u0646 \u0627\u0644\u0623\u0633\u0626\u0644\u0629 \u062a\u062d\u0641\u0632 \u0633\u0631\u062f \u0627\u0644\u0642\u0635\u0635 \u0648\u0644\u0627 \u062a\u0624\u062f\u064a \u0625\u0644\u0649 \u0637\u0644\u0628 \u0627\u0644\u062d\u0642\u0627\u0626\u0642.<\/li>\n<li>\u0642\u062f\u0645\u064a \u0644\u0637\u0641\u0644\u0643\u0650 \u0631\u062f\u0648\u062f \u0641\u0639\u0644 \u0645\u0624\u0643\u062f\u0629. \u0633\u064a\u0624\u062f\u064a \u0630\u0644\u0643 \u0625\u0644\u0649 \u062a\u062d\u0641\u064a\u0632 \u0645\u062a\u0639\u0629 \u0627\u0644\u062a\u062d\u062f\u062b \u0648\u0627\u0644\u062d\u0641\u0627\u0638 \u0639\u0644\u0649 \u0627\u0644\u062a\u062d\u0641\u064a\u0632.<\/li>\n<li>\u064a\u0645\u0643\u0646\u0643 \u0627\u0644\u0633\u0645\u0627\u062d \u0644\u0637\u0641\u0644\u0643 \u0628\u0625\u0643\u0645\u0627\u0644 \u0627\u0644\u062c\u0645\u0644 \u0623\u0648 \u0627\u0644\u062a\u0641\u0643\u064a\u0631 \u0641\u064a \u0646\u0647\u0627\u064a\u0629 \u0645\u062e\u062a\u0644\u0641\u0629 \u0644\u0644\u0642\u0635\u0629.<\/li>\n<\/ul>\n<p>Wenn Sie Ihrem Kind regelm\u00e4\u00dfig &#8211; in der Sprache, die Ihnen am meisten liegt vorlesen oder gemeinsam Bilderb\u00fccher anschauen, f\u00f6rdert dies nicht nur Ihre Beziehung, sondern hat noch viele weitere positive Aspekte. Beim dialogischen Vorlesen steht eine gespr\u00e4chsorientierte Buchbetrachtung oder Erz\u00e4hlung im Mittelpunkt. Es geht darum, gemeinsam mit dem Kind \u00fcber das Buch, die Bilder und Geschichten zu reden. Wortmeldungen des Kindes sind hierbei ausdr\u00fccklich erw\u00fcnscht, diese k\u00f6nnen unterst\u00fctzt und gef\u00f6rdert werden.<\/p>\n<p><strong>\u064a\u062a\u0639\u0644\u0645 \u0637\u0641\u0644\u0643:<\/strong><\/p>\n<ul>\n<li>\u0627\u0644\u0627\u0633\u062a\u0645\u0627\u0639 \u0648\u062a\u0637\u0628\u064a\u0642 \u0642\u0648\u0627\u0639\u062f \u0627\u0644\u062d\u0648\u0627\u0631,<\/li>\n<li>\u0627\u0644\u062a\u0639\u0627\u0637\u0641 \u0645\u0639 \u0627\u0644\u0622\u062e\u0631\u064a\u0646 \u0648\u0627\u0644\u0627\u0631\u062a\u0628\u0627\u0637 \u0628\u0634\u062e\u0635\u064a\u0627\u062a \u0627\u0644\u0642\u0635\u0629.<br \/>\n\u062a\u062d\u062f\u064a\u062f \u0627\u0644\u0647\u0648\u064a\u0629,<\/li>\n<li>\u0623\u0646 \u0647\u0646\u0627\u0643 \u0648\u062c\u0647\u0627\u062a \u0646\u0638\u0631 \u0648\u0622\u0631\u0627\u0621 \u0645\u062e\u062a\u0644\u0641\u0629,<\/li>\n<li>sich eine eigene Meinung zu bilden und diese auch auszusprechen &#8211; es merkt, dass die eigene Meinung wichtig ist und geh\u00f6rt wird,<\/li>\n<li>\u064a\u062a\u0639\u0644\u0645 \u0643\u0644\u0645\u0627\u062a \u0648\u062d\u0642\u0627\u0626\u0642 \u062c\u062f\u064a\u062f\u0629 \u0648\u064a\u062a\u0645 \u062a\u0634\u062c\u064a\u0639\u0647 \u0639\u0644\u0649 \u062a\u062c\u0631\u0628\u0629 \u0623\u0634\u064a\u0627\u0621 \u062c\u062f\u064a\u062f\u0629,<\/li>\n<li>\u0644\u0648\u0636\u0639 \u0627\u0639\u062a\u0628\u0627\u0631\u0627\u062a\u0647\u0645 \u0627\u0644\u062e\u0627\u0635\u0629 \u0648\u0648\u0636\u0639\u0647\u0627 \u0641\u064a \u0643\u0644\u0645\u0627\u062a.<\/li>\n<\/ul>\n<p>&nbsp;<\/p>\n<p><strong>\u0645\u0635\u0627\u062f\u0631 \u0623\u062e\u0631\u0649:<\/strong><\/p>\n<p>Kraus, Karoline (2005): Dialogisches Lesen &#8211; neue Wege der Sprachf\u00f6rderung in Kindergarten und Familie. In: Roux, Susanna (Hrsg.): PISA und die Folgen: Sprache und Sprachf\u00f6rderung im Kindergarten. Landau: Verlag Empirische P\u00e4dagogik, S. 109-129. URL: <a href=\"https:\/\/www.kindergartenpaedagogik.de\/fachartikel\/bildungsbereiche-erziehungsfelder\/sprache-fremdsprachen-literacy-kommunikation\/1892\/\">https:\/\/www.kindergartenpaedagogik.de\/fachartikel\/bildungsbereiche-erziehungsfelder\/sprache-fremdsprachen-literacy-kommunikation\/1892\/<\/a> (\u062a\u0627\u0631\u064a\u062e \u0622\u062e\u0631 \u0632\u064a\u0627\u0631\u0629 \u0641\u064a 13\/02\/2024)<\/p>\n<p>\u0627\u0644\u0627\u062a\u062d\u0627\u062f \u0627\u0644\u0631\u0627\u0639\u064a \u0644\u0644\u0627\u062a\u062d\u0627\u062f BiSS\/\u0645\u0639\u0647\u062f \u0645\u064a\u0631\u0643\u0627\u062a\u0648\u0631 \u0644\u062f\u0639\u0645 \u0627\u0644\u0644\u063a\u0629 \u0648\u0627\u0644\u0623\u0644\u0645\u0627\u0646\u064a\u0629 \u0643\u0644\u063a\u0629 \u062b\u0627\u0646\u064a\u0629 (2017): \u0647\u064a\u0627\u060c \u0644\u0646\u062d\u0643\u064a \u0644\u0628\u0639\u0636\u0646\u0627 \u0627\u0644\u0628\u0639\u0636 \u0642\u0635\u0629! \u0627\u0644\u0642\u0631\u0627\u0621\u0629 \u0627\u0644\u0642\u0627\u0626\u0645\u0629 \u0639\u0644\u0649 \u0627\u0644\u062d\u0648\u0627\u0631 \u0641\u064a \u0645\u0631\u0627\u0643\u0632 \u0627\u0644\u0631\u0639\u0627\u064a\u0629 \u0627\u0644\u0646\u0647\u0627\u0631\u064a\u0629.  \u0643\u0648\u0644\u0648\u0646\u064a\u0627: \u0627\u062a\u062d\u0627\u062f BiSS. URL: <a href=\"https:\/\/www.biss-sprachbildung.de\/pdf\/biss-broschuere-dialogisches-lesen-in-kitas.pdf\">https:\/\/www.biss-sprachbildung.de\/pdf\/biss-broschuere-dialogisches-lesen-in-kitas.pdf<\/a> (\u062a\u0627\u0631\u064a\u062e \u0622\u062e\u0631 \u0632\u064a\u0627\u0631\u0629 \u0641\u064a 13\/02\/2024)<\/p>\n\t\t\t\t\t<a href=\"javascript:void(0);\" id=\"fl-accordion--label-1\" tabindex=\"0\" aria-controls=\"fl-accordion--panel-1\">\u0627\u0644\u0637\u0639\u0627\u0645 \u0648\u0627\u0644\u0634\u0631\u0627\u0628<\/a>\n\t\t\t\t\t\t\t\t\t\t\t<a href=\"#\" id=\"fl-accordion--icon-1\" tabindex=\"-1\" aria-controls=\"fl-accordion--panel-1\"><i>\u0642\u0645 \u0628\u062a\u0648\u0633\u064a\u0639<\/i><\/a>\n\t\t\t\t\t<p>\u0647\u0648\u0634\u060c \u0641\u0627\u0646\u064a\u0633\u0627 (2015): \u0627\u0644\u062a\u0635\u0645\u064a\u0645 \u0627\u0644\u0645\u062a\u0645\u062d\u0648\u0631 \u062d\u0648\u0644 \u0627\u0644\u0637\u0641\u0644 \u0644\u0623\u0648\u0642\u0627\u062a \u0627\u0644\u0648\u062c\u0628\u0627\u062a. \u0645\u062a\u0627\u062d \u0639\u0644\u0649: <a href=\"https:\/\/www.kita-fachtexte.de\/fileadmin\/Redaktion\/Publikationen\/KiTaFT_Hoch_Essensituationen_2015_01.pdf\">https:\/\/www.kita-fachtexte.de\/fileadmin\/Redaktion\/Publikationen\/KiTaFT_Hoch_Essensituationen_2015_01.pdf<\/a>. \u062a\u0645 \u0627\u0644\u0648\u0635\u0648\u0644 \u0625\u0644\u064a\u0647 \u0641\u064a 21\/03\/2024<\/p>","protected":false},"excerpt":{"rendered":"<div class=\"entry-summary\">\n<div class=\"entry-summary\">\nLesehinweise: Das (mehrsprachige) dialogische Vorlesen Expand Folgende Tipps f\u00fcr das dialogische Vorlesen m\u00f6chten wir Ihnen mit auf den&hellip;\n<\/div>\n<div class=\"link-more\"><a href=\"https:\/\/www.griffbereit-rucksack.de\/ar\/weiterfuehrende-programminformationen\/\" class=\"more-link\">\u0645\u0648\u0627\u0635\u0644\u0629 \u0627\u0644\u0642\u0631\u0627\u0621\u0629<span class=\"screen-reader-text\"> &ldquo;Weiterf\u00fchrende Programminformationen und Literaturempfehlungen&rdquo;<\/span>&hellip;<\/a><\/div>\n<\/div>\n<div class=\"link-more\"><a href=\"https:\/\/www.griffbereit-rucksack.de\/ar\/weiterfuehrende-programminformationen\/\" class=\"more-link\">\u0645\u0648\u0627\u0635\u0644\u0629 \u0627\u0644\u0642\u0631\u0627\u0621\u0629<span class=\"screen-reader-text\"> &ldquo;Weiterf\u00fchrende Programminformationen und Literaturempfehlungen&rdquo;<\/span>&hellip;<\/a><\/div>","protected":false},"author":1,"featured_media":0,"parent":0,"menu_order":0,"comment_status":"closed","ping_status":"closed","template":"","meta":{"_acf_changed":false,"footnotes":""},"class_list":["post-13624","page","type-page","status-publish","hentry","entry"],"acf":[],"_links":{"self":[{"href":"https:\/\/www.griffbereit-rucksack.de\/ar\/wp-json\/wp\/v2\/pages\/13624","targetHints":{"allow":["GET"]}}],"collection":[{"href":"https:\/\/www.griffbereit-rucksack.de\/ar\/wp-json\/wp\/v2\/pages"}],"about":[{"href":"https:\/\/www.griffbereit-rucksack.de\/ar\/wp-json\/wp\/v2\/types\/page"}],"author":[{"embeddable":true,"href":"https:\/\/www.griffbereit-rucksack.de\/ar\/wp-json\/wp\/v2\/users\/1"}],"replies":[{"embeddable":true,"href":"https:\/\/www.griffbereit-rucksack.de\/ar\/wp-json\/wp\/v2\/comments?post=13624"}],"version-history":[{"count":0,"href":"https:\/\/www.griffbereit-rucksack.de\/ar\/wp-json\/wp\/v2\/pages\/13624\/revisions"}],"wp:attachment":[{"href":"https:\/\/www.griffbereit-rucksack.de\/ar\/wp-json\/wp\/v2\/media?parent=13624"}],"curies":[{"name":"wp","href":"https:\/\/api.w.org\/{rel}","templated":true}]}}