{"id":12924,"date":"2023-11-01T15:30:36","date_gmt":"2023-11-01T14:30:36","guid":{"rendered":"https:\/\/www.griffbereit-rucksack.de\/?page_id=12924"},"modified":"2023-11-13T15:35:18","modified_gmt":"2023-11-13T14:35:18","slug":"eb-konferenz","status":"publish","type":"page","link":"https:\/\/www.griffbereit-rucksack.de\/ar\/eb-konferenz\/","title":{"rendered":"\u0645\u0624\u062a\u0645\u0631 \u0627\u0633\u062a\u0634\u0627\u0631\u064a \u0627\u0644\u0648\u0627\u0644\u062f\u064a\u0646 2023"},"content":{"rendered":"<h1><strong>\u00a0<\/strong><\/h1>\n<p>\u0648\u064a\u0648\u062c\u062f \u062d\u0627\u0644\u064a\u064b\u0627 \u0623\u0643\u062b\u0631 \u0645\u0646 750 \u0645\u0633\u062a\u0634\u0627\u0631\u064b\u0627 \u0645\u0646 \u0627\u0644\u0622\u0628\u0627\u0621 \u0648\u0627\u0644\u0623\u0645\u0647\u0627\u062a \u0646\u0634\u0637\u064a\u0646 \u0639\u0644\u0649 \u0645\u0633\u062a\u0648\u0649 \u0627\u0644\u0628\u0644\u0627\u062f \u0641\u064a griffbereitMINI \u0648Griffbereit \u0648\u0623\u0643\u062b\u0631 \u0645\u0646 600 \u0641\u064a Rucksack KiTa....<\/p>\n<p>\u0648\u0628\u0635\u0641\u062a\u0643\u0645 \u0645\u0633\u062a\u0634\u0627\u0631\u064a\u0646 \u0644\u0644\u0622\u0628\u0627\u0621 \u0648\u0627\u0644\u0623\u0645\u0647\u0627\u062a\u060c \u0641\u0625\u0646\u0643\u0645 \u062a\u0644\u0639\u0628\u0648\u0646 \u062f\u0648\u0631\u0627\u064b \u0631\u0626\u064a\u0633\u064a\u0627\u064b \u0644\u0623\u0646\u0643\u0645 \u062a\u062a\u062d\u062f\u062b\u0648\u0646 \u0646\u0641\u0633 \u0627\u0644\u0644\u063a\u0627\u062a \u0648\u0623\u062d\u064a\u0627\u0646\u0627\u064b \u0644\u062f\u064a\u0643\u0645 \u0623\u0648\u0636\u0627\u0639 \u0623\u0633\u0631\u064a\u0629 \u0645\u062a\u0634\u0627\u0628\u0647\u0629. \u0648\u0647\u0630\u0627 \u064a\u0633\u0645\u062d \u0644\u0643\u0645 \u0628\u0627\u0643\u062a\u0633\u0627\u0628 \u062b\u0642\u0629 \u0627\u0644\u0623\u0633\u0631 \u0628\u0633\u0631\u0639\u0629 \u0623\u0643\u0628\u0631\u060c \u0645\u0645\u0627 \u064a\u0633\u0647\u0644 \u0639\u0644\u064a\u0643\u0645 \u0628\u0646\u0627\u0621 \u062c\u0633\u0631 \u0628\u064a\u0646 \u0627\u0644\u0645\u0648\u0627\u0642\u0641 \u0627\u0644\u062a\u0639\u0644\u064a\u0645\u064a\u0629 \u0648\u0627\u0644\u0623\u0633\u0631 \u0648\u0628\u064a\u0626\u0627\u062a\u0647\u0645 \u0627\u0644\u0645\u0639\u064a\u0634\u064a\u0629 \u0648\u0627\u0644\u0645\u062c\u062a\u0645\u0639\u0627\u062a \u0627\u0644\u0645\u062d\u0644\u064a\u0629.<\/p>\n<p>&nbsp;<\/p>\n<p>\u00a0<\/p>\n<p>&nbsp;<\/p>\n\t<h3><strong>04.12.23<\/strong><\/h3>\n\t<h4><strong>\u0641\u064a \u0627\u0644\u0645\u0648\u0642\u0639: <\/strong><strong>08:45 &#8211; 16:45 Uhr<\/strong><\/h4>\n\t<h4><strong>Digital: 09:45 &#8211; 16:00 Uhr<\/strong><\/h4>\n\t<h3><strong>\u0641\u064a \u0627\u0644\u0645\u0648\u0642\u0639<\/strong><\/h3>\n\t<h3><strong>\u062f\u064a\u062c\u064a\u062a\u0627\u0644<\/strong><\/h3>\n\t<h2><strong>\u0627\u0644\u062a\u0633\u062c\u064a\u0644 \u0641\u064a \u0627\u0644\u0641\u0639\u0627\u0644\u064a\u0629 \u0641\u064a \u0627\u0644\u0645\u0648\u0642\u0639<\/strong><\/h2>\n\tW\u00e4hlen Sie &#8222;ANMELDUNG VOR ORT&#8220;, wenn Sie in Pr\u00e4senz im ChorForum Essen an der EB-Konferenz teilnehmen m\u00f6chten. Im n\u00e4chsten Schritt k\u00f6nnen Sie ein Fachforum ausw\u00e4hlen.<br \/>\n\n\t\t\t<a href=\"https:\/\/www.griffbereit-rucksack.de\/ar\/eb-konferenz-fachforen-vor-ort\/\" target=\"_self\" role=\"button\" rel=\"noopener\">\n\t\t\t\t\t\t\u0627\u0644\u062a\u0633\u062c\u064a\u0644 \u0641\u064a \u0627\u0644\u0645\u0648\u0642\u0639\n\t\t\t\t\t<\/a>\n\t<h2><strong>\u0627\u0644\u062a\u0633\u062c\u064a\u0644 \u0641\u064a \u0627\u0644\u0641\u0639\u0627\u0644\u064a\u0629 \u0627\u0644\u0631\u0642\u0645\u064a\u0629<\/strong><\/h2>\n\tW\u00e4hlen Sie &#8222;ANMELDUNG DIGITAL&#8220;, wenn Sie von zu Hause \u00fcber Zoom an der EB-Konferenz teilnehmen m\u00f6chten. Im n\u00e4chsten Schritt k\u00f6nnen Sie ein Fachforum ausw\u00e4hlen.<br \/>\n\n\t\t\t<a href=\"https:\/\/www.griffbereit-rucksack.de\/ar\/eb-konferenz-fachforen-digital\/\" target=\"_self\" role=\"button\" rel=\"noopener\">\n\t\t\t\t\t\t\u0627\u0644\u062a\u0633\u062c\u064a\u0644 \u0627\u0644\u0631\u0642\u0645\u064a\n\t\t\t\t\t<\/a>","protected":false},"excerpt":{"rendered":"<div class=\"entry-summary\">\n<div class=\"entry-summary\">\n\u00a0 Bundesweit sind aktuell bei griffbereitMINI und Griffbereit \u00fcber 750 Elternbegleiter*innen und bei Rucksack KiTa \u00fcber 600 Elternbegleiter*innen&hellip;\n<\/div>\n<div class=\"link-more\"><a href=\"https:\/\/www.griffbereit-rucksack.de\/ar\/eb-konferenz\/\" class=\"more-link\">\u0645\u0648\u0627\u0635\u0644\u0629 \u0627\u0644\u0642\u0631\u0627\u0621\u0629<span class=\"screen-reader-text\"> &ldquo;Elternbegleiter*innen-Konferenz 2023&rdquo;<\/span>&hellip;<\/a><\/div>\n<\/div>\n<div class=\"link-more\"><a href=\"https:\/\/www.griffbereit-rucksack.de\/ar\/eb-konferenz\/\" class=\"more-link\">\u0645\u0648\u0627\u0635\u0644\u0629 \u0627\u0644\u0642\u0631\u0627\u0621\u0629<span class=\"screen-reader-text\"> &ldquo;Elternbegleiter*innen-Konferenz 2023&rdquo;<\/span>&hellip;<\/a><\/div>","protected":false},"author":1,"featured_media":0,"parent":0,"menu_order":0,"comment_status":"closed","ping_status":"closed","template":"","meta":{"_acf_changed":false,"footnotes":""},"class_list":["post-12924","page","type-page","status-publish","hentry","entry"],"acf":[],"_links":{"self":[{"href":"https:\/\/www.griffbereit-rucksack.de\/ar\/wp-json\/wp\/v2\/pages\/12924","targetHints":{"allow":["GET"]}}],"collection":[{"href":"https:\/\/www.griffbereit-rucksack.de\/ar\/wp-json\/wp\/v2\/pages"}],"about":[{"href":"https:\/\/www.griffbereit-rucksack.de\/ar\/wp-json\/wp\/v2\/types\/page"}],"author":[{"embeddable":true,"href":"https:\/\/www.griffbereit-rucksack.de\/ar\/wp-json\/wp\/v2\/users\/1"}],"replies":[{"embeddable":true,"href":"https:\/\/www.griffbereit-rucksack.de\/ar\/wp-json\/wp\/v2\/comments?post=12924"}],"version-history":[{"count":0,"href":"https:\/\/www.griffbereit-rucksack.de\/ar\/wp-json\/wp\/v2\/pages\/12924\/revisions"}],"wp:attachment":[{"href":"https:\/\/www.griffbereit-rucksack.de\/ar\/wp-json\/wp\/v2\/media?parent=12924"}],"curies":[{"name":"wp","href":"https:\/\/api.w.org\/{rel}","templated":true}]}}